{"id":135,"date":"2020-02-07T14:29:08","date_gmt":"2020-02-07T14:29:08","guid":{"rendered":"https:\/\/www.ull.es\/portal\/boletininnovacion\/?page_id=135"},"modified":"2020-06-17T12:44:07","modified_gmt":"2020-06-17T12:44:07","slug":"innova-t","status":"publish","type":"page","link":"https:\/\/www.ull.es\/portal\/boletininnovacion\/innova-t\/","title":{"rendered":"Innova-t"},"content":{"rendered":"<p>[vc_row full_width=\u00bbstretch_row_content\u00bb el_class=\u00bbprincipio-marcha\u00bb][vc_column css=\u00bb.vc_custom_1588939369209{padding-top: 40px !important;}\u00bb][vc_custom_heading text=\u00bbCalendario de eventos\u00bb font_container=\u00bbtag:h2|text_align:center|color:%23ffffff\u00bb use_theme_fonts=\u00bbyes\u00bb css_animation=\u00bbfadeInDownBig\u00bb][\/vc_column][\/vc_row][vc_row full_width=\u00bbstretch_row_content\u00bb equal_height=\u00bbyes\u00bb][vc_column css=\u00bb.vc_custom_1588945461556{background-color: #f2f2f2 !important;}\u00bb][vc_tta_accordion active_section=\u00bb0&#8243; css_animation=\u00bbfadeInDown\u00bb collapsible_all=\u00bbtrue\u00bb][vc_tta_section title=\u00bbTercer Taller de Innovaci\u00f3n Educativa de la Escuela de Ingenier\u00edas Industriales y Civiles de la ULPGC\u00bb tab_id=\u00bb1588945494023-b6309444-f501&#8243;][vc_row_inner equal_height=\u00bbyes\u00bb][vc_column_inner width=\u00bb1\/2&#8243; css=\u00bb.vc_custom_1589804330140{padding-top: 10% !important;padding-right: 10% !important;padding-bottom: 5% !important;padding-left: 10% !important;background-color: #f2f2f2 !important;}\u00bb][vc_custom_heading text=\u00bbTercer Taller de Innovaci\u00f3n Educativa de la Escuela de Ingenier\u00edas Industriales y Civiles de la ULPGC\u00bb font_container=\u00bbtag:h3|text_align:left|color:%235c068c\u00bb use_theme_fonts=\u00bbyes\u00bb css_animation=\u00bbfadeInDownBig\u00bb][vc_empty_space][vc_column_text]<strong>Taller<\/strong><\/p>\n<p><strong>Universidad de Las Palmas de Gran Canaria (Las Palmas de Gran canaria)<\/strong><\/p>\n<p><strong>27-28\/06\/2020<\/strong>[\/vc_column_text][vc_empty_space][vc_btn title=\u00bbENLACE WEB\u00bb link=\u00bburl:https%3A%2F%2Fwww.ulpgc.es%2Fnoticia%2Ftercer-taller-innovacion-educativa-escuela-ingenierias-industriales-y-civiles-ulpgc||target:%20_blank|\u00bb][vc_empty_space][vc_column_text]<b>Resumen<\/b><\/p>\n<p><span style=\"font-weight: 400\">La Escuela de Ingenier\u00edas Industriales y Civiles de la Universidad de Las Palmas de Gran Canaria, con la colaboraci\u00f3n de los Vicerrectorados de Investigaci\u00f3n, Innovaci\u00f3n y Transferencia y de Titulaciones y Formaci\u00f3n Permanente organiza su Cuarto Taller de Innovaci\u00f3n Educativa, en el que se celebrar\u00e1n charlas, exposiciones y talleres.<\/span>[\/vc_column_text][\/vc_column_inner][vc_column_inner width=\u00bb1\/2&#8243; css=\u00bb.vc_custom_1589452513755{background-color: #e5e5e5 !important;background-position: center !important;background-repeat: no-repeat !important;background-size: cover !important;}\u00bb][vc_single_image image=\u00bb374&#8243; img_size=\u00bb350&#215;742&#8243; alignment=\u00bbcenter\u00bb css_animation=\u00bbfadeInDownBig\u00bb][\/vc_column_inner][\/vc_row_inner][\/vc_tta_section][vc_tta_section title=\u00bbSal\u00f3n Internacional de Tecnolog\u00eda e Innovaci\u00f3n Educativa\u00bb tab_id=\u00bb1589372094700-1798461d-4f79&#8243;][vc_row_inner equal_height=\u00bbyes\u00bb][vc_column_inner width=\u00bb1\/2&#8243; css=\u00bb.vc_custom_1589804330140{padding-top: 10% !important;padding-right: 10% !important;padding-bottom: 5% !important;padding-left: 10% !important;background-color: #f2f2f2 !important;}\u00bb][vc_custom_heading text=\u00bbSal\u00f3n Internacional de Tecnolog\u00eda e Innovaci\u00f3n Educativa\u00bb font_container=\u00bbtag:h3|text_align:left|color:%235c068c\u00bb use_theme_fonts=\u00bbyes\u00bb css_animation=\u00bbfadeInDownBig\u00bb][vc_empty_space][vc_column_text]<strong>Exposici\u00f3n<\/strong><\/p>\n<p><strong>IFEMA (Madrid)<\/strong><\/p>\n<p><strong>3-5\/11\/2020<\/strong>[\/vc_column_text][vc_empty_space][vc_btn title=\u00bbENLACE WEB\u00bb link=\u00bburl:https%3A%2F%2Fwww.ifema.es%2Fsimo-educacion||target:%20_blank|\u00bb][vc_empty_space][vc_column_text]<b>Resumen<\/b><\/p>\n<p><span style=\"font-weight: 400\">Durante tres d\u00edas, <\/span><b>IFEMA <\/b><span style=\"font-weight: 400\">acoge el <\/span><a href=\"https:\/\/www.ifema.es\/simo-educacion\" target=\"_blank\" rel=\"noopener\"><b>Sal\u00f3n Internacional de Tecnolog\u00eda e Innovaci\u00f3n Educativa, SIMO Educaci\u00f3n<\/b><\/a><span style=\"font-weight: 400\">, donde se re\u00fanen l\u00edderes y marcas internacionales del sector tecnol\u00f3gico para presentar <\/span><b>los avances realizados en los procesos de ense\u00f1anza y aprendizaje<\/b><span style=\"font-weight: 400\">, adem\u00e1s de los instrumentos tecnol\u00f3gicos de vanguardia de este \u00e1mbito. <\/span>[\/vc_column_text][\/vc_column_inner][vc_column_inner width=\u00bb1\/2&#8243; css=\u00bb.vc_custom_1589805399039{padding-top: 20% !important;background-color: #e5e5e5 !important;background-position: center !important;background-repeat: no-repeat !important;background-size: cover !important;}\u00bb][vc_single_image image=\u00bb385&#8243; img_size=\u00bbfull\u00bb alignment=\u00bbcenter\u00bb css_animation=\u00bbfadeInDownBig\u00bb][\/vc_column_inner][\/vc_row_inner][\/vc_tta_section][vc_tta_section title=\u00bbCongresos de Innovaci\u00f3n\u00bb tab_id=\u00bb1589803604589-8bcc1d53-e967&#8243;][vc_row_inner equal_height=\u00bbyes\u00bb][vc_column_inner width=\u00bb1\/2&#8243; css=\u00bb.vc_custom_1589804330140{padding-top: 10% !important;padding-right: 10% !important;padding-bottom: 5% !important;padding-left: 10% !important;background-color: #f2f2f2 !important;}\u00bb][vc_custom_heading text=\u00bbCongresos de Innovaci\u00f3n\u00bb font_container=\u00bbtag:h3|text_align:left|color:%235c068c\u00bb use_theme_fonts=\u00bbyes\u00bb css_animation=\u00bbfadeInDownBig\u00bb][vc_empty_space][vc_column_text]<strong>Congresos<\/strong><\/p>\n<p><strong>Universidad de Le\u00f3n<\/strong><\/p>\n<p><strong>Congresos durante el a\u00f1o 2020<\/strong>[\/vc_column_text][vc_empty_space][vc_btn title=\u00bbENLACE WEB\u00bb link=\u00bburl:http%3A%2F%2Fservicios.unileon.es%2Fformacion-pdi%2Fjornadas-y-congresos-sobre-docencia-e-innovacion%2F||target:%20_blank|\u00bb][vc_empty_space][vc_column_text]<b>Resumen<\/b><\/p>\n<p><span style=\"font-weight: 400\">Consulta los diferentes <\/span><a href=\"http:\/\/servicios.unileon.es\/formacion-pdi\/jornadas-y-congresos-sobre-docencia-e-innovacion\/\" target=\"_blank\" rel=\"noopener\"><b>congresos sobre educaci\u00f3n, tecnolog\u00eda e innovaci\u00f3n<\/b><\/a><span style=\"font-weight: 400\"> que se llevar\u00e1n a cabo en distintas lugares de Espa\u00f1a. Estos eventos, ofrecen la oportunidad de adquirir nuevos conocimientos y herramientas que permiten avanzar y mejorar en el \u00e1mbito de la docencia. <\/span>[\/vc_column_text][\/vc_column_inner][vc_column_inner width=\u00bb1\/2&#8243; css=\u00bb.vc_custom_1589805790806{padding-top: 10% !important;background-color: #e5e5e5 !important;background-position: center !important;background-repeat: no-repeat !important;background-size: cover !important;}\u00bb][vc_single_image image=\u00bb392&#8243; img_size=\u00bbfull\u00bb alignment=\u00bbcenter\u00bb css_animation=\u00bbfadeInDownBig\u00bb][\/vc_column_inner][\/vc_row_inner][\/vc_tta_section][vc_tta_section title=\u00bbExperto Universitario en Docencia Universitaria\u00bb tab_id=\u00bb1589803628259-27f40041-d8dc\u00bb][vc_row_inner equal_height=\u00bbyes\u00bb][vc_column_inner width=\u00bb1\/2&#8243; css=\u00bb.vc_custom_1589804330140{padding-top: 10% !important;padding-right: 10% !important;padding-bottom: 5% !important;padding-left: 10% !important;background-color: #f2f2f2 !important;}\u00bb][vc_custom_heading text=\u00bbExperto Universitario en Docencia Universitaria\u00bb font_container=\u00bbtag:h3|text_align:left|color:%235c068c\u00bb use_theme_fonts=\u00bbyes\u00bb css_animation=\u00bbfadeInDownBig\u00bb][vc_empty_space][vc_column_text]<strong>Cursos<\/strong><\/p>\n<p><strong>Universidad de La Laguna<\/strong><\/p>\n<p><strong>Curso 2020-2021<\/strong>[\/vc_column_text][vc_empty_space][vc_btn title=\u00bbENLACE WEB\u00bb link=\u00bburl:https%3A%2F%2Fdrive.google.com%2Ffile%2Fd%2F1jfUewJQO5rTDU6CUYAWLcTsLjyh_VyoA%2Fview||target:%20_blank|\u00bb][vc_empty_space][vc_column_text]<b>Resumen<\/b><\/p>\n<p><a href=\"https:\/\/www.ull.es\/centros\/escuela-doctorado-estudios-posgrado\/\" target=\"_blank\" rel=\"noopener\"><span style=\"font-weight: 400\">La Escuela de Doctorado y Estudios de Posgrado<\/span><\/a><span style=\"font-weight: 400\"> de la ULL ofrece 30 plazas para realizar, de forma presencial, el curso de <\/span><a href=\"https:\/\/drive.google.com\/file\/d\/1jfUewJQO5rTDU6CUYAWLcTsLjyh_VyoA\/view\" target=\"_blank\" rel=\"noopener\"><b>Experto Universitario en Docencia Universitaria<\/b><\/a><span style=\"font-weight: 400\"> durante los meses de enero, febrero, junio, julio y septiembre de 2021. En la titulaci\u00f3n se impartir\u00e1n 30 cr\u00e9ditos repartidos en 15 asignaturas y estar\u00e1 dirigida por Pedro Ricardo \u00c1lvarez P\u00e9rez, profesor titular del Departamento de Did\u00e1ctica e Investigaci\u00f3n Educativa.<\/span>[\/vc_column_text][\/vc_column_inner][vc_column_inner width=\u00bb1\/2&#8243; css=\u00bb.vc_custom_1589806051487{padding-top: 15% !important;background-color: #e5e5e5 !important;background-position: center !important;background-repeat: no-repeat !important;background-size: cover !important;}\u00bb][vc_single_image image=\u00bb395&#8243; img_size=\u00bbfull\u00bb alignment=\u00bbcenter\u00bb css_animation=\u00bbfadeInDownBig\u00bb][\/vc_column_inner][\/vc_row_inner][\/vc_tta_section][\/vc_tta_accordion][vc_empty_space height=\u00bb120px\u00bb][\/vc_column][\/vc_row]<\/p>\n","protected":false},"excerpt":{"rendered":"<p>[vc_row full_width=\u00bbstretch_row_content\u00bb el_class=\u00bbprincipio-marcha\u00bb][vc_column css=\u00bb.vc_custom_1588939369209{padding-top: 40px !important;}\u00bb][vc_custom_heading text=\u00bbCalendario de eventos\u00bb font_container=\u00bbtag:h2|text_align:center|color:%23ffffff\u00bb use_theme_fonts=\u00bbyes\u00bb css_animation=\u00bbfadeInDownBig\u00bb][\/vc_column][\/vc_row][vc_row full_width=\u00bbstretch_row_content\u00bb equal_height=\u00bbyes\u00bb][vc_column css=\u00bb.vc_custom_1588945461556{background-color: #f2f2f2 !important;}\u00bb][vc_tta_accordion active_section=\u00bb0&#8243; css_animation=\u00bbfadeInDown\u00bb collapsible_all=\u00bbtrue\u00bb][vc_tta_section title=\u00bbTercer Taller de Innovaci\u00f3n Educativa de la Escuela de Ingenier\u00edas Industriales y Civiles de la ULPGC\u00bb tab_id=\u00bb1588945494023-b6309444-f501&#8243;][vc_row_inner equal_height=\u00bbyes\u00bb][vc_column_inner width=\u00bb1\/2&#8243; css=\u00bb.vc_custom_1589804330140{padding-top: 10% !important;padding-right: 10% !important;padding-bottom: 5% !important;padding-left: 10% !important;background-color: #f2f2f2 !important;}\u00bb][vc_custom_heading text=\u00bbTercer Taller de Innovaci\u00f3n Educativa&#8230;<\/p>\n","protected":false},"author":41,"featured_media":0,"parent":0,"menu_order":0,"comment_status":"closed","ping_status":"closed","template":"templates\/cienciaull.php","meta":{"inline_featured_image":false,"footnotes":""},"acf":[],"yoast_head":"<!-- This site is optimized with the Yoast SEO plugin v21.3 - https:\/\/yoast.com\/wordpress\/plugins\/seo\/ -->\n<title>Innova-t - Bolet\u00edn de Innovaci\u00f3n<\/title>\n<meta name=\"robots\" content=\"index, follow, max-snippet:-1, max-image-preview:large, max-video-preview:-1\" \/>\n<link rel=\"canonical\" href=\"https:\/\/www.ull.es\/portal\/boletininnovacion\/innova-t\/\" \/>\n<meta property=\"og:locale\" content=\"es_ES\" \/>\n<meta property=\"og:type\" content=\"article\" \/>\n<meta property=\"og:title\" content=\"Innova-t - Bolet\u00edn de Innovaci\u00f3n\" \/>\n<meta property=\"og:description\" content=\"[vc_row full_width=\u00bbstretch_row_content\u00bb el_class=\u00bbprincipio-marcha\u00bb][vc_column css=\u00bb.vc_custom_1588939369209{padding-top: 40px !important;}\u00bb][vc_custom_heading text=\u00bbCalendario de eventos\u00bb font_container=\u00bbtag:h2|text_align:center|color:%23ffffff\u00bb use_theme_fonts=\u00bbyes\u00bb css_animation=\u00bbfadeInDownBig\u00bb][\/vc_column][\/vc_row][vc_row full_width=\u00bbstretch_row_content\u00bb equal_height=\u00bbyes\u00bb][vc_column css=\u00bb.vc_custom_1588945461556{background-color: #f2f2f2 !important;}\u00bb][vc_tta_accordion active_section=\u00bb0&#8243; css_animation=\u00bbfadeInDown\u00bb collapsible_all=\u00bbtrue\u00bb][vc_tta_section title=\u00bbTercer Taller de Innovaci\u00f3n Educativa de la Escuela de Ingenier\u00edas Industriales y Civiles de la ULPGC\u00bb tab_id=\u00bb1588945494023-b6309444-f501&#8243;][vc_row_inner equal_height=\u00bbyes\u00bb][vc_column_inner width=\u00bb1\/2&#8243; css=\u00bb.vc_custom_1589804330140{padding-top: 10% !important;padding-right: 10% !important;padding-bottom: 5% !important;padding-left: 10% !important;background-color: #f2f2f2 !important;}\u00bb][vc_custom_heading text=\u00bbTercer Taller de Innovaci\u00f3n Educativa...\" \/>\n<meta property=\"og:url\" content=\"https:\/\/www.ull.es\/portal\/boletininnovacion\/innova-t\/\" \/>\n<meta property=\"og:site_name\" content=\"Bolet\u00edn de Innovaci\u00f3n\" \/>\n<meta property=\"article:modified_time\" content=\"2020-06-17T12:44:07+00:00\" \/>\n<meta name=\"twitter:card\" content=\"summary_large_image\" \/>\n<meta name=\"twitter:label1\" content=\"Tiempo de lectura\" \/>\n\t<meta name=\"twitter:data1\" content=\"5 minutos\" \/>\n<script type=\"application\/ld+json\" class=\"yoast-schema-graph\">{\"@context\":\"https:\/\/schema.org\",\"@graph\":[{\"@type\":\"WebPage\",\"@id\":\"https:\/\/www.ull.es\/portal\/boletininnovacion\/innova-t\/\",\"url\":\"https:\/\/www.ull.es\/portal\/boletininnovacion\/innova-t\/\",\"name\":\"Innova-t - Bolet\u00edn de Innovaci\u00f3n\",\"isPartOf\":{\"@id\":\"https:\/\/www.ull.es\/portal\/boletininnovacion\/#website\"},\"datePublished\":\"2020-02-07T14:29:08+00:00\",\"dateModified\":\"2020-06-17T12:44:07+00:00\",\"breadcrumb\":{\"@id\":\"https:\/\/www.ull.es\/portal\/boletininnovacion\/innova-t\/#breadcrumb\"},\"inLanguage\":\"es\",\"potentialAction\":[{\"@type\":\"ReadAction\",\"target\":[\"https:\/\/www.ull.es\/portal\/boletininnovacion\/innova-t\/\"]}]},{\"@type\":\"BreadcrumbList\",\"@id\":\"https:\/\/www.ull.es\/portal\/boletininnovacion\/innova-t\/#breadcrumb\",\"itemListElement\":[{\"@type\":\"ListItem\",\"position\":1,\"name\":\"Portada\",\"item\":\"https:\/\/www.ull.es\/portal\/boletininnovacion\/\"},{\"@type\":\"ListItem\",\"position\":2,\"name\":\"Innova-t\"}]},{\"@type\":\"WebSite\",\"@id\":\"https:\/\/www.ull.es\/portal\/boletininnovacion\/#website\",\"url\":\"https:\/\/www.ull.es\/portal\/boletininnovacion\/\",\"name\":\"Bolet\u00edn de Innovaci\u00f3n\",\"description\":\"\",\"potentialAction\":[{\"@type\":\"SearchAction\",\"target\":{\"@type\":\"EntryPoint\",\"urlTemplate\":\"https:\/\/www.ull.es\/portal\/boletininnovacion\/?s={search_term_string}\"},\"query-input\":\"required name=search_term_string\"}],\"inLanguage\":\"es\"}]}<\/script>\n<!-- \/ Yoast SEO plugin. -->","yoast_head_json":{"title":"Innova-t - Bolet\u00edn de Innovaci\u00f3n","robots":{"index":"index","follow":"follow","max-snippet":"max-snippet:-1","max-image-preview":"max-image-preview:large","max-video-preview":"max-video-preview:-1"},"canonical":"https:\/\/www.ull.es\/portal\/boletininnovacion\/innova-t\/","og_locale":"es_ES","og_type":"article","og_title":"Innova-t - Bolet\u00edn de Innovaci\u00f3n","og_description":"[vc_row full_width=\u00bbstretch_row_content\u00bb el_class=\u00bbprincipio-marcha\u00bb][vc_column css=\u00bb.vc_custom_1588939369209{padding-top: 40px !important;}\u00bb][vc_custom_heading text=\u00bbCalendario de eventos\u00bb font_container=\u00bbtag:h2|text_align:center|color:%23ffffff\u00bb use_theme_fonts=\u00bbyes\u00bb css_animation=\u00bbfadeInDownBig\u00bb][\/vc_column][\/vc_row][vc_row full_width=\u00bbstretch_row_content\u00bb equal_height=\u00bbyes\u00bb][vc_column css=\u00bb.vc_custom_1588945461556{background-color: #f2f2f2 !important;}\u00bb][vc_tta_accordion active_section=\u00bb0&#8243; css_animation=\u00bbfadeInDown\u00bb collapsible_all=\u00bbtrue\u00bb][vc_tta_section title=\u00bbTercer Taller de Innovaci\u00f3n Educativa de la Escuela de Ingenier\u00edas Industriales y Civiles de la ULPGC\u00bb tab_id=\u00bb1588945494023-b6309444-f501&#8243;][vc_row_inner equal_height=\u00bbyes\u00bb][vc_column_inner width=\u00bb1\/2&#8243; css=\u00bb.vc_custom_1589804330140{padding-top: 10% !important;padding-right: 10% !important;padding-bottom: 5% !important;padding-left: 10% !important;background-color: #f2f2f2 !important;}\u00bb][vc_custom_heading text=\u00bbTercer Taller de Innovaci\u00f3n Educativa...","og_url":"https:\/\/www.ull.es\/portal\/boletininnovacion\/innova-t\/","og_site_name":"Bolet\u00edn de Innovaci\u00f3n","article_modified_time":"2020-06-17T12:44:07+00:00","twitter_card":"summary_large_image","twitter_misc":{"Tiempo de lectura":"5 minutos"},"schema":{"@context":"https:\/\/schema.org","@graph":[{"@type":"WebPage","@id":"https:\/\/www.ull.es\/portal\/boletininnovacion\/innova-t\/","url":"https:\/\/www.ull.es\/portal\/boletininnovacion\/innova-t\/","name":"Innova-t - Bolet\u00edn de Innovaci\u00f3n","isPartOf":{"@id":"https:\/\/www.ull.es\/portal\/boletininnovacion\/#website"},"datePublished":"2020-02-07T14:29:08+00:00","dateModified":"2020-06-17T12:44:07+00:00","breadcrumb":{"@id":"https:\/\/www.ull.es\/portal\/boletininnovacion\/innova-t\/#breadcrumb"},"inLanguage":"es","potentialAction":[{"@type":"ReadAction","target":["https:\/\/www.ull.es\/portal\/boletininnovacion\/innova-t\/"]}]},{"@type":"BreadcrumbList","@id":"https:\/\/www.ull.es\/portal\/boletininnovacion\/innova-t\/#breadcrumb","itemListElement":[{"@type":"ListItem","position":1,"name":"Portada","item":"https:\/\/www.ull.es\/portal\/boletininnovacion\/"},{"@type":"ListItem","position":2,"name":"Innova-t"}]},{"@type":"WebSite","@id":"https:\/\/www.ull.es\/portal\/boletininnovacion\/#website","url":"https:\/\/www.ull.es\/portal\/boletininnovacion\/","name":"Bolet\u00edn de Innovaci\u00f3n","description":"","potentialAction":[{"@type":"SearchAction","target":{"@type":"EntryPoint","urlTemplate":"https:\/\/www.ull.es\/portal\/boletininnovacion\/?s={search_term_string}"},"query-input":"required name=search_term_string"}],"inLanguage":"es"}]}},"_links":{"self":[{"href":"https:\/\/www.ull.es\/portal\/boletininnovacion\/wp-json\/wp\/v2\/pages\/135"}],"collection":[{"href":"https:\/\/www.ull.es\/portal\/boletininnovacion\/wp-json\/wp\/v2\/pages"}],"about":[{"href":"https:\/\/www.ull.es\/portal\/boletininnovacion\/wp-json\/wp\/v2\/types\/page"}],"author":[{"embeddable":true,"href":"https:\/\/www.ull.es\/portal\/boletininnovacion\/wp-json\/wp\/v2\/users\/41"}],"replies":[{"embeddable":true,"href":"https:\/\/www.ull.es\/portal\/boletininnovacion\/wp-json\/wp\/v2\/comments?post=135"}],"version-history":[{"count":32,"href":"https:\/\/www.ull.es\/portal\/boletininnovacion\/wp-json\/wp\/v2\/pages\/135\/revisions"}],"predecessor-version":[{"id":483,"href":"https:\/\/www.ull.es\/portal\/boletininnovacion\/wp-json\/wp\/v2\/pages\/135\/revisions\/483"}],"wp:attachment":[{"href":"https:\/\/www.ull.es\/portal\/boletininnovacion\/wp-json\/wp\/v2\/media?parent=135"}],"curies":[{"name":"wp","href":"https:\/\/api.w.org\/{rel}","templated":true}]}}