{"id":18,"date":"2018-12-10T09:33:22","date_gmt":"2018-12-10T09:33:22","guid":{"rendered":"https:\/\/www.ull.es\/portal\/sostenibilidad\/?page_id=18"},"modified":"2021-03-18T10:06:26","modified_gmt":"2021-03-18T10:06:26","slug":"compromiso-institucional","status":"publish","type":"page","link":"https:\/\/www.ull.es\/portal\/campus-y-sostenibilidad\/compromiso-institucional\/","title":{"rendered":"Compromiso Institucional"},"content":{"rendered":"[vc_row full_width=\u00bbstretch_row_content_no_spaces\u00bb equal_height=\u00bbyes\u00bb content_placement=\u00bbmiddle\u00bb css=\u00bb.vc_custom_1616003515830{padding-right: 5% !important;padding-left: 5% !important;background-color: #ededed !important;}\u00bb][vc_column width=\u00bb1\/2&#8243; css=\u00bb.vc_custom_1616061984666{padding-right: 5% !important;}\u00bb][vc_empty_space height=\u00bb20px\u00bb][vc_column_text el_class=\u00bbsmall-text\u00bb]\n<h5 style=\"text-align: left;color: #909090\">Campus y sostenibilidad<\/h5>\n<h1 style=\"text-align: left;color: #004d7a\">Compromiso institucional<\/h1>\n[\/vc_column_text][vc_empty_space height=\u00bb20px\u00bb][vc_column_text]Seg\u00fan la Conferencia de Rectores de Universidades Espa\u00f1olas (CRUE) \u201cLa sostenibilidad es un concepto que incluye la b\u00fasqueda de la calidad ambiental, la justicia social y una econom\u00eda equitativa y viable a largo plazo. Define un conjunto de criterios orientados al comportamiento \u00e9tico con todo lo que nos rodea (recursos, personas, espacios\u2026), de manera que permita conseguir una equidad intra e intergeneracional, as\u00ed como gestionar las relaciones con el medio natural y social, manteniendo su disponibilidad y equilibrio ecol\u00f3gico, y promoviendo una distribuci\u00f3n m\u00e1s equitativa y justa de los recursos, beneficios y costes ambientales. Hablar de sostenibilidad es hablar de un imperativo \u00e9tico que tiene que ver con cuestiones de protecci\u00f3n del medio natural, reducci\u00f3n de la pobreza, igualdad de sexos, promoci\u00f3n de la salud, derechos humanos, comprensi\u00f3n cultural y paz, producci\u00f3n y consumo responsables, acceso igualitario a las TIC, etc.\u201d (CRUE Sostenibilidad, 2011).[\/vc_column_text][vc_empty_space height=\u00bb20px\u00bb][\/vc_column][vc_column width=\u00bb1\/2&#8243;][vc_empty_space height=\u00bb20px\u00bb][vc_single_image image=\u00bb921&#8243; img_size=\u00bbfull\u00bb][vc_empty_space height=\u00bb20px\u00bb][\/vc_column][\/vc_row][vc_row full_width=\u00bbstretch_row_content\u00bb equal_height=\u00bbyes\u00bb content_placement=\u00bbmiddle\u00bb css=\u00bb.vc_custom_1616003664220{padding-right: 5% !important;padding-left: 5% !important;background-color: #11849b !important;}\u00bb el_class=\u00bbfondo-usual\u00bb][vc_column width=\u00bb1\/2&#8243;][vc_single_image image=\u00bb843&#8243; img_size=\u00bblarge\u00bb][\/vc_column][vc_column width=\u00bb1\/2&#8243;][vc_empty_space height=\u00bb20px\u00bb][vc_column_text]\n<p style=\"color: #ffffff\">La declaraci\u00f3n de Naciones Unidas \u201c<span style=\"color: #0563c1\"><u><a href=\"https:\/\/sustainabledevelopment.un.org\/post2015\/transformingourworld\/publication\" target=\"_top\" rel=\"noopener noreferrer\" target=\"_blank\" rel=\"noopener\">Transformando nuestro mundo: la Agenda 2030 para el Desarrollo Sostenible<\/a><\/u><\/span>\u201d es uno de los acuerdos globales m\u00e1s ambiciosos y trascendentales en la historia reciente. La agenda, con los 17 Objetivos de Desarrollo Sostenible (ODS) como eje central, es una gu\u00eda para abordar los desaf\u00edos mundiales m\u00e1s acuciantes: acabar con la pobreza y promover la prosperidad econ\u00f3mica, la inclusi\u00f3n social, la sostenibilidad medioambiental, la paz y el buen gobierno para todos los pueblos para el 2030 (<a href=\"http:\/\/reds-sdsn.es\/guia-empezar-los-ods-las-universidades\" target=\"_blank\" rel=\"noopener noreferrer\" target=\"_blank\" rel=\"noopener\">Gu\u00eda ODS Universidades, 2017<\/a>). Espa\u00f1a, en su \u201c<span style=\"color: #0563c1\"><u><a href=\"http:\/\/www.exteriores.gob.es\/Portal\/es\/SalaDePrensa\/Multimedia\/Publicaciones\/Documents\/PLAN%20DE%20ACCION%20PARA%20LA%20IMPLEMENTACION%20DE%20LA%20AGENDA%202030.pdf\" target=\"_top\" rel=\"noopener noreferrer\" target=\"_blank\" rel=\"noopener\">Plan de Acci\u00f3n para la Implementaci\u00f3n de la Agenda 2030. Hacia una Estrategia Espa\u00f1ola de Desarrollo Sostenible<\/a><\/u><\/span>\u201d declara el compromiso de la CRUE de que la Universidad se manifiesta como actor clave para promover el desarrollo humano sostenible.<\/p>\n<p style=\"color: #ffffff\">La Universidad de La Laguna es una instituci\u00f3n consciente del marco social, econ\u00f3mico y medioambiental en el que se encuentra, que trabaja firmemente en avanzar en los retos de sostenibilidad de la sociedad canaria y espa\u00f1ola actual. En este contexto, desarrolla un diagn\u00f3stico inicial en 2017 y establece una serie de objetivos para impulsar la sostenibilidad entre toda la comunidad universitaria, en las \u00e1reas de la organizaci\u00f3n, de la docencia, la investigaci\u00f3n y la gesti\u00f3n ambiental.<\/p>\n[\/vc_column_text][vc_empty_space height=\u00bb20px\u00bb][\/vc_column][\/vc_row][vc_row full_width=\u00bbstretch_row_content\u00bb css=\u00bb.vc_custom_1615997266417{background-color: #e8e8e8 !important;}\u00bb][vc_column][vc_empty_space height=\u00bb10px\u00bb][vc_raw_html]JTNDZGl2JTIwY2xhc3MlM0QlMjJ0b2RvJTIyJTNFJTBBJTBBJTNDZGl2JTIwY2xhc3MlM0QlMjJjb250YWluZXIxJTIyJTNFJTBBJTNDYSUyMGNsYXNzJTNEJTIybGVhJTIyJTIwc3R5bGUlM0QlMjJjb2xvciUzQSUyMzAwNGQ3YSUzQiUyMiUyMGhyZWYlM0QlMjIlMkZwb3J0YWwlMkZjYW1wdXMteS1zb3N0ZW5pYmlsaWRhZCUyRm1pc2lvbi15LXBvbGl0aWNhLWRlLXNvc3RlbmliaWxpZGFkJTJGJTIyJTNFJTNDZGl2JTIwY2xhc3MlM0QlMjJjbGllbnQxJTIyJTNFJTBBJTNDZGl2JTIwY2xhc3MlM0QlMjJsb2dvJTIyJTNFJTBBJTNDZGl2JTIwY2xhc3MlM0QlMjJ2Y19pY29uX2VsZW1lbnQtaWNvbiUyMGZhJTIwZmEtdXNlci1wbHVzJTIyJTIwc3R5bGUlM0QlMjJmb250LXNpemUlM0ElMjAzMHB4JTIwJTIxaW1wb3J0YW50JTNCJTIwbWFyZ2luLXRvcCUzQSUyMDE5cHglMjAlMjFpbXBvcnRhbnQlM0IlMjBtYXJnaW4tbGVmdCUzQSUyMDVweCUyMCUyMWltcG9ydGFudCUzQiUyMiUzRSUzQyUyRmRpdiUzRSUwQSUzQyUyRmRpdiUzRSUwQSUzQ2gyJTNFTUlTSSVDMyU5M04lM0MlMkZoMiUzRSUwQSUzQ2gzJTNFJTNDJTJGaDMlM0UlMEElM0MlMkZkaXYlM0UlM0MlMkZhJTNFJTBBJTNDJTJGZGl2JTNFJTBBJTBBJTNDZGl2JTIwY2xhc3MlM0QlMjJjb250YWluZXIxJTIyJTNFJTBBJTNDYSUyMGNsYXNzJTNEJTIybGVhJTIyJTIwc3R5bGUlM0QlMjJjb2xvciUzQSUyMzAwNGQ3YSUzQiUyMiUyMGhyZWYlM0QlMjIlMkZwb3J0YWwlMkZjYW1wdXMteS1zb3N0ZW5pYmlsaWRhZCUyRmltcGxpY2FjaW9uLXktc2Vuc2liaWxpZGFkLWRlLWxhLWNvbXVuaWRhZC11bml2ZXJzaXRhcmlhJTJGJTIyJTNFJTNDZGl2JTIwY2xhc3MlM0QlMjJjbGllbnQxJTIyJTNFJTBBJTNDZGl2JTIwY2xhc3MlM0QlMjJsb2dvJTIyJTNFJTBBJTNDZGl2JTIwY2xhc3MlM0QlMjJ2Y19pY29uX2VsZW1lbnQtaWNvbiUyMGZhJTIwZmEtdGh1bWJzLXVwJTIyJTIwc3R5bGUlM0QlMjJmb250LXNpemUlM0ElMjAzMHB4JTIwJTIxaW1wb3J0YW50JTNCJTIwbWFyZ2luLXRvcCUzQSUyMDE4cHglMjAlMjFpbXBvcnRhbnQlM0IlMjBtYXJnaW4tbGVmdCUzQSUyMDJweCUyMCUyMWltcG9ydGFudCUzQiUyMiUzRSUzQyUyRmRpdiUzRSUwQSUzQyUyRmRpdiUzRSUwQSUzQ2gyJTNFSU1QTElDQUNJJUMzJTkzTiUzQyUyRmgyJTNFJTBBJTNDaDMlM0UlM0MlMkZoMyUzRSUwQSUzQyUyRmRpdiUzRSUzQyUyRmElM0UlMEElM0MlMkZkaXYlM0UlMEElMEElM0NkaXYlMjBjbGFzcyUzRCUyMmNvbnRhaW5lcjElMjIlM0UlMEElM0NhJTIwY2xhc3MlM0QlMjJsZWElMjIlMjBzdHlsZSUzRCUyMmNvbG9yJTNBJTIzMDA0ZDdhJTNCJTIyJTIwaHJlZiUzRCUyMiUyRnBvcnRhbCUyRmNhbXB1cy15LXNvc3RlbmliaWxpZGFkJTJGZXZhbHVhY2lvbi1kZS1sYS1zb3N0ZW5pYmlsaWRhZCUyRiUyMiUzRSUzQ2RpdiUyMGNsYXNzJTNEJTIyY2xpZW50MSUyMiUzRSUwQSUzQ2RpdiUyMGNsYXNzJTNEJTIybG9nbyUyMiUzRSUwQSUzQ2RpdiUyMGNsYXNzJTNEJTIydmNfaWNvbl9lbGVtZW50LWljb24lMjBmYSUyMGZhLWV4Y2hhbmdlJTIyJTIwc3R5bGUlM0QlMjJmb250LXNpemUlM0ElMjAzMHB4JTIwJTIxaW1wb3J0YW50JTNCJTIwbWFyZ2luLXRvcCUzQSUyMDE4cHglMjAlMjFpbXBvcnRhbnQlM0IlMjBtYXJnaW4tbGVmdCUzQSUyMDJweCUyMCUyMWltcG9ydGFudCUzQiUyMiUzRSUzQyUyRmRpdiUzRSUwQSUzQyUyRmRpdiUzRSUwQSUzQ2gyJTNFRVZBTFVBQ0klQzMlOTNOJTNDJTJGaDIlM0UlMEElM0MlMkZkaXYlM0UlM0MlMkZhJTNFJTBBJTNDJTJGZGl2JTNFJTBBJTBBJTNDZGl2JTIwY2xhc3MlM0QlMjJjb250YWluZXIxJTIyJTNFJTBBJTNDYSUyMGNsYXNzJTNEJTIybGVhJTIyJTIwc3R5bGUlM0QlMjJjb2xvciUzQSUyMzAwNGQ3YSUzQiUyMiUyMGhyZWYlM0QlMjJodHRwcyUzQSUyRiUyRnd3dy51bGwuZXMlMkZwb3J0YWwlMkZjYW1wdXMteS1zb3N0ZW5pYmlsaWRhZCUyRnJlc3VsdGFkb3MtZS1pbmRpY2Fkb3JlcyUyRiUyMiUzRSUzQ2RpdiUyMGNsYXNzJTNEJTIyY2xpZW50MSUyMiUzRSUwQSUzQ2RpdiUyMGNsYXNzJTNEJTIybG9nbyUyMiUzRSUwQSUzQ2RpdiUyMGNsYXNzJTNEJTIydmNfaWNvbl9lbGVtZW50LWljb24lMjBmYSUyMGZhLWxpbmUtY2hhcnQlMjIlMjBzdHlsZSUzRCUyMmZvbnQtc2l6ZSUzQSUyMDMwcHglMjAlMjFpbXBvcnRhbnQlM0IlMjBtYXJnaW4tdG9wJTNBJTIwMThweCUyMCUyMWltcG9ydGFudCUzQiUyMG1hcmdpbi1sZWZ0JTNBJTIwMnB4JTIwJTIxaW1wb3J0YW50JTNCJTIyJTNFJTNDJTJGZGl2JTNFJTBBJTNDJTJGZGl2JTNFJTBBJTNDaDIlM0VSRVNVTFRBRE9TJTNDJTJGaDIlM0UlMEElM0MlMkZkaXYlM0UlM0MlMkZhJTNFJTBBJTNDJTJGZGl2JTNFJTBBJTBBJTNDJTJGZGl2JTNF[\/vc_raw_html][vc_empty_space height=\u00bb30px\u00bb][\/vc_column][\/vc_row]\n","protected":false},"excerpt":{"rendered":"<p>[vc_row full_width=\u00bbstretch_row_content_no_spaces\u00bb equal_height=\u00bbyes\u00bb content_placement=\u00bbmiddle\u00bb css=\u00bb.vc_custom_1616003515830{padding-right: 5% !important;padding-left: 5% !important;background-color: #ededed !important;}\u00bb][vc_column width=\u00bb1\/2&#8243; css=\u00bb.vc_custom_1616061984666{padding-right: 5% !important;}\u00bb][vc_empty_space height=\u00bb20px\u00bb][vc_column_text el_class=\u00bbsmall-text\u00bb] Campus y sostenibilidad Compromiso institucional [\/vc_column_text][vc_empty_space height=\u00bb20px\u00bb][vc_column_text]Seg\u00fan la Conferencia de Rectores de Universidades Espa\u00f1olas (CRUE) \u201cLa sostenibilidad es un concepto que incluye la b\u00fasqueda de la calidad ambiental, la justicia social y una econom\u00eda equitativa y viable a&#8230;<\/p>\n","protected":false},"author":41,"featured_media":0,"parent":0,"menu_order":0,"comment_status":"closed","ping_status":"closed","template":"templates\/template-no-title.php","meta":{"inline_featured_image":false,"footnotes":""},"acf":[],"yoast_head":"<!-- This site is optimized with the Yoast SEO plugin v21.3 - https:\/\/yoast.com\/wordpress\/plugins\/seo\/ -->\n<title>Compromiso Institucional - Sostenibilidad<\/title>\n<meta name=\"robots\" content=\"index, follow, max-snippet:-1, max-image-preview:large, max-video-preview:-1\" \/>\n<link rel=\"canonical\" href=\"https:\/\/www.ull.es\/portal\/campus-y-sostenibilidad\/compromiso-institucional\/\" \/>\n<meta property=\"og:locale\" content=\"es_ES\" \/>\n<meta property=\"og:type\" content=\"article\" \/>\n<meta property=\"og:title\" content=\"Compromiso Institucional - Sostenibilidad\" \/>\n<meta property=\"og:description\" content=\"[vc_row full_width=\u00bbstretch_row_content_no_spaces\u00bb equal_height=\u00bbyes\u00bb content_placement=\u00bbmiddle\u00bb css=\u00bb.vc_custom_1616003515830{padding-right: 5% !important;padding-left: 5% !important;background-color: #ededed !important;}\u00bb][vc_column width=\u00bb1\/2&#8243; css=\u00bb.vc_custom_1616061984666{padding-right: 5% !important;}\u00bb][vc_empty_space height=\u00bb20px\u00bb][vc_column_text el_class=\u00bbsmall-text\u00bb] Campus y sostenibilidad Compromiso institucional [\/vc_column_text][vc_empty_space height=\u00bb20px\u00bb][vc_column_text]Seg\u00fan la Conferencia de Rectores de Universidades Espa\u00f1olas (CRUE) \u201cLa sostenibilidad es un concepto que incluye la b\u00fasqueda de la calidad ambiental, la justicia social y una econom\u00eda equitativa y viable a...\" \/>\n<meta property=\"og:url\" content=\"https:\/\/www.ull.es\/portal\/campus-y-sostenibilidad\/compromiso-institucional\/\" \/>\n<meta property=\"og:site_name\" content=\"Sostenibilidad\" \/>\n<meta property=\"article:modified_time\" content=\"2021-03-18T10:06:26+00:00\" \/>\n<meta name=\"twitter:card\" content=\"summary_large_image\" \/>\n<meta name=\"twitter:label1\" content=\"Tiempo de lectura\" \/>\n\t<meta name=\"twitter:data1\" content=\"4 minutos\" \/>\n<script type=\"application\/ld+json\" class=\"yoast-schema-graph\">{\"@context\":\"https:\/\/schema.org\",\"@graph\":[{\"@type\":\"WebPage\",\"@id\":\"https:\/\/www.ull.es\/portal\/campus-y-sostenibilidad\/compromiso-institucional\/\",\"url\":\"https:\/\/www.ull.es\/portal\/campus-y-sostenibilidad\/compromiso-institucional\/\",\"name\":\"Compromiso Institucional - Sostenibilidad\",\"isPartOf\":{\"@id\":\"https:\/\/www.ull.es\/portal\/campus-y-sostenibilidad\/#website\"},\"datePublished\":\"2018-12-10T09:33:22+00:00\",\"dateModified\":\"2021-03-18T10:06:26+00:00\",\"breadcrumb\":{\"@id\":\"https:\/\/www.ull.es\/portal\/campus-y-sostenibilidad\/compromiso-institucional\/#breadcrumb\"},\"inLanguage\":\"es\",\"potentialAction\":[{\"@type\":\"ReadAction\",\"target\":[\"https:\/\/www.ull.es\/portal\/campus-y-sostenibilidad\/compromiso-institucional\/\"]}]},{\"@type\":\"BreadcrumbList\",\"@id\":\"https:\/\/www.ull.es\/portal\/campus-y-sostenibilidad\/compromiso-institucional\/#breadcrumb\",\"itemListElement\":[{\"@type\":\"ListItem\",\"position\":1,\"name\":\"Portada\",\"item\":\"https:\/\/www.ull.es\/portal\/campus-y-sostenibilidad\/\"},{\"@type\":\"ListItem\",\"position\":2,\"name\":\"Compromiso Institucional\"}]},{\"@type\":\"WebSite\",\"@id\":\"https:\/\/www.ull.es\/portal\/campus-y-sostenibilidad\/#website\",\"url\":\"https:\/\/www.ull.es\/portal\/campus-y-sostenibilidad\/\",\"name\":\"Sostenibilidad\",\"description\":\"\",\"potentialAction\":[{\"@type\":\"SearchAction\",\"target\":{\"@type\":\"EntryPoint\",\"urlTemplate\":\"https:\/\/www.ull.es\/portal\/campus-y-sostenibilidad\/?s={search_term_string}\"},\"query-input\":\"required name=search_term_string\"}],\"inLanguage\":\"es\"}]}<\/script>\n<!-- \/ Yoast SEO plugin. -->","yoast_head_json":{"title":"Compromiso Institucional - Sostenibilidad","robots":{"index":"index","follow":"follow","max-snippet":"max-snippet:-1","max-image-preview":"max-image-preview:large","max-video-preview":"max-video-preview:-1"},"canonical":"https:\/\/www.ull.es\/portal\/campus-y-sostenibilidad\/compromiso-institucional\/","og_locale":"es_ES","og_type":"article","og_title":"Compromiso Institucional - Sostenibilidad","og_description":"[vc_row full_width=\u00bbstretch_row_content_no_spaces\u00bb equal_height=\u00bbyes\u00bb content_placement=\u00bbmiddle\u00bb css=\u00bb.vc_custom_1616003515830{padding-right: 5% !important;padding-left: 5% !important;background-color: #ededed !important;}\u00bb][vc_column width=\u00bb1\/2&#8243; css=\u00bb.vc_custom_1616061984666{padding-right: 5% !important;}\u00bb][vc_empty_space height=\u00bb20px\u00bb][vc_column_text el_class=\u00bbsmall-text\u00bb] Campus y sostenibilidad Compromiso institucional [\/vc_column_text][vc_empty_space height=\u00bb20px\u00bb][vc_column_text]Seg\u00fan la Conferencia de Rectores de Universidades Espa\u00f1olas (CRUE) \u201cLa sostenibilidad es un concepto que incluye la b\u00fasqueda de la calidad ambiental, la justicia social y una econom\u00eda equitativa y viable a...","og_url":"https:\/\/www.ull.es\/portal\/campus-y-sostenibilidad\/compromiso-institucional\/","og_site_name":"Sostenibilidad","article_modified_time":"2021-03-18T10:06:26+00:00","twitter_card":"summary_large_image","twitter_misc":{"Tiempo de lectura":"4 minutos"},"schema":{"@context":"https:\/\/schema.org","@graph":[{"@type":"WebPage","@id":"https:\/\/www.ull.es\/portal\/campus-y-sostenibilidad\/compromiso-institucional\/","url":"https:\/\/www.ull.es\/portal\/campus-y-sostenibilidad\/compromiso-institucional\/","name":"Compromiso Institucional - Sostenibilidad","isPartOf":{"@id":"https:\/\/www.ull.es\/portal\/campus-y-sostenibilidad\/#website"},"datePublished":"2018-12-10T09:33:22+00:00","dateModified":"2021-03-18T10:06:26+00:00","breadcrumb":{"@id":"https:\/\/www.ull.es\/portal\/campus-y-sostenibilidad\/compromiso-institucional\/#breadcrumb"},"inLanguage":"es","potentialAction":[{"@type":"ReadAction","target":["https:\/\/www.ull.es\/portal\/campus-y-sostenibilidad\/compromiso-institucional\/"]}]},{"@type":"BreadcrumbList","@id":"https:\/\/www.ull.es\/portal\/campus-y-sostenibilidad\/compromiso-institucional\/#breadcrumb","itemListElement":[{"@type":"ListItem","position":1,"name":"Portada","item":"https:\/\/www.ull.es\/portal\/campus-y-sostenibilidad\/"},{"@type":"ListItem","position":2,"name":"Compromiso Institucional"}]},{"@type":"WebSite","@id":"https:\/\/www.ull.es\/portal\/campus-y-sostenibilidad\/#website","url":"https:\/\/www.ull.es\/portal\/campus-y-sostenibilidad\/","name":"Sostenibilidad","description":"","potentialAction":[{"@type":"SearchAction","target":{"@type":"EntryPoint","urlTemplate":"https:\/\/www.ull.es\/portal\/campus-y-sostenibilidad\/?s={search_term_string}"},"query-input":"required name=search_term_string"}],"inLanguage":"es"}]}},"_links":{"self":[{"href":"https:\/\/www.ull.es\/portal\/campus-y-sostenibilidad\/wp-json\/wp\/v2\/pages\/18"}],"collection":[{"href":"https:\/\/www.ull.es\/portal\/campus-y-sostenibilidad\/wp-json\/wp\/v2\/pages"}],"about":[{"href":"https:\/\/www.ull.es\/portal\/campus-y-sostenibilidad\/wp-json\/wp\/v2\/types\/page"}],"author":[{"embeddable":true,"href":"https:\/\/www.ull.es\/portal\/campus-y-sostenibilidad\/wp-json\/wp\/v2\/users\/41"}],"replies":[{"embeddable":true,"href":"https:\/\/www.ull.es\/portal\/campus-y-sostenibilidad\/wp-json\/wp\/v2\/comments?post=18"}],"version-history":[{"count":37,"href":"https:\/\/www.ull.es\/portal\/campus-y-sostenibilidad\/wp-json\/wp\/v2\/pages\/18\/revisions"}],"predecessor-version":[{"id":923,"href":"https:\/\/www.ull.es\/portal\/campus-y-sostenibilidad\/wp-json\/wp\/v2\/pages\/18\/revisions\/923"}],"wp:attachment":[{"href":"https:\/\/www.ull.es\/portal\/campus-y-sostenibilidad\/wp-json\/wp\/v2\/media?parent=18"}],"curies":[{"name":"wp","href":"https:\/\/api.w.org\/{rel}","templated":true}]}}