{"id":773,"date":"2020-12-17T15:16:37","date_gmt":"2020-12-17T15:16:37","guid":{"rendered":"https:\/\/www.ull.es\/portal\/campus-y-sostenibilidad\/?page_id=773"},"modified":"2020-12-17T15:16:50","modified_gmt":"2020-12-17T15:16:50","slug":"aparcamientos-para-bicicletas","status":"publish","type":"page","link":"https:\/\/www.ull.es\/portal\/campus-y-sostenibilidad\/aparcamientos-para-bicicletas\/","title":{"rendered":"Aparcamientos para bicicletas"},"content":{"rendered":"[vc_row][vc_column][vc_column_text]\n<h1><span style=\"font-weight: 400;\">Aparcamientos para bicicletas <\/span><\/h1>\n[\/vc_column_text][\/vc_column][\/vc_row][vc_row][vc_column width=\u00bb2\/3&#8243;][vc_column_text]<span style=\"font-weight: 400;\">Desde su inauguraci\u00f3n en abril de 2019 <\/span><span style=\"font-weight: 400;\">, la Universidad de La Laguna cuenta con espacios de <a href=\"https:\/\/www.ull.es\/portal\/noticias\/2019\/la-ull-amplia-sus-aparcamientos-para-bicicletas-en-el-campus-de-guajara\/\" target=\"_blank\" rel=\"noopener noreferrer\" target=\"_blank\" rel=\"noopener\">aparcamientos para bicicletas<\/a>, a cubierto, en lugar seguro, c\u00f3modos y bajo techo.\u00a0<\/span><\/p>\n<p><span style=\"font-weight: 400;\">El dise\u00f1o de los mismos corresponde a Zebenzui Meli\u00e1n quien plante\u00f3 una soluci\u00f3n que permitiera cubrir la necesidad de aparcamientos, junto con su orientaci\u00f3n y se\u00f1alizaci\u00f3n. El creador centr\u00f3 su proyecto en las ideas contrapuestas de lo individual y lo colectivo, a\u00f1adiendo tambi\u00e9n el valor del compromiso por una movilidad m\u00e1s sostenible.\u00a0<\/span><\/p>\n<p><span style=\"font-weight: 400;\">El trabajo de campo, desarrollado entre el personal del Servicio de Deportes, de la Fundaci\u00f3n General ULL y el Servicio de Mantenimiento, incluy\u00f3 el estudio de qu\u00e9 aparcamientos exist\u00edan en los campus, cu\u00e1l era su ubicaci\u00f3n y qu\u00e9 otros har\u00edan falta para fomentar el uso de la bicicleta. Adem\u00e1s, el dise\u00f1ador cre\u00f3 una se\u00f1al\u00e9tica espec\u00edfica y se est\u00e1 trabajando en el dise\u00f1o de mapas orientativos para colocar en la entrada de todas las facultades, indicando qu\u00e9 aparcamientos de bicicletas est\u00e1n disponibles cerca de los centros de estudio.<\/span><\/p>\n<p><span style=\"font-weight: 400;\">Los nuevos aparcamientos son seguros y adem\u00e1s incorporan una superficie superior para que, en caso de lluvia, el sill\u00edn no se moje. El dise\u00f1o contempla la usabilidad, dado que esta superficie puede servir de mesita para apoyar la mochila, el ordenador o los libros, mientras aparcamos la propia bicicleta o la sacamos del aparcamiento. Seg\u00fan Zebenzui Meli\u00e1n, \u201cest\u00e1 claro que los mejores prescriptores ser\u00e1n los propios usuarios\u201d.<\/span>[\/vc_column_text][\/vc_column][vc_column width=\u00bb1\/3&#8243;][vc_single_image image=\u00bb775&#8243; img_size=\u00bbfull\u00bb][\/vc_column][\/vc_row]\n","protected":false},"excerpt":{"rendered":"<p>[vc_row][vc_column][vc_column_text] Aparcamientos para bicicletas [\/vc_column_text][\/vc_column][\/vc_row][vc_row][vc_column width=\u00bb2\/3&#8243;][vc_column_text]Desde su inauguraci\u00f3n en abril de 2019 , la Universidad de La Laguna cuenta con espacios de aparcamientos para bicicletas, a cubierto, en lugar seguro, c\u00f3modos y bajo techo.\u00a0 El dise\u00f1o de los mismos corresponde a Zebenzui Meli\u00e1n quien plante\u00f3 una soluci\u00f3n que permitiera cubrir la necesidad de aparcamientos, junto&#8230;<\/p>\n","protected":false},"author":65,"featured_media":0,"parent":0,"menu_order":0,"comment_status":"closed","ping_status":"closed","template":"","meta":{"inline_featured_image":false,"footnotes":""},"acf":[],"yoast_head":"<!-- This site is optimized with the Yoast SEO plugin v21.3 - https:\/\/yoast.com\/wordpress\/plugins\/seo\/ -->\n<title>Aparcamientos para bicicletas - Sostenibilidad<\/title>\n<meta name=\"robots\" content=\"index, follow, max-snippet:-1, max-image-preview:large, max-video-preview:-1\" \/>\n<link rel=\"canonical\" href=\"https:\/\/www.ull.es\/portal\/campus-y-sostenibilidad\/aparcamientos-para-bicicletas\/\" \/>\n<meta property=\"og:locale\" content=\"es_ES\" \/>\n<meta property=\"og:type\" content=\"article\" \/>\n<meta property=\"og:title\" content=\"Aparcamientos para bicicletas - Sostenibilidad\" \/>\n<meta property=\"og:description\" content=\"[vc_row][vc_column][vc_column_text] Aparcamientos para bicicletas [\/vc_column_text][\/vc_column][\/vc_row][vc_row][vc_column width=\u00bb2\/3&#8243;][vc_column_text]Desde su inauguraci\u00f3n en abril de 2019 , la Universidad de La Laguna cuenta con espacios de aparcamientos para bicicletas, a cubierto, en lugar seguro, c\u00f3modos y bajo techo.\u00a0 El dise\u00f1o de los mismos corresponde a Zebenzui Meli\u00e1n quien plante\u00f3 una soluci\u00f3n que permitiera cubrir la necesidad de aparcamientos, junto...\" \/>\n<meta property=\"og:url\" content=\"https:\/\/www.ull.es\/portal\/campus-y-sostenibilidad\/aparcamientos-para-bicicletas\/\" \/>\n<meta property=\"og:site_name\" content=\"Sostenibilidad\" \/>\n<meta property=\"article:modified_time\" content=\"2020-12-17T15:16:50+00:00\" \/>\n<meta name=\"twitter:card\" content=\"summary_large_image\" \/>\n<meta name=\"twitter:label1\" content=\"Tiempo de lectura\" \/>\n\t<meta name=\"twitter:data1\" content=\"2 minutos\" \/>\n<script type=\"application\/ld+json\" class=\"yoast-schema-graph\">{\"@context\":\"https:\/\/schema.org\",\"@graph\":[{\"@type\":\"WebPage\",\"@id\":\"https:\/\/www.ull.es\/portal\/campus-y-sostenibilidad\/aparcamientos-para-bicicletas\/\",\"url\":\"https:\/\/www.ull.es\/portal\/campus-y-sostenibilidad\/aparcamientos-para-bicicletas\/\",\"name\":\"Aparcamientos para bicicletas - Sostenibilidad\",\"isPartOf\":{\"@id\":\"https:\/\/www.ull.es\/portal\/campus-y-sostenibilidad\/#website\"},\"datePublished\":\"2020-12-17T15:16:37+00:00\",\"dateModified\":\"2020-12-17T15:16:50+00:00\",\"breadcrumb\":{\"@id\":\"https:\/\/www.ull.es\/portal\/campus-y-sostenibilidad\/aparcamientos-para-bicicletas\/#breadcrumb\"},\"inLanguage\":\"es\",\"potentialAction\":[{\"@type\":\"ReadAction\",\"target\":[\"https:\/\/www.ull.es\/portal\/campus-y-sostenibilidad\/aparcamientos-para-bicicletas\/\"]}]},{\"@type\":\"BreadcrumbList\",\"@id\":\"https:\/\/www.ull.es\/portal\/campus-y-sostenibilidad\/aparcamientos-para-bicicletas\/#breadcrumb\",\"itemListElement\":[{\"@type\":\"ListItem\",\"position\":1,\"name\":\"Portada\",\"item\":\"https:\/\/www.ull.es\/portal\/campus-y-sostenibilidad\/\"},{\"@type\":\"ListItem\",\"position\":2,\"name\":\"Aparcamientos para bicicletas\"}]},{\"@type\":\"WebSite\",\"@id\":\"https:\/\/www.ull.es\/portal\/campus-y-sostenibilidad\/#website\",\"url\":\"https:\/\/www.ull.es\/portal\/campus-y-sostenibilidad\/\",\"name\":\"Sostenibilidad\",\"description\":\"\",\"potentialAction\":[{\"@type\":\"SearchAction\",\"target\":{\"@type\":\"EntryPoint\",\"urlTemplate\":\"https:\/\/www.ull.es\/portal\/campus-y-sostenibilidad\/?s={search_term_string}\"},\"query-input\":\"required name=search_term_string\"}],\"inLanguage\":\"es\"}]}<\/script>\n<!-- \/ Yoast SEO plugin. -->","yoast_head_json":{"title":"Aparcamientos para bicicletas - Sostenibilidad","robots":{"index":"index","follow":"follow","max-snippet":"max-snippet:-1","max-image-preview":"max-image-preview:large","max-video-preview":"max-video-preview:-1"},"canonical":"https:\/\/www.ull.es\/portal\/campus-y-sostenibilidad\/aparcamientos-para-bicicletas\/","og_locale":"es_ES","og_type":"article","og_title":"Aparcamientos para bicicletas - Sostenibilidad","og_description":"[vc_row][vc_column][vc_column_text] Aparcamientos para bicicletas [\/vc_column_text][\/vc_column][\/vc_row][vc_row][vc_column width=\u00bb2\/3&#8243;][vc_column_text]Desde su inauguraci\u00f3n en abril de 2019 , la Universidad de La Laguna cuenta con espacios de aparcamientos para bicicletas, a cubierto, en lugar seguro, c\u00f3modos y bajo techo.\u00a0 El dise\u00f1o de los mismos corresponde a Zebenzui Meli\u00e1n quien plante\u00f3 una soluci\u00f3n que permitiera cubrir la necesidad de aparcamientos, junto...","og_url":"https:\/\/www.ull.es\/portal\/campus-y-sostenibilidad\/aparcamientos-para-bicicletas\/","og_site_name":"Sostenibilidad","article_modified_time":"2020-12-17T15:16:50+00:00","twitter_card":"summary_large_image","twitter_misc":{"Tiempo de lectura":"2 minutos"},"schema":{"@context":"https:\/\/schema.org","@graph":[{"@type":"WebPage","@id":"https:\/\/www.ull.es\/portal\/campus-y-sostenibilidad\/aparcamientos-para-bicicletas\/","url":"https:\/\/www.ull.es\/portal\/campus-y-sostenibilidad\/aparcamientos-para-bicicletas\/","name":"Aparcamientos para bicicletas - Sostenibilidad","isPartOf":{"@id":"https:\/\/www.ull.es\/portal\/campus-y-sostenibilidad\/#website"},"datePublished":"2020-12-17T15:16:37+00:00","dateModified":"2020-12-17T15:16:50+00:00","breadcrumb":{"@id":"https:\/\/www.ull.es\/portal\/campus-y-sostenibilidad\/aparcamientos-para-bicicletas\/#breadcrumb"},"inLanguage":"es","potentialAction":[{"@type":"ReadAction","target":["https:\/\/www.ull.es\/portal\/campus-y-sostenibilidad\/aparcamientos-para-bicicletas\/"]}]},{"@type":"BreadcrumbList","@id":"https:\/\/www.ull.es\/portal\/campus-y-sostenibilidad\/aparcamientos-para-bicicletas\/#breadcrumb","itemListElement":[{"@type":"ListItem","position":1,"name":"Portada","item":"https:\/\/www.ull.es\/portal\/campus-y-sostenibilidad\/"},{"@type":"ListItem","position":2,"name":"Aparcamientos para bicicletas"}]},{"@type":"WebSite","@id":"https:\/\/www.ull.es\/portal\/campus-y-sostenibilidad\/#website","url":"https:\/\/www.ull.es\/portal\/campus-y-sostenibilidad\/","name":"Sostenibilidad","description":"","potentialAction":[{"@type":"SearchAction","target":{"@type":"EntryPoint","urlTemplate":"https:\/\/www.ull.es\/portal\/campus-y-sostenibilidad\/?s={search_term_string}"},"query-input":"required name=search_term_string"}],"inLanguage":"es"}]}},"_links":{"self":[{"href":"https:\/\/www.ull.es\/portal\/campus-y-sostenibilidad\/wp-json\/wp\/v2\/pages\/773"}],"collection":[{"href":"https:\/\/www.ull.es\/portal\/campus-y-sostenibilidad\/wp-json\/wp\/v2\/pages"}],"about":[{"href":"https:\/\/www.ull.es\/portal\/campus-y-sostenibilidad\/wp-json\/wp\/v2\/types\/page"}],"author":[{"embeddable":true,"href":"https:\/\/www.ull.es\/portal\/campus-y-sostenibilidad\/wp-json\/wp\/v2\/users\/65"}],"replies":[{"embeddable":true,"href":"https:\/\/www.ull.es\/portal\/campus-y-sostenibilidad\/wp-json\/wp\/v2\/comments?post=773"}],"version-history":[{"count":1,"href":"https:\/\/www.ull.es\/portal\/campus-y-sostenibilidad\/wp-json\/wp\/v2\/pages\/773\/revisions"}],"predecessor-version":[{"id":776,"href":"https:\/\/www.ull.es\/portal\/campus-y-sostenibilidad\/wp-json\/wp\/v2\/pages\/773\/revisions\/776"}],"wp:attachment":[{"href":"https:\/\/www.ull.es\/portal\/campus-y-sostenibilidad\/wp-json\/wp\/v2\/media?parent=773"}],"curies":[{"name":"wp","href":"https:\/\/api.w.org\/{rel}","templated":true}]}}