{"version":"1.0","provider_name":"Campus Am\u00e9rica","provider_url":"https:\/\/www.ull.es\/portal\/campusamerica","author_name":"J R","author_url":"https:\/\/www.ull.es\/portal\/campusamerica\/author\/fgjcrodriguez\/","title":"Comit\u00e9 T\u00e9cnico\/Asesor - Campus Am\u00e9rica","type":"rich","width":600,"height":338,"html":"<blockquote class=\"wp-embedded-content\" data-secret=\"vrYvrm6dEa\"><a href=\"https:\/\/www.ull.es\/portal\/campusamerica\/comites\/comite-tecnico-asesor\/\">Comit\u00e9 T\u00e9cnico\/Asesor<\/a><\/blockquote><iframe sandbox=\"allow-scripts\" security=\"restricted\" src=\"https:\/\/www.ull.es\/portal\/campusamerica\/comites\/comite-tecnico-asesor\/embed\/#?secret=vrYvrm6dEa\" width=\"600\" height=\"338\" title=\"\u00abComit\u00e9 T\u00e9cnico\/Asesor\u00bb \u2014 Campus Am\u00e9rica\" data-secret=\"vrYvrm6dEa\" frameborder=\"0\" marginwidth=\"0\" marginheight=\"0\" scrolling=\"no\" class=\"wp-embedded-content\"><\/iframe><script type=\"text\/javascript\">\n\/*! This file is auto-generated *\/\n!function(c,d){\"use strict\";var e=!1,o=!1;if(d.querySelector)if(c.addEventListener)e=!0;if(c.wp=c.wp||{},c.wp.receiveEmbedMessage);else if(c.wp.receiveEmbedMessage=function(e){var t=e.data;if(!t);else if(!(t.secret||t.message||t.value));else if(\/[^a-zA-Z0-9]\/.test(t.secret));else{for(var r,s,a,i=d.querySelectorAll('iframe[data-secret=\"'+t.secret+'\"]'),n=d.querySelectorAll('blockquote[data-secret=\"'+t.secret+'\"]'),o=new RegExp(\"^https?:$\",\"i\"),l=0;l<n.length;l++)n[l].style.display=\"none\";for(l=0;l<i.length;l++)if(r=i[l],e.source!==r.contentWindow);else{if(r.removeAttribute(\"style\"),\"height\"===t.message){if(1e3<(s=parseInt(t.value,10)))s=1e3;else if(~~s<200)s=200;r.height=s}if(\"link\"===t.message)if(s=d.createElement(\"a\"),a=d.createElement(\"a\"),s.href=r.getAttribute(\"src\"),a.href=t.value,!o.test(a.protocol));else if(a.host===s.host)if(d.activeElement===r)c.top.location.href=t.value}}},e)c.addEventListener(\"message\",c.wp.receiveEmbedMessage,!1),d.addEventListener(\"DOMContentLoaded\",t,!1),c.addEventListener(\"load\",t,!1);function t(){if(o);else{o=!0;for(var e,t,r,s=-1!==navigator.appVersion.indexOf(\"MSIE 10\"),a=!!navigator.userAgent.match(\/Trident.*rv:11\\.\/),i=d.querySelectorAll(\"iframe.wp-embedded-content\"),n=0;n<i.length;n++){if(!(r=(t=i[n]).getAttribute(\"data-secret\")))r=Math.random().toString(36).substr(2,10),t.src+=\"#?secret=\"+r,t.setAttribute(\"data-secret\",r);if(s||a)(e=t.cloneNode(!0)).removeAttribute(\"security\"),t.parentNode.replaceChild(e,t);t.contentWindow.postMessage({message:\"ready\",secret:r},\"*\")}}}}(window,document);\n<\/script>\n","description":"[vc_row full_width=\u00bbstretch_row_content_no_spaces\u00bb][vc_column][\/vc_column][\/vc_row][vc_row][vc_column][vc_empty_space height=\u00bb62px\u00bb][vc_custom_heading text=\u00bbCOMIT\u00c9 T\u00c9CNICO\/ASESOR\u00bb font_container=\u00bbtag:h1|font_size:50px|text_align:left|color:%231c4587|line_height:65px\u00bb google_fonts=\u00bbfont_family:Roboto%20Condensed%3A300%2C300italic%2Cregular%2Citalic%2C700%2C700italic|font_style:700%20bold%20regular%3A700%3Anormal\u00bb][vc_empty_space][\/vc_column][\/vc_row][vc_row disable_element=\u00bbyes\u00bb][vc_column][vc_column_text] Daura Ramos Nazco, Fundaci\u00f3n General de la ULL C\u00e1ndida Gonz\u00e1lez Afonso, Jefa del Gabinete de Comunicaci\u00f3n Ver\u00f3nica Acu\u00f1a Marrero, Protocolo ULL Marina Rodr\u00edguez Calzado, Fundaci\u00f3n General de la ULL Mar\u00eda Sonnia Chinea Rodr\u00edguez, Jefa del Gabinete del Rector Jacob Celso Rodr\u00edguez Torres, Fundaci\u00f3n General de la ULL..."}