{"id":1126,"date":"2022-06-29T10:28:55","date_gmt":"2022-06-29T10:28:55","guid":{"rendered":"https:\/\/www.ull.es\/portal\/campusamerica\/?page_id=1126"},"modified":"2022-07-19T14:37:52","modified_gmt":"2022-07-19T14:37:52","slug":"inscripcion","status":"publish","type":"page","link":"https:\/\/www.ull.es\/portal\/campusamerica\/inscripcion\/","title":{"rendered":"Inscripci\u00f3n"},"content":{"rendered":"<p>[vc_row full_width=\u00bbstretch_row_content_no_spaces\u00bb][vc_column]\n<div id=\"rev_slider_9_1_wrapper\" class=\"rev_slider_wrapper fullwidthbanner-container\" data-source=\"gallery\" style=\"margin:0px auto;background:transparent;padding:0px;margin-top:0px;margin-bottom:0px;\">\n<!-- START REVOLUTION SLIDER 5.4.7.3 auto mode -->\n\t<div id=\"rev_slider_9_1\" class=\"rev_slider fullwidthabanner\" style=\"display:none;\" data-version=\"5.4.7.3\">\n<ul>\t<!-- SLIDE  -->\n\t<li data-index=\"rs-22\" data-transition=\"fade\" data-slotamount=\"default\" data-hideafterloop=\"1\" data-hideslideonmobile=\"off\"  data-easein=\"default\" data-easeout=\"default\" data-masterspeed=\"300\"  data-delay=\"5760\"  data-rotate=\"0\"  data-saveperformance=\"off\"  data-ssop=\"true\"  data-title=\"Slide\" data-param1=\"\" data-param2=\"\" data-param3=\"\" data-param4=\"\" data-param5=\"\" data-param6=\"\" data-param7=\"\" data-param8=\"\" data-param9=\"\" data-param10=\"\" data-description=\"\">\n\t\t<!-- MAIN IMAGE -->\n\t\t<img src=\"https:\/\/www.ull.es\/portal\/campusamerica\/wp-content\/plugins\/revslider\/admin\/assets\/images\/transparent.png\" data-bgcolor='#f6be20' style='background:#f6be20' alt=\"\" title=\"Inscripci\u00f3n\"  data-bgposition=\"center center\" data-bgfit=\"cover\" data-bgrepeat=\"no-repeat\" class=\"rev-slidebg\" data-no-retina>\n\t\t<!-- LAYERS -->\n\n\t\t<!-- LAYER NR. 1 -->\n\t\t<div class=\"tp-caption   tp-resizeme\" \n\t\t\t id=\"slide-22-layer-1\" \n\t\t\t data-x=\"['left','left','left','left']\" data-hoffset=\"['1','1','1','-368']\" \n\t\t\t data-y=\"['top','top','top','top']\" data-voffset=\"['-1','-1','-1','65']\" \n\t\t\t\t\t\tdata-width=\"none\"\n\t\t\tdata-height=\"none\"\n\t\t\tdata-whitespace=\"nowrap\"\n \n\t\t\tdata-type=\"image\" \n\t\t\tdata-responsive_offset=\"on\" \n\n\t\t\tdata-frames='[{\"delay\":10,\"speed\":300,\"frame\":\"0\",\"from\":\"opacity:0;\",\"to\":\"o:1;\",\"ease\":\"Power3.easeInOut\"},{\"delay\":\"wait\",\"speed\":0,\"frame\":\"999\",\"to\":\"opacity:0;\",\"ease\":\"Power3.easeInOut\"}]'\n\t\t\tdata-textAlign=\"['inherit','inherit','inherit','inherit']\"\n\t\t\tdata-paddingtop=\"[0,0,0,0]\"\n\t\t\tdata-paddingright=\"[0,0,0,0]\"\n\t\t\tdata-paddingbottom=\"[0,0,0,0]\"\n\t\t\tdata-paddingleft=\"[0,0,0,0]\"\n\n\t\t\tstyle=\"z-index: 5;\"><img src=\"https:\/\/www.ull.es\/portal\/campusamerica\/wp-content\/uploads\/sites\/20\/2022\/06\/Slider_circulos-max.png\" alt=\"\" data-ww=\"['1201px','1201px','1201px','1201px']\" data-hh=\"['400px','400px','400px','400px']\" width=\"1201\" height=\"400\" data-no-retina> <\/div>\n\n\t\t<!-- LAYER NR. 2 -->\n\t\t<div class=\"tp-caption   tp-resizeme\" \n\t\t\t id=\"slide-22-layer-2\" \n\t\t\t data-x=\"['left','left','left','left']\" data-hoffset=\"['-5','-5','-5','-295']\" \n\t\t\t data-y=\"['top','top','top','top']\" data-voffset=\"['1','1','1','168']\" \n\t\t\t\t\t\tdata-fontsize=\"['20','20','20','20']\"\n\t\t\tdata-lineheight=\"['22','22','22','22']\"\n\t\t\tdata-fontweight=\"['400','400','400','400']\"\n\t\t\tdata-letterspacing=\"['0','0','0','0']\"\n\t\t\tdata-width=\"none\"\n\t\t\tdata-height=\"none\"\n\t\t\tdata-whitespace=\"nowrap\"\n \n\t\t\tdata-type=\"image\" \n\t\t\tdata-responsive_offset=\"on\" \n\n\t\t\tdata-frames='[{\"delay\":410,\"speed\":420,\"frame\":\"0\",\"from\":\"opacity:0;\",\"to\":\"o:1;rZ:289;\",\"ease\":\"Power3.easeInOut\"},{\"delay\":\"wait\",\"speed\":300,\"frame\":\"999\",\"to\":\"opacity:0;\",\"ease\":\"Power3.easeInOut\"}]'\n\t\t\tdata-textAlign=\"['inherit','inherit','inherit','inherit']\"\n\t\t\tdata-paddingtop=\"[0,0,0,0]\"\n\t\t\tdata-paddingright=\"[0,0,0,0]\"\n\t\t\tdata-paddingbottom=\"[0,0,0,0]\"\n\t\t\tdata-paddingleft=\"[0,0,0,0]\"\n\n\t\t\tstyle=\"z-index: 6;\"><img src=\"https:\/\/www.ull.es\/portal\/campusamerica\/wp-content\/uploads\/sites\/20\/2022\/06\/Slider_circulos-min.png\" alt=\"\" data-ww=\"['601','601','601','601px']\" data-hh=\"['284','284','284','284px']\" width=\"601\" height=\"284\" data-no-retina> <\/div>\n\n\t\t<!-- LAYER NR. 3 -->\n\t\t<div class=\"tp-caption   tp-resizeme\" \n\t\t\t id=\"slide-22-layer-3\" \n\t\t\t data-x=\"['left','left','left','left']\" data-hoffset=\"['63','63','63','52']\" \n\t\t\t data-y=\"['top','top','top','top']\" data-voffset=\"['-26','-26','-26','80']\" \n\t\t\t\t\t\tdata-fontsize=\"['20','20','20','20']\"\n\t\t\tdata-lineheight=\"['22','22','22','22']\"\n\t\t\tdata-fontweight=\"['400','400','400','400']\"\n\t\t\tdata-letterspacing=\"['0','0','0','0']\"\n\t\t\tdata-width=\"none\"\n\t\t\tdata-height=\"none\"\n\t\t\tdata-whitespace=\"nowrap\"\n \n\t\t\tdata-type=\"image\" \n\t\t\tdata-responsive_offset=\"on\" \n\n\t\t\tdata-frames='[{\"delay\":740,\"speed\":300,\"frame\":\"0\",\"from\":\"opacity:0;\",\"to\":\"o:1;\",\"ease\":\"Power3.easeInOut\"},{\"delay\":\"wait\",\"speed\":300,\"frame\":\"999\",\"to\":\"opacity:0;\",\"ease\":\"Power3.easeInOut\"}]'\n\t\t\tdata-textAlign=\"['inherit','inherit','inherit','inherit']\"\n\t\t\tdata-paddingtop=\"[0,0,0,0]\"\n\t\t\tdata-paddingright=\"[0,0,0,0]\"\n\t\t\tdata-paddingbottom=\"[0,0,0,0]\"\n\t\t\tdata-paddingleft=\"[0,0,0,0]\"\n\n\t\t\tstyle=\"z-index: 7;\"><img src=\"https:\/\/www.ull.es\/portal\/campusamerica\/wp-content\/uploads\/sites\/20\/2022\/06\/Slider_mapa-america.png\" alt=\"\" data-ww=\"['278','278','278','181px']\" data-hh=\"['458','458','458','299px']\" width=\"278\" height=\"458\" data-no-retina> <\/div>\n\n\t\t<!-- LAYER NR. 4 -->\n\t\t<div class=\"tp-caption   tp-resizeme\" \n\t\t\t id=\"slide-22-layer-4\" \n\t\t\t data-x=\"['left','left','left','left']\" data-hoffset=\"['443','443','443','276']\" \n\t\t\t data-y=\"['top','top','top','top']\" data-voffset=\"['165','165','165','188']\" \n\t\t\t\t\t\tdata-fontsize=\"['20','20','20','20']\"\n\t\t\tdata-lineheight=\"['22','22','22','22']\"\n\t\t\tdata-fontweight=\"['400','400','400','400']\"\n\t\t\tdata-letterspacing=\"['0','0','0','0']\"\n\t\t\tdata-width=\"none\"\n\t\t\tdata-height=\"none\"\n\t\t\tdata-whitespace=\"nowrap\"\n \n\t\t\tdata-type=\"image\" \n\t\t\tdata-responsive_offset=\"on\" \n\n\t\t\tdata-frames='[{\"delay\":1060,\"speed\":300,\"frame\":\"0\",\"from\":\"opacity:0;\",\"to\":\"o:1;\",\"ease\":\"Power3.easeInOut\"},{\"delay\":\"wait\",\"speed\":300,\"frame\":\"999\",\"to\":\"opacity:0;\",\"ease\":\"Power3.easeInOut\"}]'\n\t\t\tdata-textAlign=\"['inherit','inherit','inherit','inherit']\"\n\t\t\tdata-paddingtop=\"[0,0,0,0]\"\n\t\t\tdata-paddingright=\"[0,0,0,0]\"\n\t\t\tdata-paddingbottom=\"[0,0,0,0]\"\n\t\t\tdata-paddingleft=\"[0,0,0,0]\"\n\n\t\t\tstyle=\"z-index: 8;\"><img src=\"https:\/\/www.ull.es\/portal\/campusamerica\/wp-content\/uploads\/sites\/20\/2022\/06\/Slider_mapa-canarias.png\" alt=\"\" data-ww=\"['287','287','287','151px']\" data-hh=\"['143','143','143','75px']\" width=\"287\" height=\"143\" data-no-retina> <\/div>\n\n\t\t<!-- LAYER NR. 5 -->\n\t\t<div class=\"tp-caption   tp-resizeme\" \n\t\t\t id=\"slide-22-layer-5\" \n\t\t\t data-x=\"['left','left','left','left']\" data-hoffset=\"['821','821','821','44']\" \n\t\t\t data-y=\"['top','top','top','top']\" data-voffset=\"['126','126','126','491']\" \n\t\t\t\t\t\tdata-width=\"none\"\n\t\t\tdata-height=\"none\"\n\t\t\tdata-whitespace=\"nowrap\"\n \n\t\t\tdata-type=\"image\" \n\t\t\tdata-responsive_offset=\"on\" \n\n\t\t\tdata-frames='[{\"delay\":1420,\"speed\":300,\"frame\":\"0\",\"from\":\"opacity:0;\",\"to\":\"o:1;\",\"ease\":\"Power3.easeInOut\"},{\"delay\":\"wait\",\"speed\":300,\"frame\":\"999\",\"to\":\"opacity:0;\",\"ease\":\"Power3.easeInOut\"}]'\n\t\t\tdata-textAlign=\"['inherit','inherit','inherit','inherit']\"\n\t\t\tdata-paddingtop=\"[0,0,0,0]\"\n\t\t\tdata-paddingright=\"[0,0,0,0]\"\n\t\t\tdata-paddingbottom=\"[0,0,0,0]\"\n\t\t\tdata-paddingleft=\"[0,0,0,0]\"\n\n\t\t\tstyle=\"z-index: 9;\"><img src=\"https:\/\/www.ull.es\/portal\/campusamerica\/wp-content\/uploads\/sites\/20\/2022\/06\/Slider_titulo.png\" alt=\"\" data-ww=\"['670px','670px','670px','389px']\" data-hh=\"['174px','174px','174px','101px']\" width=\"670\" height=\"174\" data-no-retina> <\/div>\n\t<\/li>\n<\/ul>\n<div class=\"tp-bannertimer tp-bottom\" style=\"visibility: hidden !important;\"><\/div>\t<\/div>\n<script>var htmlDiv = document.getElementById(\"rs-plugin-settings-inline-css\"); var htmlDivCss=\"\";\r\n\t\t\t\tif(htmlDiv) {\r\n\t\t\t\t\thtmlDiv.innerHTML = htmlDiv.innerHTML + htmlDivCss;\r\n\t\t\t\t}else{\r\n\t\t\t\t\tvar htmlDiv = document.createElement(\"div\");\r\n\t\t\t\t\thtmlDiv.innerHTML = \"<style>\" + htmlDivCss + \"<\/style>\";\r\n\t\t\t\t\tdocument.getElementsByTagName(\"head\")[0].appendChild(htmlDiv.childNodes[0]);\r\n\t\t\t\t}\r\n\t\t\t<\/script>\n\t\t<script type=\"text\/javascript\">\r\nif (setREVStartSize!==undefined) setREVStartSize(\r\n\t{c: '#rev_slider_9_1', responsiveLevels: [1240,1240,1240,480], gridwidth: [1920,1920,1920,480], gridheight: [400,400,400,720], sliderLayout: 'auto'});\r\n\t\t\t\r\nvar revapi9,\r\n\ttpj;\t\r\n(function() {\t\t\t\r\n\tif (!\/loaded|interactive|complete\/.test(document.readyState)) document.addEventListener(\"DOMContentLoaded\",onLoad); else onLoad();\t\r\n\tfunction onLoad() {\t\t\t\t\r\n\t\tif (tpj===undefined) { tpj = jQuery; if(\"off\" == \"on\") tpj.noConflict();}\r\n\tif(tpj(\"#rev_slider_9_1\").revolution == undefined){\n\t\trevslider_showDoubleJqueryError(\"#rev_slider_9_1\");\n\t}else{\n\t\trevapi9 = tpj(\"#rev_slider_9_1\").show().revolution({\n\t\t\tsliderType:\"standard\",\n\t\t\tjsFileLocation:\"\/\/www.ull.es\/portal\/campusamerica\/wp-content\/plugins\/revslider\/public\/assets\/js\/\",\n\t\t\tsliderLayout:\"auto\",\n\t\t\tdottedOverlay:\"none\",\n\t\t\tdelay:9000,\n\t\t\tnavigation: {\n\t\t\t\tonHoverStop:\"off\",\n\t\t\t},\n\t\t\tresponsiveLevels:[1240,1240,1240,480],\n\t\t\tvisibilityLevels:[1240,1240,1240,480],\n\t\t\tgridwidth:[1920,1920,1920,480],\n\t\t\tgridheight:[400,400,400,720],\n\t\t\tlazyType:\"none\",\n\t\t\tshadow:0,\n\t\t\tspinner:\"spinner0\",\n\t\t\tstopLoop:\"off\",\n\t\t\tstopAfterLoops:-1,\n\t\t\tstopAtSlide:-1,\n\t\t\tshuffle:\"off\",\n\t\t\tautoHeight:\"off\",\n\t\t\tdisableProgressBar:\"on\",\n\t\t\thideThumbsOnMobile:\"off\",\n\t\t\thideSliderAtLimit:0,\n\t\t\thideCaptionAtLimit:0,\n\t\t\thideAllCaptionAtLilmit:0,\n\t\t\tdebugMode:false,\n\t\t\tfallbacks: {\n\t\t\t\tsimplifyAll:\"off\",\n\t\t\t\tnextSlideOnWindowFocus:\"off\",\n\t\t\t\tdisableFocusListener:false,\n\t\t\t}\n\t\t});\n\t}; \/* END OF revapi call *\/\n\t\n }; \/* END OF ON LOAD FUNCTION *\/\r\n}()); \/* END OF WRAPPING FUNCTION *\/\r\n<\/script>\r\n\t\t<\/div><!-- END REVOLUTION SLIDER -->[\/vc_column][\/vc_row][vc_row][vc_column][vc_empty_space height=\u00bb62px\u00bb][vc_custom_heading text=\u00bbInscripci\u00f3n\u00bb font_container=\u00bbtag:h1|font_size:50px|text_align:left|color:%23171e32|line_height:65px\u00bb google_fonts=\u00bbfont_family:Roboto%20Condensed%3A300%2C300italic%2Cregular%2Citalic%2C700%2C700italic|font_style:700%20bold%20regular%3A700%3Anormal\u00bb][vc_empty_space][\/vc_column][\/vc_row][vc_row][vc_column][vc_column_text]<\/p>\n<h4>Puede realizar su inscripci\u00f3n en cada uno de los enlaces de la actividad a la que quiere asistir.<\/h4>\n<p>Si a la actividad que quiere asistir no se encuentra en el siguiente listado, es debido a que es asistencia libre y sin reserva de aforo.<\/p>\n<h5>Consulte el <a href=\"https:\/\/www.ull.es\/portal\/campusamerica\/programa\/\" target=\"_blank\" rel=\"noopener\">programa<\/a> para conocer los horarios y seleccione las actividades a las que quiere asistir.<\/h5>\n<p>[\/vc_column_text][vc_empty_space][vc_message]Los usuarios sin vinculaci\u00f3n con la <strong>Universidad de La Laguna<\/strong> deber\u00e1n darse de alta o utilizar el \u201c<em>Usuario Fundaci\u00f3n<\/em>\u201d de la <a href=\"https:\/\/sede.fg.ull.es\" target=\"_blank\" rel=\"noopener\">sede electr\u00f3nica <\/a>de la <strong>Fundaci\u00f3n General de Universidad de La Laguna <\/strong>para registrar sus participaci\u00f3n en las actividades.<\/p>\n<p>Una vez finalizada las jornadas del campus, en la misma sede pondr\u00e1n descargar sus certificados de asistencia.[\/vc_message][\/vc_column][\/vc_row][vc_row disable_element=\u00bbyes\u00bb][vc_column][vc_empty_space][vc_btn title=\u00bbINSCRIPCIONES A CAMPUS AM\u00c9RICA\u00bb style=\u00bbcustom\u00bb custom_background=\u00bb#171e32&#8243; custom_text=\u00bb#eeee22&#8243; shape=\u00bbsquare\u00bb size=\u00bblg\u00bb align=\u00bbcenter\u00bb i_align=\u00bbright\u00bb i_icon_fontawesome=\u00bbfa fa-arrow-right\u00bb button_block=\u00bbtrue\u00bb add_icon=\u00bbtrue\u00bb link=\u00bburl:https%3A%2F%2Fgoo.gl%2Fforms%2FL2ufUOxJhn79tlwx2|||\u00bb][\/vc_column][\/vc_row][vc_row][vc_column][vc_empty_space][vc_custom_heading text=\u00bbActividades\u00bb font_container=\u00bbtag:h3|font_size:35px|text_align:left|color:%23171e32|line_height:55px\u00bb google_fonts=\u00bbfont_family:Roboto%20Condensed%3A300%2C300italic%2Cregular%2Citalic%2C700%2C700italic|font_style:700%20bold%20regular%3A700%3Anormal\u00bb][\/vc_column][\/vc_row][vc_row disable_element=\u00bbyes\u00bb][vc_column][vc_empty_space height=\u00bb22px\u00bb][vc_column_text]<\/p>\n<ul>\n<li><a href=\"https:\/\/fg.ull.es\/A17020137\" target=\"_BLANK\" rel=\"noopener\" target=\"_blank\" rel=\"noopener\">Conferencia \u00abPatrimonio musical de Hispanoam\u00e9rica\u00bb. La m\u00fasica en las colonias del nuevo mundo (Jornadas de M\u00fasica Coral Iberoamericana) <i class=\"fa fa-external-link\"><\/i> <\/a><\/li>\n<li><a href=\"https:\/\/fg.ull.es\/A17020138\" target=\"_BLANK\" rel=\"noopener\" target=\"_blank\" rel=\"noopener\">Charla Coloquio \u00abLa m\u00fasica Coral en Iberoam\u00e9rica\u00bb (Jornadas de M\u00fasica Coral Iberoamericana) <i class=\"fa fa-external-link\"><\/i> <\/a><\/li>\n<li><a href=\"https:\/\/fg.ull.es\/A17020139\" target=\"_BLANK\" rel=\"noopener\" target=\"_blank\" rel=\"noopener\">Taller Obra Coral de C\u00e9sar Alejandro Carrillo (Jornadas de M\u00fasica Coral Iberoamericana) <i class=\"fa fa-external-link\"><\/i> <\/a><\/li>\n<li><a href=\"https:\/\/fg.ull.es\/A17020140\" target=\"_BLANK\" rel=\"noopener\" target=\"_blank\" rel=\"noopener\">Pedagog\u00eda vocal y repertorio latinoamericano para coros juveniles \/ Cuerpo y voz (Jornadas de M\u00fasica Coral Iberoamericana) <i class=\"fa fa-external-link\"><\/i> <\/a><\/li>\n<li><a href=\"https:\/\/fg.ull.es\/A17020143\" target=\"_BLANK\" rel=\"noopener\" target=\"_blank\" rel=\"noopener\">Emergency response in tropical and neglected diseases <i class=\"fa fa-external-link\"><\/i> <\/a><\/li>\n<li><a href=\"https:\/\/fg.ull.es\/A17020144\" target=\"_BLANK\" rel=\"noopener\" target=\"_blank\" rel=\"noopener\">Movilidad y transporte en entornos especialmente sensibles: Parque Nacionales, Ciudades Monumentales, N\u00facleos Tur\u00edsticos <i class=\"fa fa-external-link\"><\/i> <\/a><\/li>\n<li><a href=\"https:\/\/fg.ull.es\/A17020145\" target=\"_BLANK\" rel=\"noopener\" target=\"_blank\" rel=\"noopener\">Promoci\u00f3n del bienestar y resiliencia \/ Promotion of wellbeing and resilience <i class=\"fa fa-external-link\"><\/i> <\/a><\/li>\n<li><a href=\"https:\/\/fg.ull.es\/A17020146\" target=\"_BLANK\" rel=\"noopener\" target=\"_blank\" rel=\"noopener\">Seminario de Ling\u00fc\u00edstica Aplicada \u00abResultados y nuevas perspectivas ling\u00fc\u00edsticas desde M\u00e9xico y Espa\u00f1a\u00bb <i class=\"fa fa-external-link\"><\/i> <\/a><\/li>\n<li><a href=\"https:\/\/fg.ull.es\/A17020147\" target=\"_BLANK\" rel=\"noopener\" target=\"_blank\" rel=\"noopener\">Jornada Iberoamericana de \u00c1lgebra y Geometr\u00eda <i class=\"fa fa-external-link\"><\/i> <\/a><\/li>\n<li><a href=\"https:\/\/fg.ull.es\/A17020148\" target=\"_BLANK\" rel=\"noopener\" target=\"_blank\" rel=\"noopener\">Current Topics in Archaeology <i class=\"fa fa-external-link\"><\/i> <\/a><\/li>\n<li><a href=\"https:\/\/fg.ull.es\/A17020149\" target=\"_BLANK\" rel=\"noopener\" target=\"_blank\" rel=\"noopener\">Recientes reformas legislativas en Iberoam\u00e9rica <i class=\"fa fa-external-link\"><\/i> <\/a><\/li>\n<li><a href=\"https:\/\/fg.ull.es\/A17020150\" target=\"_BLANK\" rel=\"noopener\" target=\"_blank\" rel=\"noopener\">Jugando al f\u00fatbol: entre Am\u00e9rica y Europa <i class=\"fa fa-external-link\"><\/i> <\/a><\/li>\n<li><a href=\"https:\/\/fg.ull.es\/A17020151\" target=\"_BLANK\" rel=\"noopener\" target=\"_blank\" rel=\"noopener\">Los productos naturales entre La Laguna e Iberoam\u00e9rica: una aventura de ida y vuelta <i class=\"fa fa-external-link\"><\/i> <\/a><\/li>\n<li><a href=\"https:\/\/fg.ull.es\/A17020152\" target=\"_BLANK\" rel=\"noopener\" target=\"_blank\" rel=\"noopener\">Seminario Internacional \u00abRetos de la Educaci\u00f3n en el siglo XXI\u00bb <i class=\"fa fa-external-link\"><\/i> <\/a><\/li>\n<li><a href=\"https:\/\/fg.ull.es\/A17020153\" target=\"_BLANK\" rel=\"noopener\" target=\"_blank\" rel=\"noopener\">Optimizaci\u00f3n inteligente en procesos log\u00edsticos <i class=\"fa fa-external-link\"><\/i> <\/a><\/li>\n<li><a href=\"https:\/\/fg.ull.es\/A17020155\" target=\"_BLANK\" rel=\"noopener\" target=\"_blank\" rel=\"noopener\">Lenguajes y Sistemas Inform\u00e1ticos para la resoluci\u00f3n de problemas complejos <i class=\"fa fa-external-link\"><\/i> <\/a><\/li>\n<li><a href=\"https:\/\/fg.ull.es\/A17020156\" target=\"_BLANK\" rel=\"noopener\" target=\"_blank\" rel=\"noopener\">Seminario \u00abDesigualdad y pobreza\u00bb <i class=\"fa fa-external-link\"><\/i> <\/a><\/li>\n<li><a href=\"https:\/\/fg.ull.es\/A17020157\" target=\"_BLANK\" rel=\"noopener\" target=\"_blank\" rel=\"noopener\">Jornada \u00abMigraciones, g\u00e9nero y derechos humanos\u00bb <i class=\"fa fa-external-link\"><\/i> <\/a><\/li>\n<li><a href=\"https:\/\/fg.ull.es\/A17020158\" target=\"_BLANK\" rel=\"noopener\" target=\"_blank\" rel=\"noopener\">La internacionalizaci\u00f3n del curr\u00edculum. Movilidad y formaci\u00f3n en USA para estudiantes y profesores <i class=\"fa fa-external-link\"><\/i> <\/a><\/li>\n<li><a href=\"https:\/\/fg.ull.es\/A17020159\" target=\"_BLANK\" rel=\"noopener\" target=\"_blank\" rel=\"noopener\">El impacto de la Internacionalizaci\u00f3n en la carrera profesional. El caso de los espa\u00f1oles cient\u00edficos en USA <i class=\"fa fa-external-link\"><\/i> <\/a><\/li>\n<li><a href=\"https:\/\/fg.ull.es\/A17020160\" target=\"_BLANK\" rel=\"noopener\" target=\"_blank\" rel=\"noopener\">Welcome day para alumnos e investigadores Iberoamericanos <i class=\"fa fa-external-link\"><\/i> <\/a><\/li>\n<li><a href=\"https:\/\/fg.ull.es\/A17020161\" target=\"_BLANK\" rel=\"noopener\" target=\"_blank\" rel=\"noopener\">Seminario \u00abRecruitment de estudiantes iberoamericanos\u00bb <i class=\"fa fa-external-link\"><\/i> <\/a><\/li>\n<li><a href=\"https:\/\/fg.ull.es\/A17020162\" target=\"_BLANK\" rel=\"noopener\" target=\"_blank\" rel=\"noopener\">Mesa redonda \u00abRetos de la Cooperaci\u00f3n Universitaria al Desarrollo\u00bb <i class=\"fa fa-external-link\"><\/i> <\/a><\/li>\n<li><a href=\"https:\/\/fg.ull.es\/A17020163\" target=\"_BLANK\" rel=\"noopener\" target=\"_blank\" rel=\"noopener\">Mesa redonda \u00abEl Espacio Iberoamericano de Educaci\u00f3n Superior\u00bb <i class=\"fa fa-external-link\"><\/i> <\/a><\/li>\n<li><a href=\"https:\/\/fg.ull.es\/A17020165\" target=\"_BLANK\" rel=\"noopener\" target=\"_blank\" rel=\"noopener\">Mesa redonda \u00abOro y Plomo en las Indias. Los tornaviajes de la escritura virreinal\u00bb <i class=\"fa fa-external-link\"><\/i> <\/a><\/li>\n<li><a href=\"https:\/\/fg.ull.es\/A17020167\" target=\"_BLANK\" rel=\"noopener\" target=\"_blank\" rel=\"noopener\">Fronteras ultramarinas. Un estudio comparado <i class=\"fa fa-external-link\"><\/i> <\/a><\/li>\n<li><a href=\"https:\/\/fg.ull.es\/A17020169\" target=\"_BLANK\" rel=\"noopener\" target=\"_blank\" rel=\"noopener\">PANEL 1: Democracia y derechos humanos. La justicia transicional <i class=\"fa fa-external-link\"><\/i> <\/a><\/li>\n<li><a href=\"https:\/\/fg.ull.es\/A17020170\" target=\"_BLANK\" rel=\"noopener\" target=\"_blank\" rel=\"noopener\">PANEL 2: Gobernanza y democracia: gesti\u00f3n de conflictos <i class=\"fa fa-external-link\"><\/i> <\/a><\/li>\n<li><a href=\"https:\/\/fg.ull.es\/A17020171\" target=\"_BLANK\" rel=\"noopener\" target=\"_blank\" rel=\"noopener\">PANEL 3: Conflictos y seguridad humana: La pacificaci\u00f3n de conflictos <i class=\"fa fa-external-link\"><\/i> <\/a><\/li>\n<li><a href=\"https:\/\/fg.ull.es\/A17020172\" target=\"_BLANK\" rel=\"noopener\" target=\"_blank\" rel=\"noopener\">PANEL 4: Resiliencia y confrontaci\u00f3n <i class=\"fa fa-external-link\"><\/i> <\/a><\/li>\n<li><a href=\"https:\/\/fg.ull.es\/A17020173\" target=\"_BLANK\" rel=\"noopener\" target=\"_blank\" rel=\"noopener\">PANEL 5: Cultura de paz y reconciliaci\u00f3n <i class=\"fa fa-external-link\"><\/i> <\/a><\/li>\n<li><a href=\"https:\/\/fg.ull.es\/A17020174\" target=\"_BLANK\" rel=\"noopener\" target=\"_blank\" rel=\"noopener\">PANEL 6: Violencias cruzadas: g\u00e9nero y minor\u00edas <i class=\"fa fa-external-link\"><\/i> <\/a><\/li>\n<li><a href=\"https:\/\/fg.ull.es\/A17020175\" target=\"_BLANK\" rel=\"noopener\" target=\"_blank\" rel=\"noopener\">PANEL ABIERTO DE COMUNICACIONES: Panel A: Narrativas de Guerra y Conflicto: La Cultura como Territorio de Paz <i class=\"fa fa-external-link\"><\/i> <\/a><\/li>\n<li><a href=\"https:\/\/fg.ull.es\/A17020176\" target=\"_BLANK\" rel=\"noopener\" target=\"_blank\" rel=\"noopener\">PANEL ABIERTO DE COMUNICACIONES: Panel B: Pensar en Tiempos y espacios de Conflicto <i class=\"fa fa-external-link\"><\/i> <\/a><\/li>\n<\/ul>\n<p>[\/vc_column_text][\/vc_column][\/vc_row][vc_row][vc_column][vc_empty_space height=\u00bb75px\u00bb][\/vc_column][\/vc_row][vc_row][vc_column width=\u00bb1\/4&#8243;][vc_column_text]<a class=\"btn-destacado\" style=\"background-color: #171e32;font-size: 22px\" href=\"https:\/\/www.ull.es\/portal\/campusamerica\/programa\/actos-institucionales\/\" target=\"_blank\" rel=\"noopener noreferrer\" target=\"_blank\" rel=\"noopener\">Actos Institucionales<i class=\"fa fa-arrow-right\"><\/i><\/a>[\/vc_column_text][\/vc_column][vc_column width=\u00bb1\/4&#8243;][vc_column_text]<a class=\"btn-destacado\" style=\"background-color: #171e32;font-size: 22px\" href=\"https:\/\/www.ull.es\/portal\/campusamerica\/programa\/cultura\/\" target=\"_blank\" rel=\"noopener noreferrer\" target=\"_blank\" rel=\"noopener\">Cultura<i class=\"fa fa-arrow-right\"><\/i><\/a>[\/vc_column_text][\/vc_column][vc_column width=\u00bb1\/4&#8243;][vc_column_text]<a class=\"btn-destacado\" style=\"background-color: #171e32;font-size: 22px\" href=\"https:\/\/www.ull.es\/portal\/campusamerica\/programa\/formacion\/\" target=\"_blank\" rel=\"noopener noreferrer\" target=\"_blank\" rel=\"noopener\">Formaci\u00f3n<i class=\"fa fa-arrow-right\"><\/i><\/a>[\/vc_column_text][\/vc_column][vc_column width=\u00bb1\/4&#8243;][vc_column_text]<a class=\"btn-destacado\" style=\"background-color: #171e32;font-size: 22px\" href=\"https:\/\/www.ull.es\/portal\/campusamerica\/programa\/emprendimiento\/\" target=\"_blank\" rel=\"noopener noreferrer\" target=\"_blank\" rel=\"noopener\">Emprendimiento<i class=\"fa fa-arrow-right\"><\/i><\/a>[\/vc_column_text][vc_column_text]<a class=\"btn-destacado\" style=\"background-color: #171e32;font-size: 22px\" href=\"https:\/\/www.ull.es\/portal\/campusamerica\/programa\/\" target=\"_blank\" rel=\"noopener noreferrer\" target=\"_blank\" rel=\"noopener\">Ir al programa completo <i class=\"fa fa-arrow-right\"><\/i><\/a>[\/vc_column_text][\/vc_column][\/vc_row][vc_row][vc_column][vc_empty_space height=\u00bb232px\u00bb][\/vc_column][\/vc_row]<\/p>\n","protected":false},"excerpt":{"rendered":"<p>[vc_row full_width=\u00bbstretch_row_content_no_spaces\u00bb][vc_column][\/vc_column][\/vc_row][vc_row][vc_column][vc_empty_space height=\u00bb62px\u00bb][vc_custom_heading text=\u00bbInscripci\u00f3n\u00bb font_container=\u00bbtag:h1|font_size:50px|text_align:left|color:%23171e32|line_height:65px\u00bb google_fonts=\u00bbfont_family:Roboto%20Condensed%3A300%2C300italic%2Cregular%2Citalic%2C700%2C700italic|font_style:700%20bold%20regular%3A700%3Anormal\u00bb][vc_empty_space][\/vc_column][\/vc_row][vc_row][vc_column][vc_column_text] Puede realizar su inscripci\u00f3n en cada uno de los enlaces de la actividad a la que quiere asistir. Si a la actividad que quiere asistir no se encuentra en el siguiente listado, es debido a que es asistencia libre y sin reserva de aforo. Consulte el programa para conocer&#8230;<\/p>\n","protected":false},"author":78,"featured_media":0,"parent":0,"menu_order":0,"comment_status":"closed","ping_status":"closed","template":"templates\/template-frontpage.php","meta":{"inline_featured_image":false,"footnotes":""},"acf":[],"yoast_head":"<!-- This site is optimized with the Yoast SEO plugin v21.3 - https:\/\/yoast.com\/wordpress\/plugins\/seo\/ -->\n<title>Inscripci\u00f3n - Campus Am\u00e9rica<\/title>\n<meta name=\"robots\" content=\"index, follow, max-snippet:-1, max-image-preview:large, max-video-preview:-1\" \/>\n<link rel=\"canonical\" href=\"https:\/\/www.ull.es\/portal\/campusamerica\/inscripcion\/\" \/>\n<meta property=\"og:locale\" content=\"es_ES\" \/>\n<meta property=\"og:type\" content=\"article\" \/>\n<meta property=\"og:title\" content=\"Inscripci\u00f3n - Campus Am\u00e9rica\" \/>\n<meta property=\"og:description\" content=\"[vc_row full_width=\u00bbstretch_row_content_no_spaces\u00bb][vc_column][\/vc_column][\/vc_row][vc_row][vc_column][vc_empty_space height=\u00bb62px\u00bb][vc_custom_heading text=\u00bbInscripci\u00f3n\u00bb font_container=\u00bbtag:h1|font_size:50px|text_align:left|color:%23171e32|line_height:65px\u00bb google_fonts=\u00bbfont_family:Roboto%20Condensed%3A300%2C300italic%2Cregular%2Citalic%2C700%2C700italic|font_style:700%20bold%20regular%3A700%3Anormal\u00bb][vc_empty_space][\/vc_column][\/vc_row][vc_row][vc_column][vc_column_text] Puede realizar su inscripci\u00f3n en cada uno de los enlaces de la actividad a la que quiere asistir. Si a la actividad que quiere asistir no se encuentra en el siguiente listado, es debido a que es asistencia libre y sin reserva de aforo. Consulte el programa para conocer...\" \/>\n<meta property=\"og:url\" content=\"https:\/\/www.ull.es\/portal\/campusamerica\/inscripcion\/\" \/>\n<meta property=\"og:site_name\" content=\"Campus Am\u00e9rica\" \/>\n<meta property=\"article:modified_time\" content=\"2022-07-19T14:37:52+00:00\" \/>\n<meta name=\"twitter:card\" content=\"summary_large_image\" \/>\n<meta name=\"twitter:label1\" content=\"Tiempo de lectura\" \/>\n\t<meta name=\"twitter:data1\" content=\"3 minutos\" \/>\n<script type=\"application\/ld+json\" class=\"yoast-schema-graph\">{\"@context\":\"https:\/\/schema.org\",\"@graph\":[{\"@type\":\"WebPage\",\"@id\":\"https:\/\/www.ull.es\/portal\/campusamerica\/inscripcion\/\",\"url\":\"https:\/\/www.ull.es\/portal\/campusamerica\/inscripcion\/\",\"name\":\"Inscripci\u00f3n - Campus Am\u00e9rica\",\"isPartOf\":{\"@id\":\"https:\/\/www.ull.es\/portal\/campusamerica\/#website\"},\"datePublished\":\"2022-06-29T10:28:55+00:00\",\"dateModified\":\"2022-07-19T14:37:52+00:00\",\"breadcrumb\":{\"@id\":\"https:\/\/www.ull.es\/portal\/campusamerica\/inscripcion\/#breadcrumb\"},\"inLanguage\":\"es\",\"potentialAction\":[{\"@type\":\"ReadAction\",\"target\":[\"https:\/\/www.ull.es\/portal\/campusamerica\/inscripcion\/\"]}]},{\"@type\":\"BreadcrumbList\",\"@id\":\"https:\/\/www.ull.es\/portal\/campusamerica\/inscripcion\/#breadcrumb\",\"itemListElement\":[{\"@type\":\"ListItem\",\"position\":1,\"name\":\"Portada\",\"item\":\"https:\/\/www.ull.es\/portal\/campusamerica\/\"},{\"@type\":\"ListItem\",\"position\":2,\"name\":\"Inscripci\u00f3n\"}]},{\"@type\":\"WebSite\",\"@id\":\"https:\/\/www.ull.es\/portal\/campusamerica\/#website\",\"url\":\"https:\/\/www.ull.es\/portal\/campusamerica\/\",\"name\":\"Campus Am\u00e9rica\",\"description\":\"\",\"potentialAction\":[{\"@type\":\"SearchAction\",\"target\":{\"@type\":\"EntryPoint\",\"urlTemplate\":\"https:\/\/www.ull.es\/portal\/campusamerica\/?s={search_term_string}\"},\"query-input\":\"required name=search_term_string\"}],\"inLanguage\":\"es\"}]}<\/script>\n<!-- \/ Yoast SEO plugin. -->","yoast_head_json":{"title":"Inscripci\u00f3n - Campus Am\u00e9rica","robots":{"index":"index","follow":"follow","max-snippet":"max-snippet:-1","max-image-preview":"max-image-preview:large","max-video-preview":"max-video-preview:-1"},"canonical":"https:\/\/www.ull.es\/portal\/campusamerica\/inscripcion\/","og_locale":"es_ES","og_type":"article","og_title":"Inscripci\u00f3n - Campus Am\u00e9rica","og_description":"[vc_row full_width=\u00bbstretch_row_content_no_spaces\u00bb][vc_column][\/vc_column][\/vc_row][vc_row][vc_column][vc_empty_space height=\u00bb62px\u00bb][vc_custom_heading text=\u00bbInscripci\u00f3n\u00bb font_container=\u00bbtag:h1|font_size:50px|text_align:left|color:%23171e32|line_height:65px\u00bb google_fonts=\u00bbfont_family:Roboto%20Condensed%3A300%2C300italic%2Cregular%2Citalic%2C700%2C700italic|font_style:700%20bold%20regular%3A700%3Anormal\u00bb][vc_empty_space][\/vc_column][\/vc_row][vc_row][vc_column][vc_column_text] Puede realizar su inscripci\u00f3n en cada uno de los enlaces de la actividad a la que quiere asistir. Si a la actividad que quiere asistir no se encuentra en el siguiente listado, es debido a que es asistencia libre y sin reserva de aforo. Consulte el programa para conocer...","og_url":"https:\/\/www.ull.es\/portal\/campusamerica\/inscripcion\/","og_site_name":"Campus Am\u00e9rica","article_modified_time":"2022-07-19T14:37:52+00:00","twitter_card":"summary_large_image","twitter_misc":{"Tiempo de lectura":"3 minutos"},"schema":{"@context":"https:\/\/schema.org","@graph":[{"@type":"WebPage","@id":"https:\/\/www.ull.es\/portal\/campusamerica\/inscripcion\/","url":"https:\/\/www.ull.es\/portal\/campusamerica\/inscripcion\/","name":"Inscripci\u00f3n - Campus Am\u00e9rica","isPartOf":{"@id":"https:\/\/www.ull.es\/portal\/campusamerica\/#website"},"datePublished":"2022-06-29T10:28:55+00:00","dateModified":"2022-07-19T14:37:52+00:00","breadcrumb":{"@id":"https:\/\/www.ull.es\/portal\/campusamerica\/inscripcion\/#breadcrumb"},"inLanguage":"es","potentialAction":[{"@type":"ReadAction","target":["https:\/\/www.ull.es\/portal\/campusamerica\/inscripcion\/"]}]},{"@type":"BreadcrumbList","@id":"https:\/\/www.ull.es\/portal\/campusamerica\/inscripcion\/#breadcrumb","itemListElement":[{"@type":"ListItem","position":1,"name":"Portada","item":"https:\/\/www.ull.es\/portal\/campusamerica\/"},{"@type":"ListItem","position":2,"name":"Inscripci\u00f3n"}]},{"@type":"WebSite","@id":"https:\/\/www.ull.es\/portal\/campusamerica\/#website","url":"https:\/\/www.ull.es\/portal\/campusamerica\/","name":"Campus Am\u00e9rica","description":"","potentialAction":[{"@type":"SearchAction","target":{"@type":"EntryPoint","urlTemplate":"https:\/\/www.ull.es\/portal\/campusamerica\/?s={search_term_string}"},"query-input":"required name=search_term_string"}],"inLanguage":"es"}]}},"_links":{"self":[{"href":"https:\/\/www.ull.es\/portal\/campusamerica\/wp-json\/wp\/v2\/pages\/1126"}],"collection":[{"href":"https:\/\/www.ull.es\/portal\/campusamerica\/wp-json\/wp\/v2\/pages"}],"about":[{"href":"https:\/\/www.ull.es\/portal\/campusamerica\/wp-json\/wp\/v2\/types\/page"}],"author":[{"embeddable":true,"href":"https:\/\/www.ull.es\/portal\/campusamerica\/wp-json\/wp\/v2\/users\/78"}],"replies":[{"embeddable":true,"href":"https:\/\/www.ull.es\/portal\/campusamerica\/wp-json\/wp\/v2\/comments?post=1126"}],"version-history":[{"count":8,"href":"https:\/\/www.ull.es\/portal\/campusamerica\/wp-json\/wp\/v2\/pages\/1126\/revisions"}],"predecessor-version":[{"id":1215,"href":"https:\/\/www.ull.es\/portal\/campusamerica\/wp-json\/wp\/v2\/pages\/1126\/revisions\/1215"}],"wp:attachment":[{"href":"https:\/\/www.ull.es\/portal\/campusamerica\/wp-json\/wp\/v2\/media?parent=1126"}],"curies":[{"name":"wp","href":"https:\/\/api.w.org\/{rel}","templated":true}]}}