{"version":"1.0","provider_name":"","provider_url":"https:\/\/www.ull.es\/portal\/cienciaull","author_name":"gciencia","author_url":"https:\/\/www.ull.es\/portal\/cienciaull\/author\/gciencia\/","title":"\u00bfQue\u0301 es la reprogramacio\u0301n del metabolismo? -","type":"rich","width":600,"height":338,"html":"<blockquote class=\"wp-embedded-content\" data-secret=\"ceD1sc6kYw\"><a href=\"https:\/\/www.ull.es\/portal\/cienciaull\/que-es-la-reprogramacion-del-metabolismo\/\">\u00bfQue\u0301 es la reprogramacio\u0301n del metabolismo?<\/a><\/blockquote><iframe sandbox=\"allow-scripts\" security=\"restricted\" src=\"https:\/\/www.ull.es\/portal\/cienciaull\/que-es-la-reprogramacion-del-metabolismo\/embed\/#?secret=ceD1sc6kYw\" width=\"600\" height=\"338\" title=\"\u00ab\u00bfQue\u0301 es la reprogramacio\u0301n del metabolismo?\u00bb \u2014 \" data-secret=\"ceD1sc6kYw\" frameborder=\"0\" marginwidth=\"0\" marginheight=\"0\" scrolling=\"no\" class=\"wp-embedded-content\"><\/iframe><script type=\"text\/javascript\">\n\/*! This file is auto-generated *\/\n!function(c,d){\"use strict\";var e=!1,o=!1;if(d.querySelector)if(c.addEventListener)e=!0;if(c.wp=c.wp||{},c.wp.receiveEmbedMessage);else if(c.wp.receiveEmbedMessage=function(e){var t=e.data;if(!t);else if(!(t.secret||t.message||t.value));else if(\/[^a-zA-Z0-9]\/.test(t.secret));else{for(var r,s,a,i=d.querySelectorAll('iframe[data-secret=\"'+t.secret+'\"]'),n=d.querySelectorAll('blockquote[data-secret=\"'+t.secret+'\"]'),o=new RegExp(\"^https?:$\",\"i\"),l=0;l<n.length;l++)n[l].style.display=\"none\";for(l=0;l<i.length;l++)if(r=i[l],e.source!==r.contentWindow);else{if(r.removeAttribute(\"style\"),\"height\"===t.message){if(1e3<(s=parseInt(t.value,10)))s=1e3;else if(~~s<200)s=200;r.height=s}if(\"link\"===t.message)if(s=d.createElement(\"a\"),a=d.createElement(\"a\"),s.href=r.getAttribute(\"src\"),a.href=t.value,!o.test(a.protocol));else if(a.host===s.host)if(d.activeElement===r)c.top.location.href=t.value}}},e)c.addEventListener(\"message\",c.wp.receiveEmbedMessage,!1),d.addEventListener(\"DOMContentLoaded\",t,!1),c.addEventListener(\"load\",t,!1);function t(){if(o);else{o=!0;for(var e,t,r,s=-1!==navigator.appVersion.indexOf(\"MSIE 10\"),a=!!navigator.userAgent.match(\/Trident.*rv:11\\.\/),i=d.querySelectorAll(\"iframe.wp-embedded-content\"),n=0;n<i.length;n++){if(!(r=(t=i[n]).getAttribute(\"data-secret\")))r=Math.random().toString(36).substr(2,10),t.src+=\"#?secret=\"+r,t.setAttribute(\"data-secret\",r);if(s||a)(e=t.cloneNode(!0)).removeAttribute(\"security\"),t.parentNode.replaceChild(e,t);t.contentWindow.postMessage({message:\"ready\",secret:r},\"*\")}}}}(window,document);\n<\/script>\n","thumbnail_url":"https:\/\/www.ull.es\/portal\/cienciaull\/wp-content\/uploads\/sites\/24\/2019\/12\/img18-2.jpg","thumbnail_width":768,"thumbnail_height":400,"description":"FECHA:&nbsp;20\/12\/2019 AUTOR MIGUEL \u00c1NGEL MEDINA TORRES ILUSTRACI\u00d3N VER\u00d3NICA MORALES Departamento de Biolog\u00eda Molecular y Bioqu\u00edmicaUniversidad de M\u00e1laga El metabolismo, venerable tronco central de la bioqu\u00edmica cl\u00e1sica, hab\u00eda vivido, antes del momento en que comenc\u00e9 mi formaci\u00f3n cient\u00edfica en los a\u00f1os ochenta, momentos mejores. De hecho, los a\u00f1os veinte del pasado siglo marcaron una primera \u201cedad..."}