{"id":12356,"date":"2021-07-16T13:12:17","date_gmt":"2021-07-16T13:12:17","guid":{"rendered":"https:\/\/www.ull.es\/portal\/cienciaull\/?page_id=12356"},"modified":"2021-11-24T12:02:38","modified_gmt":"2021-11-24T12:02:38","slug":"objetivos","status":"publish","type":"page","link":"https:\/\/www.ull.es\/portal\/cienciaull\/simul\/objetivos\/","title":{"rendered":"Objetivos"},"content":{"rendered":"<p>[vc_row][vc_column][vc_custom_heading text=\u00bbObjetivos\u00bb font_container=\u00bbtag:h2|text_align:left|color:%230eb2e0&#8243; google_fonts=\u00bbfont_family:Roboto%20Slab%3A100%2C300%2Cregular%2C700|font_style:700%20bold%20regular%3A700%3Anormal\u00bb css=\u00bb.vc_custom_1626441494118{margin-bottom: 7px !important;border-bottom-width: 7px !important;padding-bottom: 7px !important;}\u00bb][vc_column_text]<\/p>\n<p style=\"text-align: justify\"><span style=\"font-weight: 400\">El objetivo principal del proyecto es <\/span><span style=\"color: #0eb2e0\"><b><i>\u201cpromover las relaciones intergeneracionales entre ni\u00f1os y mayores con el fin de intercambiar conocimientos, experiencias y valores que estimule el desarrollo de proyectos sociales comunes dentro de un marco de ciudadan\u00eda responsable.\u201d<\/i><\/b><\/span><\/p>\n<p style=\"text-align: justify\"><span style=\"font-weight: 400\">Los objetivos espec\u00edficos que acompa\u00f1an al proyecto son:<\/span><\/p>\n<ul>\n<li style=\"font-weight: 400;text-align: justify\"><span style=\"font-weight: 400\">Incrementar la curiosidad y el descubrimiento mutuos en ni\u00f1os y mayores.<\/span><\/li>\n<li style=\"font-weight: 400;text-align: justify\"><span style=\"font-weight: 400\">Aumentar la motivaci\u00f3n de los mayores ofreci\u00e9ndoles nuevos conocimientos y nuevas herramientas tecnol\u00f3gicas, con el fin de que se sigan sinti\u00e9ndose \u00fatiles socialmente.<\/span><\/li>\n<li style=\"font-weight: 400;text-align: justify\"><span style=\"font-weight: 400\">Intercambio de la funci\u00f3n ense\u00f1ante-aprendiz.<\/span><\/li>\n<li style=\"font-weight: 400;text-align: justify\"><span style=\"font-weight: 400\">Participaci\u00f3n en proyectos comunes como base de corresponsabilidad social.<\/span><\/li>\n<li style=\"font-weight: 400;text-align: justify\"><span style=\"font-weight: 400\">Promover lazos afectivos entre las generaciones e intercambio cultural.<\/span><\/li>\n<li style=\"font-weight: 400;text-align: justify\"><span style=\"font-weight: 400\">Fomentar las actitudes de apoyo mutuo que beneficien a los individuos y su comunidad.<\/span><\/li>\n<li style=\"font-weight: 400;text-align: justify\"><span style=\"font-weight: 400\">Favorecer la interacci\u00f3n y cooperaci\u00f3n para conseguir metas comunes.<\/span><\/li>\n<li style=\"font-weight: 400;text-align: justify\"><span style=\"font-weight: 400\">Favorecer en los ni\u00f1os comportamientos altruistas.<\/span><\/li>\n<li style=\"font-weight: 400;text-align: justify\"><span style=\"font-weight: 400\">Fomentar actividades y conductas de ayuda, apoyo y cooperaci\u00f3n como pilares de una sociedad intergeneracional solidaria<\/span><\/li>\n<li style=\"font-weight: 400;text-align: justify\"><span style=\"font-weight: 400\">B\u00fasqueda de mayor tolerancia y respeto basadas en el conocimiento mutuo y la corresponsabilidad.<\/span><\/li>\n<li style=\"font-weight: 400;text-align: justify\"><span style=\"font-weight: 400\">Fomentar estos encuentros como fuente de transmisi\u00f3n de valores.<\/span><\/li>\n<li style=\"font-weight: 400;text-align: justify\"><span style=\"font-weight: 400\">Incrementar la autoestima de los mayores.<\/span><\/li>\n<li style=\"font-weight: 400;text-align: justify\"><span style=\"font-weight: 400\">Descubrimiento por parte de los ni\u00f1os de otra manera de aprender.<\/span> <span style=\"font-weight: 400\">Coordinaci\u00f3n de Instituciones, Entidades y Agentes Sociales que compartan estos campos de actuaciones.<\/span><\/li>\n<li style=\"font-weight: 400;text-align: justify\"><span style=\"font-weight: 400\">Creaci\u00f3n de proyectos que incrementen posibilidades de ocupaci\u00f3n (mercadillos, eventos festivos\u2026)<\/span><\/li>\n<li style=\"font-weight: 400;text-align: justify\"><span style=\"font-weight: 400\">Creaci\u00f3n de plataformas comunes de comunicaci\u00f3n y cuidados.<\/span><\/li>\n<li style=\"font-weight: 400;text-align: justify\"><span style=\"font-weight: 400\">Implicaci\u00f3n de toda la familia en los proyectos.<\/span><\/li>\n<\/ul>\n<p>[\/vc_column_text][\/vc_column][\/vc_row]<\/p>\n","protected":false},"excerpt":{"rendered":"<p>[vc_row][vc_column][vc_custom_heading text=\u00bbObjetivos\u00bb font_container=\u00bbtag:h2|text_align:left|color:%230eb2e0&#8243; google_fonts=\u00bbfont_family:Roboto%20Slab%3A100%2C300%2Cregular%2C700|font_style:700%20bold%20regular%3A700%3Anormal\u00bb css=\u00bb.vc_custom_1626441494118{margin-bottom: 7px !important;border-bottom-width: 7px !important;padding-bottom: 7px !important;}\u00bb][vc_column_text] El objetivo principal del proyecto es \u201cpromover las relaciones intergeneracionales entre ni\u00f1os y mayores con el fin de intercambiar conocimientos, experiencias y valores que estimule el desarrollo de proyectos sociales comunes dentro de un marco de ciudadan\u00eda responsable.\u201d Los objetivos espec\u00edficos que acompa\u00f1an al&#8230;<\/p>\n","protected":false},"author":56,"featured_media":0,"parent":4950,"menu_order":0,"comment_status":"closed","ping_status":"closed","template":"","meta":{"inline_featured_image":false,"footnotes":""},"acf":[],"yoast_head":"<!-- This site is optimized with the Yoast SEO plugin v21.3 - https:\/\/yoast.com\/wordpress\/plugins\/seo\/ -->\n<title>Objetivos -<\/title>\n<meta name=\"robots\" content=\"index, follow, max-snippet:-1, max-image-preview:large, max-video-preview:-1\" \/>\n<link rel=\"canonical\" href=\"https:\/\/www.ull.es\/portal\/cienciaull\/simul\/objetivos\/\" \/>\n<meta property=\"og:locale\" content=\"es_ES\" \/>\n<meta property=\"og:type\" content=\"article\" \/>\n<meta property=\"og:title\" content=\"Objetivos -\" \/>\n<meta property=\"og:description\" content=\"[vc_row][vc_column][vc_custom_heading text=\u00bbObjetivos\u00bb font_container=\u00bbtag:h2|text_align:left|color:%230eb2e0&#8243; google_fonts=\u00bbfont_family:Roboto%20Slab%3A100%2C300%2Cregular%2C700|font_style:700%20bold%20regular%3A700%3Anormal\u00bb css=\u00bb.vc_custom_1626441494118{margin-bottom: 7px !important;border-bottom-width: 7px !important;padding-bottom: 7px !important;}\u00bb][vc_column_text] El objetivo principal del proyecto es \u201cpromover las relaciones intergeneracionales entre ni\u00f1os y mayores con el fin de intercambiar conocimientos, experiencias y valores que estimule el desarrollo de proyectos sociales comunes dentro de un marco de ciudadan\u00eda responsable.\u201d Los objetivos espec\u00edficos que acompa\u00f1an al...\" \/>\n<meta property=\"og:url\" content=\"https:\/\/www.ull.es\/portal\/cienciaull\/simul\/objetivos\/\" \/>\n<meta property=\"article:publisher\" content=\"https:\/\/www.facebook.com\/CienciaULL\/\" \/>\n<meta property=\"article:modified_time\" content=\"2021-11-24T12:02:38+00:00\" \/>\n<meta name=\"twitter:card\" content=\"summary_large_image\" \/>\n<meta name=\"twitter:site\" content=\"@CienciaULL\" \/>\n<meta name=\"twitter:label1\" content=\"Tiempo de lectura\" \/>\n\t<meta name=\"twitter:data1\" content=\"2 minutos\" \/>\n<script type=\"application\/ld+json\" class=\"yoast-schema-graph\">{\"@context\":\"https:\/\/schema.org\",\"@graph\":[{\"@type\":\"WebPage\",\"@id\":\"https:\/\/www.ull.es\/portal\/cienciaull\/simul\/objetivos\/\",\"url\":\"https:\/\/www.ull.es\/portal\/cienciaull\/simul\/objetivos\/\",\"name\":\"Objetivos -\",\"isPartOf\":{\"@id\":\"https:\/\/www.ull.es\/portal\/cienciaull\/#website\"},\"datePublished\":\"2021-07-16T13:12:17+00:00\",\"dateModified\":\"2021-11-24T12:02:38+00:00\",\"breadcrumb\":{\"@id\":\"https:\/\/www.ull.es\/portal\/cienciaull\/simul\/objetivos\/#breadcrumb\"},\"inLanguage\":\"es\",\"potentialAction\":[{\"@type\":\"ReadAction\",\"target\":[\"https:\/\/www.ull.es\/portal\/cienciaull\/simul\/objetivos\/\"]}]},{\"@type\":\"BreadcrumbList\",\"@id\":\"https:\/\/www.ull.es\/portal\/cienciaull\/simul\/objetivos\/#breadcrumb\",\"itemListElement\":[{\"@type\":\"ListItem\",\"position\":1,\"name\":\"Portada\",\"item\":\"https:\/\/www.ull.es\/portal\/cienciaull\/\"},{\"@type\":\"ListItem\",\"position\":2,\"name\":\"Simul\",\"item\":\"https:\/\/www.ull.es\/portal\/cienciaull\/simul\/\"},{\"@type\":\"ListItem\",\"position\":3,\"name\":\"Objetivos\"}]},{\"@type\":\"WebSite\",\"@id\":\"https:\/\/www.ull.es\/portal\/cienciaull\/#website\",\"url\":\"https:\/\/www.ull.es\/portal\/cienciaull\/\",\"name\":\"\",\"description\":\"Unidad de Cultura Cient\u00edfica y de la Innovaci\u00f3n de la Universidad de La Laguna\",\"potentialAction\":[{\"@type\":\"SearchAction\",\"target\":{\"@type\":\"EntryPoint\",\"urlTemplate\":\"https:\/\/www.ull.es\/portal\/cienciaull\/?s={search_term_string}\"},\"query-input\":\"required name=search_term_string\"}],\"inLanguage\":\"es\"}]}<\/script>\n<!-- \/ Yoast SEO plugin. -->","yoast_head_json":{"title":"Objetivos -","robots":{"index":"index","follow":"follow","max-snippet":"max-snippet:-1","max-image-preview":"max-image-preview:large","max-video-preview":"max-video-preview:-1"},"canonical":"https:\/\/www.ull.es\/portal\/cienciaull\/simul\/objetivos\/","og_locale":"es_ES","og_type":"article","og_title":"Objetivos -","og_description":"[vc_row][vc_column][vc_custom_heading text=\u00bbObjetivos\u00bb font_container=\u00bbtag:h2|text_align:left|color:%230eb2e0&#8243; google_fonts=\u00bbfont_family:Roboto%20Slab%3A100%2C300%2Cregular%2C700|font_style:700%20bold%20regular%3A700%3Anormal\u00bb css=\u00bb.vc_custom_1626441494118{margin-bottom: 7px !important;border-bottom-width: 7px !important;padding-bottom: 7px !important;}\u00bb][vc_column_text] El objetivo principal del proyecto es \u201cpromover las relaciones intergeneracionales entre ni\u00f1os y mayores con el fin de intercambiar conocimientos, experiencias y valores que estimule el desarrollo de proyectos sociales comunes dentro de un marco de ciudadan\u00eda responsable.\u201d Los objetivos espec\u00edficos que acompa\u00f1an al...","og_url":"https:\/\/www.ull.es\/portal\/cienciaull\/simul\/objetivos\/","article_publisher":"https:\/\/www.facebook.com\/CienciaULL\/","article_modified_time":"2021-11-24T12:02:38+00:00","twitter_card":"summary_large_image","twitter_site":"@CienciaULL","twitter_misc":{"Tiempo de lectura":"2 minutos"},"schema":{"@context":"https:\/\/schema.org","@graph":[{"@type":"WebPage","@id":"https:\/\/www.ull.es\/portal\/cienciaull\/simul\/objetivos\/","url":"https:\/\/www.ull.es\/portal\/cienciaull\/simul\/objetivos\/","name":"Objetivos -","isPartOf":{"@id":"https:\/\/www.ull.es\/portal\/cienciaull\/#website"},"datePublished":"2021-07-16T13:12:17+00:00","dateModified":"2021-11-24T12:02:38+00:00","breadcrumb":{"@id":"https:\/\/www.ull.es\/portal\/cienciaull\/simul\/objetivos\/#breadcrumb"},"inLanguage":"es","potentialAction":[{"@type":"ReadAction","target":["https:\/\/www.ull.es\/portal\/cienciaull\/simul\/objetivos\/"]}]},{"@type":"BreadcrumbList","@id":"https:\/\/www.ull.es\/portal\/cienciaull\/simul\/objetivos\/#breadcrumb","itemListElement":[{"@type":"ListItem","position":1,"name":"Portada","item":"https:\/\/www.ull.es\/portal\/cienciaull\/"},{"@type":"ListItem","position":2,"name":"Simul","item":"https:\/\/www.ull.es\/portal\/cienciaull\/simul\/"},{"@type":"ListItem","position":3,"name":"Objetivos"}]},{"@type":"WebSite","@id":"https:\/\/www.ull.es\/portal\/cienciaull\/#website","url":"https:\/\/www.ull.es\/portal\/cienciaull\/","name":"","description":"Unidad de Cultura Cient\u00edfica y de la Innovaci\u00f3n de la Universidad de La Laguna","potentialAction":[{"@type":"SearchAction","target":{"@type":"EntryPoint","urlTemplate":"https:\/\/www.ull.es\/portal\/cienciaull\/?s={search_term_string}"},"query-input":"required name=search_term_string"}],"inLanguage":"es"}]}},"_links":{"self":[{"href":"https:\/\/www.ull.es\/portal\/cienciaull\/wp-json\/wp\/v2\/pages\/12356"}],"collection":[{"href":"https:\/\/www.ull.es\/portal\/cienciaull\/wp-json\/wp\/v2\/pages"}],"about":[{"href":"https:\/\/www.ull.es\/portal\/cienciaull\/wp-json\/wp\/v2\/types\/page"}],"author":[{"embeddable":true,"href":"https:\/\/www.ull.es\/portal\/cienciaull\/wp-json\/wp\/v2\/users\/56"}],"replies":[{"embeddable":true,"href":"https:\/\/www.ull.es\/portal\/cienciaull\/wp-json\/wp\/v2\/comments?post=12356"}],"version-history":[{"count":5,"href":"https:\/\/www.ull.es\/portal\/cienciaull\/wp-json\/wp\/v2\/pages\/12356\/revisions"}],"predecessor-version":[{"id":14386,"href":"https:\/\/www.ull.es\/portal\/cienciaull\/wp-json\/wp\/v2\/pages\/12356\/revisions\/14386"}],"up":[{"embeddable":true,"href":"https:\/\/www.ull.es\/portal\/cienciaull\/wp-json\/wp\/v2\/pages\/4950"}],"wp:attachment":[{"href":"https:\/\/www.ull.es\/portal\/cienciaull\/wp-json\/wp\/v2\/media?parent=12356"}],"curies":[{"name":"wp","href":"https:\/\/api.w.org\/{rel}","templated":true}]}}