{"id":28790,"date":"2024-05-02T13:20:27","date_gmt":"2024-05-02T13:20:27","guid":{"rendered":"https:\/\/www.ull.es\/portal\/cienciaull\/?page_id=28790"},"modified":"2024-05-06T08:12:23","modified_gmt":"2024-05-06T08:12:23","slug":"marzo","status":"publish","type":"page","link":"https:\/\/www.ull.es\/portal\/cienciaull\/marzo\/","title":{"rendered":"#Marzo"},"content":{"rendered":"\t\t<div data-elementor-type=\"wp-page\" data-elementor-id=\"28790\" class=\"elementor elementor-28790\">\n\t\t\t\t\t\t\t<div class=\"elementor-element elementor-element-eb9e299 e-con-boxed e-con\" data-id=\"eb9e299\" data-element_type=\"container\" data-settings=\"{&quot;content_width&quot;:&quot;boxed&quot;}\">\n\t\t\t\t\t<div class=\"e-con-inner\">\n\t\t\t\t<div class=\"elementor-element elementor-element-b013dc4 elementor-widget elementor-widget-image\" data-id=\"b013dc4\" data-element_type=\"widget\" data-widget_type=\"image.default\">\n\t\t\t\t<div class=\"elementor-widget-container\">\n\t\t\t<style>\/*! elementor - v3.9.2 - 21-12-2022 *\/\n.elementor-widget-image{text-align:center}.elementor-widget-image a{display:inline-block}.elementor-widget-image a img[src$=\".svg\"]{width:48px}.elementor-widget-image img{vertical-align:middle;display:inline-block}<\/style>\t\t\t\t\t\t\t\t\t\t\t\t<img decoding=\"async\" loading=\"lazy\" width=\"1140\" height=\"428\" src=\"https:\/\/www.ull.es\/portal\/cienciaull\/wp-content\/uploads\/sites\/24\/2024\/04\/banner_2024-1-1140x428.jpg\" class=\"attachment-page size-page wp-image-27362\" alt=\"\" srcset=\"https:\/\/www.ull.es\/portal\/cienciaull\/wp-content\/uploads\/sites\/24\/2024\/04\/banner_2024-1-1140x428.jpg 1140w, https:\/\/www.ull.es\/portal\/cienciaull\/wp-content\/uploads\/sites\/24\/2024\/04\/banner_2024-1-300x113.jpg 300w, https:\/\/www.ull.es\/portal\/cienciaull\/wp-content\/uploads\/sites\/24\/2024\/04\/banner_2024-1-1024x384.jpg 1024w, https:\/\/www.ull.es\/portal\/cienciaull\/wp-content\/uploads\/sites\/24\/2024\/04\/banner_2024-1-768x288.jpg 768w, https:\/\/www.ull.es\/portal\/cienciaull\/wp-content\/uploads\/sites\/24\/2024\/04\/banner_2024-1-1536x576.jpg 1536w, https:\/\/www.ull.es\/portal\/cienciaull\/wp-content\/uploads\/sites\/24\/2024\/04\/banner_2024-1-2048x768.jpg 2048w, https:\/\/www.ull.es\/portal\/cienciaull\/wp-content\/uploads\/sites\/24\/2024\/04\/banner_2024-1-375x141.jpg 375w, https:\/\/www.ull.es\/portal\/cienciaull\/wp-content\/uploads\/sites\/24\/2024\/04\/banner_2024-1-750x281.jpg 750w\" sizes=\"(max-width: 1140px) 100vw, 1140px\" \/>\t\t\t\t\t\t\t\t\t\t\t\t\t\t\t<\/div>\n\t\t\t\t<\/div>\n\t\t\t\t<div class=\"elementor-element elementor-element-d0b28d6 elementor-grid-3 elementor-grid-tablet-2 elementor-grid-mobile-1 elementor-posts--thumbnail-top elementor-posts--show-avatar elementor-card-shadow-yes elementor-posts__hover-gradient elementor-widget elementor-widget-posts\" data-id=\"d0b28d6\" data-element_type=\"widget\" data-settings=\"{&quot;cards_columns&quot;:&quot;3&quot;,&quot;cards_columns_tablet&quot;:&quot;2&quot;,&quot;cards_columns_mobile&quot;:&quot;1&quot;,&quot;cards_row_gap&quot;:{&quot;unit&quot;:&quot;px&quot;,&quot;size&quot;:35,&quot;sizes&quot;:[]},&quot;cards_row_gap_tablet&quot;:{&quot;unit&quot;:&quot;px&quot;,&quot;size&quot;:&quot;&quot;,&quot;sizes&quot;:[]},&quot;cards_row_gap_mobile&quot;:{&quot;unit&quot;:&quot;px&quot;,&quot;size&quot;:&quot;&quot;,&quot;sizes&quot;:[]}}\" data-widget_type=\"posts.cards\">\n\t\t\t\t<div class=\"elementor-widget-container\">\n\t\t\t<link rel=\"stylesheet\" href=\"https:\/\/www.ull.es\/portal\/cienciaull\/wp-content\/plugins\/elementor-pro\/assets\/css\/widget-posts.min.css\">\t\t<div class=\"elementor-posts-container elementor-posts elementor-posts--skin-cards elementor-grid\">\n\t\t\t\t<article class=\"elementor-post elementor-grid-item post-37315 post type-post status-publish format-standard has-post-thumbnail hentry category-arte-y-humanidades-areas-notas-hipotesis category-arte-y-humanidades-areas category-reportajes tag-479 tag-antonio-martin-pinero tag-arte-y-humanidades tag-dia-mundial-de-la-poesia tag-jesus-sebastian-diaz-armas tag-katya-vazquez-schroder tag-marzo tag-poesia tag-reportajes\" target=\"_blank\" rel=\"noopener\">\n\t\t\t<div class=\"elementor-post__card\">\n\t\t\t\t<a class=\"elementor-post__thumbnail__link\" href=\"https:\/\/www.ull.es\/portal\/cienciaull\/la-poesia-una-forma-de-mirar-el-mundo\/\"  target=\"_blank\" rel=\"noopener\"><div class=\"elementor-post__thumbnail\"><img loading=\"lazy\" width=\"1023\" height=\"600\" src=\"https:\/\/www.ull.es\/portal\/cienciaull\/wp-content\/uploads\/sites\/24\/2026\/04\/La-poesia-una-forma-de-mirar-el-mundo.jpg\" class=\"attachment-full size-full wp-image-37350\" alt=\"\" decoding=\"async\" srcset=\"https:\/\/www.ull.es\/portal\/cienciaull\/wp-content\/uploads\/sites\/24\/2026\/04\/La-poesia-una-forma-de-mirar-el-mundo.jpg 1023w, https:\/\/www.ull.es\/portal\/cienciaull\/wp-content\/uploads\/sites\/24\/2026\/04\/La-poesia-una-forma-de-mirar-el-mundo-768x450.jpg 768w, https:\/\/www.ull.es\/portal\/cienciaull\/wp-content\/uploads\/sites\/24\/2026\/04\/La-poesia-una-forma-de-mirar-el-mundo-375x220.jpg 375w, https:\/\/www.ull.es\/portal\/cienciaull\/wp-content\/uploads\/sites\/24\/2026\/04\/La-poesia-una-forma-de-mirar-el-mundo-750x440.jpg 750w\" sizes=\"(max-width: 1023px) 100vw, 1023px\" \/><\/div><\/a>\n\t\t\t\t<div class=\"elementor-post__avatar\">\n\t\t\t<img alt='gciencia' src='https:\/\/secure.gravatar.com\/avatar\/72ccd1b1a4ea47e7b66bc7cc6944b4e5?s=128&#038;d=mm&#038;r=g' srcset='https:\/\/secure.gravatar.com\/avatar\/72ccd1b1a4ea47e7b66bc7cc6944b4e5?s=256&#038;d=mm&#038;r=g 2x' class='avatar avatar-128 photo' height='128' width='128' loading='lazy' decoding='async'\/>\t\t<\/div>\n\t\t\t\t<div class=\"elementor-post__text\">\n\t\t\t\t<h3 class=\"elementor-post__title\">\n\t\t\t<a href=\"https:\/\/www.ull.es\/portal\/cienciaull\/la-poesia-una-forma-de-mirar-el-mundo\/\"  target=\"_blank\" rel=\"noopener\">\n\t\t\t\tLa poes\u00eda, una forma de mirar el mundo\t\t\t<\/a>\n\t\t<\/h3>\n\t\t\t\t<div class=\"elementor-post__excerpt\">\n\t\t\t<p>Si intent\u00e1remos echar la vista atr\u00e1s y averiguar cu\u00e1ndo nace la poes\u00eda, muchas fuentes coincidir\u00e1n en que el primer testimonio que tenemos de este g\u00e9nero literario escrito se remonta hace m\u00e1s de 4.000 a\u00f1os, con las primeras manifestaciones de inscripciones sumerias y egipcias en tablillas cuneiformes. Concretamente, las tablillas conocidas como el \u201cPoema de Gilgamesh\u201d&#8230;<\/p>\n<p><strong><a href=\"https:\/\/www.ull.es\/portal\/cienciaull\/reportajes\/arte-y-humanidades\/\" target=\"_blank\" rel=\"noopener\">#Arte y Humanidades<\/a> <a href=\"https:\/\/www.ull.es\/portal\/cienciaull\/dia-mundial-de-la-poesia\/\" target=\"_blank\" rel=\"noopener\">#D\u00eda Mundial de la Poes\u00eda<\/a> <a href=\"https:\/\/www.ull.es\/portal\/cienciaull\/poesia\/\" target=\"_blank\" rel=\"noopener\">#Poes\u00eda<\/a> <a href=\"https:\/\/www.ull.es\/portal\/cienciaull\/katya-vazquez-schroder\/\" target=\"_blank\" rel=\"noopener\">#Katya V\u00e1zquez Schr\u00f6der<\/a> <a href=\"https:\/\/www.ull.es\/portal\/cienciaull\/jesus-sebastian-diaz-armas\/\" target=\"_blank\" rel=\"noopener\">#Jes\u00fas Sebasti\u00e1n D\u00edaz Armas<\/a> <a href=\"https:\/\/www.ull.es\/portal\/cienciaull\/antonio-martin-pinero\/\" target=\"_blank\" rel=\"noopener\">#Antonio Mart\u00edn Pi\u00f1ero<\/a> <a href=\"https:\/\/www.ull.es\/portal\/cienciaull\/marzo\/\" target=\"_blank\" rel=\"noopener\">#Marzo<\/a> <a href=\"https:\/\/www.ull.es\/portal\/cienciaull\/2026-2\/\" target=\"_blank\" rel=\"noopener\">#2026<\/a><\/strong><\/p>\n\t\t<\/div>\n\t\t\t\t<\/div>\n\t\t\t\t<div class=\"elementor-post__meta-data\">\n\t\t\t\t\t<span class=\"elementor-post-date\">\n\t\t\t23 marzo, 2026\t\t<\/span>\n\t\t\t\t<span class=\"elementor-post-avatar\">\n\t\t\tNo hay comentarios\t\t<\/span>\n\t\t\t\t<\/div>\n\t\t\t\t\t<\/div>\n\t\t<\/article>\n\t\t\t\t<article class=\"elementor-post elementor-grid-item post-37271 post type-post status-publish format-standard has-post-thumbnail hentry category-biomedicina-y-salud-areas category-biomedicina-y-salud-areas-notas-hipotesis category-reportajes tag-479 tag-aythamy-gonzalez-darias tag-biomedicina-y-salud tag-dia-mundial-de-la-endometriosis tag-endometriosis tag-marzo tag-reportajes tag-rubi-nieves-rodriguez-diaz\" target=\"_blank\" rel=\"noopener\">\n\t\t\t<div class=\"elementor-post__card\">\n\t\t\t\t<a class=\"elementor-post__thumbnail__link\" href=\"https:\/\/www.ull.es\/portal\/cienciaull\/endometriosis-la-enfermedad-silenciada\/\"  target=\"_blank\" rel=\"noopener\"><div class=\"elementor-post__thumbnail\"><img loading=\"lazy\" width=\"1095\" height=\"838\" src=\"https:\/\/www.ull.es\/portal\/cienciaull\/wp-content\/uploads\/sites\/24\/2026\/03\/Endometriosis-la-enfermedad-silenciada.png\" class=\"attachment-full size-full wp-image-37301\" alt=\"\" decoding=\"async\" srcset=\"https:\/\/www.ull.es\/portal\/cienciaull\/wp-content\/uploads\/sites\/24\/2026\/03\/Endometriosis-la-enfermedad-silenciada.png 1095w, https:\/\/www.ull.es\/portal\/cienciaull\/wp-content\/uploads\/sites\/24\/2026\/03\/Endometriosis-la-enfermedad-silenciada-768x588.png 768w, https:\/\/www.ull.es\/portal\/cienciaull\/wp-content\/uploads\/sites\/24\/2026\/03\/Endometriosis-la-enfermedad-silenciada-375x287.png 375w, https:\/\/www.ull.es\/portal\/cienciaull\/wp-content\/uploads\/sites\/24\/2026\/03\/Endometriosis-la-enfermedad-silenciada-750x574.png 750w\" sizes=\"(max-width: 1095px) 100vw, 1095px\" \/><\/div><\/a>\n\t\t\t\t<div class=\"elementor-post__avatar\">\n\t\t\t<img alt='gciencia' src='https:\/\/secure.gravatar.com\/avatar\/72ccd1b1a4ea47e7b66bc7cc6944b4e5?s=128&#038;d=mm&#038;r=g' srcset='https:\/\/secure.gravatar.com\/avatar\/72ccd1b1a4ea47e7b66bc7cc6944b4e5?s=256&#038;d=mm&#038;r=g 2x' class='avatar avatar-128 photo' height='128' width='128' loading='lazy' decoding='async'\/>\t\t<\/div>\n\t\t\t\t<div class=\"elementor-post__text\">\n\t\t\t\t<h3 class=\"elementor-post__title\">\n\t\t\t<a href=\"https:\/\/www.ull.es\/portal\/cienciaull\/endometriosis-la-enfermedad-silenciada\/\"  target=\"_blank\" rel=\"noopener\">\n\t\t\t\tEndometriosis, la enfermedad silenciada\t\t\t<\/a>\n\t\t<\/h3>\n\t\t\t\t<div class=\"elementor-post__excerpt\">\n\t\t\t<p>Casi 190 millones de mujeres y ni\u00f1as en edad reproductiva en el mundo viven con un dolor considerado \u201cnormal\u201d, seg\u00fan la Organizaci\u00f3n Mundial de la Salud (OMS). Este dolor puede ir desde menstruaciones molestas hasta limitaciones en la vida diaria, el trabajo, los estudios o la vida social. Se estima que una de cada diez mujeres en edad reproductiva padece endometriosis&#8230;<\/p>\n<p><strong><a href=\"https:\/\/www.ull.es\/portal\/cienciaull\/biomedicina-y-salud\/\" target=\"_blank\" rel=\"noopener\">#Biomedicina y Salud<\/a> <a href=\"https:\/\/www.ull.es\/portal\/cienciaull\/dia-mundial-de-la-endometriosis\/\" target=\"_blank\" rel=\"noopener\">#D\u00eda Mundial de la Endometriosis<\/a> <a href=\"https:\/\/www.ull.es\/portal\/cienciaull\/endometriosis\/\" target=\"_blank\" rel=\"noopener\">#Endometriosis<\/a> <a href=\"https:\/\/www.ull.es\/portal\/cienciaull\/aythamy-gonzalez-darias\/\" target=\"_blank\" rel=\"noopener\">#Aythamy Gonz\u00e1lez Darias<\/a> <a href=\"https:\/\/www.ull.es\/portal\/cienciaull\/rubi-nieves-rodriguez-diaz\/\" target=\"_blank\" rel=\"noopener\">#Rubi Nieves Rodr\u00edguez D\u00edaz<\/a> <a href=\"https:\/\/www.ull.es\/portal\/cienciaull\/marzo\/\" target=\"_blank\" rel=\"noopener\">#Marzo<\/a> <a href=\"https:\/\/www.ull.es\/portal\/cienciaull\/2026-2\/\" target=\"_blank\" rel=\"noopener\">#2026<\/a><\/strong><\/p>\n\t\t<\/div>\n\t\t\t\t<\/div>\n\t\t\t\t<div class=\"elementor-post__meta-data\">\n\t\t\t\t\t<span class=\"elementor-post-date\">\n\t\t\t17 marzo, 2026\t\t<\/span>\n\t\t\t\t<span class=\"elementor-post-avatar\">\n\t\t\tNo hay comentarios\t\t<\/span>\n\t\t\t\t<\/div>\n\t\t\t\t\t<\/div>\n\t\t<\/article>\n\t\t\t\t<article class=\"elementor-post elementor-grid-item post-37200 post type-post status-publish format-standard has-post-thumbnail hentry category-ciencia-y-tecnologia-energia-biodiversidad-y-medioambiente category-reportajes tag-479 tag-ciencia-y-tecnologia tag-dia-mundial-de-la-ingenieria-para-el-desarrollo-sostenible tag-energia-biodiversidad-y-medioambiente tag-juan-carlos-santamarta-cerezal tag-karina-elvira-rodriguez tag-maria-milagros-laz-pavon tag-marzo tag-noelia-cruz-perez tag-norena-natalia-martin-dorta tag-reportajes tag-ricardo-manuel-souto-suarez\" target=\"_blank\" rel=\"noopener\">\n\t\t\t<div class=\"elementor-post__card\">\n\t\t\t\t<a class=\"elementor-post__thumbnail__link\" href=\"https:\/\/www.ull.es\/portal\/cienciaull\/la-ingenieria-como-motor-del-desarrollo-sostenible\/\"  target=\"_blank\" rel=\"noopener\"><div class=\"elementor-post__thumbnail\"><img loading=\"lazy\" width=\"1200\" height=\"799\" src=\"https:\/\/www.ull.es\/portal\/cienciaull\/wp-content\/uploads\/sites\/24\/2026\/03\/La-ingenieria-como-motor-del-desarrollo-sostenible.jpg\" class=\"attachment-full size-full wp-image-37228\" alt=\"\" decoding=\"async\" srcset=\"https:\/\/www.ull.es\/portal\/cienciaull\/wp-content\/uploads\/sites\/24\/2026\/03\/La-ingenieria-como-motor-del-desarrollo-sostenible.jpg 1200w, https:\/\/www.ull.es\/portal\/cienciaull\/wp-content\/uploads\/sites\/24\/2026\/03\/La-ingenieria-como-motor-del-desarrollo-sostenible-768x511.jpg 768w, https:\/\/www.ull.es\/portal\/cienciaull\/wp-content\/uploads\/sites\/24\/2026\/03\/La-ingenieria-como-motor-del-desarrollo-sostenible-375x250.jpg 375w, https:\/\/www.ull.es\/portal\/cienciaull\/wp-content\/uploads\/sites\/24\/2026\/03\/La-ingenieria-como-motor-del-desarrollo-sostenible-750x499.jpg 750w, https:\/\/www.ull.es\/portal\/cienciaull\/wp-content\/uploads\/sites\/24\/2026\/03\/La-ingenieria-como-motor-del-desarrollo-sostenible-1140x759.jpg 1140w\" sizes=\"(max-width: 1200px) 100vw, 1200px\" \/><\/div><\/a>\n\t\t\t\t<div class=\"elementor-post__avatar\">\n\t\t\t<img alt='gciencia' src='https:\/\/secure.gravatar.com\/avatar\/72ccd1b1a4ea47e7b66bc7cc6944b4e5?s=128&#038;d=mm&#038;r=g' srcset='https:\/\/secure.gravatar.com\/avatar\/72ccd1b1a4ea47e7b66bc7cc6944b4e5?s=256&#038;d=mm&#038;r=g 2x' class='avatar avatar-128 photo' height='128' width='128' loading='lazy' decoding='async'\/>\t\t<\/div>\n\t\t\t\t<div class=\"elementor-post__text\">\n\t\t\t\t<h3 class=\"elementor-post__title\">\n\t\t\t<a href=\"https:\/\/www.ull.es\/portal\/cienciaull\/la-ingenieria-como-motor-del-desarrollo-sostenible\/\"  target=\"_blank\" rel=\"noopener\">\n\t\t\t\tLa ingenier\u00eda como motor del desarrollo sostenible\t\t\t<\/a>\n\t\t<\/h3>\n\t\t\t\t<div class=\"elementor-post__excerpt\">\n\t\t\t<p>La ingenier\u00eda desempe\u00f1a un papel clave en la creaci\u00f3n de soluciones a desaf\u00edos globales y locales. Con el D\u00eda Mundial de la Ingenier\u00eda para el Desarrollo Sostenible (4 de marzo), la UNESCO busca sensibilizar sobre su importancia en la vida moderna, su contribuci\u00f3n frente al cambio clim\u00e1tico y su papel como motor de estrategias orientadas al desarrollo sostenible, especialmente en territorios que afrontan retos espec\u00edficos&#8230;<\/p>\n<p><strong> <a href=\"https:\/\/www.ull.es\/portal\/cienciaull\/ciencia-y-tecnologia\/\" target=\"_blank\" rel=\"noopener\">#Ciencia y Tecnolog\u00eda<\/a> <a href=\"https:\/\/www.ull.es\/portal\/cienciaull\/energia-biodiversidad-y-medioambiente\/\" target=\"_blank\" rel=\"noopener\">#Energ\u00eda, Biodiversidad y Medioambiente<\/a> <a href=\"https:\/\/www.ull.es\/portal\/cienciaull\/dia-mundial-de-la-ingenieria-para-el-desarrollo-sostenible\/\" target=\"_blank\" rel=\"noopener\">#D\u00eda Mundial de la Ingenier\u00eda para el Desarrollo Sostenible<\/a> <a href=\"https:\/\/www.ull.es\/portal\/cienciaull\/noelia-cruz-perez-2\/\" target=\"_blank\" rel=\"noopener\">#Noelia Cruz P\u00e9rez<\/a> <a href=\"https:\/\/www.ull.es\/portal\/cienciaull\/juan-carlos-santamarta-cerezal\/\" target=\"_blank\" rel=\"noopener\">#Juan Carlos Santamarta Cerezal<\/a> <a href=\"https:\/\/www.ull.es\/portal\/cienciaull\/norena-natalia-martin-dorta\/\" target=\"_blank\" rel=\"noopener\">#Norena Natalia Mart\u00edn Dorta<\/a> <a href=\"https:\/\/www.ull.es\/portal\/cienciaull\/ricardo-manuel-souto-suarez\/\" target=\"_blank\" rel=\"noopener\">#Ricardo Manuel Souto Su\u00e1rez<\/a> <a href=\"https:\/\/www.ull.es\/portal\/cienciaull\/maria-milagros-laz-pavon\/\" target=\"_blank\" rel=\"noopener\">#Mar\u00eda Milagros Laz Pav\u00f3n<\/a> <a href=\"https:\/\/www.ull.es\/portal\/cienciaull\/karina-elvira-rodriguez-espinosa\/\" target=\"_blank\" rel=\"noopener\">#Karina Elvira Rodr\u00edguez Espinosa<\/a> <a href=\"https:\/\/www.ull.es\/portal\/cienciaull\/marzo\/\" target=\"_blank\" rel=\"noopener\">#Marzo <a href=\"https:\/\/www.ull.es\/portal\/cienciaull\/2026-2\/\" target=\"_blank\" rel=\"noopener\">#2026<\/a><\/strong><\/p>\n\t\t<\/div>\n\t\t\t\t<\/div>\n\t\t\t\t<div class=\"elementor-post__meta-data\">\n\t\t\t\t\t<span class=\"elementor-post-date\">\n\t\t\t6 marzo, 2026\t\t<\/span>\n\t\t\t\t<span class=\"elementor-post-avatar\">\n\t\t\tNo hay comentarios\t\t<\/span>\n\t\t\t\t<\/div>\n\t\t\t\t\t<\/div>\n\t\t<\/article>\n\t\t\t\t<article class=\"elementor-post elementor-grid-item post-33811 post type-post status-publish format-standard has-post-thumbnail hentry category-energia-biodiversidad-y-medioambiente-areas-notas-hipotesis category-energia-biodiversidad-y-medioambiente category-reportajes tag-362 tag-dia-internacional-de-los-bosques tag-energia-biodiversidad-y-medioambiente tag-jose-ma-fernandez-palacios tag-jose-ramon-arevalo-sierra tag-lea-de-nascimento-reyes tag-marzo tag-reportajes\" target=\"_blank\" rel=\"noopener\">\n\t\t\t<div class=\"elementor-post__card\">\n\t\t\t\t<a class=\"elementor-post__thumbnail__link\" href=\"https:\/\/www.ull.es\/portal\/cienciaull\/bosques-de-canarias-entre-la-biodiversidad-y-la-presion-humana\/\"  target=\"_blank\" rel=\"noopener\"><div class=\"elementor-post__thumbnail\"><img loading=\"lazy\" width=\"1200\" height=\"800\" src=\"https:\/\/www.ull.es\/portal\/cienciaull\/wp-content\/uploads\/sites\/24\/2025\/03\/Investigadores-Ecologia-02.jpg\" class=\"attachment-full size-full wp-image-33853\" alt=\"\" decoding=\"async\" srcset=\"https:\/\/www.ull.es\/portal\/cienciaull\/wp-content\/uploads\/sites\/24\/2025\/03\/Investigadores-Ecologia-02.jpg 1200w, https:\/\/www.ull.es\/portal\/cienciaull\/wp-content\/uploads\/sites\/24\/2025\/03\/Investigadores-Ecologia-02-768x512.jpg 768w, https:\/\/www.ull.es\/portal\/cienciaull\/wp-content\/uploads\/sites\/24\/2025\/03\/Investigadores-Ecologia-02-375x250.jpg 375w, https:\/\/www.ull.es\/portal\/cienciaull\/wp-content\/uploads\/sites\/24\/2025\/03\/Investigadores-Ecologia-02-750x500.jpg 750w, https:\/\/www.ull.es\/portal\/cienciaull\/wp-content\/uploads\/sites\/24\/2025\/03\/Investigadores-Ecologia-02-1140x760.jpg 1140w\" sizes=\"(max-width: 1200px) 100vw, 1200px\" \/><\/div><\/a>\n\t\t\t\t<div class=\"elementor-post__avatar\">\n\t\t\t<img alt='gciencia' src='https:\/\/secure.gravatar.com\/avatar\/72ccd1b1a4ea47e7b66bc7cc6944b4e5?s=128&#038;d=mm&#038;r=g' srcset='https:\/\/secure.gravatar.com\/avatar\/72ccd1b1a4ea47e7b66bc7cc6944b4e5?s=256&#038;d=mm&#038;r=g 2x' class='avatar avatar-128 photo' height='128' width='128' loading='lazy' decoding='async'\/>\t\t<\/div>\n\t\t\t\t<div class=\"elementor-post__text\">\n\t\t\t\t<h3 class=\"elementor-post__title\">\n\t\t\t<a href=\"https:\/\/www.ull.es\/portal\/cienciaull\/bosques-de-canarias-entre-la-biodiversidad-y-la-presion-humana\/\"  target=\"_blank\" rel=\"noopener\">\n\t\t\t\tBosques de Canarias, entre la biodiversidad y la presi\u00f3n humana\t\t\t<\/a>\n\t\t<\/h3>\n\t\t\t\t<div class=\"elementor-post__excerpt\">\n\t\t\t<p>Debido a sus condiciones geogr\u00e1ficas, su latitud subtropical, sus suelos volc\u00e1nicos y la diversidad de su vegetaci\u00f3n, Canarias alberga una gran riqueza y variedad de plantas y \u00e1rboles, lo que da lugar a la formaci\u00f3n de una vegetaci\u00f3n escalonada. A pocos kil\u00f3metros del matorral de alta monta\u00f1a, se encuentra el pinar, adaptado a ambientes secos&#8230;<\/p>\n<p><strong><a href=\"https:\/\/www.ull.es\/portal\/cienciaull\/energia-biodiversidad-y-medioambiente\/\" target=\"_blank\" rel=\"noopener\">#Energ\u00eda, Biodiversidad y Medioambiente<\/a> <a href=\"https:\/\/www.ull.es\/portal\/cienciaull\/dia-internacional-de-los-bosques\/\" target=\"_blank\" rel=\"noopener\">#D\u00eda Internacional de los Bosques<\/a> <a href=\"https:\/\/www.ull.es\/portal\/cienciaull\/jose-ramon-arevalo-sierra\/\" target=\"_blank\" rel=\"noopener\">#Jos\u00e9 Ram\u00f3n Ar\u00e9valo Sierra<\/a> <a href=\"https:\/\/www.ull.es\/portal\/cienciaull\/jose-ma-fernandez-palacios\/\" target=\"_blank\" rel=\"noopener\">#Jose M\u00aa Fern\u00e1ndez Palacios<\/a> <a href=\"https:\/\/www.ull.es\/portal\/cienciaull\/lea-de-nascimento-reyes\/\" target=\"_blank\" rel=\"noopener\">#Lea de Nascimento Reyes<\/a> <a href=\"https:\/\/www.ull.es\/portal\/cienciaull\/marzo\/\" target=\"_blank\" rel=\"noopener\">#Marzo<\/a> <a href=\"https:\/\/www.ull.es\/portal\/cienciaull\/2025-2\/\" target=\"_blank\" rel=\"noopener\">#2025<\/a><\/strong><\/p>\n\t\t<\/div>\n\t\t\t\t<\/div>\n\t\t\t\t<div class=\"elementor-post__meta-data\">\n\t\t\t\t\t<span class=\"elementor-post-date\">\n\t\t\t21 marzo, 2025\t\t<\/span>\n\t\t\t\t<span class=\"elementor-post-avatar\">\n\t\t\tNo hay comentarios\t\t<\/span>\n\t\t\t\t<\/div>\n\t\t\t\t\t<\/div>\n\t\t<\/article>\n\t\t\t\t<article class=\"elementor-post elementor-grid-item post-33739 post type-post status-publish format-standard has-post-thumbnail hentry category-ciencia-y-tecnologia-y-ciencia-y-sociedad category-reportajes tag-362 tag-ana-luisa-sanabria-mesa tag-carina-soledad-gonzalez-gonzalez tag-ciencia-y-sociedad tag-ciencia-y-tecnologia tag-dia-internacional-del-aprendizaje-digital tag-manuel-area-moreira tag-maria-belen-san-nicolas-santos tag-marzo tag-reportajes\" target=\"_blank\" rel=\"noopener\">\n\t\t\t<div class=\"elementor-post__card\">\n\t\t\t\t<a class=\"elementor-post__thumbnail__link\" href=\"https:\/\/www.ull.es\/portal\/cienciaull\/el-desafio-de-ensenar-y-aprender-con-las-tecnologias-digitales\/\"  target=\"_blank\" rel=\"noopener\"><div class=\"elementor-post__thumbnail\"><img loading=\"lazy\" width=\"1200\" height=\"800\" src=\"https:\/\/www.ull.es\/portal\/cienciaull\/wp-content\/uploads\/sites\/24\/2025\/03\/Dia-del-Aprendizaje-grupo-01.jpg\" class=\"attachment-full size-full wp-image-33794\" alt=\"\" decoding=\"async\" srcset=\"https:\/\/www.ull.es\/portal\/cienciaull\/wp-content\/uploads\/sites\/24\/2025\/03\/Dia-del-Aprendizaje-grupo-01.jpg 1200w, https:\/\/www.ull.es\/portal\/cienciaull\/wp-content\/uploads\/sites\/24\/2025\/03\/Dia-del-Aprendizaje-grupo-01-768x512.jpg 768w, https:\/\/www.ull.es\/portal\/cienciaull\/wp-content\/uploads\/sites\/24\/2025\/03\/Dia-del-Aprendizaje-grupo-01-375x250.jpg 375w, https:\/\/www.ull.es\/portal\/cienciaull\/wp-content\/uploads\/sites\/24\/2025\/03\/Dia-del-Aprendizaje-grupo-01-750x500.jpg 750w, https:\/\/www.ull.es\/portal\/cienciaull\/wp-content\/uploads\/sites\/24\/2025\/03\/Dia-del-Aprendizaje-grupo-01-1140x760.jpg 1140w\" sizes=\"(max-width: 1200px) 100vw, 1200px\" \/><\/div><\/a>\n\t\t\t\t<div class=\"elementor-post__avatar\">\n\t\t\t<img alt='gciencia' src='https:\/\/secure.gravatar.com\/avatar\/72ccd1b1a4ea47e7b66bc7cc6944b4e5?s=128&#038;d=mm&#038;r=g' srcset='https:\/\/secure.gravatar.com\/avatar\/72ccd1b1a4ea47e7b66bc7cc6944b4e5?s=256&#038;d=mm&#038;r=g 2x' class='avatar avatar-128 photo' height='128' width='128' loading='lazy' decoding='async'\/>\t\t<\/div>\n\t\t\t\t<div class=\"elementor-post__text\">\n\t\t\t\t<h3 class=\"elementor-post__title\">\n\t\t\t<a href=\"https:\/\/www.ull.es\/portal\/cienciaull\/el-desafio-de-ensenar-y-aprender-con-las-tecnologias-digitales\/\"  target=\"_blank\" rel=\"noopener\">\n\t\t\t\tEl desaf\u00edo de ense\u00f1ar y aprender con las tecnolog\u00edas digitales\t\t\t<\/a>\n\t\t<\/h3>\n\t\t\t\t<div class=\"elementor-post__excerpt\">\n\t\t\t<p>El oc\u00e9ano es el mayor territorio inexplorado de nuestro planeta. Tan solo se ha investigado menos del 5%. En sus profundidades, se pueden encontrar ruinas submarinas, minerales y una amplia diversidad de vida marina como microorganismos, plantas marinas, invertebrados, peces y mam\u00edferos como las ballenas y los delfines&#8230;<\/p>\n<p><strong><a href=\"https:\/\/www.ull.es\/portal\/cienciaull\/ciencia-y-sociedad\/\" target=\"_blank\" rel=\"noopener\">#Ciencia y Sociedad<\/a> <a href=\"https:\/\/www.ull.es\/portal\/cienciaull\/reportajes\/ciencia-y-tecnologia\/\" target=\"_blank\" rel=\"noopener\">#Ciencia y Tecnolog\u00eda<\/a> <a href=\"https:\/\/www.ull.es\/portal\/cienciaull\/dia-internacional-del-aprendizaje-digital\/\" target=\"_blank\" rel=\"noopener\">#D\u00eda Internacional del Aprendizaje Digital<\/a> <a href=\"https:\/\/www.ull.es\/portal\/cienciaull\/manuel-area-moreira\/\" target=\"_blank\" rel=\"noopener\">#Manuel Area Moreira<\/a> <a href=\"https:\/\/www.ull.es\/portal\/cienciaull\/ana-luisa-sanabria-mesa\/\" target=\"_blank\" rel=\"noopener\">#Ana Luisa Sanabria Mesa<\/a> <a href=\"https:\/\/www.ull.es\/portal\/cienciaull\/maria-belen-san-nicolas-santos\/\" target=\"_blank\" rel=\"noopener\">#Mar\u00eda Bel\u00e9n San Nicol\u00e1s Santos<\/a> <a href=\"https:\/\/www.ull.es\/portal\/cienciaull\/carina-soledad-gonzalez-gonzalez\/\" target=\"_blank\" rel=\"noopener\">#Carina Soledad Gonz\u00e1lez Gonz\u00e1lez<\/a> <a href=\"https:\/\/www.ull.es\/portal\/cienciaull\/marzo\/\" target=\"_blank\" rel=\"noopener\">#Marzo<\/a> <a href=\"https:\/\/www.ull.es\/portal\/cienciaull\/2025-2\/\" target=\"_blank\" rel=\"noopener\">#2025<\/a><\/strong><\/p>\n\t\t<\/div>\n\t\t\t\t<\/div>\n\t\t\t\t<div class=\"elementor-post__meta-data\">\n\t\t\t\t\t<span class=\"elementor-post-date\">\n\t\t\t19 marzo, 2025\t\t<\/span>\n\t\t\t\t<span class=\"elementor-post-avatar\">\n\t\t\tNo hay comentarios\t\t<\/span>\n\t\t\t\t<\/div>\n\t\t\t\t\t<\/div>\n\t\t<\/article>\n\t\t\t\t<article class=\"elementor-post elementor-grid-item post-28562 post type-post status-publish format-standard has-post-thumbnail hentry category-energia-biodiversidad-y-medioambiente category-energia-biodiversidad-y-medioambiente-areas-notas-hipotesis category-reportajes tag-220 tag-cristina-gonzalez-martin tag-dia-mundial-del-agua tag-energia-biodiversidad-y-medioambiente tag-juan-carlos-santamarta-cerezal tag-juan-heliodoro-ayala-diaz tag-luisa-maria-vera-pena tag-marzo tag-reportajes\" target=\"_blank\" rel=\"noopener\">\n\t\t\t<div class=\"elementor-post__card\">\n\t\t\t\t<a class=\"elementor-post__thumbnail__link\" href=\"https:\/\/www.ull.es\/portal\/cienciaull\/ciencia-para-combatir-la-sequia\/\"  target=\"_blank\" rel=\"noopener\"><div class=\"elementor-post__thumbnail\"><img loading=\"lazy\" width=\"1024\" height=\"683\" src=\"https:\/\/www.ull.es\/portal\/cienciaull\/wp-content\/uploads\/sites\/24\/2024\/05\/Dia-del-agua-03.jpg\" class=\"attachment-full size-full wp-image-28564\" alt=\"\" decoding=\"async\" srcset=\"https:\/\/www.ull.es\/portal\/cienciaull\/wp-content\/uploads\/sites\/24\/2024\/05\/Dia-del-agua-03.jpg 1024w, https:\/\/www.ull.es\/portal\/cienciaull\/wp-content\/uploads\/sites\/24\/2024\/05\/Dia-del-agua-03-300x200.jpg 300w, https:\/\/www.ull.es\/portal\/cienciaull\/wp-content\/uploads\/sites\/24\/2024\/05\/Dia-del-agua-03-768x512.jpg 768w, https:\/\/www.ull.es\/portal\/cienciaull\/wp-content\/uploads\/sites\/24\/2024\/05\/Dia-del-agua-03-375x250.jpg 375w, https:\/\/www.ull.es\/portal\/cienciaull\/wp-content\/uploads\/sites\/24\/2024\/05\/Dia-del-agua-03-750x500.jpg 750w\" sizes=\"(max-width: 1024px) 100vw, 1024px\" \/><\/div><\/a>\n\t\t\t\t<div class=\"elementor-post__avatar\">\n\t\t\t<img alt='gciencia' src='https:\/\/secure.gravatar.com\/avatar\/72ccd1b1a4ea47e7b66bc7cc6944b4e5?s=128&#038;d=mm&#038;r=g' srcset='https:\/\/secure.gravatar.com\/avatar\/72ccd1b1a4ea47e7b66bc7cc6944b4e5?s=256&#038;d=mm&#038;r=g 2x' class='avatar avatar-128 photo' height='128' width='128' loading='lazy' decoding='async'\/>\t\t<\/div>\n\t\t\t\t<div class=\"elementor-post__text\">\n\t\t\t\t<h3 class=\"elementor-post__title\">\n\t\t\t<a href=\"https:\/\/www.ull.es\/portal\/cienciaull\/ciencia-para-combatir-la-sequia\/\"  target=\"_blank\" rel=\"noopener\">\n\t\t\t\tCiencia para combatir la sequ\u00eda\t\t\t<\/a>\n\t\t<\/h3>\n\t\t\t\t<div class=\"elementor-post__excerpt\">\n\t\t\t<p>Cualquier tiempo pasado fue mejor. Este recurso nost\u00e1lgico de los que peinan canas no siempre es cierto, aunque en el tema que abordamos a continuaci\u00f3n, no estar\u00eda muy desencaminado. Clim\u00e1ticamente hablando, el pasado fue mejor.\u00a0 Ya no podemos decir que el clima cambiar\u00e1, ni siquiera que est\u00e1 cambiando.<\/p>\n<p><strong><a href=\"https:\/\/www.ull.es\/portal\/cienciaull\/energia-biodiversidad-y-medioambiente\/\" target=\"_blank\" rel=\"noopener\">#Energ\u00eda Biodiversidad y Medioambiente<\/a> <a href=\"https:\/\/www.ull.es\/portal\/cienciaull\/dia-mundial-del-agua\/\" target=\"_blank\" rel=\"noopener\">#D\u00eda Mundial del Agua<\/a> <a href=\"https:\/\/www.ull.es\/portal\/cienciaull\/juan-carlos-santamarta-cerezal\/\" target=\"_blank\" rel=\"noopener\">#Juan Carlos Santamarta Cerezal<\/a> <a href=\"https:\/\/www.ull.es\/portal\/cienciaull\/luisa-maria-vera-pena\/\" target=\"_blank\" rel=\"noopener\">#Luisa Mar\u00eda Vera Pe\u00f1a<\/a> <a href=\"https:\/\/www.ull.es\/portal\/cienciaull\/cristina-gonzalez-martin\/\" target=\"_blank\" rel=\"noopener\">#Cristina Gonz\u00e1lez Mart\u00edn<\/a> <a href=\"https:\/\/www.ull.es\/portal\/cienciaull\/juan-heliodoro-ayala\/\" target=\"_blank\" rel=\"noopener\">#Juan Heliodoro Ayala<\/a> <a href=\"https:\/\/www.ull.es\/portal\/cienciaull\/marzo\/\" target=\"_blank\" rel=\"noopener\">#Marzo<\/a> <a href=\"https:\/\/www.ull.es\/portal\/cienciaull\/2024-2\/\" target=\"_blank\" rel=\"noopener\">#2024<\/a><\/strong><\/p>\n\t\t<\/div>\n\t\t\t\t<\/div>\n\t\t\t\t<div class=\"elementor-post__meta-data\">\n\t\t\t\t\t<span class=\"elementor-post-date\">\n\t\t\t21 marzo, 2024\t\t<\/span>\n\t\t\t\t<span class=\"elementor-post-avatar\">\n\t\t\tNo hay comentarios\t\t<\/span>\n\t\t\t\t<\/div>\n\t\t\t\t\t<\/div>\n\t\t<\/article>\n\t\t\t\t<\/div>\n\t\t\n\t\t\t\t<\/div>\n\t\t\t\t<\/div>\n\t\t\t\t\t<\/div>\n\t\t\t\t<\/div>\n\t\t\t\t\t\t\t<\/div>\n\t\t","protected":false},"excerpt":{"rendered":"<p>\/*! elementor &#8211; v3.9.2 &#8211; 21-12-2022 *\/ .elementor-widget-image{text-align:center}.elementor-widget-image a{display:inline-block}.elementor-widget-image a img[src$=\u00bb.svg\u00bb]{width:48px}.elementor-widget-image img{vertical-align:middle;display:inline-block}<\/p>\n","protected":false},"author":56,"featured_media":0,"parent":0,"menu_order":0,"comment_status":"closed","ping_status":"closed","template":"","meta":{"inline_featured_image":false,"footnotes":""},"acf":[],"yoast_head":"<!-- This site is optimized with the Yoast SEO plugin v21.3 - https:\/\/yoast.com\/wordpress\/plugins\/seo\/ -->\n<title>#Marzo -<\/title>\n<meta name=\"robots\" content=\"index, follow, max-snippet:-1, max-image-preview:large, max-video-preview:-1\" \/>\n<link rel=\"canonical\" href=\"https:\/\/www.ull.es\/portal\/cienciaull\/marzo\/\" \/>\n<meta property=\"og:locale\" content=\"es_ES\" \/>\n<meta property=\"og:type\" content=\"article\" \/>\n<meta property=\"og:title\" content=\"#Marzo -\" \/>\n<meta property=\"og:description\" content=\"\/*! elementor &#8211; v3.9.2 &#8211; 21-12-2022 *\/ .elementor-widget-image{text-align:center}.elementor-widget-image a{display:inline-block}.elementor-widget-image a img[src$=\u00bb.svg\u00bb]{width:48px}.elementor-widget-image img{vertical-align:middle;display:inline-block}\" \/>\n<meta property=\"og:url\" content=\"https:\/\/www.ull.es\/portal\/cienciaull\/marzo\/\" \/>\n<meta property=\"article:publisher\" content=\"https:\/\/www.facebook.com\/CienciaULL\/\" \/>\n<meta property=\"article:modified_time\" content=\"2024-05-06T08:12:23+00:00\" \/>\n<meta property=\"og:image\" content=\"https:\/\/www.ull.es\/portal\/cienciaull\/wp-content\/uploads\/sites\/24\/2024\/04\/banner_2024-1-1140x428.jpg\" \/>\n<meta name=\"twitter:card\" content=\"summary_large_image\" \/>\n<meta name=\"twitter:site\" content=\"@CienciaULL\" \/>\n<meta name=\"twitter:label1\" content=\"Tiempo de lectura\" \/>\n\t<meta name=\"twitter:data1\" content=\"2 minutos\" \/>\n<script type=\"application\/ld+json\" class=\"yoast-schema-graph\">{\"@context\":\"https:\/\/schema.org\",\"@graph\":[{\"@type\":\"WebPage\",\"@id\":\"https:\/\/www.ull.es\/portal\/cienciaull\/marzo\/\",\"url\":\"https:\/\/www.ull.es\/portal\/cienciaull\/marzo\/\",\"name\":\"#Marzo -\",\"isPartOf\":{\"@id\":\"https:\/\/www.ull.es\/portal\/cienciaull\/#website\"},\"datePublished\":\"2024-05-02T13:20:27+00:00\",\"dateModified\":\"2024-05-06T08:12:23+00:00\",\"breadcrumb\":{\"@id\":\"https:\/\/www.ull.es\/portal\/cienciaull\/marzo\/#breadcrumb\"},\"inLanguage\":\"es\",\"potentialAction\":[{\"@type\":\"ReadAction\",\"target\":[\"https:\/\/www.ull.es\/portal\/cienciaull\/marzo\/\"]}]},{\"@type\":\"BreadcrumbList\",\"@id\":\"https:\/\/www.ull.es\/portal\/cienciaull\/marzo\/#breadcrumb\",\"itemListElement\":[{\"@type\":\"ListItem\",\"position\":1,\"name\":\"Portada\",\"item\":\"https:\/\/www.ull.es\/portal\/cienciaull\/\"},{\"@type\":\"ListItem\",\"position\":2,\"name\":\"#Marzo\"}]},{\"@type\":\"WebSite\",\"@id\":\"https:\/\/www.ull.es\/portal\/cienciaull\/#website\",\"url\":\"https:\/\/www.ull.es\/portal\/cienciaull\/\",\"name\":\"\",\"description\":\"Unidad de Cultura Cient\u00edfica y de la Innovaci\u00f3n de la Universidad de La Laguna\",\"potentialAction\":[{\"@type\":\"SearchAction\",\"target\":{\"@type\":\"EntryPoint\",\"urlTemplate\":\"https:\/\/www.ull.es\/portal\/cienciaull\/?s={search_term_string}\"},\"query-input\":\"required name=search_term_string\"}],\"inLanguage\":\"es\"}]}<\/script>\n<!-- \/ Yoast SEO plugin. -->","yoast_head_json":{"title":"#Marzo -","robots":{"index":"index","follow":"follow","max-snippet":"max-snippet:-1","max-image-preview":"max-image-preview:large","max-video-preview":"max-video-preview:-1"},"canonical":"https:\/\/www.ull.es\/portal\/cienciaull\/marzo\/","og_locale":"es_ES","og_type":"article","og_title":"#Marzo -","og_description":"\/*! elementor &#8211; v3.9.2 &#8211; 21-12-2022 *\/ .elementor-widget-image{text-align:center}.elementor-widget-image a{display:inline-block}.elementor-widget-image a img[src$=\u00bb.svg\u00bb]{width:48px}.elementor-widget-image img{vertical-align:middle;display:inline-block}","og_url":"https:\/\/www.ull.es\/portal\/cienciaull\/marzo\/","article_publisher":"https:\/\/www.facebook.com\/CienciaULL\/","article_modified_time":"2024-05-06T08:12:23+00:00","og_image":[{"url":"https:\/\/www.ull.es\/portal\/cienciaull\/wp-content\/uploads\/sites\/24\/2024\/04\/banner_2024-1-1140x428.jpg"}],"twitter_card":"summary_large_image","twitter_site":"@CienciaULL","twitter_misc":{"Tiempo de lectura":"2 minutos"},"schema":{"@context":"https:\/\/schema.org","@graph":[{"@type":"WebPage","@id":"https:\/\/www.ull.es\/portal\/cienciaull\/marzo\/","url":"https:\/\/www.ull.es\/portal\/cienciaull\/marzo\/","name":"#Marzo -","isPartOf":{"@id":"https:\/\/www.ull.es\/portal\/cienciaull\/#website"},"datePublished":"2024-05-02T13:20:27+00:00","dateModified":"2024-05-06T08:12:23+00:00","breadcrumb":{"@id":"https:\/\/www.ull.es\/portal\/cienciaull\/marzo\/#breadcrumb"},"inLanguage":"es","potentialAction":[{"@type":"ReadAction","target":["https:\/\/www.ull.es\/portal\/cienciaull\/marzo\/"]}]},{"@type":"BreadcrumbList","@id":"https:\/\/www.ull.es\/portal\/cienciaull\/marzo\/#breadcrumb","itemListElement":[{"@type":"ListItem","position":1,"name":"Portada","item":"https:\/\/www.ull.es\/portal\/cienciaull\/"},{"@type":"ListItem","position":2,"name":"#Marzo"}]},{"@type":"WebSite","@id":"https:\/\/www.ull.es\/portal\/cienciaull\/#website","url":"https:\/\/www.ull.es\/portal\/cienciaull\/","name":"","description":"Unidad de Cultura Cient\u00edfica y de la Innovaci\u00f3n de la Universidad de La Laguna","potentialAction":[{"@type":"SearchAction","target":{"@type":"EntryPoint","urlTemplate":"https:\/\/www.ull.es\/portal\/cienciaull\/?s={search_term_string}"},"query-input":"required name=search_term_string"}],"inLanguage":"es"}]}},"_links":{"self":[{"href":"https:\/\/www.ull.es\/portal\/cienciaull\/wp-json\/wp\/v2\/pages\/28790"}],"collection":[{"href":"https:\/\/www.ull.es\/portal\/cienciaull\/wp-json\/wp\/v2\/pages"}],"about":[{"href":"https:\/\/www.ull.es\/portal\/cienciaull\/wp-json\/wp\/v2\/types\/page"}],"author":[{"embeddable":true,"href":"https:\/\/www.ull.es\/portal\/cienciaull\/wp-json\/wp\/v2\/users\/56"}],"replies":[{"embeddable":true,"href":"https:\/\/www.ull.es\/portal\/cienciaull\/wp-json\/wp\/v2\/comments?post=28790"}],"version-history":[{"count":7,"href":"https:\/\/www.ull.es\/portal\/cienciaull\/wp-json\/wp\/v2\/pages\/28790\/revisions"}],"predecessor-version":[{"id":28858,"href":"https:\/\/www.ull.es\/portal\/cienciaull\/wp-json\/wp\/v2\/pages\/28790\/revisions\/28858"}],"wp:attachment":[{"href":"https:\/\/www.ull.es\/portal\/cienciaull\/wp-json\/wp\/v2\/media?parent=28790"}],"curies":[{"name":"wp","href":"https:\/\/api.w.org\/{rel}","templated":true}]}}