{"id":29235,"date":"2024-05-06T11:38:28","date_gmt":"2024-05-06T11:38:28","guid":{"rendered":"https:\/\/www.ull.es\/portal\/cienciaull\/?page_id=29235"},"modified":"2025-01-30T10:53:30","modified_gmt":"2025-01-30T10:53:30","slug":"enero","status":"publish","type":"page","link":"https:\/\/www.ull.es\/portal\/cienciaull\/enero\/","title":{"rendered":"#Enero"},"content":{"rendered":"\t\t<div data-elementor-type=\"wp-page\" data-elementor-id=\"29235\" class=\"elementor elementor-29235\">\n\t\t\t\t\t\t\t<div class=\"elementor-element elementor-element-eb9e299 e-con-boxed e-con\" data-id=\"eb9e299\" data-element_type=\"container\" data-settings=\"{&quot;content_width&quot;:&quot;boxed&quot;}\">\n\t\t\t\t\t<div class=\"e-con-inner\">\n\t\t\t\t<div class=\"elementor-element elementor-element-b013dc4 elementor-widget elementor-widget-image\" data-id=\"b013dc4\" data-element_type=\"widget\" data-widget_type=\"image.default\">\n\t\t\t\t<div class=\"elementor-widget-container\">\n\t\t\t<style>\/*! elementor - v3.9.2 - 21-12-2022 *\/\n.elementor-widget-image{text-align:center}.elementor-widget-image a{display:inline-block}.elementor-widget-image a img[src$=\".svg\"]{width:48px}.elementor-widget-image img{vertical-align:middle;display:inline-block}<\/style>\t\t\t\t\t\t\t\t\t\t\t\t<img decoding=\"async\" loading=\"lazy\" width=\"1140\" height=\"428\" src=\"https:\/\/www.ull.es\/portal\/cienciaull\/wp-content\/uploads\/sites\/24\/2024\/04\/banner_2024-1-1140x428.jpg\" class=\"attachment-page size-page wp-image-27362\" alt=\"\" srcset=\"https:\/\/www.ull.es\/portal\/cienciaull\/wp-content\/uploads\/sites\/24\/2024\/04\/banner_2024-1-1140x428.jpg 1140w, https:\/\/www.ull.es\/portal\/cienciaull\/wp-content\/uploads\/sites\/24\/2024\/04\/banner_2024-1-300x113.jpg 300w, https:\/\/www.ull.es\/portal\/cienciaull\/wp-content\/uploads\/sites\/24\/2024\/04\/banner_2024-1-1024x384.jpg 1024w, https:\/\/www.ull.es\/portal\/cienciaull\/wp-content\/uploads\/sites\/24\/2024\/04\/banner_2024-1-768x288.jpg 768w, https:\/\/www.ull.es\/portal\/cienciaull\/wp-content\/uploads\/sites\/24\/2024\/04\/banner_2024-1-1536x576.jpg 1536w, https:\/\/www.ull.es\/portal\/cienciaull\/wp-content\/uploads\/sites\/24\/2024\/04\/banner_2024-1-2048x768.jpg 2048w, https:\/\/www.ull.es\/portal\/cienciaull\/wp-content\/uploads\/sites\/24\/2024\/04\/banner_2024-1-375x141.jpg 375w, https:\/\/www.ull.es\/portal\/cienciaull\/wp-content\/uploads\/sites\/24\/2024\/04\/banner_2024-1-750x281.jpg 750w\" sizes=\"(max-width: 1140px) 100vw, 1140px\" \/>\t\t\t\t\t\t\t\t\t\t\t\t\t\t\t<\/div>\n\t\t\t\t<\/div>\n\t\t\t\t<div class=\"elementor-element elementor-element-d0b28d6 elementor-grid-3 elementor-grid-tablet-2 elementor-grid-mobile-1 elementor-posts--thumbnail-top elementor-posts--show-avatar elementor-card-shadow-yes elementor-posts__hover-gradient elementor-widget elementor-widget-posts\" data-id=\"d0b28d6\" data-element_type=\"widget\" data-settings=\"{&quot;cards_columns&quot;:&quot;3&quot;,&quot;cards_columns_tablet&quot;:&quot;2&quot;,&quot;cards_columns_mobile&quot;:&quot;1&quot;,&quot;cards_row_gap&quot;:{&quot;unit&quot;:&quot;px&quot;,&quot;size&quot;:35,&quot;sizes&quot;:[]},&quot;cards_row_gap_tablet&quot;:{&quot;unit&quot;:&quot;px&quot;,&quot;size&quot;:&quot;&quot;,&quot;sizes&quot;:[]},&quot;cards_row_gap_mobile&quot;:{&quot;unit&quot;:&quot;px&quot;,&quot;size&quot;:&quot;&quot;,&quot;sizes&quot;:[]}}\" data-widget_type=\"posts.cards\">\n\t\t\t\t<div class=\"elementor-widget-container\">\n\t\t\t<link rel=\"stylesheet\" href=\"https:\/\/www.ull.es\/portal\/cienciaull\/wp-content\/plugins\/elementor-pro\/assets\/css\/widget-posts.min.css\">\t\t<div class=\"elementor-posts-container elementor-posts elementor-posts--skin-cards elementor-grid\">\n\t\t\t\t<article class=\"elementor-post elementor-grid-item post-36975 post type-post status-publish format-standard has-post-thumbnail hentry category-ciencia-y-tecnologia-y-ciencia-y-sociedad category-reportajes tag-479 tag-ciencia-y-sociedad tag-ciencia-y-tecnologia tag-dia-mundial-de-la-logica tag-enero tag-ignacio-garcia-marco tag-margarita-vazquez-campos tag-reportajes\" target=\"_blank\" rel=\"noopener\">\n\t\t\t<div class=\"elementor-post__card\">\n\t\t\t\t<a class=\"elementor-post__thumbnail__link\" href=\"https:\/\/www.ull.es\/portal\/cienciaull\/la-logica-brujula-para-un-mundo-complejo\/\"  target=\"_blank\" rel=\"noopener\"><div class=\"elementor-post__thumbnail\"><img loading=\"lazy\" width=\"1200\" height=\"800\" src=\"https:\/\/www.ull.es\/portal\/cienciaull\/wp-content\/uploads\/sites\/24\/2026\/01\/Dia-de-la-logica-01noresize-11951-1200x800-1.jpg\" class=\"attachment-full size-full wp-image-36989\" alt=\"\" decoding=\"async\" srcset=\"https:\/\/www.ull.es\/portal\/cienciaull\/wp-content\/uploads\/sites\/24\/2026\/01\/Dia-de-la-logica-01noresize-11951-1200x800-1.jpg 1200w, https:\/\/www.ull.es\/portal\/cienciaull\/wp-content\/uploads\/sites\/24\/2026\/01\/Dia-de-la-logica-01noresize-11951-1200x800-1-768x512.jpg 768w, https:\/\/www.ull.es\/portal\/cienciaull\/wp-content\/uploads\/sites\/24\/2026\/01\/Dia-de-la-logica-01noresize-11951-1200x800-1-375x250.jpg 375w, https:\/\/www.ull.es\/portal\/cienciaull\/wp-content\/uploads\/sites\/24\/2026\/01\/Dia-de-la-logica-01noresize-11951-1200x800-1-750x500.jpg 750w, https:\/\/www.ull.es\/portal\/cienciaull\/wp-content\/uploads\/sites\/24\/2026\/01\/Dia-de-la-logica-01noresize-11951-1200x800-1-1140x760.jpg 1140w\" sizes=\"(max-width: 1200px) 100vw, 1200px\" \/><\/div><\/a>\n\t\t\t\t<div class=\"elementor-post__avatar\">\n\t\t\t<img alt='gciencia' src='https:\/\/secure.gravatar.com\/avatar\/72ccd1b1a4ea47e7b66bc7cc6944b4e5?s=128&#038;d=mm&#038;r=g' srcset='https:\/\/secure.gravatar.com\/avatar\/72ccd1b1a4ea47e7b66bc7cc6944b4e5?s=256&#038;d=mm&#038;r=g 2x' class='avatar avatar-128 photo' height='128' width='128' loading='lazy' decoding='async'\/>\t\t<\/div>\n\t\t\t\t<div class=\"elementor-post__text\">\n\t\t\t\t<h3 class=\"elementor-post__title\">\n\t\t\t<a href=\"https:\/\/www.ull.es\/portal\/cienciaull\/la-logica-brujula-para-un-mundo-complejo\/\"  target=\"_blank\" rel=\"noopener\">\n\t\t\t\tLa l\u00f3gica, br\u00fajula para un mundo complejo\t\t\t<\/a>\n\t\t<\/h3>\n\t\t\t\t<div class=\"elementor-post__excerpt\">\n\t\t\t<p>La palabra l\u00f3gica se emplea con frecuencia como un lugar com\u00fan del discurso, como el t\u00e9rmino al que se recurre para validar un argumento o cuestionar su veracidad. Todas estas expresiones est\u00e1n intr\u00ednsecamente ligadas a una disciplina que existe desde que los primeros pensadores intentaron comprender el funcionamiento del pensamiento humano. Fue Arist\u00f3teles quien desarroll\u00f3 la l\u00f3gica, defini\u00f3 sus principios y sent\u00f3 las bases del razonamiento deductivo&#8230;<\/p>\n<p><strong><a href=\"https:\/\/www.ull.es\/portal\/cienciaull\/ciencia-y-tecnologia\/\" target=\"_blank\" rel=\"noopener\">#Ciencia y Tecnolog\u00eda<\/a> <a href=\"https:\/\/www.ull.es\/portal\/cienciaull\/ciencia-y-sociedad\/\" target=\"_blank\" rel=\"noopener\">#Ciencia y Sociedad<\/a> <a href=\"https:\/\/www.ull.es\/portal\/cienciaull\/dia-mundial-de-la-logica\/\" target=\"_blank\" rel=\"noopener\">#D\u00eda Mundial de la L\u00f3gica<\/a> <a href=\"https:\/\/www.ull.es\/portal\/cienciaull\/margarita-vazquez-campos\/\" target=\"_blank\" rel=\"noopener\">#Margarita V\u00e1zquez Campos<\/a> <a href=\"https:\/\/www.ull.es\/portal\/cienciaull\/ignacio-garcia-marco\/\" target=\"_blank\" rel=\"noopener\">#Ignacio Garc\u00eda Marco<\/a> <a href=\"https:\/\/www.ull.es\/portal\/cienciaull\/enero\/\" target=\"_blank\" rel=\"noopener\">#Enero<\/a> <a href=\"https:\/\/www.ull.es\/portal\/cienciaull\/2026-2\/\" target=\"_blank\" rel=\"noopener\">#2026<\/a><\/strong><\/p>\n\t\t<\/div>\n\t\t\t\t<\/div>\n\t\t\t\t<div class=\"elementor-post__meta-data\">\n\t\t\t\t\t<span class=\"elementor-post-date\">\n\t\t\t20 enero, 2026\t\t<\/span>\n\t\t\t\t<span class=\"elementor-post-avatar\">\n\t\t\tNo hay comentarios\t\t<\/span>\n\t\t\t\t<\/div>\n\t\t\t\t\t<\/div>\n\t\t<\/article>\n\t\t\t\t<article class=\"elementor-post elementor-grid-item post-36913 post type-post status-publish format-standard has-post-thumbnail hentry category-biomedicina-y-salud-areas category-biomedicina-y-salud-areas-notas-hipotesis category-reportajes tag-479 tag-biomedicina-y-salud tag-carlos-de-las-cuevas-castresana tag-damian-enrique-jan tag-dia-mundial-de-la-lucha-contra-la-depresion tag-enero tag-imanol-lorenzo-nieto-gonzalez tag-reportajes tag-wenceslao-penate-castro\" target=\"_blank\" rel=\"noopener\">\n\t\t\t<div class=\"elementor-post__card\">\n\t\t\t\t<a class=\"elementor-post__thumbnail__link\" href=\"https:\/\/www.ull.es\/portal\/cienciaull\/miradas-sobre-la-depresion\/\"  target=\"_blank\" rel=\"noopener\"><div class=\"elementor-post__thumbnail\"><img loading=\"lazy\" width=\"1200\" height=\"800\" src=\"https:\/\/www.ull.es\/portal\/cienciaull\/wp-content\/uploads\/sites\/24\/2026\/01\/investigadores-depresion-portadanoresize-11923.jpg\" class=\"attachment-full size-full wp-image-37010\" alt=\"\" decoding=\"async\" srcset=\"https:\/\/www.ull.es\/portal\/cienciaull\/wp-content\/uploads\/sites\/24\/2026\/01\/investigadores-depresion-portadanoresize-11923.jpg 1200w, https:\/\/www.ull.es\/portal\/cienciaull\/wp-content\/uploads\/sites\/24\/2026\/01\/investigadores-depresion-portadanoresize-11923-768x512.jpg 768w, https:\/\/www.ull.es\/portal\/cienciaull\/wp-content\/uploads\/sites\/24\/2026\/01\/investigadores-depresion-portadanoresize-11923-375x250.jpg 375w, https:\/\/www.ull.es\/portal\/cienciaull\/wp-content\/uploads\/sites\/24\/2026\/01\/investigadores-depresion-portadanoresize-11923-750x500.jpg 750w, https:\/\/www.ull.es\/portal\/cienciaull\/wp-content\/uploads\/sites\/24\/2026\/01\/investigadores-depresion-portadanoresize-11923-1140x760.jpg 1140w\" sizes=\"(max-width: 1200px) 100vw, 1200px\" \/><\/div><\/a>\n\t\t\t\t<div class=\"elementor-post__avatar\">\n\t\t\t<img alt='gciencia' src='https:\/\/secure.gravatar.com\/avatar\/72ccd1b1a4ea47e7b66bc7cc6944b4e5?s=128&#038;d=mm&#038;r=g' srcset='https:\/\/secure.gravatar.com\/avatar\/72ccd1b1a4ea47e7b66bc7cc6944b4e5?s=256&#038;d=mm&#038;r=g 2x' class='avatar avatar-128 photo' height='128' width='128' loading='lazy' decoding='async'\/>\t\t<\/div>\n\t\t\t\t<div class=\"elementor-post__text\">\n\t\t\t\t<h3 class=\"elementor-post__title\">\n\t\t\t<a href=\"https:\/\/www.ull.es\/portal\/cienciaull\/miradas-sobre-la-depresion\/\"  target=\"_blank\" rel=\"noopener\">\n\t\t\t\tMiradas sobre la depresi\u00f3n\t\t\t<\/a>\n\t\t<\/h3>\n\t\t\t\t<div class=\"elementor-post__excerpt\">\n\t\t\t<p>La depresi\u00f3n es uno de los principales problemas de salud mental en la actualidad y una de las causas m\u00e1s frecuentes de malestar, discapacidad y p\u00e9rdida de calidad de vida en todo el mundo. Es un trastorno complejo en el que interact\u00faan factores psicol\u00f3gicos, biol\u00f3gicos, sociales y culturales. M\u00e1s de 280 millones de personas viven con depresi\u00f3n en el mundo. A lo largo de la vida, entre un 10 y un 20% de la poblaci\u00f3n puede experimentar un episodio depresivo&#8230;<\/p>\n<p><strong><a href=\"https:\/\/www.ull.es\/portal\/cienciaull\/biomedicina-y-salud\/\" target=\"_blank\" rel=\"noopener\">#Biomedicina y Salud<\/a> <a href=\"https:\/\/www.ull.es\/portal\/cienciaull\/dia-mundial-de-la-lucha-contra-la-depresion\/\" target=\"_blank\" rel=\"noopener\">#D\u00eda Mundial de la Lucha contra la Depresi\u00f3n<\/a> <a href=\"https:\/\/www.ull.es\/portal\/cienciaull\/wenceslao-penate-castro\/\" target=\"_blank\" rel=\"noopener\">#Wenceslao Pe\u00f1ate Castro<\/a> <a href=\"https:\/\/www.ull.es\/portal\/cienciaull\/damian-enrique-jan\/\" target=\"_blank\" rel=\"noopener\">#Dami\u00e1n Enrique Jan<\/a> <a href=\"https:\/\/www.ull.es\/portal\/cienciaull\/carlos-de-las-cuevas-castresana\/\" target=\"_blank\" rel=\"noopener\">#Carlos de las Cuevas Castresana<\/a> <a href=\"https:\/\/www.ull.es\/portal\/cienciaull\/imanol-lorenzo-nieto-gonzalez\/\" target=\"_blank\" rel=\"noopener\">#Imanol Lorenzo Nieto Gonz\u00e1lez<\/a> <a href=\"https:\/\/www.ull.es\/portal\/cienciaull\/enero\/\" target=\"_blank\" rel=\"noopener\">#Enero<\/a> <a href=\"https:\/\/www.ull.es\/portal\/cienciaull\/2026-2\/\" target=\"_blank\" rel=\"noopener\">#2026<\/a><\/strong><\/p>\n\t\t<\/div>\n\t\t\t\t<\/div>\n\t\t\t\t<div class=\"elementor-post__meta-data\">\n\t\t\t\t\t<span class=\"elementor-post-date\">\n\t\t\t15 enero, 2026\t\t<\/span>\n\t\t\t\t<span class=\"elementor-post-avatar\">\n\t\t\tNo hay comentarios\t\t<\/span>\n\t\t\t\t<\/div>\n\t\t\t\t\t<\/div>\n\t\t<\/article>\n\t\t\t\t<article class=\"elementor-post elementor-grid-item post-33192 post type-post status-publish format-standard has-post-thumbnail hentry category-arte-y-humanidades-reportajes category-reportajes tag-362 tag-arte-y-humanidades tag-dia-internacional-del-conservador-restaurador tag-elisa-maria-diaz-gonzalez tag-enero tag-maria-isabel-sanchez-bonilla tag-reportajes tag-segai\" target=\"_blank\" rel=\"noopener\">\n\t\t\t<div class=\"elementor-post__card\">\n\t\t\t\t<a class=\"elementor-post__thumbnail__link\" href=\"https:\/\/www.ull.es\/portal\/cienciaull\/en-las-entranas-del-patrimonio-cultural\/\"  target=\"_blank\" rel=\"noopener\"><div class=\"elementor-post__thumbnail\"><img loading=\"lazy\" width=\"1170\" height=\"780\" src=\"https:\/\/www.ull.es\/portal\/cienciaull\/wp-content\/uploads\/sites\/24\/2025\/01\/portada-restauradoras.jpg\" class=\"attachment-full size-full wp-image-33200\" alt=\"\" decoding=\"async\" srcset=\"https:\/\/www.ull.es\/portal\/cienciaull\/wp-content\/uploads\/sites\/24\/2025\/01\/portada-restauradoras.jpg 1170w, https:\/\/www.ull.es\/portal\/cienciaull\/wp-content\/uploads\/sites\/24\/2025\/01\/portada-restauradoras-768x512.jpg 768w, https:\/\/www.ull.es\/portal\/cienciaull\/wp-content\/uploads\/sites\/24\/2025\/01\/portada-restauradoras-375x250.jpg 375w, https:\/\/www.ull.es\/portal\/cienciaull\/wp-content\/uploads\/sites\/24\/2025\/01\/portada-restauradoras-750x500.jpg 750w, https:\/\/www.ull.es\/portal\/cienciaull\/wp-content\/uploads\/sites\/24\/2025\/01\/portada-restauradoras-1140x760.jpg 1140w\" sizes=\"(max-width: 1170px) 100vw, 1170px\" \/><\/div><\/a>\n\t\t\t\t<div class=\"elementor-post__avatar\">\n\t\t\t<img alt='gciencia' src='https:\/\/secure.gravatar.com\/avatar\/72ccd1b1a4ea47e7b66bc7cc6944b4e5?s=128&#038;d=mm&#038;r=g' srcset='https:\/\/secure.gravatar.com\/avatar\/72ccd1b1a4ea47e7b66bc7cc6944b4e5?s=256&#038;d=mm&#038;r=g 2x' class='avatar avatar-128 photo' height='128' width='128' loading='lazy' decoding='async'\/>\t\t<\/div>\n\t\t\t\t<div class=\"elementor-post__text\">\n\t\t\t\t<h3 class=\"elementor-post__title\">\n\t\t\t<a href=\"https:\/\/www.ull.es\/portal\/cienciaull\/en-las-entranas-del-patrimonio-cultural\/\"  target=\"_blank\" rel=\"noopener\">\n\t\t\t\tEn las entra\u00f1as del patrimonio cultural\t\t\t<\/a>\n\t\t<\/h3>\n\t\t\t\t<div class=\"elementor-post__excerpt\">\n\t\t\t<p>Eug\u00e8ne Viollet-le-Duc vivi\u00f3 en una Francia decimon\u00f3nica en la que grandes joyas arquitect\u00f3nicas de la \u00e9poca medieval comenzaban a reflejar en su deterioro el paso de los siglos. Este arquitecto y arque\u00f3logo decidi\u00f3 intervenir para conservar este patrimonio para futuras generaciones, convirti\u00e9ndose as\u00ed en uno de los primeros y m\u00e1s conocidos restauradores de monumentos y castillos de Europa. La suya fue una trayectoria que llev\u00f3 al primer plano del arte las labores de restauraci\u00f3n&#8230;<\/p>\n<p><strong> <a href=\"https:\/\/www.ull.es\/portal\/cienciaull\/arte-y-humanidades\/\" target=\"_blank\" rel=\"noopener\">#Arte y Humanidades<\/a> <a href=\"https:\/\/www.ull.es\/portal\/cienciaull\/dia-internacional-del-conservador-restaurador\/\" target=\"_blank\" rel=\"noopener\">#D\u00eda Internacional del Conservador Restaurador<\/a> <a href=\"https:\/\/www.ull.es\/portal\/cienciaull\/segai\/\" target=\"_blank\" rel=\"noopener\">#SEGAI<\/a> <a href=\"https:\/\/www.ull.es\/portal\/cienciaull\/maria-isabel-sanchez-bonilla\/\" target=\"_blank\" rel=\"noopener\">#Mar\u00eda Isabel S\u00e1nchez Bonilla<\/a> <a href=\"https:\/\/www.ull.es\/portal\/cienciaull\/elisa-maria-diaz-gonzalez\/\" target=\"_blank\" rel=\"noopener\">#Elisa Mar\u00eda D\u00edaz Gonz\u00e1lez<\/a> <a href=\"https:\/\/www.ull.es\/portal\/cienciaull\/enero\/\" target=\"_blank\" rel=\"noopener\">#Enero<\/a> <a href=\"https:\/\/www.ull.es\/portal\/cienciaull\/2025-2\/\" target=\"_blank\" rel=\"noopener\">#2025<\/a><\/strong><\/p>\n\t\t<\/div>\n\t\t\t\t<\/div>\n\t\t\t\t<div class=\"elementor-post__meta-data\">\n\t\t\t\t\t<span class=\"elementor-post-date\">\n\t\t\t28 enero, 2025\t\t<\/span>\n\t\t\t\t<span class=\"elementor-post-avatar\">\n\t\t\tNo hay comentarios\t\t<\/span>\n\t\t\t\t<\/div>\n\t\t\t\t\t<\/div>\n\t\t<\/article>\n\t\t\t\t<article class=\"elementor-post elementor-grid-item post-33097 post type-post status-publish format-standard has-post-thumbnail hentry category-ciencia-y-sociedad-2 category-reportajes tag-362 tag-alberto-isaac-ardevol-abreu tag-ciencia-y-sociedad tag-david-fuentefria-rodriguez tag-dia-del-periodista tag-enero tag-jose-luis-zurita tag-maria-dolores-meneses-fernandez tag-milena-trenta tag-patricia-adriana-delponti tag-reportajes tag-samuel-toledano-buendia\" target=\"_blank\" rel=\"noopener\">\n\t\t\t<div class=\"elementor-post__card\">\n\t\t\t\t<a class=\"elementor-post__thumbnail__link\" href=\"https:\/\/www.ull.es\/portal\/cienciaull\/el-periodismo-mas-necesario-que-nunca\/\"  target=\"_blank\" rel=\"noopener\"><div class=\"elementor-post__thumbnail\"><img loading=\"lazy\" width=\"1200\" height=\"800\" src=\"https:\/\/www.ull.es\/portal\/cienciaull\/wp-content\/uploads\/sites\/24\/2025\/01\/Dia-Periodismo-04.jpg\" class=\"attachment-full size-full wp-image-33152\" alt=\"\" decoding=\"async\" srcset=\"https:\/\/www.ull.es\/portal\/cienciaull\/wp-content\/uploads\/sites\/24\/2025\/01\/Dia-Periodismo-04.jpg 1200w, https:\/\/www.ull.es\/portal\/cienciaull\/wp-content\/uploads\/sites\/24\/2025\/01\/Dia-Periodismo-04-768x512.jpg 768w, https:\/\/www.ull.es\/portal\/cienciaull\/wp-content\/uploads\/sites\/24\/2025\/01\/Dia-Periodismo-04-375x250.jpg 375w, https:\/\/www.ull.es\/portal\/cienciaull\/wp-content\/uploads\/sites\/24\/2025\/01\/Dia-Periodismo-04-750x500.jpg 750w, https:\/\/www.ull.es\/portal\/cienciaull\/wp-content\/uploads\/sites\/24\/2025\/01\/Dia-Periodismo-04-1140x760.jpg 1140w\" sizes=\"(max-width: 1200px) 100vw, 1200px\" \/><\/div><\/a>\n\t\t\t\t<div class=\"elementor-post__avatar\">\n\t\t\t<img alt='gciencia' src='https:\/\/secure.gravatar.com\/avatar\/72ccd1b1a4ea47e7b66bc7cc6944b4e5?s=128&#038;d=mm&#038;r=g' srcset='https:\/\/secure.gravatar.com\/avatar\/72ccd1b1a4ea47e7b66bc7cc6944b4e5?s=256&#038;d=mm&#038;r=g 2x' class='avatar avatar-128 photo' height='128' width='128' loading='lazy' decoding='async'\/>\t\t<\/div>\n\t\t\t\t<div class=\"elementor-post__text\">\n\t\t\t\t<h3 class=\"elementor-post__title\">\n\t\t\t<a href=\"https:\/\/www.ull.es\/portal\/cienciaull\/el-periodismo-mas-necesario-que-nunca\/\"  target=\"_blank\" rel=\"noopener\">\n\t\t\t\tEl periodismo, m\u00e1s necesario que nunca\t\t\t<\/a>\n\t\t<\/h3>\n\t\t\t\t<div class=\"elementor-post__excerpt\">\n\t\t\t<p>Imagina qu\u00e9 hubiera pensado si el periodista del Washington Post Bob Woodward hubiera tenido acceso a internet en 1972. Seguramente las reuniones con \u201cGarganta profunda\u201d pasar\u00edan de la oscuridad de un parking a un chat de Telegram. Imagina qu\u00e9 cara hubiera puesto Miguel de la Quadra Salcedo o Jes\u00fas G\u00f3nzalez Green si le hubieran cambiado su pesada c\u00e1mara de cine&#8230;<\/p>\n<p><strong><a href=\"https:\/\/www.ull.es\/portal\/cienciaull\/ciencia-y-sociedad\/\" target=\"_blank\" rel=\"noopener\">#Ciencia y Sociedad<\/a> <a href=\"https:\/\/www.ull.es\/portal\/cienciaull\/dia-del-periodista\/\" target=\"_blank\" rel=\"noopener\">#D&iacute;a del Periodista<\/a> <a href=\"https:\/\/www.ull.es\/portal\/cienciaull\/jose-luis-zurita\/\" target=\"_blank\" rel=\"noopener\">#Jos\u00e9 Luis Zurita<\/a> <a href=\"https:\/\/www.ull.es\/portal\/cienciaull\/samuel-toledano-buendia\/\" target=\"_blank\" rel=\"noopener\">#Samuel Toledano Buend\u00eda<\/a> <a href=\"https:\/\/www.ull.es\/portal\/cienciaull\/alberto-isaac-ardevol-abreu\/\" target=\"_blank\" rel=\"noopener\">#Alberto Isaac Ard\u00e9vol Abreu<\/a> <a href=\"https:\/\/www.ull.es\/portal\/cienciaull\/patricia-adriana-delponti-2\/\" target=\"_blank\" rel=\"noopener\">#Patricia Adriana Delponti<\/a> <a href=\"https:\/\/www.ull.es\/portal\/cienciaull\/maria-dolores-meneses-fernandez\/\" target=\"_blank\" rel=\"noopener\">#Mar\u00eda Dolores Meneses Fern\u00e1ndez<\/a> <a href=\"https:\/\/www.ull.es\/portal\/cienciaull\/david-fuentefria-rodriguez\/\" target=\"_blank\" rel=\"noopener\">#David Fuentefria Rodr\u00edguez<\/a> <a href=\"https:\/\/www.ull.es\/portal\/cienciaull\/milena-trenta\/\" target=\"_blank\" rel=\"noopener\">#Milena Trenta<\/a> <a href=\"https:\/\/www.ull.es\/portal\/cienciaull\/enero\/\" target=\"_blank\" rel=\"noopener\">#enero<\/a> <a href=\"https:\/\/www.ull.es\/portal\/cienciaull\/2025-2\/\" target=\"_blank\" rel=\"noopener\">#2025<\/a><\/strong><\/p>\n\t\t<\/div>\n\t\t\t\t<\/div>\n\t\t\t\t<div class=\"elementor-post__meta-data\">\n\t\t\t\t\t<span class=\"elementor-post-date\">\n\t\t\t23 enero, 2025\t\t<\/span>\n\t\t\t\t<span class=\"elementor-post-avatar\">\n\t\t\tNo hay comentarios\t\t<\/span>\n\t\t\t\t<\/div>\n\t\t\t\t\t<\/div>\n\t\t<\/article>\n\t\t\t\t<article class=\"elementor-post elementor-grid-item post-28222 post type-post status-publish format-standard has-post-thumbnail hentry category-ciencia-y-tecnologia category-reportajes tag-220 tag-ciencia-y-tecnologia tag-dia-internacional-de-la-energia-limpia tag-enero tag-jorge-mendez-ramos tag-reportajes tag-ricardo-guerrero-lemus\" target=\"_blank\" rel=\"noopener\">\n\t\t\t<div class=\"elementor-post__card\">\n\t\t\t\t<a class=\"elementor-post__thumbnail__link\" href=\"https:\/\/www.ull.es\/portal\/cienciaull\/los-fosiles-de-canarias-un-tesoro-natural\/\"  target=\"_blank\" rel=\"noopener\"><div class=\"elementor-post__thumbnail\"><img loading=\"lazy\" width=\"1024\" height=\"683\" src=\"https:\/\/www.ull.es\/portal\/cienciaull\/wp-content\/uploads\/sites\/24\/2024\/04\/Jorge-Medez-Ricardo-Guerrero-01.jpg\" class=\"attachment-full size-full wp-image-28240\" alt=\"\" decoding=\"async\" srcset=\"https:\/\/www.ull.es\/portal\/cienciaull\/wp-content\/uploads\/sites\/24\/2024\/04\/Jorge-Medez-Ricardo-Guerrero-01.jpg 1024w, https:\/\/www.ull.es\/portal\/cienciaull\/wp-content\/uploads\/sites\/24\/2024\/04\/Jorge-Medez-Ricardo-Guerrero-01-300x200.jpg 300w, https:\/\/www.ull.es\/portal\/cienciaull\/wp-content\/uploads\/sites\/24\/2024\/04\/Jorge-Medez-Ricardo-Guerrero-01-768x512.jpg 768w, https:\/\/www.ull.es\/portal\/cienciaull\/wp-content\/uploads\/sites\/24\/2024\/04\/Jorge-Medez-Ricardo-Guerrero-01-375x250.jpg 375w, https:\/\/www.ull.es\/portal\/cienciaull\/wp-content\/uploads\/sites\/24\/2024\/04\/Jorge-Medez-Ricardo-Guerrero-01-750x500.jpg 750w\" sizes=\"(max-width: 1024px) 100vw, 1024px\" \/><\/div><\/a>\n\t\t\t\t<div class=\"elementor-post__avatar\">\n\t\t\t<img alt='gciencia' src='https:\/\/secure.gravatar.com\/avatar\/72ccd1b1a4ea47e7b66bc7cc6944b4e5?s=128&#038;d=mm&#038;r=g' srcset='https:\/\/secure.gravatar.com\/avatar\/72ccd1b1a4ea47e7b66bc7cc6944b4e5?s=256&#038;d=mm&#038;r=g 2x' class='avatar avatar-128 photo' height='128' width='128' loading='lazy' decoding='async'\/>\t\t<\/div>\n\t\t\t\t<div class=\"elementor-post__text\">\n\t\t\t\t<h3 class=\"elementor-post__title\">\n\t\t\t<a href=\"https:\/\/www.ull.es\/portal\/cienciaull\/los-fosiles-de-canarias-un-tesoro-natural\/\"  target=\"_blank\" rel=\"noopener\">\n\t\t\t\tEl reto de transitar a las energ\u00edas renovables\t\t\t<\/a>\n\t\t<\/h3>\n\t\t\t\t<div class=\"elementor-post__excerpt\">\n\t\t\t<p>La Tierra, con sus innumerables misterios enterrados en las capas de su historia, ha sido durante mucho tiempo un cofre del tesoro para los apasionados cazadores de f\u00f3siles y los incansables buscadores de respuestas sobre la vida que existi\u00f3 mucho antes de nuestra propia existencia&#8230;<\/p>\n<p><strong><a href=\"https:\/\/www.ull.es\/portal\/cienciaull\/ciencia-y-tecnologia\/\" target=\"_blank\" rel=\"noopener\">#Ciencia y Tecnolog\u00eda<\/a> <a href=\"https:\/\/www.ull.es\/portal\/cienciaull\/dia-internacional-de-la-energia-limpia\/\" target=\"_blank\" rel=\"noopener\">#D\u00eda Internacional de la Energ\u00eda Limpia<\/a> <a href=\"https:\/\/www.ull.es\/portal\/cienciaull\/ricardo-guerrero-lemus\/\" target=\"_blank\" rel=\"noopener\">#Ricardo Guerrero Lemus<\/a> <a href=\"https:\/\/www.ull.es\/portal\/cienciaull\/jorge-mendez-ramos\/\" target=\"_blank\" rel=\"noopener\">#Jorge M\u00e9ndez Ramos<\/a> <a href=\"https:\/\/www.ull.es\/portal\/cienciaull\/enero\/\" target=\"_blank\" rel=\"noopener\">#Enero<\/a> <a href=\"https:\/\/www.ull.es\/portal\/cienciaull\/2024-2\/\" target=\"_blank\" rel=\"noopener\">#2024<\/a><\/strong><\/p>\n\t\t<\/div>\n\t\t\t\t<\/div>\n\t\t\t\t<div class=\"elementor-post__meta-data\">\n\t\t\t\t\t<span class=\"elementor-post-date\">\n\t\t\t26 enero, 2024\t\t<\/span>\n\t\t\t\t<span class=\"elementor-post-avatar\">\n\t\t\tNo hay comentarios\t\t<\/span>\n\t\t\t\t<\/div>\n\t\t\t\t\t<\/div>\n\t\t<\/article>\n\t\t\t\t<article class=\"elementor-post elementor-grid-item post-28281 post type-post status-publish format-standard has-post-thumbnail hentry category-ciencia-y-sociedad-2 category-reportajes tag-220 tag-ciencia-y-sociedad tag-dia-internacional-de-la-educacion tag-enero tag-esperanza-ceballos-vacas tag-reportajes\" target=\"_blank\" rel=\"noopener\">\n\t\t\t<div class=\"elementor-post__card\">\n\t\t\t\t<a class=\"elementor-post__thumbnail__link\" href=\"https:\/\/www.ull.es\/portal\/cienciaull\/educando-al-profesorado-del-futuro\/\"  target=\"_blank\" rel=\"noopener\"><div class=\"elementor-post__thumbnail\"><img loading=\"lazy\" width=\"1024\" height=\"683\" src=\"https:\/\/www.ull.es\/portal\/cienciaull\/wp-content\/uploads\/sites\/24\/2024\/04\/Esperanza-Ceballos-02.jpg\" class=\"attachment-full size-full wp-image-28295\" alt=\"\" decoding=\"async\" srcset=\"https:\/\/www.ull.es\/portal\/cienciaull\/wp-content\/uploads\/sites\/24\/2024\/04\/Esperanza-Ceballos-02.jpg 1024w, https:\/\/www.ull.es\/portal\/cienciaull\/wp-content\/uploads\/sites\/24\/2024\/04\/Esperanza-Ceballos-02-300x200.jpg 300w, https:\/\/www.ull.es\/portal\/cienciaull\/wp-content\/uploads\/sites\/24\/2024\/04\/Esperanza-Ceballos-02-768x512.jpg 768w, https:\/\/www.ull.es\/portal\/cienciaull\/wp-content\/uploads\/sites\/24\/2024\/04\/Esperanza-Ceballos-02-375x250.jpg 375w, https:\/\/www.ull.es\/portal\/cienciaull\/wp-content\/uploads\/sites\/24\/2024\/04\/Esperanza-Ceballos-02-750x500.jpg 750w\" sizes=\"(max-width: 1024px) 100vw, 1024px\" \/><\/div><\/a>\n\t\t\t\t<div class=\"elementor-post__avatar\">\n\t\t\t<img alt='gciencia' src='https:\/\/secure.gravatar.com\/avatar\/72ccd1b1a4ea47e7b66bc7cc6944b4e5?s=128&#038;d=mm&#038;r=g' srcset='https:\/\/secure.gravatar.com\/avatar\/72ccd1b1a4ea47e7b66bc7cc6944b4e5?s=256&#038;d=mm&#038;r=g 2x' class='avatar avatar-128 photo' height='128' width='128' loading='lazy' decoding='async'\/>\t\t<\/div>\n\t\t\t\t<div class=\"elementor-post__text\">\n\t\t\t\t<h3 class=\"elementor-post__title\">\n\t\t\t<a href=\"https:\/\/www.ull.es\/portal\/cienciaull\/educando-al-profesorado-del-futuro\/\"  target=\"_blank\" rel=\"noopener\">\n\t\t\t\tEducando al profesorado del futuro\t\t\t<\/a>\n\t\t<\/h3>\n\t\t\t\t<div class=\"elementor-post__excerpt\">\n\t\t\t<p>Todas las esperanzas se ponen en ella. Se le exige a la educaci\u00f3n que solucione los grandes males de la sociedad. O\u00edmos constantemente que todo debe empezar en la escuela, por eso, la erigimos como nuestra tabla de salvaci\u00f3n social. La violencia de g\u00e9nero, pobreza, delincuencia, analfabetismo, falta de pensamiento cr\u00edtico, inclusi\u00f3n, diferencias sociales&#8230;<br \/>\n<strong><a href=\"https:\/\/www.ull.es\/portal\/cienciaull\/ciencia-y-sociedad\/\" target=\"_blank\" rel=\"noopener\">#Ciencia y Sociedad<\/a> <a href=\"https:\/\/www.ull.es\/portal\/cienciaull\/dia-internacional-de-la-educacion\/\" target=\"_blank\" rel=\"noopener\">#D\u00eda Internacional de la Educaci\u00f3n<\/a> <a href=\"https:\/\/www.ull.es\/portal\/cienciaull\/esperanza-ceballos-vacas\/\" target=\"_blank\" rel=\"noopener\">#Esperanza Ceballos Vacas<\/a> <a href=\"https:\/\/www.ull.es\/portal\/cienciaull\/enero\/\" target=\"_blank\" rel=\"noopener\">#Enero<\/a> <a href=\"https:\/\/www.ull.es\/portal\/cienciaull\/2024-2\/\" target=\"_blank\" rel=\"noopener\">#2024<\/a><\/strong><\/p>\n\t\t<\/div>\n\t\t\t\t<\/div>\n\t\t\t\t<div class=\"elementor-post__meta-data\">\n\t\t\t\t\t<span class=\"elementor-post-date\">\n\t\t\t24 enero, 2024\t\t<\/span>\n\t\t\t\t<span class=\"elementor-post-avatar\">\n\t\t\tNo hay comentarios\t\t<\/span>\n\t\t\t\t<\/div>\n\t\t\t\t\t<\/div>\n\t\t<\/article>\n\t\t\t\t<\/div>\n\t\t\n\t\t\t\t<\/div>\n\t\t\t\t<\/div>\n\t\t\t\t\t<\/div>\n\t\t\t\t<\/div>\n\t\t\t\t\t\t\t<\/div>\n\t\t","protected":false},"excerpt":{"rendered":"Desentra\u00f1ando el fen\u00f3meno migratorio lunes 18 de diciembre de 2023 - 10:10 GMT+0000 FacebookXWhatsAppCopy Link Fotos: Emeterio Su\u00e1rez En Canarias, y especialmente en Tenerife, la inmigraci\u00f3n de origen extranjero ha continuado siendo el factor clave del crecimiento demogr\u00e1fico durante el siglo XXI. Su contribuci\u00f3n representa aproximadamente el 75% del incremento que se ha experimentado desde...","protected":false},"author":56,"featured_media":0,"parent":0,"menu_order":0,"comment_status":"closed","ping_status":"closed","template":"","meta":{"inline_featured_image":false,"footnotes":""},"acf":[],"yoast_head":"<!-- This site is optimized with the Yoast SEO plugin v21.3 - https:\/\/yoast.com\/wordpress\/plugins\/seo\/ -->\n<title>#Enero -<\/title>\n<meta name=\"robots\" content=\"index, follow, max-snippet:-1, max-image-preview:large, max-video-preview:-1\" \/>\n<link rel=\"canonical\" href=\"https:\/\/www.ull.es\/portal\/cienciaull\/enero\/\" \/>\n<meta property=\"og:locale\" content=\"es_ES\" \/>\n<meta property=\"og:type\" content=\"article\" \/>\n<meta property=\"og:title\" content=\"#Enero -\" \/>\n<meta property=\"og:url\" content=\"https:\/\/www.ull.es\/portal\/cienciaull\/enero\/\" \/>\n<meta property=\"article:publisher\" content=\"https:\/\/www.facebook.com\/CienciaULL\/\" \/>\n<meta property=\"article:modified_time\" content=\"2025-01-30T10:53:30+00:00\" \/>\n<meta property=\"og:image\" content=\"https:\/\/www.ull.es\/portal\/cienciaull\/wp-content\/uploads\/sites\/24\/2024\/04\/banner_2024-1-1140x428.jpg\" \/>\n<meta name=\"twitter:card\" content=\"summary_large_image\" \/>\n<meta name=\"twitter:site\" content=\"@CienciaULL\" \/>\n<meta name=\"twitter:label1\" content=\"Tiempo de lectura\" \/>\n\t<meta name=\"twitter:data1\" content=\"6 minutos\" \/>\n<script type=\"application\/ld+json\" class=\"yoast-schema-graph\">{\"@context\":\"https:\/\/schema.org\",\"@graph\":[{\"@type\":\"WebPage\",\"@id\":\"https:\/\/www.ull.es\/portal\/cienciaull\/enero\/\",\"url\":\"https:\/\/www.ull.es\/portal\/cienciaull\/enero\/\",\"name\":\"#Enero -\",\"isPartOf\":{\"@id\":\"https:\/\/www.ull.es\/portal\/cienciaull\/#website\"},\"datePublished\":\"2024-05-06T11:38:28+00:00\",\"dateModified\":\"2025-01-30T10:53:30+00:00\",\"breadcrumb\":{\"@id\":\"https:\/\/www.ull.es\/portal\/cienciaull\/enero\/#breadcrumb\"},\"inLanguage\":\"es\",\"potentialAction\":[{\"@type\":\"ReadAction\",\"target\":[\"https:\/\/www.ull.es\/portal\/cienciaull\/enero\/\"]}]},{\"@type\":\"BreadcrumbList\",\"@id\":\"https:\/\/www.ull.es\/portal\/cienciaull\/enero\/#breadcrumb\",\"itemListElement\":[{\"@type\":\"ListItem\",\"position\":1,\"name\":\"Portada\",\"item\":\"https:\/\/www.ull.es\/portal\/cienciaull\/\"},{\"@type\":\"ListItem\",\"position\":2,\"name\":\"#Enero\"}]},{\"@type\":\"WebSite\",\"@id\":\"https:\/\/www.ull.es\/portal\/cienciaull\/#website\",\"url\":\"https:\/\/www.ull.es\/portal\/cienciaull\/\",\"name\":\"\",\"description\":\"Unidad de Cultura Cient\u00edfica y de la Innovaci\u00f3n de la Universidad de La Laguna\",\"potentialAction\":[{\"@type\":\"SearchAction\",\"target\":{\"@type\":\"EntryPoint\",\"urlTemplate\":\"https:\/\/www.ull.es\/portal\/cienciaull\/?s={search_term_string}\"},\"query-input\":\"required name=search_term_string\"}],\"inLanguage\":\"es\"}]}<\/script>\n<!-- \/ Yoast SEO plugin. -->","yoast_head_json":{"title":"#Enero -","robots":{"index":"index","follow":"follow","max-snippet":"max-snippet:-1","max-image-preview":"max-image-preview:large","max-video-preview":"max-video-preview:-1"},"canonical":"https:\/\/www.ull.es\/portal\/cienciaull\/enero\/","og_locale":"es_ES","og_type":"article","og_title":"#Enero -","og_url":"https:\/\/www.ull.es\/portal\/cienciaull\/enero\/","article_publisher":"https:\/\/www.facebook.com\/CienciaULL\/","article_modified_time":"2025-01-30T10:53:30+00:00","og_image":[{"url":"https:\/\/www.ull.es\/portal\/cienciaull\/wp-content\/uploads\/sites\/24\/2024\/04\/banner_2024-1-1140x428.jpg"}],"twitter_card":"summary_large_image","twitter_site":"@CienciaULL","twitter_misc":{"Tiempo de lectura":"6 minutos"},"schema":{"@context":"https:\/\/schema.org","@graph":[{"@type":"WebPage","@id":"https:\/\/www.ull.es\/portal\/cienciaull\/enero\/","url":"https:\/\/www.ull.es\/portal\/cienciaull\/enero\/","name":"#Enero -","isPartOf":{"@id":"https:\/\/www.ull.es\/portal\/cienciaull\/#website"},"datePublished":"2024-05-06T11:38:28+00:00","dateModified":"2025-01-30T10:53:30+00:00","breadcrumb":{"@id":"https:\/\/www.ull.es\/portal\/cienciaull\/enero\/#breadcrumb"},"inLanguage":"es","potentialAction":[{"@type":"ReadAction","target":["https:\/\/www.ull.es\/portal\/cienciaull\/enero\/"]}]},{"@type":"BreadcrumbList","@id":"https:\/\/www.ull.es\/portal\/cienciaull\/enero\/#breadcrumb","itemListElement":[{"@type":"ListItem","position":1,"name":"Portada","item":"https:\/\/www.ull.es\/portal\/cienciaull\/"},{"@type":"ListItem","position":2,"name":"#Enero"}]},{"@type":"WebSite","@id":"https:\/\/www.ull.es\/portal\/cienciaull\/#website","url":"https:\/\/www.ull.es\/portal\/cienciaull\/","name":"","description":"Unidad de Cultura Cient\u00edfica y de la Innovaci\u00f3n de la Universidad de La Laguna","potentialAction":[{"@type":"SearchAction","target":{"@type":"EntryPoint","urlTemplate":"https:\/\/www.ull.es\/portal\/cienciaull\/?s={search_term_string}"},"query-input":"required name=search_term_string"}],"inLanguage":"es"}]}},"_links":{"self":[{"href":"https:\/\/www.ull.es\/portal\/cienciaull\/wp-json\/wp\/v2\/pages\/29235"}],"collection":[{"href":"https:\/\/www.ull.es\/portal\/cienciaull\/wp-json\/wp\/v2\/pages"}],"about":[{"href":"https:\/\/www.ull.es\/portal\/cienciaull\/wp-json\/wp\/v2\/types\/page"}],"author":[{"embeddable":true,"href":"https:\/\/www.ull.es\/portal\/cienciaull\/wp-json\/wp\/v2\/users\/56"}],"replies":[{"embeddable":true,"href":"https:\/\/www.ull.es\/portal\/cienciaull\/wp-json\/wp\/v2\/comments?post=29235"}],"version-history":[{"count":7,"href":"https:\/\/www.ull.es\/portal\/cienciaull\/wp-json\/wp\/v2\/pages\/29235\/revisions"}],"predecessor-version":[{"id":33234,"href":"https:\/\/www.ull.es\/portal\/cienciaull\/wp-json\/wp\/v2\/pages\/29235\/revisions\/33234"}],"wp:attachment":[{"href":"https:\/\/www.ull.es\/portal\/cienciaull\/wp-json\/wp\/v2\/media?parent=29235"}],"curies":[{"name":"wp","href":"https:\/\/api.w.org\/{rel}","templated":true}]}}