{"id":37408,"date":"2026-04-20T08:41:48","date_gmt":"2026-04-20T08:41:48","guid":{"rendered":"https:\/\/www.ull.es\/portal\/cienciaull\/?page_id=37408"},"modified":"2026-04-20T08:50:39","modified_gmt":"2026-04-20T08:50:39","slug":"taller-23-el-poder-de-la-presion-atmosferica","status":"publish","type":"page","link":"https:\/\/www.ull.es\/portal\/cienciaull\/laboratorio-virtual-conecta-cienciull\/ciencia-y-tecnologia\/taller-23-el-poder-de-la-presion-atmosferica\/","title":{"rendered":"Taller 23. \u00abEl poder de la  presi\u00f3n atmosf\u00e9rica\u00bb"},"content":{"rendered":"<p>[vc_row][vc_column][vc_custom_heading source=\u00bbpost_title\u00bb font_container=\u00bbtag:h2|text_align:left|color:%23dd9933&#8243; google_fonts=\u00bbfont_family:Roboto%20Slab%3A100%2C300%2Cregular%2C700|font_style:700%20bold%20regular%3A700%3Anormal\u00bb][vc_video link=\u00bbhttps:\/\/youtu.be\/jVdlDuyeGBo\u00bb][vc_empty_space][vc_column_text]<\/p>\n<table style=\"height: 31px\" width=\"969\">\n<tbody>\n<tr>\n<td width=\"118\"><strong>Breve descripci\u00f3n<\/strong><\/td>\n<\/tr>\n<tr>\n<td style=\"text-align: justify\"><span style=\"font-weight: 400\">En este taller se explorar\u00e1 el papel de la presi\u00f3n atmosf\u00e9rica y c\u00f3mo su presencia afecta a diversos fen\u00f3menos f\u00edsicos cotidianos.<br \/>\nA trav\u00e9s de una serie de experimentos sencillos se mostrar\u00e1 qu\u00e9 ocurre cuando esta presi\u00f3n disminuye o desaparece. Se observar\u00e1n<br \/>\nfen\u00f3menos como la ebullici\u00f3n del agua a baja presi\u00f3n, la expansi\u00f3n de gases al reducir la presi\u00f3n externa y la implosi\u00f3n de recipientes<br \/>\ndebido a diferencias de presi\u00f3n. Estos experimentos permiten comprender algunos de los efectos de las bajas presiones y <\/span><span style=\"font-weight: 400\">relacionarlos con situaciones reales, como los cambios en el punto de ebullici\u00f3n con la altitud o los riesgos asociados a entornos industriales donde pueden producirse diferencias importantes de presi\u00f3n.<\/span><\/td>\n<\/tr>\n<\/tbody>\n<\/table>\n<p>[\/vc_column_text][vc_column_text]<\/p>\n<table style=\"height: 92px\" width=\"653\">\n<tbody>\n<tr>\n<td width=\"152\"><strong>Publico al que se dirige<\/strong><\/td>\n<td width=\"80\"><strong>Duraci\u00f3n<\/strong><\/td>\n<\/tr>\n<tr>\n<td><span style=\"font-weight: 400\">Alumnado de ESO y Bachillerato<\/span><\/td>\n<td><span style=\"font-weight: 400\">10 min<\/span><\/td>\n<\/tr>\n<\/tbody>\n<\/table>\n<p>[\/vc_column_text][vc_column_text]<\/p>\n<table style=\"height: 116px\" width=\"367\">\n<tbody>\n<tr>\n<td width=\"152\"><strong>Materiales y recursos<\/strong><\/td>\n<\/tr>\n<tr>\n<td>\n<table>\n<tbody>\n<tr>\n<td colspan=\"2\">\n<ul>\n<li style=\"font-weight: 400\"><span style=\"font-weight: 400\">Campana de vac\u00edo con bomba de vac\u00edo<\/span><\/li>\n<li style=\"font-weight: 400\"><span style=\"font-weight: 400\">Recipiente transparente<\/span><\/li>\n<li style=\"font-weight: 400\"><span style=\"font-weight: 400\">Jeringuilla<\/span><\/li>\n<li style=\"font-weight: 400\"><span style=\"font-weight: 400\">Cinta adhesiva<\/span><\/li>\n<\/ul>\n<\/td>\n<td colspan=\"2\">\n<ul>\n<li style=\"font-weight: 400\"><span style=\"font-weight: 400\">Marshmallow<\/span><\/li>\n<li style=\"font-weight: 400\"><span style=\"font-weight: 400\">Lata de refresco vac\u00eda<\/span><\/li>\n<li style=\"font-weight: 400\"><span style=\"font-weight: 400\">Fuente de calor<\/span><\/li>\n<li style=\"font-weight: 400\"><span style=\"font-weight: 400\">Recipiente transparente con agua con hielo<\/span><\/li>\n<\/ul>\n<\/td>\n<\/tr>\n<\/tbody>\n<\/table>\n<\/td>\n<\/tr>\n<\/tbody>\n<\/table>\n<p>[\/vc_column_text][vc_column_text]<\/p>\n<table style=\"height: 71px\" width=\"390\">\n<tbody>\n<tr>\n<td width=\"152\"><strong>Investigador<\/strong><\/td>\n<td width=\"152\">Aar\u00f3n Miguel Acevedo Rever\u00f3n<\/td>\n<\/tr>\n<tr>\n<td><strong>Departamento<\/strong><\/td>\n<td>Ingenier\u00eda Civil, N\u00e1utica y Mar\u00edtima<\/td>\n<\/tr>\n<\/tbody>\n<\/table>\n<p>[\/vc_column_text][vc_empty_space][vc_btn title=\u00bbDescargar ficha del taller\u00bb color=\u00bborange\u00bb align=\u00bbcenter\u00bb link=\u00bburl:https%3A%2F%2Fdrive.google.com%2Ffile%2Fd%2F1Evkw5x0cdqP7eUjpMd1jAvSBR3SLxF1O%2Fview%3Fusp%3Dsharing|target:_blank\u00bb][\/vc_column][\/vc_row]<\/p>\n","protected":false},"excerpt":{"rendered":"<p>[vc_row][vc_column][vc_custom_heading source=\u00bbpost_title\u00bb font_container=\u00bbtag:h2|text_align:left|color:%23dd9933&#8243; google_fonts=\u00bbfont_family:Roboto%20Slab%3A100%2C300%2Cregular%2C700|font_style:700%20bold%20regular%3A700%3Anormal\u00bb][vc_video link=\u00bbhttps:\/\/youtu.be\/jVdlDuyeGBo\u00bb][vc_empty_space][vc_column_text] Breve descripci\u00f3n En este taller se explorar\u00e1 el papel de la presi\u00f3n atmosf\u00e9rica y c\u00f3mo su presencia afecta a diversos fen\u00f3menos f\u00edsicos cotidianos. A trav\u00e9s de una serie de experimentos sencillos se mostrar\u00e1 qu\u00e9 ocurre cuando esta presi\u00f3n disminuye o desaparece. Se observar\u00e1n fen\u00f3menos como la ebullici\u00f3n del agua a&#8230;<\/p>\n","protected":false},"author":56,"featured_media":0,"parent":27036,"menu_order":23,"comment_status":"closed","ping_status":"closed","template":"","meta":{"inline_featured_image":false,"footnotes":""},"acf":[],"yoast_head":"<!-- This site is optimized with the Yoast SEO plugin v21.3 - https:\/\/yoast.com\/wordpress\/plugins\/seo\/ -->\n<title>Taller 23. \u00abEl poder de la presi\u00f3n atmosf\u00e9rica\u00bb -<\/title>\n<meta name=\"robots\" content=\"index, follow, max-snippet:-1, max-image-preview:large, max-video-preview:-1\" \/>\n<link rel=\"canonical\" href=\"https:\/\/www.ull.es\/portal\/cienciaull\/laboratorio-virtual-conecta-cienciull\/ciencia-y-tecnologia\/taller-23-el-poder-de-la-presion-atmosferica\/\" \/>\n<meta property=\"og:locale\" content=\"es_ES\" \/>\n<meta property=\"og:type\" content=\"article\" \/>\n<meta property=\"og:title\" content=\"Taller 23. \u00abEl poder de la presi\u00f3n atmosf\u00e9rica\u00bb -\" \/>\n<meta property=\"og:description\" content=\"[vc_row][vc_column][vc_custom_heading source=\u00bbpost_title\u00bb font_container=\u00bbtag:h2|text_align:left|color:%23dd9933&#8243; google_fonts=\u00bbfont_family:Roboto%20Slab%3A100%2C300%2Cregular%2C700|font_style:700%20bold%20regular%3A700%3Anormal\u00bb][vc_video link=\u00bbhttps:\/\/youtu.be\/jVdlDuyeGBo\u00bb][vc_empty_space][vc_column_text] Breve descripci\u00f3n En este taller se explorar\u00e1 el papel de la presi\u00f3n atmosf\u00e9rica y c\u00f3mo su presencia afecta a diversos fen\u00f3menos f\u00edsicos cotidianos. A trav\u00e9s de una serie de experimentos sencillos se mostrar\u00e1 qu\u00e9 ocurre cuando esta presi\u00f3n disminuye o desaparece. Se observar\u00e1n fen\u00f3menos como la ebullici\u00f3n del agua a...\" \/>\n<meta property=\"og:url\" content=\"https:\/\/www.ull.es\/portal\/cienciaull\/laboratorio-virtual-conecta-cienciull\/ciencia-y-tecnologia\/taller-23-el-poder-de-la-presion-atmosferica\/\" \/>\n<meta property=\"article:publisher\" content=\"https:\/\/www.facebook.com\/CienciaULL\/\" \/>\n<meta property=\"article:modified_time\" content=\"2026-04-20T08:50:39+00:00\" \/>\n<meta name=\"twitter:card\" content=\"summary_large_image\" \/>\n<meta name=\"twitter:site\" content=\"@CienciaULL\" \/>\n<meta name=\"twitter:label1\" content=\"Tiempo de lectura\" \/>\n\t<meta name=\"twitter:data1\" content=\"1 minuto\" \/>\n<script type=\"application\/ld+json\" class=\"yoast-schema-graph\">{\"@context\":\"https:\/\/schema.org\",\"@graph\":[{\"@type\":\"WebPage\",\"@id\":\"https:\/\/www.ull.es\/portal\/cienciaull\/laboratorio-virtual-conecta-cienciull\/ciencia-y-tecnologia\/taller-23-el-poder-de-la-presion-atmosferica\/\",\"url\":\"https:\/\/www.ull.es\/portal\/cienciaull\/laboratorio-virtual-conecta-cienciull\/ciencia-y-tecnologia\/taller-23-el-poder-de-la-presion-atmosferica\/\",\"name\":\"Taller 23. \u00abEl poder de la presi\u00f3n atmosf\u00e9rica\u00bb -\",\"isPartOf\":{\"@id\":\"https:\/\/www.ull.es\/portal\/cienciaull\/#website\"},\"datePublished\":\"2026-04-20T08:41:48+00:00\",\"dateModified\":\"2026-04-20T08:50:39+00:00\",\"breadcrumb\":{\"@id\":\"https:\/\/www.ull.es\/portal\/cienciaull\/laboratorio-virtual-conecta-cienciull\/ciencia-y-tecnologia\/taller-23-el-poder-de-la-presion-atmosferica\/#breadcrumb\"},\"inLanguage\":\"es\",\"potentialAction\":[{\"@type\":\"ReadAction\",\"target\":[\"https:\/\/www.ull.es\/portal\/cienciaull\/laboratorio-virtual-conecta-cienciull\/ciencia-y-tecnologia\/taller-23-el-poder-de-la-presion-atmosferica\/\"]}]},{\"@type\":\"BreadcrumbList\",\"@id\":\"https:\/\/www.ull.es\/portal\/cienciaull\/laboratorio-virtual-conecta-cienciull\/ciencia-y-tecnologia\/taller-23-el-poder-de-la-presion-atmosferica\/#breadcrumb\",\"itemListElement\":[{\"@type\":\"ListItem\",\"position\":1,\"name\":\"Portada\",\"item\":\"https:\/\/www.ull.es\/portal\/cienciaull\/\"},{\"@type\":\"ListItem\",\"position\":2,\"name\":\"Laboratorio Virtual Conecta Cienci@ULL\",\"item\":\"https:\/\/www.ull.es\/portal\/cienciaull\/laboratorio-virtual-conecta-cienciull\/\"},{\"@type\":\"ListItem\",\"position\":3,\"name\":\"Ciencia y Tecnolog\u00eda\",\"item\":\"https:\/\/www.ull.es\/portal\/cienciaull\/laboratorio-virtual-conecta-cienciull\/ciencia-y-tecnologia\/\"},{\"@type\":\"ListItem\",\"position\":4,\"name\":\"Taller 23. \u00abEl poder de la presi\u00f3n atmosf\u00e9rica\u00bb\"}]},{\"@type\":\"WebSite\",\"@id\":\"https:\/\/www.ull.es\/portal\/cienciaull\/#website\",\"url\":\"https:\/\/www.ull.es\/portal\/cienciaull\/\",\"name\":\"\",\"description\":\"Unidad de Cultura Cient\u00edfica y de la Innovaci\u00f3n de la Universidad de La Laguna\",\"potentialAction\":[{\"@type\":\"SearchAction\",\"target\":{\"@type\":\"EntryPoint\",\"urlTemplate\":\"https:\/\/www.ull.es\/portal\/cienciaull\/?s={search_term_string}\"},\"query-input\":\"required name=search_term_string\"}],\"inLanguage\":\"es\"}]}<\/script>\n<!-- \/ Yoast SEO plugin. -->","yoast_head_json":{"title":"Taller 23. \u00abEl poder de la presi\u00f3n atmosf\u00e9rica\u00bb -","robots":{"index":"index","follow":"follow","max-snippet":"max-snippet:-1","max-image-preview":"max-image-preview:large","max-video-preview":"max-video-preview:-1"},"canonical":"https:\/\/www.ull.es\/portal\/cienciaull\/laboratorio-virtual-conecta-cienciull\/ciencia-y-tecnologia\/taller-23-el-poder-de-la-presion-atmosferica\/","og_locale":"es_ES","og_type":"article","og_title":"Taller 23. \u00abEl poder de la presi\u00f3n atmosf\u00e9rica\u00bb -","og_description":"[vc_row][vc_column][vc_custom_heading source=\u00bbpost_title\u00bb font_container=\u00bbtag:h2|text_align:left|color:%23dd9933&#8243; google_fonts=\u00bbfont_family:Roboto%20Slab%3A100%2C300%2Cregular%2C700|font_style:700%20bold%20regular%3A700%3Anormal\u00bb][vc_video link=\u00bbhttps:\/\/youtu.be\/jVdlDuyeGBo\u00bb][vc_empty_space][vc_column_text] Breve descripci\u00f3n En este taller se explorar\u00e1 el papel de la presi\u00f3n atmosf\u00e9rica y c\u00f3mo su presencia afecta a diversos fen\u00f3menos f\u00edsicos cotidianos. A trav\u00e9s de una serie de experimentos sencillos se mostrar\u00e1 qu\u00e9 ocurre cuando esta presi\u00f3n disminuye o desaparece. Se observar\u00e1n fen\u00f3menos como la ebullici\u00f3n del agua a...","og_url":"https:\/\/www.ull.es\/portal\/cienciaull\/laboratorio-virtual-conecta-cienciull\/ciencia-y-tecnologia\/taller-23-el-poder-de-la-presion-atmosferica\/","article_publisher":"https:\/\/www.facebook.com\/CienciaULL\/","article_modified_time":"2026-04-20T08:50:39+00:00","twitter_card":"summary_large_image","twitter_site":"@CienciaULL","twitter_misc":{"Tiempo de lectura":"1 minuto"},"schema":{"@context":"https:\/\/schema.org","@graph":[{"@type":"WebPage","@id":"https:\/\/www.ull.es\/portal\/cienciaull\/laboratorio-virtual-conecta-cienciull\/ciencia-y-tecnologia\/taller-23-el-poder-de-la-presion-atmosferica\/","url":"https:\/\/www.ull.es\/portal\/cienciaull\/laboratorio-virtual-conecta-cienciull\/ciencia-y-tecnologia\/taller-23-el-poder-de-la-presion-atmosferica\/","name":"Taller 23. \u00abEl poder de la presi\u00f3n atmosf\u00e9rica\u00bb -","isPartOf":{"@id":"https:\/\/www.ull.es\/portal\/cienciaull\/#website"},"datePublished":"2026-04-20T08:41:48+00:00","dateModified":"2026-04-20T08:50:39+00:00","breadcrumb":{"@id":"https:\/\/www.ull.es\/portal\/cienciaull\/laboratorio-virtual-conecta-cienciull\/ciencia-y-tecnologia\/taller-23-el-poder-de-la-presion-atmosferica\/#breadcrumb"},"inLanguage":"es","potentialAction":[{"@type":"ReadAction","target":["https:\/\/www.ull.es\/portal\/cienciaull\/laboratorio-virtual-conecta-cienciull\/ciencia-y-tecnologia\/taller-23-el-poder-de-la-presion-atmosferica\/"]}]},{"@type":"BreadcrumbList","@id":"https:\/\/www.ull.es\/portal\/cienciaull\/laboratorio-virtual-conecta-cienciull\/ciencia-y-tecnologia\/taller-23-el-poder-de-la-presion-atmosferica\/#breadcrumb","itemListElement":[{"@type":"ListItem","position":1,"name":"Portada","item":"https:\/\/www.ull.es\/portal\/cienciaull\/"},{"@type":"ListItem","position":2,"name":"Laboratorio Virtual Conecta Cienci@ULL","item":"https:\/\/www.ull.es\/portal\/cienciaull\/laboratorio-virtual-conecta-cienciull\/"},{"@type":"ListItem","position":3,"name":"Ciencia y Tecnolog\u00eda","item":"https:\/\/www.ull.es\/portal\/cienciaull\/laboratorio-virtual-conecta-cienciull\/ciencia-y-tecnologia\/"},{"@type":"ListItem","position":4,"name":"Taller 23. \u00abEl poder de la presi\u00f3n atmosf\u00e9rica\u00bb"}]},{"@type":"WebSite","@id":"https:\/\/www.ull.es\/portal\/cienciaull\/#website","url":"https:\/\/www.ull.es\/portal\/cienciaull\/","name":"","description":"Unidad de Cultura Cient\u00edfica y de la Innovaci\u00f3n de la Universidad de La Laguna","potentialAction":[{"@type":"SearchAction","target":{"@type":"EntryPoint","urlTemplate":"https:\/\/www.ull.es\/portal\/cienciaull\/?s={search_term_string}"},"query-input":"required name=search_term_string"}],"inLanguage":"es"}]}},"_links":{"self":[{"href":"https:\/\/www.ull.es\/portal\/cienciaull\/wp-json\/wp\/v2\/pages\/37408"}],"collection":[{"href":"https:\/\/www.ull.es\/portal\/cienciaull\/wp-json\/wp\/v2\/pages"}],"about":[{"href":"https:\/\/www.ull.es\/portal\/cienciaull\/wp-json\/wp\/v2\/types\/page"}],"author":[{"embeddable":true,"href":"https:\/\/www.ull.es\/portal\/cienciaull\/wp-json\/wp\/v2\/users\/56"}],"replies":[{"embeddable":true,"href":"https:\/\/www.ull.es\/portal\/cienciaull\/wp-json\/wp\/v2\/comments?post=37408"}],"version-history":[{"count":3,"href":"https:\/\/www.ull.es\/portal\/cienciaull\/wp-json\/wp\/v2\/pages\/37408\/revisions"}],"predecessor-version":[{"id":37410,"href":"https:\/\/www.ull.es\/portal\/cienciaull\/wp-json\/wp\/v2\/pages\/37408\/revisions\/37410"}],"up":[{"embeddable":true,"href":"https:\/\/www.ull.es\/portal\/cienciaull\/wp-json\/wp\/v2\/pages\/27036"}],"wp:attachment":[{"href":"https:\/\/www.ull.es\/portal\/cienciaull\/wp-json\/wp\/v2\/media?parent=37408"}],"curies":[{"name":"wp","href":"https:\/\/api.w.org\/{rel}","templated":true}]}}