{"id":39861,"date":"2026-09-01T13:21:44","date_gmt":"2026-09-01T13:21:44","guid":{"rendered":"https:\/\/www.ull.es\/portal\/cienciaull\/?page_id=39861"},"modified":"2026-09-01T14:07:27","modified_gmt":"2026-09-01T14:07:27","slug":"vii-edicion-del-concurso-de-maletas-cientificas","status":"publish","type":"page","link":"https:\/\/www.ull.es\/portal\/cienciaull\/vii-edicion-del-concurso-de-maletas-cientificas\/","title":{"rendered":"VII Edici\u00f3n del concurso de Maletas Cient\u00edficas"},"content":{"rendered":"<p>[vc_row][vc_column]\n<div id=\"rev_slider_397_1_wrapper\" class=\"rev_slider_wrapper fullwidthbanner-container\" data-source=\"gallery\" style=\"margin:0px auto;background:transparent;padding:0px;margin-top:0px;margin-bottom:0px;\">\n<!-- START REVOLUTION SLIDER 5.4.7.3 auto mode -->\n\t<div id=\"rev_slider_397_1\" class=\"rev_slider fullwidthabanner\" style=\"display:none;\" data-version=\"5.4.7.3\">\n<ul>\t<!-- SLIDE  -->\n\t<li data-index=\"rs-464\" data-transition=\"fade\" data-slotamount=\"default\" data-hideafterloop=\"0\" data-hideslideonmobile=\"off\"  data-easein=\"default\" data-easeout=\"default\" data-masterspeed=\"300\"  data-rotate=\"0\"  data-saveperformance=\"off\"  data-title=\"Slide\" data-param1=\"\" data-param2=\"\" data-param3=\"\" data-param4=\"\" data-param5=\"\" data-param6=\"\" data-param7=\"\" data-param8=\"\" data-param9=\"\" data-param10=\"\" data-description=\"\">\n\t\t<!-- MAIN IMAGE -->\n\t\t<img src=\"https:\/\/www.ull.es\/portal\/cienciaull\/wp-content\/plugins\/revslider\/admin\/assets\/images\/transparent.png\"  alt=\"\" title=\"VII Edici\u00f3n del concurso de Maletas Cient\u00edficas\"  data-bgposition=\"center center\" data-bgfit=\"cover\" data-bgrepeat=\"no-repeat\" class=\"rev-slidebg\" data-no-retina>\n\t\t<!-- LAYERS -->\n\n\t\t<!-- LAYER NR. 1 -->\n\t\t<div class=\"tp-caption   tp-resizeme\" \n\t\t\t id=\"slide-464-layer-5\" \n\t\t\t data-x=\"5\" \n\t\t\t data-y=\"23\" \n\t\t\t\t\t\tdata-width=\"['none','none','none','none']\"\n\t\t\tdata-height=\"['none','none','none','none']\"\n \n\t\t\tdata-type=\"image\" \n\t\t\tdata-responsive_offset=\"on\" \n\n\t\t\tdata-frames='[{\"delay\":0,\"speed\":300,\"frame\":\"0\",\"from\":\"opacity:0;\",\"to\":\"o:1;\",\"ease\":\"Power3.easeInOut\"},{\"delay\":\"wait\",\"speed\":300,\"frame\":\"999\",\"to\":\"opacity:0;\",\"ease\":\"Power3.easeInOut\"}]'\n\t\t\tdata-textAlign=\"['inherit','inherit','inherit','inherit']\"\n\t\t\tdata-paddingtop=\"[0,0,0,0]\"\n\t\t\tdata-paddingright=\"[0,0,0,0]\"\n\t\t\tdata-paddingbottom=\"[0,0,0,0]\"\n\t\t\tdata-paddingleft=\"[0,0,0,0]\"\n\n\t\t\tstyle=\"z-index: 6;\"><img src=\"https:\/\/www.ull.es\/portal\/cienciaull\/wp-content\/uploads\/sites\/24\/2026\/09\/Banner-1600x6001-1.jpg\" alt=\"\" data-ww=\"1488px\" data-hh=\"558px\" width=\"1600\" height=\"600\" data-no-retina> <\/div>\n\t<\/li>\n<\/ul>\n<div class=\"tp-bannertimer tp-bottom\" style=\"visibility: hidden !important;\"><\/div>\t<\/div>\n<script>var htmlDiv = document.getElementById(\"rs-plugin-settings-inline-css\"); var htmlDivCss=\"\";\r\n\t\t\t\tif(htmlDiv) {\r\n\t\t\t\t\thtmlDiv.innerHTML = htmlDiv.innerHTML + htmlDivCss;\r\n\t\t\t\t}else{\r\n\t\t\t\t\tvar htmlDiv = document.createElement(\"div\");\r\n\t\t\t\t\thtmlDiv.innerHTML = \"<style>\" + htmlDivCss + \"<\/style>\";\r\n\t\t\t\t\tdocument.getElementsByTagName(\"head\")[0].appendChild(htmlDiv.childNodes[0]);\r\n\t\t\t\t}\r\n\t\t\t<\/script>\n\t\t<script type=\"text\/javascript\">\r\nif (setREVStartSize!==undefined) setREVStartSize(\r\n\t{c: '#rev_slider_397_1', gridwidth: [1500], gridheight: [600], sliderLayout: 'auto'});\r\n\t\t\t\r\nvar revapi397,\r\n\ttpj;\t\r\n(function() {\t\t\t\r\n\tif (!\/loaded|interactive|complete\/.test(document.readyState)) document.addEventListener(\"DOMContentLoaded\",onLoad); else onLoad();\t\r\n\tfunction onLoad() {\t\t\t\t\r\n\t\tif (tpj===undefined) { tpj = jQuery; if(\"off\" == \"on\") tpj.noConflict();}\r\n\tif(tpj(\"#rev_slider_397_1\").revolution == undefined){\n\t\trevslider_showDoubleJqueryError(\"#rev_slider_397_1\");\n\t}else{\n\t\trevapi397 = tpj(\"#rev_slider_397_1\").show().revolution({\n\t\t\tsliderType:\"hero\",\n\t\t\tjsFileLocation:\"\/\/www.ull.es\/portal\/cienciaull\/wp-content\/plugins\/revslider\/public\/assets\/js\/\",\n\t\t\tsliderLayout:\"auto\",\n\t\t\tdottedOverlay:\"none\",\n\t\t\tdelay:9000,\n\t\t\tvisibilityLevels:[1240,1024,778,480],\n\t\t\tgridwidth:1500,\n\t\t\tgridheight:600,\n\t\t\tlazyType:\"none\",\n\t\t\tshadow:0,\n\t\t\tspinner:\"spinner0\",\n\t\t\tautoHeight:\"off\",\n\t\t\tdisableProgressBar:\"on\",\n\t\t\thideThumbsOnMobile:\"off\",\n\t\t\thideSliderAtLimit:0,\n\t\t\thideCaptionAtLimit:0,\n\t\t\thideAllCaptionAtLilmit:0,\n\t\t\tdebugMode:false,\n\t\t\tfallbacks: {\n\t\t\t\tsimplifyAll:\"off\",\n\t\t\t\tdisableFocusListener:false,\n\t\t\t}\n\t\t});\n\t}; \/* END OF revapi call *\/\n\t\n }; \/* END OF ON LOAD FUNCTION *\/\r\n}()); \/* END OF WRAPPING FUNCTION *\/\r\n<\/script>\r\n\t\t<\/div><!-- END REVOLUTION SLIDER -->[vc_separator color=\u00bbviolet\u00bb style=\u00bbdouble\u00bb border_width=\u00bb10&#8243; css=\u00bb.vc_custom_1710492434793{padding-top: 3px !important;}\u00bb][\/vc_column][\/vc_row][vc_row][vc_column][vc_empty_space height=\u00bb40px\u00bb][vc_custom_heading text=\u00bbPresentaci\u00f3n\u00bb font_container=\u00bbtag:h2|text_align:left|color:%23961592&#8243; google_fonts=\u00bbfont_family:Roboto%20Slab%3A100%2C300%2Cregular%2C700|font_style:700%20bold%20regular%3A700%3Anormal\u00bb][\/vc_column][\/vc_row][vc_row][vc_column width=\u00bb2\/3&#8243;][vc_column_text]<span style=\"font-weight: 400\">Desde el a\u00f1o 2006, la Universidad de La Laguna (ULL) y su Fundaci\u00f3n General (FGULL) organizan y realizan conjuntamente diferentes acciones dirigidas a dar a conocer a la sociedad canaria la actividad investigadora que se desarrolla en sus diferentes departamentos y estructuras cient\u00edficas.\u00a0 \u00a0 <\/span><span style=\"font-weight: 400\">Es por ello que, ambas entidades, motivadas por potenciar la actividad de difusi\u00f3n, divulgaci\u00f3n y comunicaci\u00f3n que realizan y, adem\u00e1s, reforzar su labor de transferencia de conocimiento hacia al sector empresarial y\/o la administraci\u00f3n, en el a\u00f1o 2013 deciden constituir una <strong>Unidad de Cultura Cient\u00edfica y de la Innovaci\u00f3n (UCC+I), Cienci@ULL<\/strong>, con un plan anual estrat\u00e9gico de acciones, dirigido a diferentes p\u00fablicos. <\/span><\/p>\n<p><span style=\"font-weight: 400\">Una de las l\u00edneas de acci\u00f3n de este plan es <em>\u201cEl fomento de las vocaciones cient\u00edficas y profesionales del alumnado de primaria, secundaria, bachillerato, formaci\u00f3n profesional y universitario\u201d<\/em>, mediante la organizaci\u00f3n de actividades espec\u00edficas, tales como: rutas cient\u00edficas, talleres pr\u00e1cticos, charlas cient\u00edficas, concursos, etc.<\/span><\/p>\n<p><span style=\"font-weight: 400\">La Unidad de Cultura Cient\u00edfica y de la Innovaci\u00f3n (UCC+I), Cienci@ULL, organiza y desarrolla el VII Concurso Infantil de Maletas Cient\u00edficas de Canarias dirigido al alumnado de 4\u00ba, 5\u00ba y 6\u00ba de primaria de los centros educativos de primaria de la Comunidad Aut\u00f3noma de Canarias.<\/span>[\/vc_column_text][vc_separator][vc_column_text]<span style=\"color: #800080\"><strong>\u00a01. Objeto<\/strong><\/span>[\/vc_column_text][vc_column_text]<span style=\"font-weight: 400\">El alumnado de primaria realizar\u00e1 una maqueta o prototipo sobre un hecho o descubrimiento cient\u00edfico realizado por un\/a investigador\/a canario\/a. Esta presentaci\u00f3n debe realizarse en el interior de una maleta que tiene que ser elaborada por el propio alumnado.<\/span><\/p>\n<p><span style=\"font-weight: 400\">Asimismo, el alumnado participante debe hacer una exposici\u00f3n del prototipo\/maqueta cient\u00edfica a trav\u00e9s de la realizaci\u00f3n de un v\u00eddeo, cuya duraci\u00f3n m\u00e1xima sea de 5 minutos, explicando el hecho o descubrimiento cient\u00edfico que han presentado y el motivo de la elecci\u00f3n del mismo, los materiales utilizados, la hoja de ruta o planificaci\u00f3n y la distribuci\u00f3n del trabajo empleada para la realizaci\u00f3n de la maqueta.<\/span>[\/vc_column_text][vc_separator][vc_column_text]<span style=\"color: #800080\"><strong>\u00a02. Publico al que va dirigido<\/strong><\/span>[\/vc_column_text][vc_column_text]<span style=\"font-weight: 400\">Podr\u00e1n participar en esta actividad:<\/span><\/p>\n<ul>\n<li style=\"font-weight: 400\"><span style=\"font-weight: 400\">Alumnado de 4\u00ba, 5\u00ba y 6\u00ba de educaci\u00f3n primaria:<\/span><\/li>\n<li style=\"font-weight: 400\"><span style=\"font-weight: 400\">Grupos de m\u00e1ximo 10 alumnos\/as de 4\u00ba, 5\u00ba y 6\u00ba de primaria de los diferentes centros educativos de la Comunidad Aut\u00f3noma de Canarias. Se podr\u00e1n presentar varios grupos dentro de la misma clase, cada grupo m\u00e1ximo de 10 alumnos\/as.<\/span><\/li>\n<\/ul>\n<p>[\/vc_column_text][vc_separator][vc_column_text]<span style=\"color: #800080\"><strong>\u00a03. Premios<\/strong><\/span>[\/vc_column_text][vc_column_text]<\/p>\n<p style=\"text-align: justify\">Se establecen tres categor\u00edas de premios (primer, segundo y tercer premio) cuya dotaci\u00f3n econ\u00f3mica estar\u00e1 destinada a la compra de material escolar para el centro educativo. Las cuant\u00edas de los premios son las siguientes:<\/p>\n<p><strong>Primer premio:<\/strong> 1.000,00 euros<\/p>\n<p><strong>Segundo premio:<\/strong> 750,00 euros<\/p>\n<p><strong>Tercer premio:<\/strong> 500,00 euros[\/vc_column_text][vc_separator][vc_column_text]<span style=\"color: #800080\"><strong>\u00a04. Valoraci\u00f3n de las Maletas Cient\u00edficas<\/strong><\/span>[\/vc_column_text][vc_column_text]<span style=\"font-weight: 400\">Se conformar\u00e1 una comisi\u00f3n de selecci\u00f3n, compuesta por 3 representantes de la Fundaci\u00f3n General de la Universidad de la Laguna, que elegir\u00e1n a los ganadores en funci\u00f3n de los siguientes criterios:<\/span><\/p>\n<ol>\n<li style=\"font-weight: 400\"><span style=\"font-weight: 400\">T\u00edtulo claro y atractivo del prototipo\/maqueta cient\u00edfica<\/span><\/li>\n<li style=\"font-weight: 400\"><span style=\"font-weight: 400\">Originalidad en la realizaci\u00f3n de la maleta cient\u00edfica<\/span><\/li>\n<li style=\"font-weight: 400\"><span style=\"font-weight: 400\">Exactitud del hecho o descubrimiento cient\u00edfico<\/span><\/li>\n<li style=\"font-weight: 400\"><span style=\"font-weight: 400\">Brevedad y claridad en la exposici\u00f3n de la maleta cient\u00edfica a trav\u00e9s de un v\u00eddeo<\/span><\/li>\n<li style=\"font-weight: 400\"><span style=\"font-weight: 400\">Organizaci\u00f3n y trabajo en equipo<\/span><\/li>\n<li style=\"font-weight: 400\"><span style=\"font-weight: 400\">Creatividad en la exposici\u00f3n y los tipos de materiales empleados en la realizaci\u00f3n de la maqueta<\/span><\/li>\n<\/ol>\n<p>[\/vc_column_text][vc_column_text]<span style=\"color: #800080\"><strong>\u00a05. Inscripci\u00f3n<\/strong><\/span>[\/vc_column_text][vc_column_text]<span style=\"font-weight: 400\">La inscripci\u00f3n se realizar\u00e1 exclusivamente a trav\u00e9s del formulario online:<\/span>[\/vc_column_text][vc_btn title=\u00bbFormulario Inscripci\u00f3n Concurso Maletas Cient\u00edficas\u00bb color=\u00bbinfo\u00bb size=\u00bblg\u00bb align=\u00bbcenter\u00bb button_block=\u00bbtrue\u00bb link=\u00bburl:https%3A%2F%2Fforms.gle%2FNbuUS89wRd326cXg9&#8243;][vc_column_text]<span style=\"font-weight: 400\">Una vez finalizada la maqueta y antes de la finalizaci\u00f3n del plazo fijado en las bases de participaci\u00f3n abajo establecidas, se deber\u00e1 enviar el v\u00eddeo de presentaci\u00f3n de la maqueta de acuerdo a los criterios de valoraci\u00f3n a la siguiente direcci\u00f3n de correo electr\u00f3nico <\/span><a href=\"mailto:gciencia@fg.ull.es\" target=\"_blank\" rel=\"noopener\"><span style=\"font-weight: 400\">gciencia@fg.ull.es<\/span><\/a><span style=\"font-weight: 400\"> especificando el centro, curso y grupo.<\/span>[\/vc_column_text][vc_separator][vc_column_text]<span style=\"color: #800080\"><strong>\u00a06. Fecha l\u00edmite<\/strong><\/span>[\/vc_column_text][vc_column_text]La fecha l\u00edmite para la inscripci\u00f3n es el <strong>30 de abril de 2027.<\/strong><\/p>\n<p><span style=\"font-weight: 400\">La fecha l\u00edmite para la presentaci\u00f3n personal de las piezas es el <strong>31 de mayo de 2027.<\/strong><\/span><\/p>\n<p><span style=\"font-weight: 400\">Para m\u00e1s informaci\u00f3n consultar las <a href=\"https:\/\/drive.google.com\/file\/d\/1S5syTMOKrdrprVdd_bGJNdV7rfpMJRTD\/view?usp=drive_link\" target=\"_blank\" rel=\"noopener\">Bases de participaci\u00f3n.<\/a><\/span>[\/vc_column_text][\/vc_column][vc_column width=\u00bb1\/3&#8243;][vc_btn title=\u00bbMacaroNight 2025&#8243; color=\u00bbjuicy-pink\u00bb size=\u00bblg\u00bb align=\u00bbcenter\u00bb button_block=\u00bbtrue\u00bb link=\u00bburl:https%3A%2F%2Fwww.ull.es%2Fportal%2Fcienciaull%2Fmacaronight-2025%2F\u00bb css=\u00bb.vc_custom_1751281166136{margin-bottom: 3px !important;border-bottom-width: 3px !important;padding-bottom: 3px !important;}\u00bb][vc_btn title=\u00bbI Edici\u00f3n Concurso Maletas Cient\u00edficas\u00bb color=\u00bbpink\u00bb size=\u00bblg\u00bb align=\u00bbcenter\u00bb button_block=\u00bbtrue\u00bb link=\u00bburl:https%3A%2F%2Fwww.ull.es%2Fportal%2Fcienciaull%2Fconcurso-infantil-de-maletas-cientificas-de-canarias%2F\u00bb css=\u00bb.vc_custom_1746783038182{margin-bottom: 3px !important;border-bottom-width: 3px !important;padding-bottom: 3px !important;}\u00bb][vc_btn title=\u00bbII Edici\u00f3n Concurso Maletas Cient\u00edficas\u00bb color=\u00bbgreen\u00bb size=\u00bblg\u00bb align=\u00bbcenter\u00bb button_block=\u00bbtrue\u00bb link=\u00bburl:https%3A%2F%2Fwww.ull.es%2Fportal%2Fcienciaull%2Fconcurso-infantil-de-maletas-cientificas-de-canarias-2%2F\u00bb css=\u00bb.vc_custom_1746783045169{margin-bottom: 3px !important;border-bottom-width: 3px !important;padding-bottom: 3px !important;}\u00bb][vc_btn title=\u00bbIII Edici\u00f3n Concurso Maletas Cient\u00edficas\u00bb color=\u00bbvista-blue\u00bb size=\u00bblg\u00bb align=\u00bbcenter\u00bb button_block=\u00bbtrue\u00bb link=\u00bburl:https%3A%2F%2Fwww.ull.es%2Fportal%2Fcienciaull%2Fconcurso-infantil-de-maletas-cientificas-de-canarias-2022%2F\u00bb css=\u00bb.vc_custom_1746783053225{margin-bottom: 3px !important;border-bottom-width: 3px !important;padding-bottom: 3px !important;}\u00bb][vc_btn title=\u00bbIV Edici\u00f3n Concurso Maletas Cient\u00edficas\u00bb color=\u00bbturquoise\u00bb size=\u00bblg\u00bb align=\u00bbcenter\u00bb button_block=\u00bbtrue\u00bb link=\u00bburl:https%3A%2F%2Fwww.ull.es%2Fportal%2Fcienciaull%2Fiv-edicion-del-concurso-de-maletas-cientificas-2023%2F\u00bb css=\u00bb.vc_custom_1746783058410{margin-bottom: 3px !important;border-bottom-width: 3px !important;padding-bottom: 3px !important;}\u00bb][vc_btn title=\u00bbV Edici\u00f3n Concurso Maletas Cient\u00edficas\u00bb color=\u00bbpeacoc\u00bb size=\u00bblg\u00bb align=\u00bbcenter\u00bb button_block=\u00bbtrue\u00bb css=\u00bb.vc_custom_1751281182662{margin-bottom: 3px !important;border-bottom-width: 3px !important;padding-bottom: 3px !important;}\u00bb link=\u00bburl:https%3A%2F%2Fwww.ull.es%2Fportal%2Fcienciaull%2Fv-edicion-del-concurso-de-maletas-cientificas%2F\u00bb][vc_btn title=\u00bbVI Edici\u00f3n Concurso Maletas Cient\u00edficas\u00bb color=\u00bbprimary\u00bb size=\u00bblg\u00bb align=\u00bbcenter\u00bb button_block=\u00bbtrue\u00bb css=\u00bb.vc_custom_1788269114177{margin-bottom: 3px !important;border-bottom-width: 3px !important;padding-bottom: 3px !important;}\u00bb link=\u00bburl:https%3A%2F%2Fwww.ull.es%2Fportal%2Fcienciaull%2Fvi-edicion-del-concurso-de-maletas-cientificas%2F\u00bb][vc_custom_heading text=\u00bb<strong> Maletas cient\u00edficas premiadas 2026 <\/strong>\u00bb font_container=\u00bbtag:h4|text_align:left|color:%237b4491&#8243; google_fonts=\u00bbfont_family:Roboto%20Slab%3A100%2C300%2Cregular%2C700|font_style:700%20bold%20regular%3A700%3Anormal\u00bb][vc_column_text]<strong>Primer premio<\/strong>[\/vc_column_text][vc_video link=\u00bbhttps:\/\/www.youtube.com\/watch?v=xIkL7SHdpAk&amp;list=PLyCiNKvX7KOE4xKaQgb3WLSXklEEHqp0Y&amp;index=11&#8243;][vc_column_text]<strong>Segundo premio<\/strong>[\/vc_column_text][vc_video link=\u00bbhttps:\/\/www.youtube.com\/watch?v=cc4JS3wICKA&amp;list=PLyCiNKvX7KOE4xKaQgb3WLSXklEEHqp0Y&amp;index=12&#8243;][vc_column_text]<strong>Tercer premio<\/strong>[\/vc_column_text][vc_video link=\u00bbhttps:\/\/www.youtube.com\/watch?v=c6MOhNdQfIE&amp;list=PLyCiNKvX7KOE4xKaQgb3WLSXklEEHqp0Y&amp;index=11&#8243;][vc_empty_space height=\u00bb4&#8243;][vc_custom_heading text=\u00bb<strong> Maletas cient\u00edficas premiadas 2025 <\/strong>\u00bb font_container=\u00bbtag:h4|text_align:left|color:%237b4491&#8243; google_fonts=\u00bbfont_family:Roboto%20Slab%3A100%2C300%2Cregular%2C700|font_style:700%20bold%20regular%3A700%3Anormal\u00bb][vc_column_text]<strong>Primer premio<\/strong>[\/vc_column_text][vc_video link=\u00bbhttps:\/\/www.youtube.com\/watch?v=LYuFbdK_U1s\u00bb][vc_column_text]<strong>Segundo premio<\/strong>[\/vc_column_text][vc_video link=\u00bbhttps:\/\/www.youtube.com\/watch?v=KiMt4Vx6w64&#8243;][vc_column_text]<strong>Tercer premio<\/strong>[\/vc_column_text][vc_video link=\u00bbhttps:\/\/www.youtube.com\/watch?v=W7doMTQi3Uw\u00bb][vc_empty_space height=\u00bb20px\u00bb][\/vc_column][\/vc_row][vc_row][vc_column][\/vc_column][\/vc_row]<\/p>\n","protected":false},"excerpt":{"rendered":"<p>[vc_row][vc_column][vc_separator color=\u00bbviolet\u00bb style=\u00bbdouble\u00bb border_width=\u00bb10&#8243; css=\u00bb.vc_custom_1710492434793{padding-top: 3px !important;}\u00bb][\/vc_column][\/vc_row][vc_row][vc_column][vc_empty_space height=\u00bb40px\u00bb][vc_custom_heading text=\u00bbPresentaci\u00f3n\u00bb font_container=\u00bbtag:h2|text_align:left|color:%23961592&#8243; google_fonts=\u00bbfont_family:Roboto%20Slab%3A100%2C300%2Cregular%2C700|font_style:700%20bold%20regular%3A700%3Anormal\u00bb][\/vc_column][\/vc_row][vc_row][vc_column width=\u00bb2\/3&#8243;][vc_column_text]Desde el a\u00f1o 2006, la Universidad de La Laguna (ULL) y su Fundaci\u00f3n General (FGULL) organizan y realizan conjuntamente diferentes acciones dirigidas a dar a conocer a la sociedad canaria la actividad investigadora que se desarrolla en sus diferentes departamentos y estructuras cient\u00edficas.\u00a0 \u00a0&#8230;<\/p>\n","protected":false},"author":56,"featured_media":0,"parent":0,"menu_order":0,"comment_status":"closed","ping_status":"closed","template":"templates\/cienciaull.php","meta":{"inline_featured_image":false,"footnotes":""},"acf":[],"yoast_head":"<!-- This site is optimized with the Yoast SEO plugin v21.3 - https:\/\/yoast.com\/wordpress\/plugins\/seo\/ -->\n<title>VII Edici\u00f3n del concurso de Maletas Cient\u00edficas -<\/title>\n<meta name=\"robots\" content=\"index, follow, max-snippet:-1, max-image-preview:large, max-video-preview:-1\" \/>\n<link rel=\"canonical\" href=\"https:\/\/www.ull.es\/portal\/cienciaull\/vii-edicion-del-concurso-de-maletas-cientificas\/\" \/>\n<meta property=\"og:locale\" content=\"es_ES\" \/>\n<meta property=\"og:type\" content=\"article\" \/>\n<meta property=\"og:title\" content=\"VII Edici\u00f3n del concurso de Maletas Cient\u00edficas -\" \/>\n<meta property=\"og:description\" content=\"[vc_row][vc_column][vc_separator color=\u00bbviolet\u00bb style=\u00bbdouble\u00bb border_width=\u00bb10&#8243; css=\u00bb.vc_custom_1710492434793{padding-top: 3px !important;}\u00bb][\/vc_column][\/vc_row][vc_row][vc_column][vc_empty_space height=\u00bb40px\u00bb][vc_custom_heading text=\u00bbPresentaci\u00f3n\u00bb font_container=\u00bbtag:h2|text_align:left|color:%23961592&#8243; google_fonts=\u00bbfont_family:Roboto%20Slab%3A100%2C300%2Cregular%2C700|font_style:700%20bold%20regular%3A700%3Anormal\u00bb][\/vc_column][\/vc_row][vc_row][vc_column width=\u00bb2\/3&#8243;][vc_column_text]Desde el a\u00f1o 2006, la Universidad de La Laguna (ULL) y su Fundaci\u00f3n General (FGULL) organizan y realizan conjuntamente diferentes acciones dirigidas a dar a conocer a la sociedad canaria la actividad investigadora que se desarrolla en sus diferentes departamentos y estructuras cient\u00edficas.\u00a0 \u00a0...\" \/>\n<meta property=\"og:url\" content=\"https:\/\/www.ull.es\/portal\/cienciaull\/vii-edicion-del-concurso-de-maletas-cientificas\/\" \/>\n<meta property=\"article:publisher\" content=\"https:\/\/www.facebook.com\/CienciaULL\/\" \/>\n<meta property=\"article:modified_time\" content=\"2026-09-01T14:07:27+00:00\" \/>\n<meta name=\"twitter:card\" content=\"summary_large_image\" \/>\n<meta name=\"twitter:site\" content=\"@CienciaULL\" \/>\n<meta name=\"twitter:label1\" content=\"Tiempo de lectura\" \/>\n\t<meta name=\"twitter:data1\" content=\"4 minutos\" \/>\n<script type=\"application\/ld+json\" class=\"yoast-schema-graph\">{\"@context\":\"https:\/\/schema.org\",\"@graph\":[{\"@type\":\"WebPage\",\"@id\":\"https:\/\/www.ull.es\/portal\/cienciaull\/vii-edicion-del-concurso-de-maletas-cientificas\/\",\"url\":\"https:\/\/www.ull.es\/portal\/cienciaull\/vii-edicion-del-concurso-de-maletas-cientificas\/\",\"name\":\"VII Edici\u00f3n del concurso de Maletas Cient\u00edficas -\",\"isPartOf\":{\"@id\":\"https:\/\/www.ull.es\/portal\/cienciaull\/#website\"},\"datePublished\":\"2026-09-01T13:21:44+00:00\",\"dateModified\":\"2026-09-01T14:07:27+00:00\",\"breadcrumb\":{\"@id\":\"https:\/\/www.ull.es\/portal\/cienciaull\/vii-edicion-del-concurso-de-maletas-cientificas\/#breadcrumb\"},\"inLanguage\":\"es\",\"potentialAction\":[{\"@type\":\"ReadAction\",\"target\":[\"https:\/\/www.ull.es\/portal\/cienciaull\/vii-edicion-del-concurso-de-maletas-cientificas\/\"]}]},{\"@type\":\"BreadcrumbList\",\"@id\":\"https:\/\/www.ull.es\/portal\/cienciaull\/vii-edicion-del-concurso-de-maletas-cientificas\/#breadcrumb\",\"itemListElement\":[{\"@type\":\"ListItem\",\"position\":1,\"name\":\"Portada\",\"item\":\"https:\/\/www.ull.es\/portal\/cienciaull\/\"},{\"@type\":\"ListItem\",\"position\":2,\"name\":\"VII Edici\u00f3n del concurso de Maletas Cient\u00edficas\"}]},{\"@type\":\"WebSite\",\"@id\":\"https:\/\/www.ull.es\/portal\/cienciaull\/#website\",\"url\":\"https:\/\/www.ull.es\/portal\/cienciaull\/\",\"name\":\"\",\"description\":\"Unidad de Cultura Cient\u00edfica y de la Innovaci\u00f3n de la Universidad de La Laguna\",\"potentialAction\":[{\"@type\":\"SearchAction\",\"target\":{\"@type\":\"EntryPoint\",\"urlTemplate\":\"https:\/\/www.ull.es\/portal\/cienciaull\/?s={search_term_string}\"},\"query-input\":\"required name=search_term_string\"}],\"inLanguage\":\"es\"}]}<\/script>\n<!-- \/ Yoast SEO plugin. -->","yoast_head_json":{"title":"VII Edici\u00f3n del concurso de Maletas Cient\u00edficas -","robots":{"index":"index","follow":"follow","max-snippet":"max-snippet:-1","max-image-preview":"max-image-preview:large","max-video-preview":"max-video-preview:-1"},"canonical":"https:\/\/www.ull.es\/portal\/cienciaull\/vii-edicion-del-concurso-de-maletas-cientificas\/","og_locale":"es_ES","og_type":"article","og_title":"VII Edici\u00f3n del concurso de Maletas Cient\u00edficas -","og_description":"[vc_row][vc_column][vc_separator color=\u00bbviolet\u00bb style=\u00bbdouble\u00bb border_width=\u00bb10&#8243; css=\u00bb.vc_custom_1710492434793{padding-top: 3px !important;}\u00bb][\/vc_column][\/vc_row][vc_row][vc_column][vc_empty_space height=\u00bb40px\u00bb][vc_custom_heading text=\u00bbPresentaci\u00f3n\u00bb font_container=\u00bbtag:h2|text_align:left|color:%23961592&#8243; google_fonts=\u00bbfont_family:Roboto%20Slab%3A100%2C300%2Cregular%2C700|font_style:700%20bold%20regular%3A700%3Anormal\u00bb][\/vc_column][\/vc_row][vc_row][vc_column width=\u00bb2\/3&#8243;][vc_column_text]Desde el a\u00f1o 2006, la Universidad de La Laguna (ULL) y su Fundaci\u00f3n General (FGULL) organizan y realizan conjuntamente diferentes acciones dirigidas a dar a conocer a la sociedad canaria la actividad investigadora que se desarrolla en sus diferentes departamentos y estructuras cient\u00edficas.\u00a0 \u00a0...","og_url":"https:\/\/www.ull.es\/portal\/cienciaull\/vii-edicion-del-concurso-de-maletas-cientificas\/","article_publisher":"https:\/\/www.facebook.com\/CienciaULL\/","article_modified_time":"2026-09-01T14:07:27+00:00","twitter_card":"summary_large_image","twitter_site":"@CienciaULL","twitter_misc":{"Tiempo de lectura":"4 minutos"},"schema":{"@context":"https:\/\/schema.org","@graph":[{"@type":"WebPage","@id":"https:\/\/www.ull.es\/portal\/cienciaull\/vii-edicion-del-concurso-de-maletas-cientificas\/","url":"https:\/\/www.ull.es\/portal\/cienciaull\/vii-edicion-del-concurso-de-maletas-cientificas\/","name":"VII Edici\u00f3n del concurso de Maletas Cient\u00edficas -","isPartOf":{"@id":"https:\/\/www.ull.es\/portal\/cienciaull\/#website"},"datePublished":"2026-09-01T13:21:44+00:00","dateModified":"2026-09-01T14:07:27+00:00","breadcrumb":{"@id":"https:\/\/www.ull.es\/portal\/cienciaull\/vii-edicion-del-concurso-de-maletas-cientificas\/#breadcrumb"},"inLanguage":"es","potentialAction":[{"@type":"ReadAction","target":["https:\/\/www.ull.es\/portal\/cienciaull\/vii-edicion-del-concurso-de-maletas-cientificas\/"]}]},{"@type":"BreadcrumbList","@id":"https:\/\/www.ull.es\/portal\/cienciaull\/vii-edicion-del-concurso-de-maletas-cientificas\/#breadcrumb","itemListElement":[{"@type":"ListItem","position":1,"name":"Portada","item":"https:\/\/www.ull.es\/portal\/cienciaull\/"},{"@type":"ListItem","position":2,"name":"VII Edici\u00f3n del concurso de Maletas Cient\u00edficas"}]},{"@type":"WebSite","@id":"https:\/\/www.ull.es\/portal\/cienciaull\/#website","url":"https:\/\/www.ull.es\/portal\/cienciaull\/","name":"","description":"Unidad de Cultura Cient\u00edfica y de la Innovaci\u00f3n de la Universidad de La Laguna","potentialAction":[{"@type":"SearchAction","target":{"@type":"EntryPoint","urlTemplate":"https:\/\/www.ull.es\/portal\/cienciaull\/?s={search_term_string}"},"query-input":"required name=search_term_string"}],"inLanguage":"es"}]}},"_links":{"self":[{"href":"https:\/\/www.ull.es\/portal\/cienciaull\/wp-json\/wp\/v2\/pages\/39861"}],"collection":[{"href":"https:\/\/www.ull.es\/portal\/cienciaull\/wp-json\/wp\/v2\/pages"}],"about":[{"href":"https:\/\/www.ull.es\/portal\/cienciaull\/wp-json\/wp\/v2\/types\/page"}],"author":[{"embeddable":true,"href":"https:\/\/www.ull.es\/portal\/cienciaull\/wp-json\/wp\/v2\/users\/56"}],"replies":[{"embeddable":true,"href":"https:\/\/www.ull.es\/portal\/cienciaull\/wp-json\/wp\/v2\/comments?post=39861"}],"version-history":[{"count":4,"href":"https:\/\/www.ull.es\/portal\/cienciaull\/wp-json\/wp\/v2\/pages\/39861\/revisions"}],"predecessor-version":[{"id":39870,"href":"https:\/\/www.ull.es\/portal\/cienciaull\/wp-json\/wp\/v2\/pages\/39861\/revisions\/39870"}],"wp:attachment":[{"href":"https:\/\/www.ull.es\/portal\/cienciaull\/wp-json\/wp\/v2\/media?parent=39861"}],"curies":[{"name":"wp","href":"https:\/\/api.w.org\/{rel}","templated":true}]}}