{"id":24400,"date":"2025-10-14T00:13:20","date_gmt":"2025-10-14T00:13:20","guid":{"rendered":"https:\/\/www.ull.es\/portal\/convocatorias\/?post_type=convocatorias&#038;p=24400"},"modified":"2026-04-30T13:23:44","modified_gmt":"2026-04-30T13:23:44","slug":"resolucion-de-1-de-octubre-de-2025-por-la-que-se-aprueba-la-convocatoria-de-contratacion-para-la-provision-de-plazas-de-personal-docente-e-investigador-contratado-temporal-en-regimen-de-derecho-lab","status":"publish","type":"convocatorias","link":"https:\/\/www.ull.es\/portal\/convocatorias\/convocatoria\/resolucion-de-1-de-octubre-de-2025-por-la-que-se-aprueba-la-convocatoria-de-contratacion-para-la-provision-de-plazas-de-personal-docente-e-investigador-contratado-temporal-en-regimen-de-derecho-lab\/","title":{"rendered":"Resoluci\u00f3n de 1 de octubre de 2025, por la que se aprueba la convocatoria  de contrataci\u00f3n para la provisi\u00f3n de plazas de personal docente e investigador  contratado temporal en r\u00e9gimen de derecho laboral, mediante procedimiento  ordinario, en la figura de Profesor Ayudante Doctor."},"content":{"rendered":"<p>[vc_row][vc_column][vc_column_text]DL2171, DL2182, DL2178, DL2206, DL2193, DL2197, DL2163, DL2194, DL2052, DL2159<\/p>\n<p>Plazo de presentaci\u00f3n de solicitudes: Del 14 de octubre al 27 de octubre de 2025.<\/p>\n<p><a href=\"https:\/\/sede.ull.es\/ecivilis-site\/catalog\/showProcedure\/639\" target=\"_blank\" rel=\"noopener\" target=\"_blank\" rel=\"noopener\">Procedimiento Sede Electr\u00f3nica<\/a><\/p>\n<p><a href=\"https:\/\/drive.google.com\/file\/d\/1CvJ7v_pFXn86_yuE_rqJZAwcO6v0T_-V\/view?usp=drive_link\" target=\"_blank\" rel=\"noopener\" target=\"_blank\" rel=\"noopener\">Anexo I &#8211; Plazas convocadas<\/a><\/p>\n<p><a href=\"https:\/\/drive.google.com\/file\/d\/1aji6lGOYfElXiUGXbMSRKT4EoQDBqPza\/view?usp=drive_link\" target=\"_blank\" rel=\"noopener\" target=\"_blank\" rel=\"noopener\">Anexo II &#8211; Declaraci\u00f3n responsable<\/a>[\/vc_column_text][\/vc_column][\/vc_row][vc_row][vc_column][vc_tta_accordion shape=\u00bbsquare\u00bb c_icon=\u00bbchevron\u00bb active_section=\u00bb\u00bb][vc_tta_section title=\u00bbDL2171&#8243; tab_id=\u00bbDL2171&#8243;][vc_column_text]<a href=\"https:\/\/sede.ull.es\/ecivilis-site\/bulletinBoard\/showBulletin\/60702:1\" target=\"_blank\" rel=\"noopener\" target=\"_blank\" rel=\"noopener\">Lista provisional de admitidos plaza DL2171<\/a><\/p>\n<p><a href=\"https:\/\/sede.ull.es\/ecivilis-site\/bulletinBoard\/showBulletin\/64485:1\" target=\"_blank\" rel=\"noopener\" target=\"_blank\" rel=\"noopener\">Lista definitiva de admitidos y Comisi\u00f3n de Selecci\u00f3n plaza DL2171<\/a><\/p>\n<p><a href=\"https:\/\/sede.ull.es\/ecivilis-site\/bulletinBoard\/showBulletin\/65246:1\" target=\"_blank\" rel=\"noopener\" target=\"_blank\" rel=\"noopener\">Propuesta de provisi\u00f3n de la plaza DL2171<\/a> (Plazo de reclamaci\u00f3n del 20 de marzo al 26 de marzo 2026)<\/p>\n<p><a href=\"https:\/\/sede.ull.es\/ecivilis-site\/bulletinBoard\/showBulletin\/65785:1\" target=\"_blank\" rel=\"noopener\" target=\"_blank\" rel=\"noopener\">Adjudicaci\u00f3n definitiva plaza DL2171<\/a><strong> NOVEDAD<\/strong>[\/vc_column_text][\/vc_tta_section][vc_tta_section title=\u00bbDL2182&#8243; tab_id=\u00bbDL2182&#8243;][vc_column_text]<a href=\"https:\/\/sede.ull.es\/ecivilis-site\/bulletinBoard\/showBulletin\/60801:1\" target=\"_blank\" rel=\"noopener\" target=\"_blank\" rel=\"noopener\">Lista provisional de admitidos y excluidos plaza DL2182<\/a> (Plazo de subsanaci\u00f3n del 20 de noviembre al 3 de diciembre de 2025)<\/p>\n<p><a href=\"https:\/\/sede.ull.es\/ecivilis-site\/bulletinBoard\/showBulletin\/64486:1\" target=\"_blank\" rel=\"noopener\" target=\"_blank\" rel=\"noopener\">Lista definitiva de admitidos y Comisi\u00f3n de Selecci\u00f3n plaza DL2182<\/a><\/p>\n<p><a href=\"https:\/\/sede.ull.es\/ecivilis-site\/bulletinBoard\/showBulletin\/65247:1\" target=\"_blank\" rel=\"noopener\" target=\"_blank\" rel=\"noopener\">Propuesta de provisi\u00f3n de la plaza DL2182<\/a>(Plazo de reclamaci\u00f3n del 20 de marzo al 26 de marzo 2026)<\/p>\n<p><a href=\"https:\/\/sede.ull.es\/ecivilis-site\/bulletinBoard\/showBulletin\/65786:1\" target=\"_blank\" rel=\"noopener\" target=\"_blank\" rel=\"noopener\">Adjudicaci\u00f3n definitiva plaza DL2182 <\/a><strong>NOVEDAD<\/strong>[\/vc_column_text][\/vc_tta_section][vc_tta_section title=\u00bbDL2178&#8243; tab_id=\u00bbDL2178&#8243;][vc_column_text]<a href=\"https:\/\/sede.ull.es\/ecivilis-site\/bulletinBoard\/showBulletin\/60721:1\" target=\"_blank\" rel=\"noopener\" target=\"_blank\" rel=\"noopener\">Lista provisional de admitidos plaza DL2178<\/a><\/p>\n<p><a href=\"https:\/\/sede.ull.es\/ecivilis-site\/bulletinBoard\/showBulletin\/64493:1\" target=\"_blank\" rel=\"noopener\" target=\"_blank\" rel=\"noopener\">Lista definitiva de admitidos y Comisi\u00f3n de Selecci\u00f3n plaza DL2178<\/a><\/p>\n<p><a href=\"https:\/\/sede.ull.es\/ecivilis-site\/bulletinBoard\/showBulletin\/64855:1\" target=\"_blank\" rel=\"noopener\" target=\"_blank\" rel=\"noopener\">Propuesta provisi\u00f3n plaza DL2178<\/a> (Plazo de reclamaci\u00f3n del 20 de febrero al 26 de febrero 2026)<strong>\u00a0<\/strong><\/p>\n<p><a href=\"https:\/\/sede.ull.es\/ecivilis-site\/bulletinBoard\/showBulletin\/65103:1\" target=\"_blank\" rel=\"noopener\" target=\"_blank\" rel=\"noopener\">Propuesta de provisi\u00f3n definitiva plaza DL2178<\/a><\/p>\n<p><a href=\"https:\/\/sede.ull.es\/ecivilis-site\/bulletinBoard\/showBulletin\/65510:1\" target=\"_blank\" rel=\"noopener\" target=\"_blank\" rel=\"noopener\">Adjudicaci\u00f3n definitiva plaza DL2178<\/a><strong>NOVEDAD<\/strong>[\/vc_column_text][\/vc_tta_section][vc_tta_section title=\u00bbDL2206&#8243; tab_id=\u00bbDL2206&#8243;][vc_column_text]<a href=\"https:\/\/sede.ull.es\/ecivilis-site\/bulletinBoard\/showBulletin\/60761:1\" target=\"_blank\" rel=\"noopener\" target=\"_blank\" rel=\"noopener\">Lista provisional de admitidos plaza DL2206<\/a><\/p>\n<p><a href=\"https:\/\/sede.ull.es\/ecivilis-site\/bulletinBoard\/showBulletin\/64488:1\" target=\"_blank\" rel=\"noopener\" target=\"_blank\" rel=\"noopener\">Lista definitiva de admitidos y Comisi\u00f3n de Selecci\u00f3n plaza DL2206<\/a><\/p>\n<p><a href=\"https:\/\/sede.ull.es\/ecivilis-site\/bulletinBoard\/showBulletin\/65001:1\" target=\"_blank\" rel=\"noopener\" target=\"_blank\" rel=\"noopener\">Propuesta provisi\u00f3n plaza DL2206<\/a>(Plazo de reclamaci\u00f3n del 03 de marzo al 09 de marzo 2026)<\/p>\n<p><a href=\"https:\/\/sede.ull.es\/ecivilis-site\/bulletinBoard\/showBulletin\/65509:1\" target=\"_blank\" rel=\"noopener\" target=\"_blank\" rel=\"noopener\">Adjudicaci\u00f3n definitiva plaza DL2206<\/a> <strong>NOVEDAD<\/strong>[\/vc_column_text][\/vc_tta_section][vc_tta_section title=\u00bbDL2193&#8243; tab_id=\u00bbDL2193&#8243;][vc_column_text]<a href=\"https:\/\/sede.ull.es\/ecivilis-site\/bulletinBoard\/showBulletin\/60802:1\" target=\"_blank\" rel=\"noopener\" target=\"_blank\" rel=\"noopener\">Lista provisional de admitidos y excluidos plaza DL2193<\/a> (Plazo de subsanaci\u00f3n del 20 de noviembre al 03 de diciembre)<\/p>\n<p><a href=\"https:\/\/sede.ull.es\/ecivilis-site\/bulletinBoard\/showBulletin\/64489:1\" target=\"_blank\" rel=\"noopener\" target=\"_blank\" rel=\"noopener\">Lista definitiva de admitidos y Comisi\u00f3n de Selecci\u00f3n plaza DL2193<\/a><\/p>\n<p><a href=\"https:\/\/sede.ull.es\/ecivilis-site\/bulletinBoard\/showBulletin\/65329:1\" target=\"_blank\" rel=\"noopener\" target=\"_blank\" rel=\"noopener\">Propuesta de provisi\u00f3n de la plaza DL2193<\/a>(Plazo de reclamaci\u00f3n del 06 de abril al 10 de abril 2026) <strong>NOVEDAD<\/strong>[\/vc_column_text][\/vc_tta_section][vc_tta_section title=\u00bbDL2197&#8243; tab_id=\u00bbDL2197&#8243;][vc_column_text]<a href=\"https:\/\/sede.ull.es\/ecivilis-site\/bulletinBoard\/showBulletin\/60741:1\" target=\"_blank\" rel=\"noopener\" target=\"_blank\" rel=\"noopener\">Lista provisional de admitidos plaza DL2197<\/a><\/p>\n<p><a href=\"https:\/\/sede.ull.es\/ecivilis-site\/bulletinBoard\/showBulletin\/64490:1\" target=\"_blank\" rel=\"noopener\" target=\"_blank\" rel=\"noopener\">Lista definitiva de admitidos y Comisi\u00f3n de Selecci\u00f3n plaza DL2197<\/a><\/p>\n<p><a href=\"https:\/\/sede.ull.es\/ecivilis-site\/bulletinBoard\/showBulletin\/64924:1\" target=\"_blank\" rel=\"noopener\" target=\"_blank\" rel=\"noopener\">Propuesta provisi\u00f3n plaza DL2197<\/a>(Plazo de reclamaci\u00f3n del 26 de febrero al 04 de marzo 2026)<strong>\u00a0<\/strong><\/p>\n<p><a href=\"https:\/\/sede.ull.es\/ecivilis-site\/bulletinBoard\/showBulletin\/65244:1\" target=\"_blank\" rel=\"noopener\" target=\"_blank\" rel=\"noopener\">Adjudicaci\u00f3n definitiva plaza DL2197<\/a> <strong>NOVEDAD<\/strong>[\/vc_column_text][\/vc_tta_section][vc_tta_section title=\u00bbDL2163&#8243; tab_id=\u00bbDL2163&#8243;][vc_column_text]<a href=\"https:\/\/sede.ull.es\/ecivilis-site\/bulletinBoard\/showBulletin\/60781:1\" target=\"_blank\" rel=\"noopener\" target=\"_blank\" rel=\"noopener\">Lista provisional de admitidos y excluidos plaza DL2163<\/a> (Plazo de subsanaci\u00f3n del 20 de noviembre al 03 de diciembre de 2025)<\/p>\n<p><a href=\"https:\/\/sede.ull.es\/ecivilis-site\/bulletinBoard\/showBulletin\/65161:1\" target=\"_blank\" rel=\"noopener\" target=\"_blank\" rel=\"noopener\">Lista definitiva y comisi\u00f3n de selecci\u00f3n plaza DL2163<\/a> <strong>NOVEDAD<\/strong>[\/vc_column_text][\/vc_tta_section][vc_tta_section title=\u00bbDL2194&#8243; tab_id=\u00bbDL2194&#8243;][vc_column_text]<a href=\"https:\/\/sede.ull.es\/ecivilis-site\/bulletinBoard\/showBulletin\/60722:1\" target=\"_blank\" rel=\"noopener\" target=\"_blank\" rel=\"noopener\">Lista provisional de admitidos plaza DL2194<\/a>\u00a0<strong><br \/>\n<\/strong><br \/>\n<a href=\"https:\/\/sede.ull.es\/ecivilis-site\/bulletinBoard\/showBulletin\/65174:1\" target=\"_blank\" rel=\"noopener\" target=\"_blank\" rel=\"noopener\">Lista definitiva de admitidos y Comisi\u00f3n de Selecci\u00f3n plaza DL2194<\/a> <strong>NOVEDAD<\/strong><strong><br \/>\n<\/strong>[\/vc_column_text][\/vc_tta_section][vc_tta_section title=\u00bbDL2052&#8243; tab_id=\u00bbDL2052&#8243;][vc_column_text]<a href=\"https:\/\/sede.ull.es\/ecivilis-site\/bulletinBoard\/showBulletin\/60681:1\" target=\"_blank\" rel=\"noopener\" target=\"_blank\" rel=\"noopener\">Lista provisional de admitidos plaza DL2052<\/a><\/p>\n<p><a href=\"https:\/\/sede.ull.es\/ecivilis-site\/bulletinBoard\/showBulletin\/64690:1\" target=\"_blank\" rel=\"noopener\" target=\"_blank\" rel=\"noopener\">Lista definitiva de admitidos y Comisi\u00f3n de Selecci\u00f3n plaza DL2052<\/a><\/p>\n<p><a href=\"https:\/\/sede.ull.es\/ecivilis-site\/bulletinBoard\/showBulletin\/65768:1\" target=\"_blank\" rel=\"noopener\" target=\"_blank\" rel=\"noopener\">Propuesta de provisi\u00f3n DL2052<\/a> (Plazo de reclamaci\u00f3n del 04 de mayo al 08 de mayo 2026)<strong>NOVEDAD<br \/>\n<\/strong>[\/vc_column_text][\/vc_tta_section][vc_tta_section title=\u00bbDL2159&#8243; tab_id=\u00bbDL2159&#8243;][vc_column_text]<a href=\"https:\/\/sede.ull.es\/ecivilis-site\/bulletinBoard\/showBulletin\/60701:1\" target=\"_blank\" rel=\"noopener\" target=\"_blank\" rel=\"noopener\">Lista provisional de admitidos plaza DL2159<\/a><\/p>\n<p><a href=\"https:\/\/sede.ull.es\/ecivilis-site\/bulletinBoard\/showBulletin\/64492:1\" target=\"_blank\" rel=\"noopener\" target=\"_blank\" rel=\"noopener\">Lista definitiva de admitidos y Comisi\u00f3n de Selecci\u00f3n plaza DL2159<\/a> <strong>NOVEDAD<\/strong>[\/vc_column_text][\/vc_tta_section][\/vc_tta_accordion][\/vc_column][\/vc_row]<\/p>\n","protected":false},"featured_media":0,"parent":0,"menu_order":0,"template":"","taxonomia_convocatorias":[5,13,34],"acf":[],"yoast_head":"<!-- This site is optimized with the Yoast SEO plugin v21.3 - https:\/\/yoast.com\/wordpress\/plugins\/seo\/ -->\n<title>Resoluci\u00f3n de 1 de octubre de 2025, por la que se aprueba la convocatoria de contrataci\u00f3n para la provisi\u00f3n de plazas de personal docente e investigador contratado temporal en r\u00e9gimen de derecho laboral, mediante procedimiento ordinario, en la figura de Profesor Ayudante Doctor. - Convocatorias<\/title>\n<meta name=\"robots\" content=\"index, follow, max-snippet:-1, max-image-preview:large, max-video-preview:-1\" \/>\n<link rel=\"canonical\" href=\"https:\/\/www.ull.es\/portal\/convocatorias\/convocatoria\/resolucion-de-1-de-octubre-de-2025-por-la-que-se-aprueba-la-convocatoria-de-contratacion-para-la-provision-de-plazas-de-personal-docente-e-investigador-contratado-temporal-en-regimen-de-derecho-lab\/\" \/>\n<meta property=\"og:locale\" content=\"es_ES\" \/>\n<meta property=\"og:type\" content=\"article\" \/>\n<meta property=\"og:title\" content=\"Resoluci\u00f3n de 1 de octubre de 2025, por la que se aprueba la convocatoria de contrataci\u00f3n para la provisi\u00f3n de plazas de personal docente e investigador contratado temporal en r\u00e9gimen de derecho laboral, mediante procedimiento ordinario, en la figura de Profesor Ayudante Doctor. - Convocatorias\" \/>\n<meta property=\"og:description\" content=\"[vc_row][vc_column][vc_column_text]DL2171, DL2182, DL2178, DL2206, DL2193, DL2197, DL2163, DL2194, DL2052, DL2159 Plazo de presentaci\u00f3n de solicitudes: Del 14 de octubre al 27 de octubre de 2025. Procedimiento Sede Electr\u00f3nica Anexo I &#8211; Plazas convocadas Anexo II &#8211; Declaraci\u00f3n responsable[\/vc_column_text][\/vc_column][\/vc_row][vc_row][vc_column][vc_tta_accordion shape=\u00bbsquare\u00bb c_icon=\u00bbchevron\u00bb active_section=\u00bb\u00bb][vc_tta_section title=\u00bbDL2171&#8243; tab_id=\u00bbDL2171&#8243;][vc_column_text]Lista provisional de admitidos plaza DL2171 Lista definitiva de admitidos y Comisi\u00f3n de...\" \/>\n<meta property=\"og:url\" content=\"https:\/\/www.ull.es\/portal\/convocatorias\/convocatoria\/resolucion-de-1-de-octubre-de-2025-por-la-que-se-aprueba-la-convocatoria-de-contratacion-para-la-provision-de-plazas-de-personal-docente-e-investigador-contratado-temporal-en-regimen-de-derecho-lab\/\" \/>\n<meta property=\"og:site_name\" content=\"Convocatorias\" \/>\n<meta property=\"article:modified_time\" content=\"2026-04-30T13:23:44+00:00\" \/>\n<meta name=\"twitter:card\" content=\"summary_large_image\" \/>\n<meta name=\"twitter:label1\" content=\"Tiempo de lectura\" \/>\n\t<meta name=\"twitter:data1\" content=\"2 minutos\" \/>\n<script type=\"application\/ld+json\" class=\"yoast-schema-graph\">{\"@context\":\"https:\/\/schema.org\",\"@graph\":[{\"@type\":\"WebPage\",\"@id\":\"https:\/\/www.ull.es\/portal\/convocatorias\/convocatoria\/resolucion-de-1-de-octubre-de-2025-por-la-que-se-aprueba-la-convocatoria-de-contratacion-para-la-provision-de-plazas-de-personal-docente-e-investigador-contratado-temporal-en-regimen-de-derecho-lab\/\",\"url\":\"https:\/\/www.ull.es\/portal\/convocatorias\/convocatoria\/resolucion-de-1-de-octubre-de-2025-por-la-que-se-aprueba-la-convocatoria-de-contratacion-para-la-provision-de-plazas-de-personal-docente-e-investigador-contratado-temporal-en-regimen-de-derecho-lab\/\",\"name\":\"Resoluci\u00f3n de 1 de octubre de 2025, por la que se aprueba la convocatoria de contrataci\u00f3n para la provisi\u00f3n de plazas de personal docente e investigador contratado temporal en r\u00e9gimen de derecho laboral, mediante procedimiento ordinario, en la figura de Profesor Ayudante Doctor. - Convocatorias\",\"isPartOf\":{\"@id\":\"https:\/\/www.ull.es\/portal\/convocatorias\/#website\"},\"datePublished\":\"2025-10-14T00:13:20+00:00\",\"dateModified\":\"2026-04-30T13:23:44+00:00\",\"breadcrumb\":{\"@id\":\"https:\/\/www.ull.es\/portal\/convocatorias\/convocatoria\/resolucion-de-1-de-octubre-de-2025-por-la-que-se-aprueba-la-convocatoria-de-contratacion-para-la-provision-de-plazas-de-personal-docente-e-investigador-contratado-temporal-en-regimen-de-derecho-lab\/#breadcrumb\"},\"inLanguage\":\"es\",\"potentialAction\":[{\"@type\":\"ReadAction\",\"target\":[\"https:\/\/www.ull.es\/portal\/convocatorias\/convocatoria\/resolucion-de-1-de-octubre-de-2025-por-la-que-se-aprueba-la-convocatoria-de-contratacion-para-la-provision-de-plazas-de-personal-docente-e-investigador-contratado-temporal-en-regimen-de-derecho-lab\/\"]}]},{\"@type\":\"BreadcrumbList\",\"@id\":\"https:\/\/www.ull.es\/portal\/convocatorias\/convocatoria\/resolucion-de-1-de-octubre-de-2025-por-la-que-se-aprueba-la-convocatoria-de-contratacion-para-la-provision-de-plazas-de-personal-docente-e-investigador-contratado-temporal-en-regimen-de-derecho-lab\/#breadcrumb\",\"itemListElement\":[{\"@type\":\"ListItem\",\"position\":1,\"name\":\"Portada\",\"item\":\"https:\/\/www.ull.es\/portal\/convocatorias\/\"},{\"@type\":\"ListItem\",\"position\":2,\"name\":\"Resoluci\u00f3n de 1 de octubre de 2025, por la que se aprueba la convocatoria de contrataci\u00f3n para la provisi\u00f3n de plazas de personal docente e investigador contratado temporal en r\u00e9gimen de derecho laboral, mediante procedimiento ordinario, en la figura de Profesor Ayudante Doctor.\"}]},{\"@type\":\"WebSite\",\"@id\":\"https:\/\/www.ull.es\/portal\/convocatorias\/#website\",\"url\":\"https:\/\/www.ull.es\/portal\/convocatorias\/\",\"name\":\"Convocatorias\",\"description\":\"\",\"potentialAction\":[{\"@type\":\"SearchAction\",\"target\":{\"@type\":\"EntryPoint\",\"urlTemplate\":\"https:\/\/www.ull.es\/portal\/convocatorias\/?s={search_term_string}\"},\"query-input\":\"required name=search_term_string\"}],\"inLanguage\":\"es\"}]}<\/script>\n<!-- \/ Yoast SEO plugin. -->","yoast_head_json":{"title":"Resoluci\u00f3n de 1 de octubre de 2025, por la que se aprueba la convocatoria de contrataci\u00f3n para la provisi\u00f3n de plazas de personal docente e investigador contratado temporal en r\u00e9gimen de derecho laboral, mediante procedimiento ordinario, en la figura de Profesor Ayudante Doctor. - Convocatorias","robots":{"index":"index","follow":"follow","max-snippet":"max-snippet:-1","max-image-preview":"max-image-preview:large","max-video-preview":"max-video-preview:-1"},"canonical":"https:\/\/www.ull.es\/portal\/convocatorias\/convocatoria\/resolucion-de-1-de-octubre-de-2025-por-la-que-se-aprueba-la-convocatoria-de-contratacion-para-la-provision-de-plazas-de-personal-docente-e-investigador-contratado-temporal-en-regimen-de-derecho-lab\/","og_locale":"es_ES","og_type":"article","og_title":"Resoluci\u00f3n de 1 de octubre de 2025, por la que se aprueba la convocatoria de contrataci\u00f3n para la provisi\u00f3n de plazas de personal docente e investigador contratado temporal en r\u00e9gimen de derecho laboral, mediante procedimiento ordinario, en la figura de Profesor Ayudante Doctor. - Convocatorias","og_description":"[vc_row][vc_column][vc_column_text]DL2171, DL2182, DL2178, DL2206, DL2193, DL2197, DL2163, DL2194, DL2052, DL2159 Plazo de presentaci\u00f3n de solicitudes: Del 14 de octubre al 27 de octubre de 2025. Procedimiento Sede Electr\u00f3nica Anexo I &#8211; Plazas convocadas Anexo II &#8211; Declaraci\u00f3n responsable[\/vc_column_text][\/vc_column][\/vc_row][vc_row][vc_column][vc_tta_accordion shape=\u00bbsquare\u00bb c_icon=\u00bbchevron\u00bb active_section=\u00bb\u00bb][vc_tta_section title=\u00bbDL2171&#8243; tab_id=\u00bbDL2171&#8243;][vc_column_text]Lista provisional de admitidos plaza DL2171 Lista definitiva de admitidos y Comisi\u00f3n de...","og_url":"https:\/\/www.ull.es\/portal\/convocatorias\/convocatoria\/resolucion-de-1-de-octubre-de-2025-por-la-que-se-aprueba-la-convocatoria-de-contratacion-para-la-provision-de-plazas-de-personal-docente-e-investigador-contratado-temporal-en-regimen-de-derecho-lab\/","og_site_name":"Convocatorias","article_modified_time":"2026-04-30T13:23:44+00:00","twitter_card":"summary_large_image","twitter_misc":{"Tiempo de lectura":"2 minutos"},"schema":{"@context":"https:\/\/schema.org","@graph":[{"@type":"WebPage","@id":"https:\/\/www.ull.es\/portal\/convocatorias\/convocatoria\/resolucion-de-1-de-octubre-de-2025-por-la-que-se-aprueba-la-convocatoria-de-contratacion-para-la-provision-de-plazas-de-personal-docente-e-investigador-contratado-temporal-en-regimen-de-derecho-lab\/","url":"https:\/\/www.ull.es\/portal\/convocatorias\/convocatoria\/resolucion-de-1-de-octubre-de-2025-por-la-que-se-aprueba-la-convocatoria-de-contratacion-para-la-provision-de-plazas-de-personal-docente-e-investigador-contratado-temporal-en-regimen-de-derecho-lab\/","name":"Resoluci\u00f3n de 1 de octubre de 2025, por la que se aprueba la convocatoria de contrataci\u00f3n para la provisi\u00f3n de plazas de personal docente e investigador contratado temporal en r\u00e9gimen de derecho laboral, mediante procedimiento ordinario, en la figura de Profesor Ayudante Doctor. - Convocatorias","isPartOf":{"@id":"https:\/\/www.ull.es\/portal\/convocatorias\/#website"},"datePublished":"2025-10-14T00:13:20+00:00","dateModified":"2026-04-30T13:23:44+00:00","breadcrumb":{"@id":"https:\/\/www.ull.es\/portal\/convocatorias\/convocatoria\/resolucion-de-1-de-octubre-de-2025-por-la-que-se-aprueba-la-convocatoria-de-contratacion-para-la-provision-de-plazas-de-personal-docente-e-investigador-contratado-temporal-en-regimen-de-derecho-lab\/#breadcrumb"},"inLanguage":"es","potentialAction":[{"@type":"ReadAction","target":["https:\/\/www.ull.es\/portal\/convocatorias\/convocatoria\/resolucion-de-1-de-octubre-de-2025-por-la-que-se-aprueba-la-convocatoria-de-contratacion-para-la-provision-de-plazas-de-personal-docente-e-investigador-contratado-temporal-en-regimen-de-derecho-lab\/"]}]},{"@type":"BreadcrumbList","@id":"https:\/\/www.ull.es\/portal\/convocatorias\/convocatoria\/resolucion-de-1-de-octubre-de-2025-por-la-que-se-aprueba-la-convocatoria-de-contratacion-para-la-provision-de-plazas-de-personal-docente-e-investigador-contratado-temporal-en-regimen-de-derecho-lab\/#breadcrumb","itemListElement":[{"@type":"ListItem","position":1,"name":"Portada","item":"https:\/\/www.ull.es\/portal\/convocatorias\/"},{"@type":"ListItem","position":2,"name":"Resoluci\u00f3n de 1 de octubre de 2025, por la que se aprueba la convocatoria de contrataci\u00f3n para la provisi\u00f3n de plazas de personal docente e investigador contratado temporal en r\u00e9gimen de derecho laboral, mediante procedimiento ordinario, en la figura de Profesor Ayudante Doctor."}]},{"@type":"WebSite","@id":"https:\/\/www.ull.es\/portal\/convocatorias\/#website","url":"https:\/\/www.ull.es\/portal\/convocatorias\/","name":"Convocatorias","description":"","potentialAction":[{"@type":"SearchAction","target":{"@type":"EntryPoint","urlTemplate":"https:\/\/www.ull.es\/portal\/convocatorias\/?s={search_term_string}"},"query-input":"required name=search_term_string"}],"inLanguage":"es"}]}},"featured_image_thumbnail_url":null,"_links":{"self":[{"href":"https:\/\/www.ull.es\/portal\/convocatorias\/wp-json\/wp\/v2\/convocatorias\/24400"}],"collection":[{"href":"https:\/\/www.ull.es\/portal\/convocatorias\/wp-json\/wp\/v2\/convocatorias"}],"about":[{"href":"https:\/\/www.ull.es\/portal\/convocatorias\/wp-json\/wp\/v2\/types\/convocatorias"}],"version-history":[{"count":19,"href":"https:\/\/www.ull.es\/portal\/convocatorias\/wp-json\/wp\/v2\/convocatorias\/24400\/revisions"}],"predecessor-version":[{"id":25835,"href":"https:\/\/www.ull.es\/portal\/convocatorias\/wp-json\/wp\/v2\/convocatorias\/24400\/revisions\/25835"}],"wp:attachment":[{"href":"https:\/\/www.ull.es\/portal\/convocatorias\/wp-json\/wp\/v2\/media?parent=24400"}],"wp:term":[{"taxonomy":"taxonomia_convocatorias","embeddable":true,"href":"https:\/\/www.ull.es\/portal\/convocatorias\/wp-json\/wp\/v2\/taxonomia_convocatorias?post=24400"}],"curies":[{"name":"wp","href":"https:\/\/api.w.org\/{rel}","templated":true}]}}