{"id":16,"date":"2017-10-03T12:58:16","date_gmt":"2017-10-03T12:58:16","guid":{"rendered":"https:\/\/www.ull.es\/portal\/convocatorias\/?page_id=16"},"modified":"2023-11-03T11:26:55","modified_gmt":"2023-11-03T11:26:55","slug":"convocatoria","status":"publish","type":"page","link":"https:\/\/www.ull.es\/portal\/convocatorias\/","title":{"rendered":"Inicio"},"content":{"rendered":"<p>[vc_row css=\u00bb.vc_custom_1507116692705{margin-top: 20px !important;margin-bottom: 20px !important;}\u00bb][vc_column][vc_column_text]<\/p>\n<h1>Convocatorias<\/h1>\n<p>[\/vc_column_text][\/vc_column][\/vc_row][vc_row full_width=\u00bbstretch_row\u00bb content_placement=\u00bbmiddle\u00bb css=\u00bb.vc_custom_1699006129786{margin-top: 20px !important;background-color: #eeeeee !important;}\u00bb][vc_column offset=\u00bbvc_col-sm-offset-0&#8243;][vc_row_inner css=\u00bb.vc_custom_1699006102530{margin-bottom: 20px !important;}\u00bb][vc_column_inner width=\u00bb1\/3&#8243;][vc_column_text]<a class=\"btn-destacado\" style=\"background-color: #44919d; min-height: 120px; border-radius: 10px;\" href=\"https:\/\/www.ull.es\/portal\/convocatorias\/categorias\/empleo-publico\/\" target=\"_blank\" rel=\"noopener\">Empleo p\u00fablico<i class=\"fa fa-arrow-right\"><\/i><\/a>[\/vc_column_text][\/vc_column_inner][vc_column_inner width=\u00bb1\/3&#8243;][vc_column_text]<a class=\"btn-destacado\" style=\"background-color: #0064b2; min-height: 120px; border-radius: 10px;\" href=\"https:\/\/www.ull.es\/portal\/convocatorias\/categorias\/becas-y-ayudas\/\" target=\"_blank\" rel=\"noopener\">Becas y ayudas<i class=\"fa fa-arrow-right\"><\/i><\/a>[\/vc_column_text][\/vc_column_inner][vc_column_inner width=\u00bb1\/3&#8243;][vc_column_text]<a class=\"btn-destacado\" style=\"background-color: #8d6dc4; min-height: 120px; border-radius: 10px;\" href=\"https:\/\/www.ull.es\/portal\/convocatorias\/categorias\/investigacion\/\" target=\"_blank\" rel=\"noopener\">Investigaci\u00f3n<i class=\"fa fa-arrow-right\"><\/i><\/a>[\/vc_column_text][\/vc_column_inner][\/vc_row_inner][vc_row_inner css=\u00bb.vc_custom_1699006118578{margin-bottom: 20px !important;}\u00bb][vc_column_inner width=\u00bb1\/3&#8243;][vc_column_text]<a class=\"btn-destacado\" style=\"min-height: 120px; border-radius: 10px;\" href=\"https:\/\/www.ull.es\/portal\/convocatorias\/categorias\/evaluacion\/\" target=\"_blank\" rel=\"noopener\">Evaluaci\u00f3n de la Actividad Docente e Investigadora<i class=\"fa fa-arrow-right\"><\/i><\/a>[\/vc_column_text][\/vc_column_inner][vc_column_inner width=\u00bb1\/3&#8243;][vc_column_text]<a class=\"btn-destacado\" style=\"min-height: 120px; border-radius: 10px;\" href=\"https:\/\/www.ull.es\/portal\/convocatorias\/categorias\/internacional\/\" target=\"_blank\" rel=\"noopener\">Internacional<i class=\"fa fa-arrow-right\"><\/i><\/a>[\/vc_column_text][\/vc_column_inner][vc_column_inner width=\u00bb1\/3&#8243;][vc_column_text]<a class=\"btn-destacado\" style=\"min-height: 120px; border-radius: 10px;\" href=\"https:\/\/www.ull.es\/portal\/convocatorias\/categorias\/otras-convocatorias\/\" target=\"_blank\" rel=\"noopener\">Otras convocatorias<i class=\"fa fa-arrow-right\"><\/i><\/a>[\/vc_column_text][\/vc_column_inner][\/vc_row_inner][vc_row_inner css=\u00bb.vc_custom_1699005878250{margin-bottom: 40px !important;}\u00bb][vc_column_inner width=\u00bb1\/4&#8243;][vc_column_text]<a class=\"btn-destacado\" style=\"min-height: 160px; border-radius: 10px;\" href=\" https:\/\/www.ull.es\/portal\/convocatorias\/categorias\/personal-docente-e-investigador-funcionario\/\" target=\"_blank\" rel=\"noopener\">Personal Docente e Investigador Funcionario<i class=\"fa fa-arrow-right\"><\/i><\/a>[\/vc_column_text][\/vc_column_inner][vc_column_inner width=\u00bb1\/4&#8243;][vc_column_text]<a class=\"btn-destacado\" style=\"min-height: 160px; border-radius: 10px;\" href=\"https:\/\/www.ull.es\/portal\/convocatorias\/categorias\/personal-docente-e-investigador-laboral\/\" target=\"_blank\" rel=\"noopener\">Personal Docente e Investigador<br \/>\nLaboral<i class=\"fa fa-arrow-right\"><\/i><\/a>[\/vc_column_text][\/vc_column_inner][vc_column_inner width=\u00bb1\/4&#8243;][vc_column_text]<a class=\"btn-destacado\" style=\"min-height: 160px; border-radius: 10px;\" href=\"https:\/\/www.ull.es\/portal\/convocatorias\/categorias\/convocatorias-de-pas-funcionario\/\" target=\"_blank\" rel=\"noopener\">Personal de Administraci\u00f3n y Servicios Funcionario<i class=\"fa fa-arrow-right\"><\/i><\/a>[\/vc_column_text][\/vc_column_inner][vc_column_inner width=\u00bb1\/4&#8243;][vc_column_text]<a class=\"btn-destacado\" style=\"min-height: 160px; border-radius: 10px;\" href=\"https:\/\/www.ull.es\/portal\/convocatorias\/categorias\/convocatorias-de-pas-laboral\/\" target=\"_blank\" rel=\"noopener\">Personal de Administraci\u00f3n y Servicios Laboral<i class=\"fa fa-arrow-right\"><\/i><\/a>[\/vc_column_text][\/vc_column_inner][\/vc_row_inner][\/vc_column][\/vc_row][vc_row][vc_column width=\u00bb1\/3&#8243;][vc_column_text]<style>\n    .news-group .bg-size {\n        background-position: center;\n        background-size: cover;\n        width: 100%;\n        height: 48px;\n    }\n    .news-group .list-group-item-text {\n        font-size: 13px;\n    }\n    .news-group .col-md-3 {\n        padding-right: 0;\n    }\n    .news-group .list-group-item-date {\n        font-size: 11px;\n        color: #A4A4A4;\n        margin-bottom: 2px;\n        text-transform: uppercase;\n    }\n\n    .mensaje.alert-warning{\n        font-size: 12px;\n        margin: 14px !important;\n        padding: 4px 8px;\n        color: #cca60b;\n    }\n<\/style>\n\n<div class=\"panel panel-default\">\n    <div class=\"panel-heading\">\n        <h3 class=\"panel-title\">Noticias<\/h3>\n    <\/div>\n\n    <div class=\"list-group news-group\">\n\n        <div class=\"mensaje alert alert-warning\">No hay noticias disponibles.<\/div>\n    <\/div>\n\n\n<\/div>[\/vc_column_text][\/vc_column][vc_column width=\u00bb2\/3&#8243;][vc_column_text]<style>\n    .convocatorias-group .bg-size {\n        background-position: center;\n        background-size: cover;\n        width: 100%;\n        height: 48px;\n    }\n    .convocatorias-group .list-group-item-text {\n        font-size: 13px;\n    }\n    .convocatorias-group .col-md-3 {\n        padding-right: 0;\n    }\n    .convocatorias-group .list-group-item-date {\n        font-size: 11px;\n        color: #A4A4A4;\n        margin-bottom: 2px;\n        text-transform: uppercase;\n    }\n\n    .mensaje.alert-warning{\n        font-size: 12px;\n        margin: 14px !important;\n        padding: 4px 8px;\n        color: #cca60b;\n    }\n\n    .convocatorias-group a.label {\n        padding: 0 5px !important;\n        font-size: 11px !important;\n        font-weight: normal;\n    }\n\n    .convocatorias-group a.label {\n        text-decoration: none;\n    }\n\n    .linkconvocatoria {\n        cursor: pointer;\n    }\n\n    .list-group-item:hover {\n        background-color: #f5f5f5;\n    }\n\n<\/style>\n\n<div class=\"panel panel-default\">\n    <div class=\"panel-heading\">\n        <h3 class=\"panel-title\">\u00daltimas convocatorias<\/h3>\n    <\/div>\n\n    <div class=\"list-group convocatorias-group\">\n                            <div class=\"list-group-item linkconvocatoria\" data-href=\"https:\/\/www.ull.es\/portal\/convocatorias\/convocatoria\/referencia-2025_71_t\/\">\n                    <div class=\"row\">\n                        <div class=\"col-md-12\">\n                            <p class=\"list-group-item-date\">\n                                Fecha de modificaci\u00f3n: 28 Abr 2026 - 14:04 GMT+0000                            <\/p>\n                            <p class=\"list-group-item-text\">Convocatoria de contrato de un T\u00e9cnico con cargo a proyecto. Sub\u00e1reas: Qu\u00edmica, Biolog\u00eda, Farmacia, Ciencias del Mar, Biotecnolog\u00eda (Ref. 2025_71_T)<\/p>\n\n                            <p> <a href='https:\/\/www.ull.es\/portal\/convocatorias\/categorias\/contratos-laborales-con-cargo-a-proyectos\/' class='enlace-categoria label label-info'>Contratos laborales con cargo a proyectos<\/a> <a href='https:\/\/www.ull.es\/portal\/convocatorias\/categorias\/empleo-publico\/' class='enlace-categoria label label-info'>Empleo p\u00fablico<\/a> <a href='https:\/\/www.ull.es\/portal\/convocatorias\/categorias\/investigacion\/' class='enlace-categoria label label-info'>Investigaci\u00f3n<\/a> <a href='https:\/\/www.ull.es\/portal\/convocatorias\/categorias\/personal-docente-e-investigador-perfiles\/' class='enlace-categoria label label-info'>Personal Docente e Investigador<\/a><\/p>                        <\/div>\n                    <\/div>\n                <\/div>\n                            <div class=\"list-group-item linkconvocatoria\" data-href=\"https:\/\/www.ull.es\/portal\/convocatorias\/convocatoria\/convocatoria-para-la-contratacion-de-un-gestor-administrativo-con-cargo-al-proyecto-ull-programa-predoctoral\/\">\n                    <div class=\"row\">\n                        <div class=\"col-md-12\">\n                            <p class=\"list-group-item-date\">\n                                Fecha de modificaci\u00f3n: 28 Abr 2026 - 13:37 GMT+0000                            <\/p>\n                            <p class=\"list-group-item-text\">Convocatoria para la contrataci\u00f3n de un Gestor Administrativo con cargo al Proyecto \u00abULL &#8211; Programa Predoctoral\u00bb<\/p>\n\n                            <p> <a href='https:\/\/www.ull.es\/portal\/convocatorias\/categorias\/contratos-laborales-con-cargo-a-proyectos\/' class='enlace-categoria label label-info'>Contratos laborales con cargo a proyectos<\/a> <a href='https:\/\/www.ull.es\/portal\/convocatorias\/categorias\/empleo-publico\/' class='enlace-categoria label label-info'>Empleo p\u00fablico<\/a> <a href='https:\/\/www.ull.es\/portal\/convocatorias\/categorias\/investigacion\/' class='enlace-categoria label label-info'>Investigaci\u00f3n<\/a><\/p>                        <\/div>\n                    <\/div>\n                <\/div>\n                            <div class=\"list-group-item linkconvocatoria\" data-href=\"https:\/\/www.ull.es\/portal\/convocatorias\/convocatoria\/resolucion-de-16-de-diciembre-de-2022-por-la-que-se-convoca-concurso-oposicion-libre-para-la-cobertura-de-dos-puestos-vacantes-de-la-relacion-de-puestos-de-trabajo-grupo-profesional-tecnico-especial\/\">\n                    <div class=\"row\">\n                        <div class=\"col-md-12\">\n                            <p class=\"list-group-item-date\">\n                                Fecha de modificaci\u00f3n: 28 Abr 2026 - 13:21 GMT+0000                            <\/p>\n                            <p class=\"list-group-item-text\">Resoluci\u00f3n de 16 de diciembre de 2022, por la que se convoca concurso oposici\u00f3n libre para la cobertura de dos puestos vacantes de la relaci\u00f3n de puestos de trabajo, grupo profesional T\u00e9cnico Especialista, especialidad Cocinero, nivel retributivo 3.\u00a0(OEP 2019)\u00a0<\/p>\n\n                            <p> <a href='https:\/\/www.ull.es\/portal\/convocatorias\/categorias\/convocatorias-de-pas-laboral\/' class='enlace-categoria label label-info'>Convocatorias de PAS Laboral<\/a> <a href='https:\/\/www.ull.es\/portal\/convocatorias\/categorias\/empleo-publico\/' class='enlace-categoria label label-info'>Empleo p\u00fablico<\/a><\/p>                        <\/div>\n                    <\/div>\n                <\/div>\n                            <div class=\"list-group-item linkconvocatoria\" data-href=\"https:\/\/www.ull.es\/portal\/convocatorias\/convocatoria\/resolucion-del-vicerrector-de-personal-docente-e-investigador-de-la-ull-por-la-que-se-aprueba-la-convocatoria-para-la-provision-de-bolsas-de-sustitucion\/\">\n                    <div class=\"row\">\n                        <div class=\"col-md-12\">\n                            <p class=\"list-group-item-date\">\n                                Fecha de modificaci\u00f3n: 28 Abr 2026 - 12:14 GMT+0000                            <\/p>\n                            <p class=\"list-group-item-text\">Resoluci\u00f3n del Vicerrector de Personal Docente e Investigador de la ULL, por la que se aprueba la convocatoria, para la provisi\u00f3n de bolsas de sustituci\u00f3n.<\/p>\n\n                            <p> <a href='https:\/\/www.ull.es\/portal\/convocatorias\/categorias\/empleo-publico\/' class='enlace-categoria label label-info'>Empleo p\u00fablico<\/a> <a href='https:\/\/www.ull.es\/portal\/convocatorias\/categorias\/personal-docente-e-investigador-perfiles\/' class='enlace-categoria label label-info'>Personal Docente e Investigador<\/a> <a href='https:\/\/www.ull.es\/portal\/convocatorias\/categorias\/personal-docente-e-investigador-laboral\/' class='enlace-categoria label label-info'>Personal Docente e Investigador Laboral<\/a><\/p>                        <\/div>\n                    <\/div>\n                <\/div>\n                            <div class=\"list-group-item linkconvocatoria\" data-href=\"https:\/\/www.ull.es\/portal\/convocatorias\/convocatoria\/convocatoria-de-subvenciones-destinadas-a-infraestructuras-de-investigacion-y-equipamiento-cientifico-tecnico-programa-feder-canarias-2021-2027-para-el-ejercicio-2026\/\">\n                    <div class=\"row\">\n                        <div class=\"col-md-12\">\n                            <p class=\"list-group-item-date\">\n                                Fecha de modificaci\u00f3n: 28 Abr 2026 - 11:53 GMT+0000                            <\/p>\n                            <p class=\"list-group-item-text\">Convocatoria de subvenciones destinadas a infraestructuras de investigaci\u00f3n y equipamiento cient\u00edfico \u2013 t\u00e9cnico (Programa FEDER Canarias 2021-2027), para el ejercicio 2026<\/p>\n\n                            <p> <a href='https:\/\/www.ull.es\/portal\/convocatorias\/categorias\/comunidad-autonoma\/' class='enlace-categoria label label-info'>Comunidad Aut\u00f3noma<\/a> <a href='https:\/\/www.ull.es\/portal\/convocatorias\/categorias\/convocatorias-y-ayudas-externas\/' class='enlace-categoria label label-info'>Convocatorias y ayudas externas<\/a> <a href='https:\/\/www.ull.es\/portal\/convocatorias\/categorias\/investigacion\/' class='enlace-categoria label label-info'>Investigaci\u00f3n<\/a> <a href='https:\/\/www.ull.es\/portal\/convocatorias\/categorias\/personal-docente-e-investigador-perfiles\/' class='enlace-categoria label label-info'>Personal Docente e Investigador<\/a><\/p>                        <\/div>\n                    <\/div>\n                <\/div>\n                            <div class=\"list-group-item linkconvocatoria\" data-href=\"https:\/\/www.ull.es\/portal\/convocatorias\/convocatoria\/pdi-y-alumnado-de-posgrado-de-instituciones-con-convenio-con-la-ull-bolsas-de-viaje-paises-receptores-de-ayuda-oficial-al-desarrollo-2026\/\">\n                    <div class=\"row\">\n                        <div class=\"col-md-12\">\n                            <p class=\"list-group-item-date\">\n                                Fecha de modificaci\u00f3n: 28 Abr 2026 - 11:25 GMT+0000                            <\/p>\n                            <p class=\"list-group-item-text\">PDI y Alumnado de Posgrado de instituciones con convenio con la ULL \u2013 Bolsas de viaje \u2013 Pa\u00edses Receptores de Ayuda Oficial al Desarrollo \u2013 2026<\/p>\n\n                            <p> <a href='https:\/\/www.ull.es\/portal\/convocatorias\/categorias\/becas-y-ayudas\/' class='enlace-categoria label label-info'>Becas y ayudas<\/a> <a href='https:\/\/www.ull.es\/portal\/convocatorias\/categorias\/estudiantes\/' class='enlace-categoria label label-info'>Estudiantes<\/a> <a href='https:\/\/www.ull.es\/portal\/convocatorias\/categorias\/internacional\/' class='enlace-categoria label label-info'>Internacional<\/a> <a href='https:\/\/www.ull.es\/portal\/convocatorias\/categorias\/personal-docente-e-investigador-perfiles\/' class='enlace-categoria label label-info'>Personal Docente e Investigador<\/a><\/p>                        <\/div>\n                    <\/div>\n                <\/div>\n                            <div class=\"list-group-item linkconvocatoria\" data-href=\"https:\/\/www.ull.es\/portal\/convocatorias\/convocatoria\/convocatoria-concurso-oposicion-libre-1-plaza-grupo-profesional-oficial-especialidad-biblioteca\/\">\n                    <div class=\"row\">\n                        <div class=\"col-md-12\">\n                            <p class=\"list-group-item-date\">\n                                Fecha de modificaci\u00f3n: 28 Abr 2026 - 08:54 GMT+0000                            <\/p>\n                            <p class=\"list-group-item-text\">Convocatoria concurso oposici\u00f3n libre 1 plaza grupo profesional Oficial, especialidad Biblioteca<\/p>\n\n                            <p> <a href='https:\/\/www.ull.es\/portal\/convocatorias\/categorias\/convocatorias-de-pas-laboral\/' class='enlace-categoria label label-info'>Convocatorias de PAS Laboral<\/a> <a href='https:\/\/www.ull.es\/portal\/convocatorias\/categorias\/empleo-publico\/' class='enlace-categoria label label-info'>Empleo p\u00fablico<\/a><\/p>                        <\/div>\n                    <\/div>\n                <\/div>\n                            <div class=\"list-group-item linkconvocatoria\" data-href=\"https:\/\/www.ull.es\/portal\/convocatorias\/convocatoria\/convocatoria-de-becas-santander-de-movilidad-internacional-no-erasmus-para-estudiantes-de-la-universidad-de-la-laguna-durante-el-curso-2026-2027\/\">\n                    <div class=\"row\">\n                        <div class=\"col-md-12\">\n                            <p class=\"list-group-item-date\">\n                                Fecha de modificaci\u00f3n: 28 Abr 2026 - 07:39 GMT+0000                            <\/p>\n                            <p class=\"list-group-item-text\">Convocatoria de Becas Santander de movilidad internacional no Erasmus para estudiantes de la Universidad de La Laguna durante el curso 2026\/2027<\/p>\n\n                            <p> <a href='https:\/\/www.ull.es\/portal\/convocatorias\/categorias\/becas-y-ayudas\/' class='enlace-categoria label label-info'>Becas y ayudas<\/a> <a href='https:\/\/www.ull.es\/portal\/convocatorias\/categorias\/estudiantes\/' class='enlace-categoria label label-info'>Estudiantes<\/a> <a href='https:\/\/www.ull.es\/portal\/convocatorias\/categorias\/internacional\/' class='enlace-categoria label label-info'>Internacional<\/a><\/p>                        <\/div>\n                    <\/div>\n                <\/div>\n                            <div class=\"list-group-item linkconvocatoria\" data-href=\"https:\/\/www.ull.es\/portal\/convocatorias\/convocatoria\/ref-2025_77_t\/\">\n                    <div class=\"row\">\n                        <div class=\"col-md-12\">\n                            <p class=\"list-group-item-date\">\n                                Fecha de modificaci\u00f3n: 27 Abr 2026 - 09:12 GMT+0000                            <\/p>\n                            <p class=\"list-group-item-text\">Convocatoria de contrato de un t\u00e9cnico con cargo a proyecto. Sub\u00e1rea Edafolog\u00eda (Ref. 2025_77_T)<\/p>\n\n                            <p> <a href='https:\/\/www.ull.es\/portal\/convocatorias\/categorias\/contratos-laborales-con-cargo-a-proyectos\/' class='enlace-categoria label label-info'>Contratos laborales con cargo a proyectos<\/a> <a href='https:\/\/www.ull.es\/portal\/convocatorias\/categorias\/empleo-publico\/' class='enlace-categoria label label-info'>Empleo p\u00fablico<\/a> <a href='https:\/\/www.ull.es\/portal\/convocatorias\/categorias\/investigacion\/' class='enlace-categoria label label-info'>Investigaci\u00f3n<\/a> <a href='https:\/\/www.ull.es\/portal\/convocatorias\/categorias\/personal-docente-e-investigador-perfiles\/' class='enlace-categoria label label-info'>Personal Docente e Investigador<\/a><\/p>                        <\/div>\n                    <\/div>\n                <\/div>\n                            <div class=\"list-group-item linkconvocatoria\" data-href=\"https:\/\/www.ull.es\/portal\/convocatorias\/convocatoria\/resolucion-de-2-de-diciembre-de-2025-por-la-que-se-aprueba-la-convocatoria-de-contratacion-para-la-provision-de-plazas-de-personal-docente-e-investigador-contratado-temporal-en-regimen-de-derecho-lab\/\">\n                    <div class=\"row\">\n                        <div class=\"col-md-12\">\n                            <p class=\"list-group-item-date\">\n                                Fecha de modificaci\u00f3n: 27 Abr 2026 - 07:50 GMT+0000                            <\/p>\n                            <p class=\"list-group-item-text\">Resoluci\u00f3n de 2 de diciembre de 2025, por la que se aprueba la convocatoria de contrataci\u00f3n para la provisi\u00f3n de plazas de personal docente e investigador contratado temporal en r\u00e9gimen de derecho laboral, mediante procedimiento ordinario, en la figura de Profesor Ayudante Doctor.<\/p>\n\n                            <p> <a href='https:\/\/www.ull.es\/portal\/convocatorias\/categorias\/empleo-publico\/' class='enlace-categoria label label-info'>Empleo p\u00fablico<\/a> <a href='https:\/\/www.ull.es\/portal\/convocatorias\/categorias\/personal-docente-e-investigador-perfiles\/' class='enlace-categoria label label-info'>Personal Docente e Investigador<\/a> <a href='https:\/\/www.ull.es\/portal\/convocatorias\/categorias\/personal-docente-e-investigador-laboral\/' class='enlace-categoria label label-info'>Personal Docente e Investigador Laboral<\/a><\/p>                        <\/div>\n                    <\/div>\n                <\/div>\n                <\/div>\n<\/div>\n\n<script>\n    $(document).ready(function() {\n        $('.linkconvocatoria').click(function () {\n            window.location = $(this).attr('data-href');\n            return false;\n        });\n\n        $('.enlace-categoria').click(function (e) {\n            e.preventDefault();\n            e.stopPropagation();\n            window.location = $(this).attr('href');\n        });\n    });\n<\/script>[\/vc_column_text][\/vc_column][\/vc_row]<\/p>\n","protected":false},"excerpt":{"rendered":"<p>[vc_row css=\u00bb.vc_custom_1507116692705{margin-top: 20px !important;margin-bottom: 20px !important;}\u00bb][vc_column][vc_column_text] Convocatorias [\/vc_column_text][\/vc_column][\/vc_row][vc_row full_width=\u00bbstretch_row\u00bb content_placement=\u00bbmiddle\u00bb css=\u00bb.vc_custom_1699006129786{margin-top: 20px !important;background-color: #eeeeee !important;}\u00bb][vc_column offset=\u00bbvc_col-sm-offset-0&#8243;][vc_row_inner css=\u00bb.vc_custom_1699006102530{margin-bottom: 20px !important;}\u00bb][vc_column_inner width=\u00bb1\/3&#8243;][vc_column_text]Empleo p\u00fablico[\/vc_column_text][\/vc_column_inner][vc_column_inner width=\u00bb1\/3&#8243;][vc_column_text]Becas y ayudas[\/vc_column_text][\/vc_column_inner][vc_column_inner width=\u00bb1\/3&#8243;][vc_column_text]Investigaci\u00f3n[\/vc_column_text][\/vc_column_inner][\/vc_row_inner][vc_row_inner css=\u00bb.vc_custom_1699006118578{margin-bottom: 20px !important;}\u00bb][vc_column_inner width=\u00bb1\/3&#8243;][vc_column_text]Evaluaci\u00f3n de la Actividad Docente e Investigadora[\/vc_column_text][\/vc_column_inner][vc_column_inner width=\u00bb1\/3&#8243;][vc_column_text]Internacional[\/vc_column_text][\/vc_column_inner][vc_column_inner width=\u00bb1\/3&#8243;][vc_column_text]Otras convocatorias[\/vc_column_text][\/vc_column_inner][\/vc_row_inner][vc_row_inner css=\u00bb.vc_custom_1699005878250{margin-bottom: 40px !important;}\u00bb][vc_column_inner width=\u00bb1\/4&#8243;][vc_column_text]Personal Docente e Investigador Funcionario[\/vc_column_text][\/vc_column_inner][vc_column_inner width=\u00bb1\/4&#8243;][vc_column_text]Personal Docente e Investigador Laboral[\/vc_column_text][\/vc_column_inner][vc_column_inner width=\u00bb1\/4&#8243;][vc_column_text]Personal de Administraci\u00f3n y&#8230;<\/p>\n","protected":false},"author":1,"featured_media":0,"parent":0,"menu_order":0,"comment_status":"closed","ping_status":"closed","template":"templates\/template-frontpage.php","meta":{"inline_featured_image":false,"footnotes":""},"acf":[],"yoast_head":"<!-- This site is optimized with the Yoast SEO plugin v21.3 - https:\/\/yoast.com\/wordpress\/plugins\/seo\/ -->\n<title>Inicio - Convocatorias<\/title>\n<meta name=\"robots\" content=\"index, follow, max-snippet:-1, max-image-preview:large, max-video-preview:-1\" \/>\n<link rel=\"canonical\" href=\"https:\/\/www.ull.es\/portal\/convocatorias\/\" \/>\n<meta property=\"og:locale\" content=\"es_ES\" \/>\n<meta property=\"og:type\" content=\"article\" \/>\n<meta property=\"og:title\" content=\"Inicio - Convocatorias\" \/>\n<meta property=\"og:description\" content=\"[vc_row css=\u00bb.vc_custom_1507116692705{margin-top: 20px !important;margin-bottom: 20px !important;}\u00bb][vc_column][vc_column_text] Convocatorias [\/vc_column_text][\/vc_column][\/vc_row][vc_row full_width=\u00bbstretch_row\u00bb content_placement=\u00bbmiddle\u00bb css=\u00bb.vc_custom_1699006129786{margin-top: 20px !important;background-color: #eeeeee !important;}\u00bb][vc_column offset=\u00bbvc_col-sm-offset-0&#8243;][vc_row_inner css=\u00bb.vc_custom_1699006102530{margin-bottom: 20px !important;}\u00bb][vc_column_inner width=\u00bb1\/3&#8243;][vc_column_text]Empleo p\u00fablico[\/vc_column_text][\/vc_column_inner][vc_column_inner width=\u00bb1\/3&#8243;][vc_column_text]Becas y ayudas[\/vc_column_text][\/vc_column_inner][vc_column_inner width=\u00bb1\/3&#8243;][vc_column_text]Investigaci\u00f3n[\/vc_column_text][\/vc_column_inner][\/vc_row_inner][vc_row_inner css=\u00bb.vc_custom_1699006118578{margin-bottom: 20px !important;}\u00bb][vc_column_inner width=\u00bb1\/3&#8243;][vc_column_text]Evaluaci\u00f3n de la Actividad Docente e Investigadora[\/vc_column_text][\/vc_column_inner][vc_column_inner width=\u00bb1\/3&#8243;][vc_column_text]Internacional[\/vc_column_text][\/vc_column_inner][vc_column_inner width=\u00bb1\/3&#8243;][vc_column_text]Otras convocatorias[\/vc_column_text][\/vc_column_inner][\/vc_row_inner][vc_row_inner css=\u00bb.vc_custom_1699005878250{margin-bottom: 40px !important;}\u00bb][vc_column_inner width=\u00bb1\/4&#8243;][vc_column_text]Personal Docente e Investigador Funcionario[\/vc_column_text][\/vc_column_inner][vc_column_inner width=\u00bb1\/4&#8243;][vc_column_text]Personal Docente e Investigador Laboral[\/vc_column_text][\/vc_column_inner][vc_column_inner width=\u00bb1\/4&#8243;][vc_column_text]Personal de Administraci\u00f3n y...\" \/>\n<meta property=\"og:url\" content=\"https:\/\/www.ull.es\/portal\/convocatorias\/\" \/>\n<meta property=\"og:site_name\" content=\"Convocatorias\" \/>\n<meta property=\"article:modified_time\" content=\"2023-11-03T11:26:55+00:00\" \/>\n<meta name=\"twitter:card\" content=\"summary_large_image\" \/>\n<meta name=\"twitter:label1\" content=\"Tiempo de lectura\" \/>\n\t<meta name=\"twitter:data1\" content=\"1 minuto\" \/>\n<script type=\"application\/ld+json\" class=\"yoast-schema-graph\">{\"@context\":\"https:\/\/schema.org\",\"@graph\":[{\"@type\":\"WebPage\",\"@id\":\"https:\/\/www.ull.es\/portal\/convocatorias\/\",\"url\":\"https:\/\/www.ull.es\/portal\/convocatorias\/\",\"name\":\"Inicio - Convocatorias\",\"isPartOf\":{\"@id\":\"https:\/\/www.ull.es\/portal\/convocatorias\/#website\"},\"datePublished\":\"2017-10-03T12:58:16+00:00\",\"dateModified\":\"2023-11-03T11:26:55+00:00\",\"breadcrumb\":{\"@id\":\"https:\/\/www.ull.es\/portal\/convocatorias\/#breadcrumb\"},\"inLanguage\":\"es\",\"potentialAction\":[{\"@type\":\"ReadAction\",\"target\":[\"https:\/\/www.ull.es\/portal\/convocatorias\/\"]}]},{\"@type\":\"BreadcrumbList\",\"@id\":\"https:\/\/www.ull.es\/portal\/convocatorias\/#breadcrumb\",\"itemListElement\":[{\"@type\":\"ListItem\",\"position\":1,\"name\":\"Portada\",\"item\":\"https:\/\/www.ull.es\/portal\/convocatorias\/\"},{\"@type\":\"ListItem\",\"position\":2,\"name\":\"Inicio\"}]},{\"@type\":\"WebSite\",\"@id\":\"https:\/\/www.ull.es\/portal\/convocatorias\/#website\",\"url\":\"https:\/\/www.ull.es\/portal\/convocatorias\/\",\"name\":\"Convocatorias\",\"description\":\"\",\"potentialAction\":[{\"@type\":\"SearchAction\",\"target\":{\"@type\":\"EntryPoint\",\"urlTemplate\":\"https:\/\/www.ull.es\/portal\/convocatorias\/?s={search_term_string}\"},\"query-input\":\"required name=search_term_string\"}],\"inLanguage\":\"es\"}]}<\/script>\n<!-- \/ Yoast SEO plugin. -->","yoast_head_json":{"title":"Inicio - Convocatorias","robots":{"index":"index","follow":"follow","max-snippet":"max-snippet:-1","max-image-preview":"max-image-preview:large","max-video-preview":"max-video-preview:-1"},"canonical":"https:\/\/www.ull.es\/portal\/convocatorias\/","og_locale":"es_ES","og_type":"article","og_title":"Inicio - Convocatorias","og_description":"[vc_row css=\u00bb.vc_custom_1507116692705{margin-top: 20px !important;margin-bottom: 20px !important;}\u00bb][vc_column][vc_column_text] Convocatorias [\/vc_column_text][\/vc_column][\/vc_row][vc_row full_width=\u00bbstretch_row\u00bb content_placement=\u00bbmiddle\u00bb css=\u00bb.vc_custom_1699006129786{margin-top: 20px !important;background-color: #eeeeee !important;}\u00bb][vc_column offset=\u00bbvc_col-sm-offset-0&#8243;][vc_row_inner css=\u00bb.vc_custom_1699006102530{margin-bottom: 20px !important;}\u00bb][vc_column_inner width=\u00bb1\/3&#8243;][vc_column_text]Empleo p\u00fablico[\/vc_column_text][\/vc_column_inner][vc_column_inner width=\u00bb1\/3&#8243;][vc_column_text]Becas y ayudas[\/vc_column_text][\/vc_column_inner][vc_column_inner width=\u00bb1\/3&#8243;][vc_column_text]Investigaci\u00f3n[\/vc_column_text][\/vc_column_inner][\/vc_row_inner][vc_row_inner css=\u00bb.vc_custom_1699006118578{margin-bottom: 20px !important;}\u00bb][vc_column_inner width=\u00bb1\/3&#8243;][vc_column_text]Evaluaci\u00f3n de la Actividad Docente e Investigadora[\/vc_column_text][\/vc_column_inner][vc_column_inner width=\u00bb1\/3&#8243;][vc_column_text]Internacional[\/vc_column_text][\/vc_column_inner][vc_column_inner width=\u00bb1\/3&#8243;][vc_column_text]Otras convocatorias[\/vc_column_text][\/vc_column_inner][\/vc_row_inner][vc_row_inner css=\u00bb.vc_custom_1699005878250{margin-bottom: 40px !important;}\u00bb][vc_column_inner width=\u00bb1\/4&#8243;][vc_column_text]Personal Docente e Investigador Funcionario[\/vc_column_text][\/vc_column_inner][vc_column_inner width=\u00bb1\/4&#8243;][vc_column_text]Personal Docente e Investigador Laboral[\/vc_column_text][\/vc_column_inner][vc_column_inner width=\u00bb1\/4&#8243;][vc_column_text]Personal de Administraci\u00f3n y...","og_url":"https:\/\/www.ull.es\/portal\/convocatorias\/","og_site_name":"Convocatorias","article_modified_time":"2023-11-03T11:26:55+00:00","twitter_card":"summary_large_image","twitter_misc":{"Tiempo de lectura":"1 minuto"},"schema":{"@context":"https:\/\/schema.org","@graph":[{"@type":"WebPage","@id":"https:\/\/www.ull.es\/portal\/convocatorias\/","url":"https:\/\/www.ull.es\/portal\/convocatorias\/","name":"Inicio - Convocatorias","isPartOf":{"@id":"https:\/\/www.ull.es\/portal\/convocatorias\/#website"},"datePublished":"2017-10-03T12:58:16+00:00","dateModified":"2023-11-03T11:26:55+00:00","breadcrumb":{"@id":"https:\/\/www.ull.es\/portal\/convocatorias\/#breadcrumb"},"inLanguage":"es","potentialAction":[{"@type":"ReadAction","target":["https:\/\/www.ull.es\/portal\/convocatorias\/"]}]},{"@type":"BreadcrumbList","@id":"https:\/\/www.ull.es\/portal\/convocatorias\/#breadcrumb","itemListElement":[{"@type":"ListItem","position":1,"name":"Portada","item":"https:\/\/www.ull.es\/portal\/convocatorias\/"},{"@type":"ListItem","position":2,"name":"Inicio"}]},{"@type":"WebSite","@id":"https:\/\/www.ull.es\/portal\/convocatorias\/#website","url":"https:\/\/www.ull.es\/portal\/convocatorias\/","name":"Convocatorias","description":"","potentialAction":[{"@type":"SearchAction","target":{"@type":"EntryPoint","urlTemplate":"https:\/\/www.ull.es\/portal\/convocatorias\/?s={search_term_string}"},"query-input":"required name=search_term_string"}],"inLanguage":"es"}]}},"_links":{"self":[{"href":"https:\/\/www.ull.es\/portal\/convocatorias\/wp-json\/wp\/v2\/pages\/16"}],"collection":[{"href":"https:\/\/www.ull.es\/portal\/convocatorias\/wp-json\/wp\/v2\/pages"}],"about":[{"href":"https:\/\/www.ull.es\/portal\/convocatorias\/wp-json\/wp\/v2\/types\/page"}],"author":[{"embeddable":true,"href":"https:\/\/www.ull.es\/portal\/convocatorias\/wp-json\/wp\/v2\/users\/1"}],"replies":[{"embeddable":true,"href":"https:\/\/www.ull.es\/portal\/convocatorias\/wp-json\/wp\/v2\/comments?post=16"}],"version-history":[{"count":60,"href":"https:\/\/www.ull.es\/portal\/convocatorias\/wp-json\/wp\/v2\/pages\/16\/revisions"}],"predecessor-version":[{"id":19052,"href":"https:\/\/www.ull.es\/portal\/convocatorias\/wp-json\/wp\/v2\/pages\/16\/revisions\/19052"}],"wp:attachment":[{"href":"https:\/\/www.ull.es\/portal\/convocatorias\/wp-json\/wp\/v2\/media?parent=16"}],"curies":[{"name":"wp","href":"https:\/\/api.w.org\/{rel}","templated":true}]}}