{"id":32403,"date":"2024-07-10T13:12:22","date_gmt":"2024-07-10T13:12:22","guid":{"rendered":"https:\/\/www.ull.es\/portal\/hipotesis\/?page_id=32403"},"modified":"2024-07-10T13:12:42","modified_gmt":"2024-07-10T13:12:42","slug":"instituto-de-astrofisica-de-canarias","status":"publish","type":"page","link":"https:\/\/www.ull.es\/portal\/hipotesis\/instituto-de-astrofisica-de-canarias\/","title":{"rendered":"#Instituto de Astrof\u00edsica de Canarias"},"content":{"rendered":"\t\t<div data-elementor-type=\"wp-page\" data-elementor-id=\"32403\" class=\"elementor elementor-32403\">\n\t\t\t\t\t\t\t\t\t<section class=\"elementor-section elementor-top-section elementor-element elementor-element-87ab4af elementor-section-boxed elementor-section-height-default elementor-section-height-default\" data-id=\"87ab4af\" data-element_type=\"section\">\n\t\t\t\t\t\t<div class=\"elementor-container elementor-column-gap-default\">\n\t\t\t\t\t<div class=\"elementor-column elementor-col-100 elementor-top-column elementor-element elementor-element-de40c08\" data-id=\"de40c08\" data-element_type=\"column\">\n\t\t\t<div class=\"elementor-widget-wrap\">\n\t\t\t\t\t\t\t\t\t<\/div>\n\t\t<\/div>\n\t\t\t\t\t\t\t<\/div>\n\t\t<\/section>\n\t\t\t\t<section class=\"elementor-section elementor-top-section elementor-element elementor-element-c83d33d elementor-section-boxed elementor-section-height-default elementor-section-height-default\" data-id=\"c83d33d\" data-element_type=\"section\">\n\t\t\t\t\t\t<div class=\"elementor-container elementor-column-gap-default\">\n\t\t\t\t\t<div class=\"elementor-column elementor-col-100 elementor-top-column elementor-element elementor-element-60a166a\" data-id=\"60a166a\" data-element_type=\"column\">\n\t\t\t<div class=\"elementor-widget-wrap elementor-element-populated\">\n\t\t\t\t\t\t\t\t<div class=\"elementor-element elementor-element-2e43bdc elementor-widget elementor-widget-image\" data-id=\"2e43bdc\" data-element_type=\"widget\" data-widget_type=\"image.default\">\n\t\t\t\t<div class=\"elementor-widget-container\">\n\t\t\t<style>\/*! elementor - v3.9.2 - 21-12-2022 *\/\n.elementor-widget-image{text-align:center}.elementor-widget-image a{display:inline-block}.elementor-widget-image a img[src$=\".svg\"]{width:48px}.elementor-widget-image img{vertical-align:middle;display:inline-block}<\/style>\t\t\t\t\t\t\t\t\t\t\t\t<img decoding=\"async\" loading=\"lazy\" width=\"1140\" height=\"434\" src=\"https:\/\/www.ull.es\/portal\/hipotesis\/wp-content\/uploads\/sites\/62\/2024\/06\/facebook-04-1-1140x434.jpg\" class=\"attachment-page size-page wp-image-30282\" alt=\"\" srcset=\"https:\/\/www.ull.es\/portal\/hipotesis\/wp-content\/uploads\/sites\/62\/2024\/06\/facebook-04-1-1140x434.jpg 1140w, https:\/\/www.ull.es\/portal\/hipotesis\/wp-content\/uploads\/sites\/62\/2024\/06\/facebook-04-1-300x114.jpg 300w, https:\/\/www.ull.es\/portal\/hipotesis\/wp-content\/uploads\/sites\/62\/2024\/06\/facebook-04-1-1024x390.jpg 1024w, https:\/\/www.ull.es\/portal\/hipotesis\/wp-content\/uploads\/sites\/62\/2024\/06\/facebook-04-1-768x292.jpg 768w, https:\/\/www.ull.es\/portal\/hipotesis\/wp-content\/uploads\/sites\/62\/2024\/06\/facebook-04-1-1536x585.jpg 1536w, https:\/\/www.ull.es\/portal\/hipotesis\/wp-content\/uploads\/sites\/62\/2024\/06\/facebook-04-1-375x143.jpg 375w, https:\/\/www.ull.es\/portal\/hipotesis\/wp-content\/uploads\/sites\/62\/2024\/06\/facebook-04-1-750x285.jpg 750w, https:\/\/www.ull.es\/portal\/hipotesis\/wp-content\/uploads\/sites\/62\/2024\/06\/facebook-04-1.jpg 1600w\" sizes=\"(max-width: 1140px) 100vw, 1140px\" \/>\t\t\t\t\t\t\t\t\t\t\t\t\t\t\t<\/div>\n\t\t\t\t<\/div>\n\t\t\t\t\t<\/div>\n\t\t<\/div>\n\t\t\t\t\t\t\t<\/div>\n\t\t<\/section>\n\t\t\t\t<section class=\"elementor-section elementor-top-section elementor-element elementor-element-c943cc5 elementor-section-boxed elementor-section-height-default elementor-section-height-default\" data-id=\"c943cc5\" data-element_type=\"section\">\n\t\t\t\t\t\t<div class=\"elementor-container elementor-column-gap-default\">\n\t\t\t\t\t<div class=\"elementor-column elementor-col-100 elementor-top-column elementor-element elementor-element-087ac78\" data-id=\"087ac78\" data-element_type=\"column\">\n\t\t\t<div class=\"elementor-widget-wrap elementor-element-populated\">\n\t\t\t\t\t\t\t\t<div class=\"elementor-element elementor-element-a99dafa elementor-grid-3 elementor-grid-tablet-2 elementor-grid-mobile-1 elementor-posts--thumbnail-top elementor-posts--show-avatar elementor-card-shadow-yes elementor-posts__hover-gradient elementor-widget elementor-widget-posts\" data-id=\"a99dafa\" data-element_type=\"widget\" data-settings=\"{&quot;cards_columns&quot;:&quot;3&quot;,&quot;cards_columns_tablet&quot;:&quot;2&quot;,&quot;cards_columns_mobile&quot;:&quot;1&quot;,&quot;cards_row_gap&quot;:{&quot;unit&quot;:&quot;px&quot;,&quot;size&quot;:35,&quot;sizes&quot;:[]},&quot;cards_row_gap_tablet&quot;:{&quot;unit&quot;:&quot;px&quot;,&quot;size&quot;:&quot;&quot;,&quot;sizes&quot;:[]},&quot;cards_row_gap_mobile&quot;:{&quot;unit&quot;:&quot;px&quot;,&quot;size&quot;:&quot;&quot;,&quot;sizes&quot;:[]}}\" data-widget_type=\"posts.cards\">\n\t\t\t\t<div class=\"elementor-widget-container\">\n\t\t\t<link rel=\"stylesheet\" href=\"https:\/\/www.ull.es\/portal\/hipotesis\/wp-content\/plugins\/elementor-pro\/assets\/css\/widget-posts.min.css\">\t\t<div class=\"elementor-posts-container elementor-posts elementor-posts--skin-cards elementor-grid\">\n\t\t\t\t<article class=\"elementor-post elementor-grid-item post-34267 post type-post status-publish format-standard has-post-thumbnail hentry category-ciencia-y-tecnologia-areas-notas-hipotesis category-no-4 category-revista-hipotesis tag-ciencia-y-tecnologia tag-entrevista tag-instituto-de-astrofisica-de-canarias tag-juanjo-martin tag-revista-hipotesis\" target=\"_blank\" rel=\"noopener\">\n\t\t\t<div class=\"elementor-post__card\">\n\t\t\t\t<a class=\"elementor-post__thumbnail__link\" href=\"https:\/\/www.ull.es\/portal\/hipotesis\/el-iac-aspira-albergar-un-nuevo-telescopio-de-50-metros\/\"  target=\"_blank\" rel=\"noopener\"><div class=\"elementor-post__thumbnail\"><img loading=\"lazy\" width=\"800\" height=\"623\" src=\"https:\/\/www.ull.es\/portal\/hipotesis\/wp-content\/uploads\/sites\/62\/2024\/07\/image-1-1.jpg\" class=\"attachment-full size-full wp-image-40788\" alt=\"\" decoding=\"async\" srcset=\"https:\/\/www.ull.es\/portal\/hipotesis\/wp-content\/uploads\/sites\/62\/2024\/07\/image-1-1.jpg 800w, https:\/\/www.ull.es\/portal\/hipotesis\/wp-content\/uploads\/sites\/62\/2024\/07\/image-1-1-300x234.jpg 300w, https:\/\/www.ull.es\/portal\/hipotesis\/wp-content\/uploads\/sites\/62\/2024\/07\/image-1-1-768x598.jpg 768w, https:\/\/www.ull.es\/portal\/hipotesis\/wp-content\/uploads\/sites\/62\/2024\/07\/image-1-1-375x292.jpg 375w, https:\/\/www.ull.es\/portal\/hipotesis\/wp-content\/uploads\/sites\/62\/2024\/07\/image-1-1-750x584.jpg 750w\" sizes=\"(max-width: 800px) 100vw, 800px\" \/><\/div><\/a>\n\t\t\t\t<div class=\"elementor-post__avatar\">\n\t\t\t<img alt='gciencia' src='https:\/\/secure.gravatar.com\/avatar\/72ccd1b1a4ea47e7b66bc7cc6944b4e5?s=128&#038;d=mm&#038;r=g' srcset='https:\/\/secure.gravatar.com\/avatar\/72ccd1b1a4ea47e7b66bc7cc6944b4e5?s=256&#038;d=mm&#038;r=g 2x' class='avatar avatar-128 photo' height='128' width='128' loading='lazy' decoding='async'\/>\t\t<\/div>\n\t\t\t\t<div class=\"elementor-post__text\">\n\t\t\t\t<h3 class=\"elementor-post__title\">\n\t\t\t<a href=\"https:\/\/www.ull.es\/portal\/hipotesis\/el-iac-aspira-albergar-un-nuevo-telescopio-de-50-metros\/\"  target=\"_blank\" rel=\"noopener\">\n\t\t\t\tEl IAC aspira albergar un nuevo telescopio de 50 metros\t\t\t<\/a>\n\t\t<\/h3>\n\t\t\t\t<div class=\"elementor-post__excerpt\">\n\t\t\t<p>Muy pocos centros de investigaci\u00f3n en el mundo han conseguido que su marca se luzca con orgullo en camisetas y pegatinas. Su logo y nombre se pone siempre como ejemplo de centro de investigaci\u00f3n de primer nivel, l\u00edder en las isla y ocupando el tercer puesto entre los centros cient\u00edficos espa\u00f1oles.  El Instituto de Astrof\u00edsica de Canarias (IAC) tiene una dilatada historia; si repasamos su bit\u00e1cora encontramos sus or\u00edgenes en unos barracones anexos a la Facultad de F\u00edsica de la Universidad de La Laguna.<\/p>\n<p><strong><a href=\"https:\/\/www.ull.es\/portal\/hipotesis\/numero-4\/\" target=\"_blank\" rel=\"noopener\">#N\u00famero 4<\/a> <a href=\"https:\/\/www.ull.es\/portal\/hipotesis\/entrevista\/\" target=\"_blank\" rel=\"noopener\"> #Entrevista<\/a> <a href=\"https:\/\/www.ull.es\/portal\/hipotesis\/ciencia-y-tecnologia\/\" target=\"_blank\" rel=\"noopener\">#Ciencia y Tecnolog\u00eda<\/a> <a href=\"https:\/\/www.ull.es\/portal\/hipotesis\/juanjo-martin\/\" target=\"_blank\" rel=\"noopener\">#Juanjo Mart\u00edn<\/a><a href=\"https:\/\/www.ull.es\/portal\/hipotesis\/instituto-de-astrofisica-de-canarias\/\" target=\"_blank\" rel=\"noopener\"> #Instituto de Astrof\u00edsica de Canarias<\/a><\/strong><\/p>\n\t\t<\/div>\n\t\t\t\t<\/div>\n\t\t\t\t<div class=\"elementor-post__meta-data\">\n\t\t\t\t\t<span class=\"elementor-post-date\">\n\t\t\t15 julio, 2024\t\t<\/span>\n\t\t\t\t<span class=\"elementor-post-avatar\">\n\t\t\tNo hay comentarios\t\t<\/span>\n\t\t\t\t<\/div>\n\t\t\t\t\t<\/div>\n\t\t<\/article>\n\t\t\t\t<article class=\"elementor-post elementor-grid-item post-31862 post type-post status-publish format-standard has-post-thumbnail hentry category-ciencia-y-tecnologia-areas-notas-hipotesis category-no-1 category-revista-hipotesis tag-articulo tag-cesar-antonio-esteban-lopez tag-ciencia-y-tecnologia tag-instituto-de-astrofisica-de-canarias tag-numero-1 tag-revista-hipotesis\" target=\"_blank\" rel=\"noopener\">\n\t\t\t<div class=\"elementor-post__card\">\n\t\t\t\t<a class=\"elementor-post__thumbnail__link\" href=\"https:\/\/www.ull.es\/portal\/hipotesis\/respirando-cenizas-de-estrellas-el-origen-cosmico-del-oxigeno\/\"  target=\"_blank\" rel=\"noopener\"><div class=\"elementor-post__thumbnail\"><img loading=\"lazy\" width=\"1536\" height=\"942\" src=\"https:\/\/www.ull.es\/portal\/hipotesis\/wp-content\/uploads\/sites\/62\/2024\/07\/img16-16-1536x942-1.jpg\" class=\"attachment-full size-full wp-image-41157\" alt=\"\" decoding=\"async\" srcset=\"https:\/\/www.ull.es\/portal\/hipotesis\/wp-content\/uploads\/sites\/62\/2024\/07\/img16-16-1536x942-1.jpg 1536w, https:\/\/www.ull.es\/portal\/hipotesis\/wp-content\/uploads\/sites\/62\/2024\/07\/img16-16-1536x942-1-300x184.jpg 300w, https:\/\/www.ull.es\/portal\/hipotesis\/wp-content\/uploads\/sites\/62\/2024\/07\/img16-16-1536x942-1-1024x628.jpg 1024w, https:\/\/www.ull.es\/portal\/hipotesis\/wp-content\/uploads\/sites\/62\/2024\/07\/img16-16-1536x942-1-768x471.jpg 768w, https:\/\/www.ull.es\/portal\/hipotesis\/wp-content\/uploads\/sites\/62\/2024\/07\/img16-16-1536x942-1-375x230.jpg 375w, https:\/\/www.ull.es\/portal\/hipotesis\/wp-content\/uploads\/sites\/62\/2024\/07\/img16-16-1536x942-1-750x460.jpg 750w, https:\/\/www.ull.es\/portal\/hipotesis\/wp-content\/uploads\/sites\/62\/2024\/07\/img16-16-1536x942-1-1140x699.jpg 1140w\" sizes=\"(max-width: 1536px) 100vw, 1536px\" \/><\/div><\/a>\n\t\t\t\t<div class=\"elementor-post__avatar\">\n\t\t\t<img alt='gciencia' src='https:\/\/secure.gravatar.com\/avatar\/72ccd1b1a4ea47e7b66bc7cc6944b4e5?s=128&#038;d=mm&#038;r=g' srcset='https:\/\/secure.gravatar.com\/avatar\/72ccd1b1a4ea47e7b66bc7cc6944b4e5?s=256&#038;d=mm&#038;r=g 2x' class='avatar avatar-128 photo' height='128' width='128' loading='lazy' decoding='async'\/>\t\t<\/div>\n\t\t\t\t<div class=\"elementor-post__text\">\n\t\t\t\t<h3 class=\"elementor-post__title\">\n\t\t\t<a href=\"https:\/\/www.ull.es\/portal\/hipotesis\/respirando-cenizas-de-estrellas-el-origen-cosmico-del-oxigeno\/\"  target=\"_blank\" rel=\"noopener\">\n\t\t\t\tRespirando cenizas de estrellas. El origen c\u00f3smico del ox\u00edgeno\t\t\t<\/a>\n\t\t<\/h3>\n\t\t\t\t<div class=\"elementor-post__excerpt\">\n\t\t\t<p>El origen y la evoluci\u00f3n de los elementos qu\u00edmicos en el Universo es una historia fascinante, que comenz\u00f3 con el Big Bang y que a\u00fan continua desarroll\u00e1ndose en escenarios tan dram\u00e1ticos y grandiosos m\u00e1s de los de cualquier pel\u00edcula de ciencia ficci\u00f3n. La composici\u00f3n qu\u00edmica de la Tierra no es representativa de la del Cosmos. Debido a su campo gravitatorio y a su evoluci\u00f3n particular, nuestro planeta es especialmente rico en hierro, ox\u00edgeno y silicio. <\/p>\n<p><strong><a href=\"https:\/\/www.ull.es\/portal\/hipotesis\/numero-1\/\" target=\"_blank\" rel=\"noopener\">#N\u00famero 1<\/a><a href=\"https:\/\/www.ull.es\/portal\/hipotesis\/articulo\/\" target=\"_blank\" rel=\"noopener\"> #Art\u00edculo<\/a> <a href=\"https:\/\/www.ull.es\/portal\/hipotesis\/ciencia-y-tecnologia\/\" target=\"_blank\" rel=\"noopener\">#Ciencia y Tecnolog\u00eda<\/a> <a href=\"https:\/\/www.ull.es\/portal\/hipotesis\/cesar-antonio-esteban-lopez\/\" target=\"_blank\" rel=\"noopener\">#C\u00e9sar A. Esteban L\u00f3pez<\/a><\/strong><\/p>\n\t\t<\/div>\n\t\t\t\t<\/div>\n\t\t\t\t<div class=\"elementor-post__meta-data\">\n\t\t\t\t\t<span class=\"elementor-post-date\">\n\t\t\t10 julio, 2024\t\t<\/span>\n\t\t\t\t<span class=\"elementor-post-avatar\">\n\t\t\tNo hay comentarios\t\t<\/span>\n\t\t\t\t<\/div>\n\t\t\t\t\t<\/div>\n\t\t<\/article>\n\t\t\t\t<article class=\"elementor-post elementor-grid-item post-31129 post type-post status-publish format-standard has-post-thumbnail hentry category-ciencia-y-tecnologia-areas-notas-hipotesis category-no-0 category-revista-hipotesis tag-antonio-eff-darwich-pena tag-ciencia-y-tecnologia tag-instituto-de-astrofisica-de-canarias tag-numero-0 tag-reportaje tag-revista-hipotesis\" target=\"_blank\" rel=\"noopener\">\n\t\t\t<div class=\"elementor-post__card\">\n\t\t\t\t<a class=\"elementor-post__thumbnail__link\" href=\"https:\/\/www.ull.es\/portal\/hipotesis\/cuestion-de-tiempo\/\"  target=\"_blank\" rel=\"noopener\"><div class=\"elementor-post__thumbnail\"><img loading=\"lazy\" width=\"750\" height=\"1001\" src=\"https:\/\/www.ull.es\/portal\/hipotesis\/wp-content\/uploads\/sites\/62\/2024\/07\/img471-750x1001-1-1.jpg\" class=\"attachment-full size-full wp-image-40717\" alt=\"\" decoding=\"async\" srcset=\"https:\/\/www.ull.es\/portal\/hipotesis\/wp-content\/uploads\/sites\/62\/2024\/07\/img471-750x1001-1-1.jpg 750w, https:\/\/www.ull.es\/portal\/hipotesis\/wp-content\/uploads\/sites\/62\/2024\/07\/img471-750x1001-1-1-225x300.jpg 225w, https:\/\/www.ull.es\/portal\/hipotesis\/wp-content\/uploads\/sites\/62\/2024\/07\/img471-750x1001-1-1-375x501.jpg 375w\" sizes=\"(max-width: 750px) 100vw, 750px\" \/><\/div><\/a>\n\t\t\t\t<div class=\"elementor-post__avatar\">\n\t\t\t<img alt='gciencia' src='https:\/\/secure.gravatar.com\/avatar\/72ccd1b1a4ea47e7b66bc7cc6944b4e5?s=128&#038;d=mm&#038;r=g' srcset='https:\/\/secure.gravatar.com\/avatar\/72ccd1b1a4ea47e7b66bc7cc6944b4e5?s=256&#038;d=mm&#038;r=g 2x' class='avatar avatar-128 photo' height='128' width='128' loading='lazy' decoding='async'\/>\t\t<\/div>\n\t\t\t\t<div class=\"elementor-post__text\">\n\t\t\t\t<h3 class=\"elementor-post__title\">\n\t\t\t<a href=\"https:\/\/www.ull.es\/portal\/hipotesis\/cuestion-de-tiempo\/\"  target=\"_blank\" rel=\"noopener\">\n\t\t\t\tCuesti\u00f3n de tiempo\t\t\t<\/a>\n\t\t<\/h3>\n\t\t\t\t<div class=\"elementor-post__excerpt\">\n\t\t\t<p>Aquello que era argumento de pel\u00edculas de ciencia ficci\u00f3n, puede llegar a ser noticia real en los informativos de todos los canales de televisi\u00f3n, en la prensa escrita y las emisoras de radio. Fen\u00f3menos como agujeros negros que chocan entre s\u00ed o estrellas de neutrones capaces de generar ondas en la \u2018malla espacio-tiempo\u2019 son m\u00e1s reales que nunca gracias a los descubrimientos del maravilloso experimento LIGO (www.ligo.org). <\/p>\n<p><strong><a href=\"https:\/\/www.ull.es\/portal\/hipotesis\/numero-0\/\" target=\"_blank\" rel=\"noopener\">#N\u00famero 0<\/a> <a href=\"https:\/\/www.ull.es\/portal\/hipotesis\/reportaje\/\" target=\"_blank\" rel=\"noopener\">#Reportaje<\/a> <a href=\"https:\/\/www.ull.es\/portal\/hipotesis\/ciencia-y-tecnologia\/\" target=\"_blank\" rel=\"noopener\">#Ciencia y Tecnolog\u00eda<\/a> <a href=\"https:\/\/www.ull.es\/portal\/hipotesis\/antonio-eff-darwich-pena\/\" target=\"_blank\" rel=\"noopener\">#Antonio Eff-Darwich Pe\u00f1a<\/a> <a href=\"https:\/\/www.ull.es\/portal\/hipotesis\/instituto-de-astrofisica-de-canarias\/\" target=\"_blank\" rel=\"noopener\">#Instituto de Astrof\u00edsica de Canarias<\/a><\/strong><\/p>\n\t\t<\/div>\n\t\t\t\t<\/div>\n\t\t\t\t<div class=\"elementor-post__meta-data\">\n\t\t\t\t\t<span class=\"elementor-post-date\">\n\t\t\t8 julio, 2024\t\t<\/span>\n\t\t\t\t<span class=\"elementor-post-avatar\">\n\t\t\tNo hay comentarios\t\t<\/span>\n\t\t\t\t<\/div>\n\t\t\t\t\t<\/div>\n\t\t<\/article>\n\t\t\t\t<article class=\"elementor-post elementor-grid-item post-30967 post type-post status-publish format-standard has-post-thumbnail hentry category-ciencia-y-tecnologia-areas-notas-hipotesis category-no-0 category-revista-hipotesis tag-ciencia-y-tecnologia tag-instituto-de-astrofisica-de-canarias tag-juanjo-martin tag-numero-0 tag-reportaje tag-revista-hipotesis\" target=\"_blank\" rel=\"noopener\">\n\t\t\t<div class=\"elementor-post__card\">\n\t\t\t\t<a class=\"elementor-post__thumbnail__link\" href=\"https:\/\/www.ull.es\/portal\/hipotesis\/sol-y-playa-pero-sobre-todo-sol\/\"  target=\"_blank\" rel=\"noopener\"><div class=\"elementor-post__thumbnail\"><img loading=\"lazy\" width=\"1200\" height=\"720\" src=\"https:\/\/www.ull.es\/portal\/hipotesis\/wp-content\/uploads\/sites\/62\/2024\/07\/solar-flare.en_-1.jpg\" class=\"attachment-full size-full wp-image-40704\" alt=\"\" decoding=\"async\" srcset=\"https:\/\/www.ull.es\/portal\/hipotesis\/wp-content\/uploads\/sites\/62\/2024\/07\/solar-flare.en_-1.jpg 1200w, https:\/\/www.ull.es\/portal\/hipotesis\/wp-content\/uploads\/sites\/62\/2024\/07\/solar-flare.en_-1-300x180.jpg 300w, https:\/\/www.ull.es\/portal\/hipotesis\/wp-content\/uploads\/sites\/62\/2024\/07\/solar-flare.en_-1-1024x614.jpg 1024w, https:\/\/www.ull.es\/portal\/hipotesis\/wp-content\/uploads\/sites\/62\/2024\/07\/solar-flare.en_-1-768x461.jpg 768w, https:\/\/www.ull.es\/portal\/hipotesis\/wp-content\/uploads\/sites\/62\/2024\/07\/solar-flare.en_-1-375x225.jpg 375w, https:\/\/www.ull.es\/portal\/hipotesis\/wp-content\/uploads\/sites\/62\/2024\/07\/solar-flare.en_-1-750x450.jpg 750w, https:\/\/www.ull.es\/portal\/hipotesis\/wp-content\/uploads\/sites\/62\/2024\/07\/solar-flare.en_-1-1140x684.jpg 1140w\" sizes=\"(max-width: 1200px) 100vw, 1200px\" \/><\/div><\/a>\n\t\t\t\t<div class=\"elementor-post__avatar\">\n\t\t\t<img alt='gciencia' src='https:\/\/secure.gravatar.com\/avatar\/72ccd1b1a4ea47e7b66bc7cc6944b4e5?s=128&#038;d=mm&#038;r=g' srcset='https:\/\/secure.gravatar.com\/avatar\/72ccd1b1a4ea47e7b66bc7cc6944b4e5?s=256&#038;d=mm&#038;r=g 2x' class='avatar avatar-128 photo' height='128' width='128' loading='lazy' decoding='async'\/>\t\t<\/div>\n\t\t\t\t<div class=\"elementor-post__text\">\n\t\t\t\t<h3 class=\"elementor-post__title\">\n\t\t\t<a href=\"https:\/\/www.ull.es\/portal\/hipotesis\/sol-y-playa-pero-sobre-todo-sol\/\"  target=\"_blank\" rel=\"noopener\">\n\t\t\t\tSol y playa, pero sobre todo Sol\t\t\t<\/a>\n\t\t<\/h3>\n\t\t\t\t<div class=\"elementor-post__excerpt\">\n\t\t\t<p>Sin duda es la estrella de nuestra vida. Nos marca el rumbo, la hora, los ciclos biol\u00f3gicos, es el director general del clima en la Tierra, fundamental para la generaci\u00f3n de la vida, motor del turismo, etc. El Sol. Aunque parece una pregunta trampa, la estrella m\u00e1s cercana a nuestro planeta se encuentra a \u201ctan solo\u201d unos 150 millones de kil\u00f3metros; esta distancia, que nos parece tan grande en t\u00e9rminos terrestres, supone apenas 8 minutos luz&#8230;<\/p>\n<p><strong><a href=\"https:\/\/www.ull.es\/portal\/hipotesis\/numero-0\/\" target=\"_blank\" rel=\"noopener\">#N\u00famero 0<\/a><a href=\"https:\/\/www.ull.es\/portal\/hipotesis\/reportaje\/\" target=\"_blank\" rel=\"noopener\"> #Reportaje<\/a> <a href=\"https:\/\/www.ull.es\/portal\/hipotesis\/ciencia-y-tecnologia\/\" target=\"_blank\" rel=\"noopener\">#Ciencia y Tecnolog\u00eda<\/a> <a href=\"https:\/\/www.ull.es\/portal\/hipotesis\/juanjo-martin\/\" target=\"_blank\" rel=\"noopener\">#Juanjo Mart\u00edn<\/a> <a href=\"https:\/\/www.ull.es\/portal\/hipotesis\/instituto-de-astrofisica-de-canarias\/\" target=\"_blank\" rel=\"noopener\">#Instituto de Astrof\u00edsica de Canarias<\/a><\/strong><\/p>\n\t\t<\/div>\n\t\t\t\t<\/div>\n\t\t\t\t<div class=\"elementor-post__meta-data\">\n\t\t\t\t\t<span class=\"elementor-post-date\">\n\t\t\t8 julio, 2024\t\t<\/span>\n\t\t\t\t<span class=\"elementor-post-avatar\">\n\t\t\tNo hay comentarios\t\t<\/span>\n\t\t\t\t<\/div>\n\t\t\t\t\t<\/div>\n\t\t<\/article>\n\t\t\t\t<\/div>\n\t\t\n\t\t\t\t<\/div>\n\t\t\t\t<\/div>\n\t\t\t\t\t<\/div>\n\t\t<\/div>\n\t\t\t\t\t\t\t<\/div>\n\t\t<\/section>\n\t\t\t\t\t\t\t<\/div>\n\t\t","protected":false},"excerpt":{"rendered":"Sol y playa, pero sobre todo Solmartes 29 de mayo de 2018 - 00:00 GMT+0000CompartirFacebookXWhatsAppCopy Link\u00a0\u00a0CANARIAS ES L\u00cdDER MUNDIAL EN OBSERVACI\u00d3N SOLAR, DESDE LAS CUMBRES DE LAS ISLAS SE HAN RESUELTO ALGUNOS ENIGMAS DE NUESTRA ESTRELLA PERO, LO QUE ES M\u00c1S IMPORTANTE EN CIENCIA, SE HAN PLANTEADO MUCHAS M\u00c1S INC\u00d3GNITAS QUE AHORA LOS ASTROF\u00cdSICOS QUIEREN...","protected":false},"author":56,"featured_media":0,"parent":0,"menu_order":0,"comment_status":"closed","ping_status":"closed","template":"","meta":{"inline_featured_image":false,"footnotes":""},"acf":[],"yoast_head":"<!-- This site is optimized with the Yoast SEO plugin v21.3 - https:\/\/yoast.com\/wordpress\/plugins\/seo\/ -->\n<title>#Instituto de Astrof\u00edsica de Canarias - Hipotesis<\/title>\n<meta name=\"robots\" content=\"index, follow, max-snippet:-1, max-image-preview:large, max-video-preview:-1\" \/>\n<link rel=\"canonical\" href=\"https:\/\/www.ull.es\/portal\/hipotesis\/instituto-de-astrofisica-de-canarias\/\" \/>\n<meta property=\"og:locale\" content=\"es_ES\" \/>\n<meta property=\"og:type\" content=\"article\" \/>\n<meta property=\"og:title\" content=\"#Instituto de Astrof\u00edsica de Canarias - Hipotesis\" \/>\n<meta property=\"og:url\" content=\"https:\/\/www.ull.es\/portal\/hipotesis\/instituto-de-astrofisica-de-canarias\/\" \/>\n<meta property=\"og:site_name\" content=\"Hipotesis\" \/>\n<meta property=\"article:publisher\" content=\"https:\/\/www.facebook.com\/CienciaULL\/\" \/>\n<meta property=\"article:modified_time\" content=\"2024-07-10T13:12:42+00:00\" \/>\n<meta property=\"og:image\" content=\"https:\/\/www.ull.es\/portal\/hipotesis\/wp-content\/uploads\/sites\/62\/2024\/06\/facebook-04-1-1140x434.jpg\" \/>\n<meta name=\"twitter:card\" content=\"summary_large_image\" \/>\n<meta name=\"twitter:site\" content=\"@CienciaULL\" \/>\n<meta name=\"twitter:label1\" content=\"Tiempo de lectura\" \/>\n\t<meta name=\"twitter:data1\" content=\"1 minuto\" \/>\n<script type=\"application\/ld+json\" class=\"yoast-schema-graph\">{\"@context\":\"https:\/\/schema.org\",\"@graph\":[{\"@type\":\"WebPage\",\"@id\":\"https:\/\/www.ull.es\/portal\/hipotesis\/instituto-de-astrofisica-de-canarias\/\",\"url\":\"https:\/\/www.ull.es\/portal\/hipotesis\/instituto-de-astrofisica-de-canarias\/\",\"name\":\"#Instituto de Astrof\u00edsica de Canarias - Hipotesis\",\"isPartOf\":{\"@id\":\"https:\/\/www.ull.es\/portal\/hipotesis\/#website\"},\"datePublished\":\"2024-07-10T13:12:22+00:00\",\"dateModified\":\"2024-07-10T13:12:42+00:00\",\"breadcrumb\":{\"@id\":\"https:\/\/www.ull.es\/portal\/hipotesis\/instituto-de-astrofisica-de-canarias\/#breadcrumb\"},\"inLanguage\":\"es\",\"potentialAction\":[{\"@type\":\"ReadAction\",\"target\":[\"https:\/\/www.ull.es\/portal\/hipotesis\/instituto-de-astrofisica-de-canarias\/\"]}]},{\"@type\":\"BreadcrumbList\",\"@id\":\"https:\/\/www.ull.es\/portal\/hipotesis\/instituto-de-astrofisica-de-canarias\/#breadcrumb\",\"itemListElement\":[{\"@type\":\"ListItem\",\"position\":1,\"name\":\"Portada\",\"item\":\"https:\/\/www.ull.es\/portal\/hipotesis\/\"},{\"@type\":\"ListItem\",\"position\":2,\"name\":\"#Instituto de Astrof\u00edsica de Canarias\"}]},{\"@type\":\"WebSite\",\"@id\":\"https:\/\/www.ull.es\/portal\/hipotesis\/#website\",\"url\":\"https:\/\/www.ull.es\/portal\/hipotesis\/\",\"name\":\"Hipotesis\",\"description\":\"Unidad de Cultura Cient\u00edfica y de la Innovaci\u00f3n de la Universidad de La Laguna\",\"potentialAction\":[{\"@type\":\"SearchAction\",\"target\":{\"@type\":\"EntryPoint\",\"urlTemplate\":\"https:\/\/www.ull.es\/portal\/hipotesis\/?s={search_term_string}\"},\"query-input\":\"required name=search_term_string\"}],\"inLanguage\":\"es\"}]}<\/script>\n<!-- \/ Yoast SEO plugin. -->","yoast_head_json":{"title":"#Instituto de Astrof\u00edsica de Canarias - Hipotesis","robots":{"index":"index","follow":"follow","max-snippet":"max-snippet:-1","max-image-preview":"max-image-preview:large","max-video-preview":"max-video-preview:-1"},"canonical":"https:\/\/www.ull.es\/portal\/hipotesis\/instituto-de-astrofisica-de-canarias\/","og_locale":"es_ES","og_type":"article","og_title":"#Instituto de Astrof\u00edsica de Canarias - Hipotesis","og_url":"https:\/\/www.ull.es\/portal\/hipotesis\/instituto-de-astrofisica-de-canarias\/","og_site_name":"Hipotesis","article_publisher":"https:\/\/www.facebook.com\/CienciaULL\/","article_modified_time":"2024-07-10T13:12:42+00:00","og_image":[{"url":"https:\/\/www.ull.es\/portal\/hipotesis\/wp-content\/uploads\/sites\/62\/2024\/06\/facebook-04-1-1140x434.jpg"}],"twitter_card":"summary_large_image","twitter_site":"@CienciaULL","twitter_misc":{"Tiempo de lectura":"1 minuto"},"schema":{"@context":"https:\/\/schema.org","@graph":[{"@type":"WebPage","@id":"https:\/\/www.ull.es\/portal\/hipotesis\/instituto-de-astrofisica-de-canarias\/","url":"https:\/\/www.ull.es\/portal\/hipotesis\/instituto-de-astrofisica-de-canarias\/","name":"#Instituto de Astrof\u00edsica de Canarias - Hipotesis","isPartOf":{"@id":"https:\/\/www.ull.es\/portal\/hipotesis\/#website"},"datePublished":"2024-07-10T13:12:22+00:00","dateModified":"2024-07-10T13:12:42+00:00","breadcrumb":{"@id":"https:\/\/www.ull.es\/portal\/hipotesis\/instituto-de-astrofisica-de-canarias\/#breadcrumb"},"inLanguage":"es","potentialAction":[{"@type":"ReadAction","target":["https:\/\/www.ull.es\/portal\/hipotesis\/instituto-de-astrofisica-de-canarias\/"]}]},{"@type":"BreadcrumbList","@id":"https:\/\/www.ull.es\/portal\/hipotesis\/instituto-de-astrofisica-de-canarias\/#breadcrumb","itemListElement":[{"@type":"ListItem","position":1,"name":"Portada","item":"https:\/\/www.ull.es\/portal\/hipotesis\/"},{"@type":"ListItem","position":2,"name":"#Instituto de Astrof\u00edsica de Canarias"}]},{"@type":"WebSite","@id":"https:\/\/www.ull.es\/portal\/hipotesis\/#website","url":"https:\/\/www.ull.es\/portal\/hipotesis\/","name":"Hipotesis","description":"Unidad de Cultura Cient\u00edfica y de la Innovaci\u00f3n de la Universidad de La Laguna","potentialAction":[{"@type":"SearchAction","target":{"@type":"EntryPoint","urlTemplate":"https:\/\/www.ull.es\/portal\/hipotesis\/?s={search_term_string}"},"query-input":"required name=search_term_string"}],"inLanguage":"es"}]}},"_links":{"self":[{"href":"https:\/\/www.ull.es\/portal\/hipotesis\/wp-json\/wp\/v2\/pages\/32403"}],"collection":[{"href":"https:\/\/www.ull.es\/portal\/hipotesis\/wp-json\/wp\/v2\/pages"}],"about":[{"href":"https:\/\/www.ull.es\/portal\/hipotesis\/wp-json\/wp\/v2\/types\/page"}],"author":[{"embeddable":true,"href":"https:\/\/www.ull.es\/portal\/hipotesis\/wp-json\/wp\/v2\/users\/56"}],"replies":[{"embeddable":true,"href":"https:\/\/www.ull.es\/portal\/hipotesis\/wp-json\/wp\/v2\/comments?post=32403"}],"version-history":[{"count":4,"href":"https:\/\/www.ull.es\/portal\/hipotesis\/wp-json\/wp\/v2\/pages\/32403\/revisions"}],"predecessor-version":[{"id":32408,"href":"https:\/\/www.ull.es\/portal\/hipotesis\/wp-json\/wp\/v2\/pages\/32403\/revisions\/32408"}],"wp:attachment":[{"href":"https:\/\/www.ull.es\/portal\/hipotesis\/wp-json\/wp\/v2\/media?parent=32403"}],"curies":[{"name":"wp","href":"https:\/\/api.w.org\/{rel}","templated":true}]}}