{"id":39562,"date":"2024-11-22T12:10:53","date_gmt":"2024-11-22T12:10:53","guid":{"rendered":"https:\/\/www.ull.es\/portal\/hipotesis\/?page_id=39562"},"modified":"2024-12-17T15:29:25","modified_gmt":"2024-12-17T15:29:25","slug":"en-el-jardin-de-ockam","status":"publish","type":"page","link":"https:\/\/www.ull.es\/portal\/hipotesis\/en-el-jardin-de-ockam\/","title":{"rendered":"Editorial"},"content":{"rendered":"\t\t<div data-elementor-type=\"wp-page\" data-elementor-id=\"39562\" class=\"elementor elementor-39562\">\n\t\t\t\t\t\t\t\t\t<section class=\"elementor-section elementor-top-section elementor-element elementor-element-6521d02 elementor-section-boxed elementor-section-height-default elementor-section-height-default\" data-id=\"6521d02\" data-element_type=\"section\">\n\t\t\t\t\t\t<div class=\"elementor-container elementor-column-gap-default\">\n\t\t\t\t\t<div class=\"elementor-column elementor-col-100 elementor-top-column elementor-element elementor-element-68e35e3\" data-id=\"68e35e3\" data-element_type=\"column\" el=\"\">\n\t\t\t<div class=\"elementor-widget-wrap elementor-element-populated\">\n\t\t\t\t\t\t\t\t<div class=\"elementor-element elementor-element-795ad7d elementor-widget elementor-widget-image\" data-id=\"795ad7d\" data-element_type=\"widget\" data-widget_type=\"image.default\">\n\t\t\t\t<div class=\"elementor-widget-container\">\n\t\t\t<style>\/*! elementor - v3.9.2 - 21-12-2022 *\/\n.elementor-widget-image{text-align:center}.elementor-widget-image a{display:inline-block}.elementor-widget-image a img[src$=\".svg\"]{width:48px}.elementor-widget-image img{vertical-align:middle;display:inline-block}<\/style>\t\t\t\t\t\t\t\t\t\t\t\t<img decoding=\"async\" loading=\"lazy\" width=\"1600\" height=\"600\" src=\"https:\/\/www.ull.es\/portal\/hipotesis\/wp-content\/uploads\/sites\/62\/2024\/11\/secciones_jardin_ockham.jpg\" class=\"attachment-full size-full wp-image-39687\" alt=\"\" srcset=\"https:\/\/www.ull.es\/portal\/hipotesis\/wp-content\/uploads\/sites\/62\/2024\/11\/secciones_jardin_ockham.jpg 1600w, https:\/\/www.ull.es\/portal\/hipotesis\/wp-content\/uploads\/sites\/62\/2024\/11\/secciones_jardin_ockham-300x113.jpg 300w, https:\/\/www.ull.es\/portal\/hipotesis\/wp-content\/uploads\/sites\/62\/2024\/11\/secciones_jardin_ockham-1024x384.jpg 1024w, https:\/\/www.ull.es\/portal\/hipotesis\/wp-content\/uploads\/sites\/62\/2024\/11\/secciones_jardin_ockham-768x288.jpg 768w, https:\/\/www.ull.es\/portal\/hipotesis\/wp-content\/uploads\/sites\/62\/2024\/11\/secciones_jardin_ockham-1536x576.jpg 1536w, https:\/\/www.ull.es\/portal\/hipotesis\/wp-content\/uploads\/sites\/62\/2024\/11\/secciones_jardin_ockham-375x141.jpg 375w, https:\/\/www.ull.es\/portal\/hipotesis\/wp-content\/uploads\/sites\/62\/2024\/11\/secciones_jardin_ockham-750x281.jpg 750w, https:\/\/www.ull.es\/portal\/hipotesis\/wp-content\/uploads\/sites\/62\/2024\/11\/secciones_jardin_ockham-1140x428.jpg 1140w\" sizes=\"(max-width: 1600px) 100vw, 1600px\" \/>\t\t\t\t\t\t\t\t\t\t\t\t\t\t\t<\/div>\n\t\t\t\t<\/div>\n\t\t\t\t\t<\/div>\n\t\t<\/div>\n\t\t\t\t\t\t\t<\/div>\n\t\t<\/section>\n\t\t\t\t<section class=\"elementor-section elementor-top-section elementor-element elementor-element-41b7f1a elementor-section-boxed elementor-section-height-default elementor-section-height-default\" data-id=\"41b7f1a\" data-element_type=\"section\" editorial=\"\">\n\t\t\t\t\t\t<div class=\"elementor-container elementor-column-gap-default\">\n\t\t\t\t\t<div class=\"elementor-column elementor-col-100 elementor-top-column elementor-element elementor-element-d5cb8ce\" data-id=\"d5cb8ce\" data-element_type=\"column\">\n\t\t\t<div class=\"elementor-widget-wrap elementor-element-populated\">\n\t\t\t\t\t\t\t\t<div class=\"elementor-element elementor-element-a22edef elementor-grid-3 elementor-grid-tablet-2 elementor-grid-mobile-1 elementor-posts--thumbnail-top elementor-posts--show-avatar elementor-card-shadow-yes elementor-posts__hover-gradient elementor-widget elementor-widget-posts\" data-id=\"a22edef\" data-element_type=\"widget\" data-settings=\"{&quot;cards_columns&quot;:&quot;3&quot;,&quot;cards_columns_tablet&quot;:&quot;2&quot;,&quot;cards_columns_mobile&quot;:&quot;1&quot;,&quot;cards_row_gap&quot;:{&quot;unit&quot;:&quot;px&quot;,&quot;size&quot;:35,&quot;sizes&quot;:[]},&quot;cards_row_gap_tablet&quot;:{&quot;unit&quot;:&quot;px&quot;,&quot;size&quot;:&quot;&quot;,&quot;sizes&quot;:[]},&quot;cards_row_gap_mobile&quot;:{&quot;unit&quot;:&quot;px&quot;,&quot;size&quot;:&quot;&quot;,&quot;sizes&quot;:[]}}\" jardin=\"\" data-widget_type=\"posts.cards\">\n\t\t\t\t<div class=\"elementor-widget-container\">\n\t\t\t<link rel=\"stylesheet\" href=\"https:\/\/www.ull.es\/portal\/hipotesis\/wp-content\/plugins\/elementor-pro\/assets\/css\/widget-posts.min.css\">\t\t<div class=\"elementor-posts-container elementor-posts elementor-posts--skin-cards elementor-grid\">\n\t\t\t\t<article class=\"elementor-post elementor-grid-item post-44201 post type-post status-publish format-standard has-post-thumbnail hentry category-biomedicina-y-salud category-no category-revista-hipotesis-proyecto tag-articulo tag-biomedicina-y-salud tag-cristina-yunta-yanes tag-enzimas tag-numero-19 tag-revista-hipotesis tag-universidad-de-la-laguna\" target=\"_blank\" rel=\"noopener\">\n\t\t\t<div class=\"elementor-post__card\">\n\t\t\t\t<a class=\"elementor-post__thumbnail__link\" href=\"https:\/\/www.ull.es\/portal\/hipotesis\/sherlock-el-detective-molecular\/\" target=\"_blank\" target=\"_blank\" rel=\"noopener\"><div class=\"elementor-post__thumbnail\"><img loading=\"lazy\" width=\"300\" height=\"167\" src=\"https:\/\/www.ull.es\/portal\/hipotesis\/wp-content\/uploads\/sites\/62\/2026\/04\/Gemini_Generated_Image_p8mn7ap8mn7ap8mn-1-300x167.jpg\" class=\"attachment-medium size-medium wp-image-44202\" alt=\"\" decoding=\"async\" srcset=\"https:\/\/www.ull.es\/portal\/hipotesis\/wp-content\/uploads\/sites\/62\/2026\/04\/Gemini_Generated_Image_p8mn7ap8mn7ap8mn-1-300x167.jpg 300w, https:\/\/www.ull.es\/portal\/hipotesis\/wp-content\/uploads\/sites\/62\/2026\/04\/Gemini_Generated_Image_p8mn7ap8mn7ap8mn-1-1024x572.jpg 1024w, https:\/\/www.ull.es\/portal\/hipotesis\/wp-content\/uploads\/sites\/62\/2026\/04\/Gemini_Generated_Image_p8mn7ap8mn7ap8mn-1-768x429.jpg 768w, https:\/\/www.ull.es\/portal\/hipotesis\/wp-content\/uploads\/sites\/62\/2026\/04\/Gemini_Generated_Image_p8mn7ap8mn7ap8mn-1-375x209.jpg 375w, https:\/\/www.ull.es\/portal\/hipotesis\/wp-content\/uploads\/sites\/62\/2026\/04\/Gemini_Generated_Image_p8mn7ap8mn7ap8mn-1-750x419.jpg 750w, https:\/\/www.ull.es\/portal\/hipotesis\/wp-content\/uploads\/sites\/62\/2026\/04\/Gemini_Generated_Image_p8mn7ap8mn7ap8mn-1-1140x636.jpg 1140w, https:\/\/www.ull.es\/portal\/hipotesis\/wp-content\/uploads\/sites\/62\/2026\/04\/Gemini_Generated_Image_p8mn7ap8mn7ap8mn-1.jpg 1376w\" sizes=\"(max-width: 300px) 100vw, 300px\" \/><\/div><\/a>\n\t\t\t\t<div class=\"elementor-post__avatar\">\n\t\t\t<img alt='fgjjmartin' src='https:\/\/secure.gravatar.com\/avatar\/40b2011be6f946688bec8bdb44310505?s=128&#038;d=mm&#038;r=g' srcset='https:\/\/secure.gravatar.com\/avatar\/40b2011be6f946688bec8bdb44310505?s=256&#038;d=mm&#038;r=g 2x' class='avatar avatar-128 photo' height='128' width='128' loading='lazy' decoding='async'\/>\t\t<\/div>\n\t\t\t\t<div class=\"elementor-post__text\">\n\t\t\t\t<h3 class=\"elementor-post__title\">\n\t\t\t<a href=\"https:\/\/www.ull.es\/portal\/hipotesis\/sherlock-el-detective-molecular\/\" target=&quot;_blank&quot; target=\"_blank\" rel=\"noopener\">\n\t\t\t\tSHERLOCK, el detective molecular\t\t\t<\/a>\n\t\t<\/h3>\n\t\t\t\t<div class=\"elementor-post__excerpt\">\n\t\t\t<p>Canarias ha tenido tradicionalmente, desde la conquista por parte de los castellanos hace unos 600 a\u00f1os, una poblaci\u00f3n estable de dromedarios que se ha conocido como tachos y que actualmente conforman una raza aut\u00f3ctona reconocida por el Ministerio de Agricultura, Pesca y Alimentaci\u00f3n. Aunque siempre se les ha llamado camellos, los dromedarios tienen una \u00fanica joroba, mientras que los camellos poseen dos. Estos dromedarios se adaptaron a tierras canarias adquiriendo un aspecto m\u00e1s compacto, con las patas m\u00e1s cortas y el pecho m\u00e1s ancho, diferenci\u00e1ndose de sus parientes africanos, llamados moros, m\u00e1s ligeros y con  las patas m\u00e1s largas. El camello canario se mantiene sin mezcla gen\u00e9tica desde hace unos 40 a\u00f1os al no poder importarse dromedarios africanos por motivos sanitarios, por lo que la raza permanece pura desde entonces, manteniendo su diversidad gen\u00e9tica.<br \/>\n<strong><a href=\"https:\/\/www.ull.es\/portal\/hipotesis\/numero-8\/\" target=\"_blank\" rel=\"noopener\">#N\u00famero 8<\/a><a href=\"https:\/\/www.ull.es\/portal\/hipotesis\/articulo\/\" target=\"_blank\" rel=\"noopener\"> #Art\u00edculo<\/a> <a href=\"https:\/\/www.ull.es\/portal\/hipotesis\/ciencia-y-sociedad\/\" target=\"_blank\" rel=\"noopener\">#Ciencia y Sociedad<\/a> <a href=\"https:\/\/www.ull.es\/portal\/hipotesis\/dulce-maria-gonzalez-doreste\/\" target=\"_blank\" rel=\"noopener\">#V\u00edctor Garc\u00eda Tagua<\/a><br \/>\n<a href=\"https:\/\/www.ull.es\/portal\/hipotesis\/universidad-de-la-laguna\/\" target=\"_blank\" rel=\"noopener\">#Universidad de La Laguna<\/a><\/strong><\/p>\n\t\t<\/div>\n\t\t\t\t<\/div>\n\t\t\t\t<div class=\"elementor-post__meta-data\">\n\t\t\t\t\t<span class=\"elementor-post-date\">\n\t\t\t28 abril, 2026\t\t<\/span>\n\t\t\t\t<span class=\"elementor-post-avatar\">\n\t\t\tNo hay comentarios\t\t<\/span>\n\t\t\t\t<\/div>\n\t\t\t\t\t<\/div>\n\t\t<\/article>\n\t\t\t\t<article class=\"elementor-post elementor-grid-item post-44192 post type-post status-publish format-standard has-post-thumbnail hentry category-no category-revista-hipotesis-proyecto tag-articulo tag-biologia tag-botanica tag-briofitos tag-numero-19 tag-revista-hipotesis tag-ruyman-david-cedres-perdomo tag-universidad-de-la-laguna\" target=\"_blank\" rel=\"noopener\">\n\t\t\t<div class=\"elementor-post__card\">\n\t\t\t\t<a class=\"elementor-post__thumbnail__link\" href=\"https:\/\/www.ull.es\/portal\/hipotesis\/el-bosque-en-miniatura-la-vida-secreta-de-los-briofitos\/\" target=\"_blank\" target=\"_blank\" rel=\"noopener\"><div class=\"elementor-post__thumbnail\"><img loading=\"lazy\" width=\"281\" height=\"300\" src=\"https:\/\/www.ull.es\/portal\/hipotesis\/wp-content\/uploads\/sites\/62\/2026\/04\/Figura-1.-Individuos-de-Orthotrichum-handiense-desarrollandose-sobre-ramas-secas-de-jorao-Asteriscus-sericeus-281x300.jpg\" class=\"attachment-medium size-medium wp-image-44193\" alt=\"\" decoding=\"async\" srcset=\"https:\/\/www.ull.es\/portal\/hipotesis\/wp-content\/uploads\/sites\/62\/2026\/04\/Figura-1.-Individuos-de-Orthotrichum-handiense-desarrollandose-sobre-ramas-secas-de-jorao-Asteriscus-sericeus-281x300.jpg 281w, https:\/\/www.ull.es\/portal\/hipotesis\/wp-content\/uploads\/sites\/62\/2026\/04\/Figura-1.-Individuos-de-Orthotrichum-handiense-desarrollandose-sobre-ramas-secas-de-jorao-Asteriscus-sericeus-959x1024.jpg 959w, https:\/\/www.ull.es\/portal\/hipotesis\/wp-content\/uploads\/sites\/62\/2026\/04\/Figura-1.-Individuos-de-Orthotrichum-handiense-desarrollandose-sobre-ramas-secas-de-jorao-Asteriscus-sericeus-768x820.jpg 768w, https:\/\/www.ull.es\/portal\/hipotesis\/wp-content\/uploads\/sites\/62\/2026\/04\/Figura-1.-Individuos-de-Orthotrichum-handiense-desarrollandose-sobre-ramas-secas-de-jorao-Asteriscus-sericeus-1438x1536.jpg 1438w, https:\/\/www.ull.es\/portal\/hipotesis\/wp-content\/uploads\/sites\/62\/2026\/04\/Figura-1.-Individuos-de-Orthotrichum-handiense-desarrollandose-sobre-ramas-secas-de-jorao-Asteriscus-sericeus-375x401.jpg 375w, https:\/\/www.ull.es\/portal\/hipotesis\/wp-content\/uploads\/sites\/62\/2026\/04\/Figura-1.-Individuos-de-Orthotrichum-handiense-desarrollandose-sobre-ramas-secas-de-jorao-Asteriscus-sericeus-750x801.jpg 750w, https:\/\/www.ull.es\/portal\/hipotesis\/wp-content\/uploads\/sites\/62\/2026\/04\/Figura-1.-Individuos-de-Orthotrichum-handiense-desarrollandose-sobre-ramas-secas-de-jorao-Asteriscus-sericeus-1140x1218.jpg 1140w, https:\/\/www.ull.es\/portal\/hipotesis\/wp-content\/uploads\/sites\/62\/2026\/04\/Figura-1.-Individuos-de-Orthotrichum-handiense-desarrollandose-sobre-ramas-secas-de-jorao-Asteriscus-sericeus.jpg 1498w\" sizes=\"(max-width: 281px) 100vw, 281px\" \/><\/div><\/a>\n\t\t\t\t<div class=\"elementor-post__avatar\">\n\t\t\t<img alt='fgjjmartin' src='https:\/\/secure.gravatar.com\/avatar\/40b2011be6f946688bec8bdb44310505?s=128&#038;d=mm&#038;r=g' srcset='https:\/\/secure.gravatar.com\/avatar\/40b2011be6f946688bec8bdb44310505?s=256&#038;d=mm&#038;r=g 2x' class='avatar avatar-128 photo' height='128' width='128' loading='lazy' decoding='async'\/>\t\t<\/div>\n\t\t\t\t<div class=\"elementor-post__text\">\n\t\t\t\t<h3 class=\"elementor-post__title\">\n\t\t\t<a href=\"https:\/\/www.ull.es\/portal\/hipotesis\/el-bosque-en-miniatura-la-vida-secreta-de-los-briofitos\/\" target=&quot;_blank&quot; target=\"_blank\" rel=\"noopener\">\n\t\t\t\tEl bosque en miniatura: la vida secreta de los bri\u00f3fitos\t\t\t<\/a>\n\t\t<\/h3>\n\t\t\t\t<div class=\"elementor-post__excerpt\">\n\t\t\t<p>Canarias ha tenido tradicionalmente, desde la conquista por parte de los castellanos hace unos 600 a\u00f1os, una poblaci\u00f3n estable de dromedarios que se ha conocido como tachos y que actualmente conforman una raza aut\u00f3ctona reconocida por el Ministerio de Agricultura, Pesca y Alimentaci\u00f3n. Aunque siempre se les ha llamado camellos, los dromedarios tienen una \u00fanica joroba, mientras que los camellos poseen dos. Estos dromedarios se adaptaron a tierras canarias adquiriendo un aspecto m\u00e1s compacto, con las patas m\u00e1s cortas y el pecho m\u00e1s ancho, diferenci\u00e1ndose de sus parientes africanos, llamados moros, m\u00e1s ligeros y con  las patas m\u00e1s largas. El camello canario se mantiene sin mezcla gen\u00e9tica desde hace unos 40 a\u00f1os al no poder importarse dromedarios africanos por motivos sanitarios, por lo que la raza permanece pura desde entonces, manteniendo su diversidad gen\u00e9tica.<br \/>\n<strong><a href=\"https:\/\/www.ull.es\/portal\/hipotesis\/numero-8\/\" target=\"_blank\" rel=\"noopener\">#N\u00famero 8<\/a><a href=\"https:\/\/www.ull.es\/portal\/hipotesis\/articulo\/\" target=\"_blank\" rel=\"noopener\"> #Art\u00edculo<\/a> <a href=\"https:\/\/www.ull.es\/portal\/hipotesis\/ciencia-y-sociedad\/\" target=\"_blank\" rel=\"noopener\">#Ciencia y Sociedad<\/a> <a href=\"https:\/\/www.ull.es\/portal\/hipotesis\/dulce-maria-gonzalez-doreste\/\" target=\"_blank\" rel=\"noopener\">#V\u00edctor Garc\u00eda Tagua<\/a><br \/>\n<a href=\"https:\/\/www.ull.es\/portal\/hipotesis\/universidad-de-la-laguna\/\" target=\"_blank\" rel=\"noopener\">#Universidad de La Laguna<\/a><\/strong><\/p>\n\t\t<\/div>\n\t\t\t\t<\/div>\n\t\t\t\t<div class=\"elementor-post__meta-data\">\n\t\t\t\t\t<span class=\"elementor-post-date\">\n\t\t\t28 abril, 2026\t\t<\/span>\n\t\t\t\t<span class=\"elementor-post-avatar\">\n\t\t\tNo hay comentarios\t\t<\/span>\n\t\t\t\t<\/div>\n\t\t\t\t\t<\/div>\n\t\t<\/article>\n\t\t\t\t<article class=\"elementor-post elementor-grid-item post-44183 post type-post status-publish format-standard has-post-thumbnail hentry category-biomedicina-y-salud category-no category-revista-hipotesis-proyecto tag-articulo tag-biomedicina-y-salud tag-biosensores tag-cristina-yunta-yanes tag-enzimas tag-numero-19 tag-revista-hipotesis tag-universidad-de-la-laguna\" target=\"_blank\" rel=\"noopener\">\n\t\t\t<div class=\"elementor-post__card\">\n\t\t\t\t<a class=\"elementor-post__thumbnail__link\" href=\"https:\/\/www.ull.es\/portal\/hipotesis\/los-traductores-de-lo-invisible-y-la-revolucion-silenciosa-de-los-biosensores\/\" target=\"_blank\" target=\"_blank\" rel=\"noopener\"><div class=\"elementor-post__thumbnail\"><img loading=\"lazy\" width=\"300\" height=\"300\" src=\"https:\/\/www.ull.es\/portal\/hipotesis\/wp-content\/uploads\/sites\/62\/2026\/02\/Gemini_Generated_Image_ttvvddttvvddttvv-1-300x300.jpg\" class=\"attachment-medium size-medium wp-image-44184\" alt=\"\" decoding=\"async\" srcset=\"https:\/\/www.ull.es\/portal\/hipotesis\/wp-content\/uploads\/sites\/62\/2026\/02\/Gemini_Generated_Image_ttvvddttvvddttvv-1-300x300.jpg 300w, https:\/\/www.ull.es\/portal\/hipotesis\/wp-content\/uploads\/sites\/62\/2026\/02\/Gemini_Generated_Image_ttvvddttvvddttvv-1-150x150.jpg 150w, https:\/\/www.ull.es\/portal\/hipotesis\/wp-content\/uploads\/sites\/62\/2026\/02\/Gemini_Generated_Image_ttvvddttvvddttvv-1-768x768.jpg 768w, https:\/\/www.ull.es\/portal\/hipotesis\/wp-content\/uploads\/sites\/62\/2026\/02\/Gemini_Generated_Image_ttvvddttvvddttvv-1-375x375.jpg 375w, https:\/\/www.ull.es\/portal\/hipotesis\/wp-content\/uploads\/sites\/62\/2026\/02\/Gemini_Generated_Image_ttvvddttvvddttvv-1-750x750.jpg 750w, https:\/\/www.ull.es\/portal\/hipotesis\/wp-content\/uploads\/sites\/62\/2026\/02\/Gemini_Generated_Image_ttvvddttvvddttvv-1-50x50.jpg 50w, https:\/\/www.ull.es\/portal\/hipotesis\/wp-content\/uploads\/sites\/62\/2026\/02\/Gemini_Generated_Image_ttvvddttvvddttvv-1.jpg 1024w\" sizes=\"(max-width: 300px) 100vw, 300px\" \/><\/div><\/a>\n\t\t\t\t<div class=\"elementor-post__avatar\">\n\t\t\t<img alt='fgjjmartin' src='https:\/\/secure.gravatar.com\/avatar\/40b2011be6f946688bec8bdb44310505?s=128&#038;d=mm&#038;r=g' srcset='https:\/\/secure.gravatar.com\/avatar\/40b2011be6f946688bec8bdb44310505?s=256&#038;d=mm&#038;r=g 2x' class='avatar avatar-128 photo' height='128' width='128' loading='lazy' decoding='async'\/>\t\t<\/div>\n\t\t\t\t<div class=\"elementor-post__text\">\n\t\t\t\t<h3 class=\"elementor-post__title\">\n\t\t\t<a href=\"https:\/\/www.ull.es\/portal\/hipotesis\/los-traductores-de-lo-invisible-y-la-revolucion-silenciosa-de-los-biosensores\/\" target=&quot;_blank&quot; target=\"_blank\" rel=\"noopener\">\n\t\t\t\tLos traductores de lo invisible y la revoluci\u00f3n silenciosa de los biosensores\t\t\t<\/a>\n\t\t<\/h3>\n\t\t\t\t<div class=\"elementor-post__excerpt\">\n\t\t\t<p>Canarias ha tenido tradicionalmente, desde la conquista por parte de los castellanos hace unos 600 a\u00f1os, una poblaci\u00f3n estable de dromedarios que se ha conocido como tachos y que actualmente conforman una raza aut\u00f3ctona reconocida por el Ministerio de Agricultura, Pesca y Alimentaci\u00f3n. Aunque siempre se les ha llamado camellos, los dromedarios tienen una \u00fanica joroba, mientras que los camellos poseen dos. Estos dromedarios se adaptaron a tierras canarias adquiriendo un aspecto m\u00e1s compacto, con las patas m\u00e1s cortas y el pecho m\u00e1s ancho, diferenci\u00e1ndose de sus parientes africanos, llamados moros, m\u00e1s ligeros y con  las patas m\u00e1s largas. El camello canario se mantiene sin mezcla gen\u00e9tica desde hace unos 40 a\u00f1os al no poder importarse dromedarios africanos por motivos sanitarios, por lo que la raza permanece pura desde entonces, manteniendo su diversidad gen\u00e9tica.<br \/>\n<strong><a href=\"https:\/\/www.ull.es\/portal\/hipotesis\/numero-8\/\" target=\"_blank\" rel=\"noopener\">#N\u00famero 8<\/a><a href=\"https:\/\/www.ull.es\/portal\/hipotesis\/articulo\/\" target=\"_blank\" rel=\"noopener\"> #Art\u00edculo<\/a> <a href=\"https:\/\/www.ull.es\/portal\/hipotesis\/ciencia-y-sociedad\/\" target=\"_blank\" rel=\"noopener\">#Ciencia y Sociedad<\/a> <a href=\"https:\/\/www.ull.es\/portal\/hipotesis\/dulce-maria-gonzalez-doreste\/\" target=\"_blank\" rel=\"noopener\">#V\u00edctor Garc\u00eda Tagua<\/a><br \/>\n<a href=\"https:\/\/www.ull.es\/portal\/hipotesis\/universidad-de-la-laguna\/\" target=\"_blank\" rel=\"noopener\">#Universidad de La Laguna<\/a><\/strong><\/p>\n\t\t<\/div>\n\t\t\t\t<\/div>\n\t\t\t\t<div class=\"elementor-post__meta-data\">\n\t\t\t\t\t<span class=\"elementor-post-date\">\n\t\t\t24 febrero, 2026\t\t<\/span>\n\t\t\t\t<span class=\"elementor-post-avatar\">\n\t\t\tNo hay comentarios\t\t<\/span>\n\t\t\t\t<\/div>\n\t\t\t\t\t<\/div>\n\t\t<\/article>\n\t\t\t\t<article class=\"elementor-post elementor-grid-item post-44175 post type-post status-publish format-standard has-post-thumbnail hentry category-ciencias-experimentales category-revista-hipotesis tag-david-diaz tag-investigacion-basica tag-juan-pedro-cenal tag-numero-19 tag-opinion tag-universidad-de-la-laguna\" target=\"_blank\" rel=\"noopener\">\n\t\t\t<div class=\"elementor-post__card\">\n\t\t\t\t<a class=\"elementor-post__thumbnail__link\" href=\"https:\/\/www.ull.es\/portal\/hipotesis\/alquimia-interior-el-fuego-de-la-pasion-como-motor-de-la-creacion-humana\/\" target=\"_blank\" target=\"_blank\" rel=\"noopener\"><div class=\"elementor-post__thumbnail\"><img loading=\"lazy\" width=\"300\" height=\"300\" src=\"https:\/\/www.ull.es\/portal\/hipotesis\/wp-content\/uploads\/sites\/62\/2026\/02\/Gemini_Generated_Image_eeef0geeef0geeef-1-300x300.jpg\" class=\"attachment-medium size-medium wp-image-44176\" alt=\"\" decoding=\"async\" srcset=\"https:\/\/www.ull.es\/portal\/hipotesis\/wp-content\/uploads\/sites\/62\/2026\/02\/Gemini_Generated_Image_eeef0geeef0geeef-1-300x300.jpg 300w, https:\/\/www.ull.es\/portal\/hipotesis\/wp-content\/uploads\/sites\/62\/2026\/02\/Gemini_Generated_Image_eeef0geeef0geeef-1-150x150.jpg 150w, https:\/\/www.ull.es\/portal\/hipotesis\/wp-content\/uploads\/sites\/62\/2026\/02\/Gemini_Generated_Image_eeef0geeef0geeef-1-768x768.jpg 768w, https:\/\/www.ull.es\/portal\/hipotesis\/wp-content\/uploads\/sites\/62\/2026\/02\/Gemini_Generated_Image_eeef0geeef0geeef-1-375x375.jpg 375w, https:\/\/www.ull.es\/portal\/hipotesis\/wp-content\/uploads\/sites\/62\/2026\/02\/Gemini_Generated_Image_eeef0geeef0geeef-1-750x750.jpg 750w, https:\/\/www.ull.es\/portal\/hipotesis\/wp-content\/uploads\/sites\/62\/2026\/02\/Gemini_Generated_Image_eeef0geeef0geeef-1-50x50.jpg 50w, https:\/\/www.ull.es\/portal\/hipotesis\/wp-content\/uploads\/sites\/62\/2026\/02\/Gemini_Generated_Image_eeef0geeef0geeef-1.jpg 1024w\" sizes=\"(max-width: 300px) 100vw, 300px\" \/><\/div><\/a>\n\t\t\t\t<div class=\"elementor-post__avatar\">\n\t\t\t<img alt='fgjjmartin' src='https:\/\/secure.gravatar.com\/avatar\/40b2011be6f946688bec8bdb44310505?s=128&#038;d=mm&#038;r=g' srcset='https:\/\/secure.gravatar.com\/avatar\/40b2011be6f946688bec8bdb44310505?s=256&#038;d=mm&#038;r=g 2x' class='avatar avatar-128 photo' height='128' width='128' loading='lazy' decoding='async'\/>\t\t<\/div>\n\t\t\t\t<div class=\"elementor-post__text\">\n\t\t\t\t<h3 class=\"elementor-post__title\">\n\t\t\t<a href=\"https:\/\/www.ull.es\/portal\/hipotesis\/alquimia-interior-el-fuego-de-la-pasion-como-motor-de-la-creacion-humana\/\" target=&quot;_blank&quot; target=\"_blank\" rel=\"noopener\">\n\t\t\t\tAlquimia interior: El fuego de la pasi\u00f3n como motor de la creaci\u00f3n humana\t\t\t<\/a>\n\t\t<\/h3>\n\t\t\t\t<div class=\"elementor-post__excerpt\">\n\t\t\t<p>Opini\u00f3n Alquimia interior: El fuego de la pasi\u00f3n como motor de la creaci\u00f3n humana 24 de febrero de 2026 FacebookXWhatsAppCopy k \u00a0 Corren los d\u00edas<\/p>\n\t\t<\/div>\n\t\t\t\t<\/div>\n\t\t\t\t<div class=\"elementor-post__meta-data\">\n\t\t\t\t\t<span class=\"elementor-post-date\">\n\t\t\t24 febrero, 2026\t\t<\/span>\n\t\t\t\t<span class=\"elementor-post-avatar\">\n\t\t\tNo hay comentarios\t\t<\/span>\n\t\t\t\t<\/div>\n\t\t\t\t\t<\/div>\n\t\t<\/article>\n\t\t\t\t<article class=\"elementor-post elementor-grid-item post-44163 post type-post status-publish format-standard has-post-thumbnail hentry category-biomedicina-y-salud category-no category-revista-hipotesis-proyecto tag-articulo tag-biomedicina-y-salud tag-cristina-yunta-yanes tag-enzimas tag-insecticidas tag-numero-19 tag-revista-hipotesis tag-universidad-de-la-laguna\" target=\"_blank\" rel=\"noopener\">\n\t\t\t<div class=\"elementor-post__card\">\n\t\t\t\t<a class=\"elementor-post__thumbnail__link\" href=\"https:\/\/www.ull.es\/portal\/hipotesis\/cuestion-de-forma-la-arquitectura-molecular-de-la-resistencia-a-insecticidas\/\" target=\"_blank\" target=\"_blank\" rel=\"noopener\"><div class=\"elementor-post__thumbnail\"><img loading=\"lazy\" width=\"300\" height=\"300\" src=\"https:\/\/www.ull.es\/portal\/hipotesis\/wp-content\/uploads\/sites\/62\/2026\/02\/Gemini_Generated_Image_6brte96brte96brt-1-300x300.jpg\" class=\"attachment-medium size-medium wp-image-44164\" alt=\"\" decoding=\"async\" srcset=\"https:\/\/www.ull.es\/portal\/hipotesis\/wp-content\/uploads\/sites\/62\/2026\/02\/Gemini_Generated_Image_6brte96brte96brt-1-300x300.jpg 300w, https:\/\/www.ull.es\/portal\/hipotesis\/wp-content\/uploads\/sites\/62\/2026\/02\/Gemini_Generated_Image_6brte96brte96brt-1-150x150.jpg 150w, https:\/\/www.ull.es\/portal\/hipotesis\/wp-content\/uploads\/sites\/62\/2026\/02\/Gemini_Generated_Image_6brte96brte96brt-1-768x768.jpg 768w, https:\/\/www.ull.es\/portal\/hipotesis\/wp-content\/uploads\/sites\/62\/2026\/02\/Gemini_Generated_Image_6brte96brte96brt-1-375x375.jpg 375w, https:\/\/www.ull.es\/portal\/hipotesis\/wp-content\/uploads\/sites\/62\/2026\/02\/Gemini_Generated_Image_6brte96brte96brt-1-750x750.jpg 750w, https:\/\/www.ull.es\/portal\/hipotesis\/wp-content\/uploads\/sites\/62\/2026\/02\/Gemini_Generated_Image_6brte96brte96brt-1-50x50.jpg 50w, https:\/\/www.ull.es\/portal\/hipotesis\/wp-content\/uploads\/sites\/62\/2026\/02\/Gemini_Generated_Image_6brte96brte96brt-1.jpg 1024w\" sizes=\"(max-width: 300px) 100vw, 300px\" \/><\/div><\/a>\n\t\t\t\t<div class=\"elementor-post__avatar\">\n\t\t\t<img alt='fgjjmartin' src='https:\/\/secure.gravatar.com\/avatar\/40b2011be6f946688bec8bdb44310505?s=128&#038;d=mm&#038;r=g' srcset='https:\/\/secure.gravatar.com\/avatar\/40b2011be6f946688bec8bdb44310505?s=256&#038;d=mm&#038;r=g 2x' class='avatar avatar-128 photo' height='128' width='128' loading='lazy' decoding='async'\/>\t\t<\/div>\n\t\t\t\t<div class=\"elementor-post__text\">\n\t\t\t\t<h3 class=\"elementor-post__title\">\n\t\t\t<a href=\"https:\/\/www.ull.es\/portal\/hipotesis\/cuestion-de-forma-la-arquitectura-molecular-de-la-resistencia-a-insecticidas\/\" target=&quot;_blank&quot; target=\"_blank\" rel=\"noopener\">\n\t\t\t\tCuesti\u00f3n de forma: la arquitectura molecular de la resistencia a insecticidas\t\t\t<\/a>\n\t\t<\/h3>\n\t\t\t\t<div class=\"elementor-post__excerpt\">\n\t\t\t<p>Canarias ha tenido tradicionalmente, desde la conquista por parte de los castellanos hace unos 600 a\u00f1os, una poblaci\u00f3n estable de dromedarios que se ha conocido como tachos y que actualmente conforman una raza aut\u00f3ctona reconocida por el Ministerio de Agricultura, Pesca y Alimentaci\u00f3n. Aunque siempre se les ha llamado camellos, los dromedarios tienen una \u00fanica joroba, mientras que los camellos poseen dos. Estos dromedarios se adaptaron a tierras canarias adquiriendo un aspecto m\u00e1s compacto, con las patas m\u00e1s cortas y el pecho m\u00e1s ancho, diferenci\u00e1ndose de sus parientes africanos, llamados moros, m\u00e1s ligeros y con  las patas m\u00e1s largas. El camello canario se mantiene sin mezcla gen\u00e9tica desde hace unos 40 a\u00f1os al no poder importarse dromedarios africanos por motivos sanitarios, por lo que la raza permanece pura desde entonces, manteniendo su diversidad gen\u00e9tica.<br \/>\n<strong><a href=\"https:\/\/www.ull.es\/portal\/hipotesis\/numero-8\/\" target=\"_blank\" rel=\"noopener\">#N\u00famero 8<\/a><a href=\"https:\/\/www.ull.es\/portal\/hipotesis\/articulo\/\" target=\"_blank\" rel=\"noopener\"> #Art\u00edculo<\/a> <a href=\"https:\/\/www.ull.es\/portal\/hipotesis\/ciencia-y-sociedad\/\" target=\"_blank\" rel=\"noopener\">#Ciencia y Sociedad<\/a> <a href=\"https:\/\/www.ull.es\/portal\/hipotesis\/dulce-maria-gonzalez-doreste\/\" target=\"_blank\" rel=\"noopener\">#V\u00edctor Garc\u00eda Tagua<\/a><br \/>\n<a href=\"https:\/\/www.ull.es\/portal\/hipotesis\/universidad-de-la-laguna\/\" target=\"_blank\" rel=\"noopener\">#Universidad de La Laguna<\/a><\/strong><\/p>\n\t\t<\/div>\n\t\t\t\t<\/div>\n\t\t\t\t<div class=\"elementor-post__meta-data\">\n\t\t\t\t\t<span class=\"elementor-post-date\">\n\t\t\t19 febrero, 2026\t\t<\/span>\n\t\t\t\t<span class=\"elementor-post-avatar\">\n\t\t\tNo hay comentarios\t\t<\/span>\n\t\t\t\t<\/div>\n\t\t\t\t\t<\/div>\n\t\t<\/article>\n\t\t\t\t<article class=\"elementor-post elementor-grid-item post-44148 post type-post status-publish format-standard has-post-thumbnail hentry category-ciencias-experimentales category-revista-hipotesis tag-ana-afonso-bellod tag-derecho tag-derecho-mercantil tag-empresas tag-numero-19 tag-universidad-de-la-laguna\" target=\"_blank\" rel=\"noopener\">\n\t\t\t<div class=\"elementor-post__card\">\n\t\t\t\t<a class=\"elementor-post__thumbnail__link\" href=\"https:\/\/www.ull.es\/portal\/hipotesis\/existen-las-empresas-que-hacen-el-bien-el-caso-de-la-empresa-b\/\" target=\"_blank\" target=\"_blank\" rel=\"noopener\"><div class=\"elementor-post__thumbnail\"><img loading=\"lazy\" width=\"300\" height=\"300\" src=\"https:\/\/www.ull.es\/portal\/hipotesis\/wp-content\/uploads\/sites\/62\/2026\/02\/Gemini_Generated_Image_mfde5mmfde5mmfde-300x300.jpg\" class=\"attachment-medium size-medium wp-image-44149\" alt=\"\" decoding=\"async\" srcset=\"https:\/\/www.ull.es\/portal\/hipotesis\/wp-content\/uploads\/sites\/62\/2026\/02\/Gemini_Generated_Image_mfde5mmfde5mmfde-300x300.jpg 300w, https:\/\/www.ull.es\/portal\/hipotesis\/wp-content\/uploads\/sites\/62\/2026\/02\/Gemini_Generated_Image_mfde5mmfde5mmfde-150x150.jpg 150w, https:\/\/www.ull.es\/portal\/hipotesis\/wp-content\/uploads\/sites\/62\/2026\/02\/Gemini_Generated_Image_mfde5mmfde5mmfde-768x768.jpg 768w, https:\/\/www.ull.es\/portal\/hipotesis\/wp-content\/uploads\/sites\/62\/2026\/02\/Gemini_Generated_Image_mfde5mmfde5mmfde-375x375.jpg 375w, https:\/\/www.ull.es\/portal\/hipotesis\/wp-content\/uploads\/sites\/62\/2026\/02\/Gemini_Generated_Image_mfde5mmfde5mmfde-750x750.jpg 750w, https:\/\/www.ull.es\/portal\/hipotesis\/wp-content\/uploads\/sites\/62\/2026\/02\/Gemini_Generated_Image_mfde5mmfde5mmfde-50x50.jpg 50w, https:\/\/www.ull.es\/portal\/hipotesis\/wp-content\/uploads\/sites\/62\/2026\/02\/Gemini_Generated_Image_mfde5mmfde5mmfde.jpg 1024w\" sizes=\"(max-width: 300px) 100vw, 300px\" \/><\/div><\/a>\n\t\t\t\t<div class=\"elementor-post__avatar\">\n\t\t\t<img alt='fgjjmartin' src='https:\/\/secure.gravatar.com\/avatar\/40b2011be6f946688bec8bdb44310505?s=128&#038;d=mm&#038;r=g' srcset='https:\/\/secure.gravatar.com\/avatar\/40b2011be6f946688bec8bdb44310505?s=256&#038;d=mm&#038;r=g 2x' class='avatar avatar-128 photo' height='128' width='128' loading='lazy' decoding='async'\/>\t\t<\/div>\n\t\t\t\t<div class=\"elementor-post__text\">\n\t\t\t\t<h3 class=\"elementor-post__title\">\n\t\t\t<a href=\"https:\/\/www.ull.es\/portal\/hipotesis\/existen-las-empresas-que-hacen-el-bien-el-caso-de-la-empresa-b\/\" target=&quot;_blank&quot; target=\"_blank\" rel=\"noopener\">\n\t\t\t\t\u00bfExisten las empresas que hacen el bien?: el caso de la Empresa B\t\t\t<\/a>\n\t\t<\/h3>\n\t\t\t\t<div class=\"elementor-post__excerpt\">\n\t\t\t<p>\u00bfExisten las empresas que hacen el bien?: el caso de la empresa B \u00a0 9 de enero de 2026 FacebookXWhatsAppCopy k \u00a0Cuando pensamos en la<\/p>\n\t\t<\/div>\n\t\t\t\t<\/div>\n\t\t\t\t<div class=\"elementor-post__meta-data\">\n\t\t\t\t\t<span class=\"elementor-post-date\">\n\t\t\t19 febrero, 2026\t\t<\/span>\n\t\t\t\t<span class=\"elementor-post-avatar\">\n\t\t\tNo hay comentarios\t\t<\/span>\n\t\t\t\t<\/div>\n\t\t\t\t\t<\/div>\n\t\t<\/article>\n\t\t\t\t<\/div>\n\t\t\n\t\t\t\t<\/div>\n\t\t\t\t<\/div>\n\t\t\t\t\t<\/div>\n\t\t<\/div>\n\t\t\t\t\t\t\t<\/div>\n\t\t<\/section>\n\t\t\t\t\t\t\t<\/div>\n\t\t","protected":false},"excerpt":{"rendered":"\u00bfExisten las empresas que hacen el bien?: el caso de la empresa B\u00a09 de enero de 2026FacebookXWhatsAppCopy k\u00a0Cuando pensamos en la creaci\u00f3n de un impacto positivo en la sociedad y el medioambiente, raramente consideramos a las empresas. Asociamos a las empresas con la obtenci\u00f3n de beneficios econ\u00f3micos, con la promoci\u00f3n de intereses privados, y, en...","protected":false},"author":56,"featured_media":0,"parent":0,"menu_order":0,"comment_status":"closed","ping_status":"closed","template":"","meta":{"inline_featured_image":false,"footnotes":""},"acf":[],"yoast_head":"<!-- This site is optimized with the Yoast SEO plugin v21.3 - https:\/\/yoast.com\/wordpress\/plugins\/seo\/ -->\n<title>Editorial - Hipotesis<\/title>\n<meta name=\"robots\" content=\"index, follow, max-snippet:-1, max-image-preview:large, max-video-preview:-1\" \/>\n<link rel=\"canonical\" href=\"https:\/\/www.ull.es\/portal\/hipotesis\/en-el-jardin-de-ockam\/\" \/>\n<meta property=\"og:locale\" content=\"es_ES\" \/>\n<meta property=\"og:type\" content=\"article\" \/>\n<meta property=\"og:title\" content=\"Editorial - Hipotesis\" \/>\n<meta property=\"og:url\" content=\"https:\/\/www.ull.es\/portal\/hipotesis\/en-el-jardin-de-ockam\/\" \/>\n<meta property=\"og:site_name\" content=\"Hipotesis\" \/>\n<meta property=\"article:publisher\" content=\"https:\/\/www.facebook.com\/CienciaULL\/\" \/>\n<meta property=\"article:modified_time\" content=\"2024-12-17T15:29:25+00:00\" \/>\n<meta property=\"og:image\" content=\"https:\/\/www.ull.es\/portal\/hipotesis\/wp-content\/uploads\/sites\/62\/2024\/11\/secciones_jardin_ockham.jpg\" \/>\n<meta name=\"twitter:card\" content=\"summary_large_image\" \/>\n<meta name=\"twitter:site\" content=\"@CienciaULL\" \/>\n<meta name=\"twitter:label1\" content=\"Tiempo de lectura\" \/>\n\t<meta name=\"twitter:data1\" content=\"6 minutos\" \/>\n<script type=\"application\/ld+json\" class=\"yoast-schema-graph\">{\"@context\":\"https:\/\/schema.org\",\"@graph\":[{\"@type\":\"WebPage\",\"@id\":\"https:\/\/www.ull.es\/portal\/hipotesis\/en-el-jardin-de-ockam\/\",\"url\":\"https:\/\/www.ull.es\/portal\/hipotesis\/en-el-jardin-de-ockam\/\",\"name\":\"Editorial - Hipotesis\",\"isPartOf\":{\"@id\":\"https:\/\/www.ull.es\/portal\/hipotesis\/#website\"},\"datePublished\":\"2024-11-22T12:10:53+00:00\",\"dateModified\":\"2024-12-17T15:29:25+00:00\",\"breadcrumb\":{\"@id\":\"https:\/\/www.ull.es\/portal\/hipotesis\/en-el-jardin-de-ockam\/#breadcrumb\"},\"inLanguage\":\"es\",\"potentialAction\":[{\"@type\":\"ReadAction\",\"target\":[\"https:\/\/www.ull.es\/portal\/hipotesis\/en-el-jardin-de-ockam\/\"]}]},{\"@type\":\"BreadcrumbList\",\"@id\":\"https:\/\/www.ull.es\/portal\/hipotesis\/en-el-jardin-de-ockam\/#breadcrumb\",\"itemListElement\":[{\"@type\":\"ListItem\",\"position\":1,\"name\":\"Portada\",\"item\":\"https:\/\/www.ull.es\/portal\/hipotesis\/\"},{\"@type\":\"ListItem\",\"position\":2,\"name\":\"Editorial\"}]},{\"@type\":\"WebSite\",\"@id\":\"https:\/\/www.ull.es\/portal\/hipotesis\/#website\",\"url\":\"https:\/\/www.ull.es\/portal\/hipotesis\/\",\"name\":\"Hipotesis\",\"description\":\"Unidad de Cultura Cient\u00edfica y de la Innovaci\u00f3n de la Universidad de La Laguna\",\"potentialAction\":[{\"@type\":\"SearchAction\",\"target\":{\"@type\":\"EntryPoint\",\"urlTemplate\":\"https:\/\/www.ull.es\/portal\/hipotesis\/?s={search_term_string}\"},\"query-input\":\"required name=search_term_string\"}],\"inLanguage\":\"es\"}]}<\/script>\n<!-- \/ Yoast SEO plugin. -->","yoast_head_json":{"title":"Editorial - Hipotesis","robots":{"index":"index","follow":"follow","max-snippet":"max-snippet:-1","max-image-preview":"max-image-preview:large","max-video-preview":"max-video-preview:-1"},"canonical":"https:\/\/www.ull.es\/portal\/hipotesis\/en-el-jardin-de-ockam\/","og_locale":"es_ES","og_type":"article","og_title":"Editorial - Hipotesis","og_url":"https:\/\/www.ull.es\/portal\/hipotesis\/en-el-jardin-de-ockam\/","og_site_name":"Hipotesis","article_publisher":"https:\/\/www.facebook.com\/CienciaULL\/","article_modified_time":"2024-12-17T15:29:25+00:00","og_image":[{"url":"https:\/\/www.ull.es\/portal\/hipotesis\/wp-content\/uploads\/sites\/62\/2024\/11\/secciones_jardin_ockham.jpg"}],"twitter_card":"summary_large_image","twitter_site":"@CienciaULL","twitter_misc":{"Tiempo de lectura":"6 minutos"},"schema":{"@context":"https:\/\/schema.org","@graph":[{"@type":"WebPage","@id":"https:\/\/www.ull.es\/portal\/hipotesis\/en-el-jardin-de-ockam\/","url":"https:\/\/www.ull.es\/portal\/hipotesis\/en-el-jardin-de-ockam\/","name":"Editorial - Hipotesis","isPartOf":{"@id":"https:\/\/www.ull.es\/portal\/hipotesis\/#website"},"datePublished":"2024-11-22T12:10:53+00:00","dateModified":"2024-12-17T15:29:25+00:00","breadcrumb":{"@id":"https:\/\/www.ull.es\/portal\/hipotesis\/en-el-jardin-de-ockam\/#breadcrumb"},"inLanguage":"es","potentialAction":[{"@type":"ReadAction","target":["https:\/\/www.ull.es\/portal\/hipotesis\/en-el-jardin-de-ockam\/"]}]},{"@type":"BreadcrumbList","@id":"https:\/\/www.ull.es\/portal\/hipotesis\/en-el-jardin-de-ockam\/#breadcrumb","itemListElement":[{"@type":"ListItem","position":1,"name":"Portada","item":"https:\/\/www.ull.es\/portal\/hipotesis\/"},{"@type":"ListItem","position":2,"name":"Editorial"}]},{"@type":"WebSite","@id":"https:\/\/www.ull.es\/portal\/hipotesis\/#website","url":"https:\/\/www.ull.es\/portal\/hipotesis\/","name":"Hipotesis","description":"Unidad de Cultura Cient\u00edfica y de la Innovaci\u00f3n de la Universidad de La Laguna","potentialAction":[{"@type":"SearchAction","target":{"@type":"EntryPoint","urlTemplate":"https:\/\/www.ull.es\/portal\/hipotesis\/?s={search_term_string}"},"query-input":"required name=search_term_string"}],"inLanguage":"es"}]}},"_links":{"self":[{"href":"https:\/\/www.ull.es\/portal\/hipotesis\/wp-json\/wp\/v2\/pages\/39562"}],"collection":[{"href":"https:\/\/www.ull.es\/portal\/hipotesis\/wp-json\/wp\/v2\/pages"}],"about":[{"href":"https:\/\/www.ull.es\/portal\/hipotesis\/wp-json\/wp\/v2\/types\/page"}],"author":[{"embeddable":true,"href":"https:\/\/www.ull.es\/portal\/hipotesis\/wp-json\/wp\/v2\/users\/56"}],"replies":[{"embeddable":true,"href":"https:\/\/www.ull.es\/portal\/hipotesis\/wp-json\/wp\/v2\/comments?post=39562"}],"version-history":[{"count":17,"href":"https:\/\/www.ull.es\/portal\/hipotesis\/wp-json\/wp\/v2\/pages\/39562\/revisions"}],"predecessor-version":[{"id":42636,"href":"https:\/\/www.ull.es\/portal\/hipotesis\/wp-json\/wp\/v2\/pages\/39562\/revisions\/42636"}],"wp:attachment":[{"href":"https:\/\/www.ull.es\/portal\/hipotesis\/wp-json\/wp\/v2\/media?parent=39562"}],"curies":[{"name":"wp","href":"https:\/\/api.w.org\/{rel}","templated":true}]}}