{"id":39763,"date":"2024-11-25T11:28:47","date_gmt":"2024-11-25T11:28:47","guid":{"rendered":"https:\/\/www.ull.es\/portal\/hipotesis\/?page_id=39763"},"modified":"2025-05-07T12:59:47","modified_gmt":"2025-05-07T12:59:47","slug":"numero-18","status":"publish","type":"page","link":"https:\/\/www.ull.es\/portal\/hipotesis\/numeros\/numero-18\/","title":{"rendered":"#N\u00famero 18"},"content":{"rendered":"\t\t<div data-elementor-type=\"wp-page\" data-elementor-id=\"39763\" class=\"elementor elementor-39763\">\n\t\t\t\t\t\t\t\t\t<section class=\"elementor-section elementor-top-section elementor-element elementor-element-5f7ce9a elementor-section-boxed elementor-section-height-default elementor-section-height-default\" data-id=\"5f7ce9a\" data-element_type=\"section\">\n\t\t\t\t\t\t<div class=\"elementor-container elementor-column-gap-default\">\n\t\t\t\t\t<div class=\"elementor-column elementor-col-100 elementor-top-column elementor-element elementor-element-80f4e95\" data-id=\"80f4e95\" data-element_type=\"column\">\n\t\t\t<div class=\"elementor-widget-wrap elementor-element-populated\">\n\t\t\t\t\t\t\t\t<div class=\"elementor-element elementor-element-9d0ae4b elementor-widget elementor-widget-image\" data-id=\"9d0ae4b\" data-element_type=\"widget\" data-widget_type=\"image.default\">\n\t\t\t\t<div class=\"elementor-widget-container\">\n\t\t\t<style>\/*! elementor - v3.9.2 - 21-12-2022 *\/\n.elementor-widget-image{text-align:center}.elementor-widget-image a{display:inline-block}.elementor-widget-image a img[src$=\".svg\"]{width:48px}.elementor-widget-image img{vertical-align:middle;display:inline-block}<\/style>\t\t\t\t\t\t\t\t\t\t\t\t<img decoding=\"async\" loading=\"lazy\" width=\"1600\" height=\"592\" src=\"https:\/\/www.ull.es\/portal\/hipotesis\/wp-content\/uploads\/sites\/62\/2025\/04\/hipotesis_18_banner_fc.jpg\" class=\"attachment-full size-full wp-image-42863\" alt=\"\" srcset=\"https:\/\/www.ull.es\/portal\/hipotesis\/wp-content\/uploads\/sites\/62\/2025\/04\/hipotesis_18_banner_fc.jpg 1600w, https:\/\/www.ull.es\/portal\/hipotesis\/wp-content\/uploads\/sites\/62\/2025\/04\/hipotesis_18_banner_fc-300x111.jpg 300w, https:\/\/www.ull.es\/portal\/hipotesis\/wp-content\/uploads\/sites\/62\/2025\/04\/hipotesis_18_banner_fc-1024x379.jpg 1024w, https:\/\/www.ull.es\/portal\/hipotesis\/wp-content\/uploads\/sites\/62\/2025\/04\/hipotesis_18_banner_fc-768x284.jpg 768w, https:\/\/www.ull.es\/portal\/hipotesis\/wp-content\/uploads\/sites\/62\/2025\/04\/hipotesis_18_banner_fc-1536x568.jpg 1536w, https:\/\/www.ull.es\/portal\/hipotesis\/wp-content\/uploads\/sites\/62\/2025\/04\/hipotesis_18_banner_fc-375x139.jpg 375w, https:\/\/www.ull.es\/portal\/hipotesis\/wp-content\/uploads\/sites\/62\/2025\/04\/hipotesis_18_banner_fc-750x278.jpg 750w, https:\/\/www.ull.es\/portal\/hipotesis\/wp-content\/uploads\/sites\/62\/2025\/04\/hipotesis_18_banner_fc-1140x422.jpg 1140w\" sizes=\"(max-width: 1600px) 100vw, 1600px\" \/>\t\t\t\t\t\t\t\t\t\t\t\t\t\t\t<\/div>\n\t\t\t\t<\/div>\n\t\t\t\t\t<\/div>\n\t\t<\/div>\n\t\t\t\t\t\t\t<\/div>\n\t\t<\/section>\n\t\t\t\t<section class=\"elementor-section elementor-top-section elementor-element elementor-element-e7632c2 elementor-section-boxed elementor-section-height-default elementor-section-height-default\" data-id=\"e7632c2\" data-element_type=\"section\">\n\t\t\t\t\t\t<div class=\"elementor-container elementor-column-gap-default\">\n\t\t\t\t\t<div class=\"elementor-column elementor-col-100 elementor-top-column elementor-element elementor-element-c52d52d\" data-id=\"c52d52d\" data-element_type=\"column\">\n\t\t\t<div class=\"elementor-widget-wrap\">\n\t\t\t\t\t\t\t\t\t<\/div>\n\t\t<\/div>\n\t\t\t\t\t\t\t<\/div>\n\t\t<\/section>\n\t\t\t\t<section class=\"elementor-section elementor-top-section elementor-element elementor-element-42565c0 elementor-section-boxed elementor-section-height-default elementor-section-height-default\" data-id=\"42565c0\" data-element_type=\"section\">\n\t\t\t\t\t\t<div class=\"elementor-container elementor-column-gap-default\">\n\t\t\t\t\t<div class=\"elementor-column elementor-col-100 elementor-top-column elementor-element elementor-element-3b06aee\" data-id=\"3b06aee\" data-element_type=\"column\">\n\t\t\t<div class=\"elementor-widget-wrap elementor-element-populated\">\n\t\t\t\t\t\t\t\t<div class=\"elementor-element elementor-element-0453330 elementor-grid-3 elementor-grid-tablet-2 elementor-grid-mobile-1 elementor-posts--thumbnail-top elementor-widget elementor-widget-posts\" data-id=\"0453330\" data-element_type=\"widget\" data-settings=\"{&quot;classic_columns&quot;:&quot;3&quot;,&quot;classic_columns_tablet&quot;:&quot;2&quot;,&quot;classic_columns_mobile&quot;:&quot;1&quot;,&quot;classic_row_gap&quot;:{&quot;unit&quot;:&quot;px&quot;,&quot;size&quot;:35,&quot;sizes&quot;:[]},&quot;classic_row_gap_tablet&quot;:{&quot;unit&quot;:&quot;px&quot;,&quot;size&quot;:&quot;&quot;,&quot;sizes&quot;:[]},&quot;classic_row_gap_mobile&quot;:{&quot;unit&quot;:&quot;px&quot;,&quot;size&quot;:&quot;&quot;,&quot;sizes&quot;:[]}}\" data-widget_type=\"posts.classic\">\n\t\t\t\t<div class=\"elementor-widget-container\">\n\t\t\t<link rel=\"stylesheet\" href=\"https:\/\/www.ull.es\/portal\/hipotesis\/wp-content\/plugins\/elementor-pro\/assets\/css\/widget-posts.min.css\">\t\t<div class=\"elementor-posts-container elementor-posts elementor-posts--skin-classic elementor-grid\">\n\t\t\t\t<article class=\"elementor-post elementor-grid-item post-44201 post type-post status-publish format-standard has-post-thumbnail hentry category-biomedicina-y-salud category-no category-revista-hipotesis-proyecto tag-articulo tag-biomedicina-y-salud tag-cristina-yunta-yanes tag-enzimas tag-numero-19 tag-revista-hipotesis tag-universidad-de-la-laguna\" target=\"_blank\" rel=\"noopener\">\n\t\t\t\t<a class=\"elementor-post__thumbnail__link\" href=\"https:\/\/www.ull.es\/portal\/hipotesis\/sherlock-el-detective-molecular\/\"  target=\"_blank\" rel=\"noopener\">\n\t\t\t<div class=\"elementor-post__thumbnail\"><img decoding=\"async\" loading=\"lazy\" width=\"300\" height=\"167\" src=\"https:\/\/www.ull.es\/portal\/hipotesis\/wp-content\/uploads\/sites\/62\/2026\/04\/Gemini_Generated_Image_p8mn7ap8mn7ap8mn-1-300x167.jpg\" class=\"attachment-medium size-medium wp-image-44202\" alt=\"\" srcset=\"https:\/\/www.ull.es\/portal\/hipotesis\/wp-content\/uploads\/sites\/62\/2026\/04\/Gemini_Generated_Image_p8mn7ap8mn7ap8mn-1-300x167.jpg 300w, https:\/\/www.ull.es\/portal\/hipotesis\/wp-content\/uploads\/sites\/62\/2026\/04\/Gemini_Generated_Image_p8mn7ap8mn7ap8mn-1-1024x572.jpg 1024w, https:\/\/www.ull.es\/portal\/hipotesis\/wp-content\/uploads\/sites\/62\/2026\/04\/Gemini_Generated_Image_p8mn7ap8mn7ap8mn-1-768x429.jpg 768w, https:\/\/www.ull.es\/portal\/hipotesis\/wp-content\/uploads\/sites\/62\/2026\/04\/Gemini_Generated_Image_p8mn7ap8mn7ap8mn-1-375x209.jpg 375w, https:\/\/www.ull.es\/portal\/hipotesis\/wp-content\/uploads\/sites\/62\/2026\/04\/Gemini_Generated_Image_p8mn7ap8mn7ap8mn-1-750x419.jpg 750w, https:\/\/www.ull.es\/portal\/hipotesis\/wp-content\/uploads\/sites\/62\/2026\/04\/Gemini_Generated_Image_p8mn7ap8mn7ap8mn-1-1140x636.jpg 1140w, https:\/\/www.ull.es\/portal\/hipotesis\/wp-content\/uploads\/sites\/62\/2026\/04\/Gemini_Generated_Image_p8mn7ap8mn7ap8mn-1.jpg 1376w\" sizes=\"(max-width: 300px) 100vw, 300px\" \/><\/div>\n\t\t<\/a>\n\t\t\t\t<div class=\"elementor-post__text\">\n\t\t\t\t<h3 class=\"elementor-post__title\">\n\t\t\t<a href=\"https:\/\/www.ull.es\/portal\/hipotesis\/sherlock-el-detective-molecular\/\"  target=\"_blank\" rel=\"noopener\">\n\t\t\t\tSHERLOCK, el detective molecular\t\t\t<\/a>\n\t\t<\/h3>\n\t\t\t\t<div class=\"elementor-post__meta-data\">\n\t\t\t\t\t<span class=\"elementor-post-date\">\n\t\t\t28 abril, 2026\t\t<\/span>\n\t\t\t\t<\/div>\n\t\t\n\t\t<a class=\"elementor-post__read-more\" href=\"https:\/\/www.ull.es\/portal\/hipotesis\/sherlock-el-detective-molecular\/\"  target=\"_blank\" rel=\"noopener\">\n\t\t\tRead More \u00bb\t\t<\/a>\n\n\t\t\t\t<\/div>\n\t\t\t\t<\/article>\n\t\t\t\t<article class=\"elementor-post elementor-grid-item post-44192 post type-post status-publish format-standard has-post-thumbnail hentry category-no category-revista-hipotesis-proyecto tag-articulo tag-biologia tag-botanica tag-briofitos tag-numero-19 tag-revista-hipotesis tag-ruyman-david-cedres-perdomo tag-universidad-de-la-laguna\" target=\"_blank\" rel=\"noopener\">\n\t\t\t\t<a class=\"elementor-post__thumbnail__link\" href=\"https:\/\/www.ull.es\/portal\/hipotesis\/el-bosque-en-miniatura-la-vida-secreta-de-los-briofitos\/\"  target=\"_blank\" rel=\"noopener\">\n\t\t\t<div class=\"elementor-post__thumbnail\"><img decoding=\"async\" loading=\"lazy\" width=\"281\" height=\"300\" src=\"https:\/\/www.ull.es\/portal\/hipotesis\/wp-content\/uploads\/sites\/62\/2026\/04\/Figura-1.-Individuos-de-Orthotrichum-handiense-desarrollandose-sobre-ramas-secas-de-jorao-Asteriscus-sericeus-281x300.jpg\" class=\"attachment-medium size-medium wp-image-44193\" alt=\"\" srcset=\"https:\/\/www.ull.es\/portal\/hipotesis\/wp-content\/uploads\/sites\/62\/2026\/04\/Figura-1.-Individuos-de-Orthotrichum-handiense-desarrollandose-sobre-ramas-secas-de-jorao-Asteriscus-sericeus-281x300.jpg 281w, https:\/\/www.ull.es\/portal\/hipotesis\/wp-content\/uploads\/sites\/62\/2026\/04\/Figura-1.-Individuos-de-Orthotrichum-handiense-desarrollandose-sobre-ramas-secas-de-jorao-Asteriscus-sericeus-959x1024.jpg 959w, https:\/\/www.ull.es\/portal\/hipotesis\/wp-content\/uploads\/sites\/62\/2026\/04\/Figura-1.-Individuos-de-Orthotrichum-handiense-desarrollandose-sobre-ramas-secas-de-jorao-Asteriscus-sericeus-768x820.jpg 768w, https:\/\/www.ull.es\/portal\/hipotesis\/wp-content\/uploads\/sites\/62\/2026\/04\/Figura-1.-Individuos-de-Orthotrichum-handiense-desarrollandose-sobre-ramas-secas-de-jorao-Asteriscus-sericeus-1438x1536.jpg 1438w, https:\/\/www.ull.es\/portal\/hipotesis\/wp-content\/uploads\/sites\/62\/2026\/04\/Figura-1.-Individuos-de-Orthotrichum-handiense-desarrollandose-sobre-ramas-secas-de-jorao-Asteriscus-sericeus-375x401.jpg 375w, https:\/\/www.ull.es\/portal\/hipotesis\/wp-content\/uploads\/sites\/62\/2026\/04\/Figura-1.-Individuos-de-Orthotrichum-handiense-desarrollandose-sobre-ramas-secas-de-jorao-Asteriscus-sericeus-750x801.jpg 750w, https:\/\/www.ull.es\/portal\/hipotesis\/wp-content\/uploads\/sites\/62\/2026\/04\/Figura-1.-Individuos-de-Orthotrichum-handiense-desarrollandose-sobre-ramas-secas-de-jorao-Asteriscus-sericeus-1140x1218.jpg 1140w, https:\/\/www.ull.es\/portal\/hipotesis\/wp-content\/uploads\/sites\/62\/2026\/04\/Figura-1.-Individuos-de-Orthotrichum-handiense-desarrollandose-sobre-ramas-secas-de-jorao-Asteriscus-sericeus.jpg 1498w\" sizes=\"(max-width: 281px) 100vw, 281px\" \/><\/div>\n\t\t<\/a>\n\t\t\t\t<div class=\"elementor-post__text\">\n\t\t\t\t<h3 class=\"elementor-post__title\">\n\t\t\t<a href=\"https:\/\/www.ull.es\/portal\/hipotesis\/el-bosque-en-miniatura-la-vida-secreta-de-los-briofitos\/\"  target=\"_blank\" rel=\"noopener\">\n\t\t\t\tEl bosque en miniatura: la vida secreta de los bri\u00f3fitos\t\t\t<\/a>\n\t\t<\/h3>\n\t\t\t\t<div class=\"elementor-post__meta-data\">\n\t\t\t\t\t<span class=\"elementor-post-date\">\n\t\t\t28 abril, 2026\t\t<\/span>\n\t\t\t\t<\/div>\n\t\t\n\t\t<a class=\"elementor-post__read-more\" href=\"https:\/\/www.ull.es\/portal\/hipotesis\/el-bosque-en-miniatura-la-vida-secreta-de-los-briofitos\/\"  target=\"_blank\" rel=\"noopener\">\n\t\t\tRead More \u00bb\t\t<\/a>\n\n\t\t\t\t<\/div>\n\t\t\t\t<\/article>\n\t\t\t\t<article class=\"elementor-post elementor-grid-item post-44183 post type-post status-publish format-standard has-post-thumbnail hentry category-biomedicina-y-salud category-no category-revista-hipotesis-proyecto tag-articulo tag-biomedicina-y-salud tag-biosensores tag-cristina-yunta-yanes tag-enzimas tag-numero-19 tag-revista-hipotesis tag-universidad-de-la-laguna\" target=\"_blank\" rel=\"noopener\">\n\t\t\t\t<a class=\"elementor-post__thumbnail__link\" href=\"https:\/\/www.ull.es\/portal\/hipotesis\/los-traductores-de-lo-invisible-y-la-revolucion-silenciosa-de-los-biosensores\/\"  target=\"_blank\" rel=\"noopener\">\n\t\t\t<div class=\"elementor-post__thumbnail\"><img decoding=\"async\" loading=\"lazy\" width=\"300\" height=\"300\" src=\"https:\/\/www.ull.es\/portal\/hipotesis\/wp-content\/uploads\/sites\/62\/2026\/02\/Gemini_Generated_Image_ttvvddttvvddttvv-1-300x300.jpg\" class=\"attachment-medium size-medium wp-image-44184\" alt=\"\" srcset=\"https:\/\/www.ull.es\/portal\/hipotesis\/wp-content\/uploads\/sites\/62\/2026\/02\/Gemini_Generated_Image_ttvvddttvvddttvv-1-300x300.jpg 300w, https:\/\/www.ull.es\/portal\/hipotesis\/wp-content\/uploads\/sites\/62\/2026\/02\/Gemini_Generated_Image_ttvvddttvvddttvv-1-150x150.jpg 150w, https:\/\/www.ull.es\/portal\/hipotesis\/wp-content\/uploads\/sites\/62\/2026\/02\/Gemini_Generated_Image_ttvvddttvvddttvv-1-768x768.jpg 768w, https:\/\/www.ull.es\/portal\/hipotesis\/wp-content\/uploads\/sites\/62\/2026\/02\/Gemini_Generated_Image_ttvvddttvvddttvv-1-375x375.jpg 375w, https:\/\/www.ull.es\/portal\/hipotesis\/wp-content\/uploads\/sites\/62\/2026\/02\/Gemini_Generated_Image_ttvvddttvvddttvv-1-750x750.jpg 750w, https:\/\/www.ull.es\/portal\/hipotesis\/wp-content\/uploads\/sites\/62\/2026\/02\/Gemini_Generated_Image_ttvvddttvvddttvv-1-50x50.jpg 50w, https:\/\/www.ull.es\/portal\/hipotesis\/wp-content\/uploads\/sites\/62\/2026\/02\/Gemini_Generated_Image_ttvvddttvvddttvv-1.jpg 1024w\" sizes=\"(max-width: 300px) 100vw, 300px\" \/><\/div>\n\t\t<\/a>\n\t\t\t\t<div class=\"elementor-post__text\">\n\t\t\t\t<h3 class=\"elementor-post__title\">\n\t\t\t<a href=\"https:\/\/www.ull.es\/portal\/hipotesis\/los-traductores-de-lo-invisible-y-la-revolucion-silenciosa-de-los-biosensores\/\"  target=\"_blank\" rel=\"noopener\">\n\t\t\t\tLos traductores de lo invisible y la revoluci\u00f3n silenciosa de los biosensores\t\t\t<\/a>\n\t\t<\/h3>\n\t\t\t\t<div class=\"elementor-post__meta-data\">\n\t\t\t\t\t<span class=\"elementor-post-date\">\n\t\t\t24 febrero, 2026\t\t<\/span>\n\t\t\t\t<\/div>\n\t\t\n\t\t<a class=\"elementor-post__read-more\" href=\"https:\/\/www.ull.es\/portal\/hipotesis\/los-traductores-de-lo-invisible-y-la-revolucion-silenciosa-de-los-biosensores\/\"  target=\"_blank\" rel=\"noopener\">\n\t\t\tRead More \u00bb\t\t<\/a>\n\n\t\t\t\t<\/div>\n\t\t\t\t<\/article>\n\t\t\t\t<article class=\"elementor-post elementor-grid-item post-44175 post type-post status-publish format-standard has-post-thumbnail hentry category-ciencias-experimentales category-revista-hipotesis tag-david-diaz tag-investigacion-basica tag-juan-pedro-cenal tag-numero-19 tag-opinion tag-universidad-de-la-laguna\" target=\"_blank\" rel=\"noopener\">\n\t\t\t\t<a class=\"elementor-post__thumbnail__link\" href=\"https:\/\/www.ull.es\/portal\/hipotesis\/alquimia-interior-el-fuego-de-la-pasion-como-motor-de-la-creacion-humana\/\"  target=\"_blank\" rel=\"noopener\">\n\t\t\t<div class=\"elementor-post__thumbnail\"><img decoding=\"async\" loading=\"lazy\" width=\"300\" height=\"300\" src=\"https:\/\/www.ull.es\/portal\/hipotesis\/wp-content\/uploads\/sites\/62\/2026\/02\/Gemini_Generated_Image_eeef0geeef0geeef-1-300x300.jpg\" class=\"attachment-medium size-medium wp-image-44176\" alt=\"\" srcset=\"https:\/\/www.ull.es\/portal\/hipotesis\/wp-content\/uploads\/sites\/62\/2026\/02\/Gemini_Generated_Image_eeef0geeef0geeef-1-300x300.jpg 300w, https:\/\/www.ull.es\/portal\/hipotesis\/wp-content\/uploads\/sites\/62\/2026\/02\/Gemini_Generated_Image_eeef0geeef0geeef-1-150x150.jpg 150w, https:\/\/www.ull.es\/portal\/hipotesis\/wp-content\/uploads\/sites\/62\/2026\/02\/Gemini_Generated_Image_eeef0geeef0geeef-1-768x768.jpg 768w, https:\/\/www.ull.es\/portal\/hipotesis\/wp-content\/uploads\/sites\/62\/2026\/02\/Gemini_Generated_Image_eeef0geeef0geeef-1-375x375.jpg 375w, https:\/\/www.ull.es\/portal\/hipotesis\/wp-content\/uploads\/sites\/62\/2026\/02\/Gemini_Generated_Image_eeef0geeef0geeef-1-750x750.jpg 750w, https:\/\/www.ull.es\/portal\/hipotesis\/wp-content\/uploads\/sites\/62\/2026\/02\/Gemini_Generated_Image_eeef0geeef0geeef-1-50x50.jpg 50w, https:\/\/www.ull.es\/portal\/hipotesis\/wp-content\/uploads\/sites\/62\/2026\/02\/Gemini_Generated_Image_eeef0geeef0geeef-1.jpg 1024w\" sizes=\"(max-width: 300px) 100vw, 300px\" \/><\/div>\n\t\t<\/a>\n\t\t\t\t<div class=\"elementor-post__text\">\n\t\t\t\t<h3 class=\"elementor-post__title\">\n\t\t\t<a href=\"https:\/\/www.ull.es\/portal\/hipotesis\/alquimia-interior-el-fuego-de-la-pasion-como-motor-de-la-creacion-humana\/\"  target=\"_blank\" rel=\"noopener\">\n\t\t\t\tAlquimia interior: El fuego de la pasi\u00f3n como motor de la creaci\u00f3n humana\t\t\t<\/a>\n\t\t<\/h3>\n\t\t\t\t<div class=\"elementor-post__meta-data\">\n\t\t\t\t\t<span class=\"elementor-post-date\">\n\t\t\t24 febrero, 2026\t\t<\/span>\n\t\t\t\t<\/div>\n\t\t\n\t\t<a class=\"elementor-post__read-more\" href=\"https:\/\/www.ull.es\/portal\/hipotesis\/alquimia-interior-el-fuego-de-la-pasion-como-motor-de-la-creacion-humana\/\"  target=\"_blank\" rel=\"noopener\">\n\t\t\tRead More \u00bb\t\t<\/a>\n\n\t\t\t\t<\/div>\n\t\t\t\t<\/article>\n\t\t\t\t<article class=\"elementor-post elementor-grid-item post-44163 post type-post status-publish format-standard has-post-thumbnail hentry category-biomedicina-y-salud category-no category-revista-hipotesis-proyecto tag-articulo tag-biomedicina-y-salud tag-cristina-yunta-yanes tag-enzimas tag-insecticidas tag-numero-19 tag-revista-hipotesis tag-universidad-de-la-laguna\" target=\"_blank\" rel=\"noopener\">\n\t\t\t\t<a class=\"elementor-post__thumbnail__link\" href=\"https:\/\/www.ull.es\/portal\/hipotesis\/cuestion-de-forma-la-arquitectura-molecular-de-la-resistencia-a-insecticidas\/\"  target=\"_blank\" rel=\"noopener\">\n\t\t\t<div class=\"elementor-post__thumbnail\"><img decoding=\"async\" loading=\"lazy\" width=\"300\" height=\"300\" src=\"https:\/\/www.ull.es\/portal\/hipotesis\/wp-content\/uploads\/sites\/62\/2026\/02\/Gemini_Generated_Image_6brte96brte96brt-1-300x300.jpg\" class=\"attachment-medium size-medium wp-image-44164\" alt=\"\" srcset=\"https:\/\/www.ull.es\/portal\/hipotesis\/wp-content\/uploads\/sites\/62\/2026\/02\/Gemini_Generated_Image_6brte96brte96brt-1-300x300.jpg 300w, https:\/\/www.ull.es\/portal\/hipotesis\/wp-content\/uploads\/sites\/62\/2026\/02\/Gemini_Generated_Image_6brte96brte96brt-1-150x150.jpg 150w, https:\/\/www.ull.es\/portal\/hipotesis\/wp-content\/uploads\/sites\/62\/2026\/02\/Gemini_Generated_Image_6brte96brte96brt-1-768x768.jpg 768w, https:\/\/www.ull.es\/portal\/hipotesis\/wp-content\/uploads\/sites\/62\/2026\/02\/Gemini_Generated_Image_6brte96brte96brt-1-375x375.jpg 375w, https:\/\/www.ull.es\/portal\/hipotesis\/wp-content\/uploads\/sites\/62\/2026\/02\/Gemini_Generated_Image_6brte96brte96brt-1-750x750.jpg 750w, https:\/\/www.ull.es\/portal\/hipotesis\/wp-content\/uploads\/sites\/62\/2026\/02\/Gemini_Generated_Image_6brte96brte96brt-1-50x50.jpg 50w, https:\/\/www.ull.es\/portal\/hipotesis\/wp-content\/uploads\/sites\/62\/2026\/02\/Gemini_Generated_Image_6brte96brte96brt-1.jpg 1024w\" sizes=\"(max-width: 300px) 100vw, 300px\" \/><\/div>\n\t\t<\/a>\n\t\t\t\t<div class=\"elementor-post__text\">\n\t\t\t\t<h3 class=\"elementor-post__title\">\n\t\t\t<a href=\"https:\/\/www.ull.es\/portal\/hipotesis\/cuestion-de-forma-la-arquitectura-molecular-de-la-resistencia-a-insecticidas\/\"  target=\"_blank\" rel=\"noopener\">\n\t\t\t\tCuesti\u00f3n de forma: la arquitectura molecular de la resistencia a insecticidas\t\t\t<\/a>\n\t\t<\/h3>\n\t\t\t\t<div class=\"elementor-post__meta-data\">\n\t\t\t\t\t<span class=\"elementor-post-date\">\n\t\t\t19 febrero, 2026\t\t<\/span>\n\t\t\t\t<\/div>\n\t\t\n\t\t<a class=\"elementor-post__read-more\" href=\"https:\/\/www.ull.es\/portal\/hipotesis\/cuestion-de-forma-la-arquitectura-molecular-de-la-resistencia-a-insecticidas\/\"  target=\"_blank\" rel=\"noopener\">\n\t\t\tRead More \u00bb\t\t<\/a>\n\n\t\t\t\t<\/div>\n\t\t\t\t<\/article>\n\t\t\t\t<article class=\"elementor-post elementor-grid-item post-44148 post type-post status-publish format-standard has-post-thumbnail hentry category-ciencias-experimentales category-revista-hipotesis tag-ana-afonso-bellod tag-derecho tag-derecho-mercantil tag-empresas tag-numero-19 tag-universidad-de-la-laguna\" target=\"_blank\" rel=\"noopener\">\n\t\t\t\t<a class=\"elementor-post__thumbnail__link\" href=\"https:\/\/www.ull.es\/portal\/hipotesis\/existen-las-empresas-que-hacen-el-bien-el-caso-de-la-empresa-b\/\"  target=\"_blank\" rel=\"noopener\">\n\t\t\t<div class=\"elementor-post__thumbnail\"><img decoding=\"async\" loading=\"lazy\" width=\"300\" height=\"300\" src=\"https:\/\/www.ull.es\/portal\/hipotesis\/wp-content\/uploads\/sites\/62\/2026\/02\/Gemini_Generated_Image_mfde5mmfde5mmfde-300x300.jpg\" class=\"attachment-medium size-medium wp-image-44149\" alt=\"\" srcset=\"https:\/\/www.ull.es\/portal\/hipotesis\/wp-content\/uploads\/sites\/62\/2026\/02\/Gemini_Generated_Image_mfde5mmfde5mmfde-300x300.jpg 300w, https:\/\/www.ull.es\/portal\/hipotesis\/wp-content\/uploads\/sites\/62\/2026\/02\/Gemini_Generated_Image_mfde5mmfde5mmfde-150x150.jpg 150w, https:\/\/www.ull.es\/portal\/hipotesis\/wp-content\/uploads\/sites\/62\/2026\/02\/Gemini_Generated_Image_mfde5mmfde5mmfde-768x768.jpg 768w, https:\/\/www.ull.es\/portal\/hipotesis\/wp-content\/uploads\/sites\/62\/2026\/02\/Gemini_Generated_Image_mfde5mmfde5mmfde-375x375.jpg 375w, https:\/\/www.ull.es\/portal\/hipotesis\/wp-content\/uploads\/sites\/62\/2026\/02\/Gemini_Generated_Image_mfde5mmfde5mmfde-750x750.jpg 750w, https:\/\/www.ull.es\/portal\/hipotesis\/wp-content\/uploads\/sites\/62\/2026\/02\/Gemini_Generated_Image_mfde5mmfde5mmfde-50x50.jpg 50w, https:\/\/www.ull.es\/portal\/hipotesis\/wp-content\/uploads\/sites\/62\/2026\/02\/Gemini_Generated_Image_mfde5mmfde5mmfde.jpg 1024w\" sizes=\"(max-width: 300px) 100vw, 300px\" \/><\/div>\n\t\t<\/a>\n\t\t\t\t<div class=\"elementor-post__text\">\n\t\t\t\t<h3 class=\"elementor-post__title\">\n\t\t\t<a href=\"https:\/\/www.ull.es\/portal\/hipotesis\/existen-las-empresas-que-hacen-el-bien-el-caso-de-la-empresa-b\/\"  target=\"_blank\" rel=\"noopener\">\n\t\t\t\t\u00bfExisten las empresas que hacen el bien?: el caso de la Empresa B\t\t\t<\/a>\n\t\t<\/h3>\n\t\t\t\t<div class=\"elementor-post__meta-data\">\n\t\t\t\t\t<span class=\"elementor-post-date\">\n\t\t\t19 febrero, 2026\t\t<\/span>\n\t\t\t\t<\/div>\n\t\t\n\t\t<a class=\"elementor-post__read-more\" href=\"https:\/\/www.ull.es\/portal\/hipotesis\/existen-las-empresas-que-hacen-el-bien-el-caso-de-la-empresa-b\/\"  target=\"_blank\" rel=\"noopener\">\n\t\t\tRead More \u00bb\t\t<\/a>\n\n\t\t\t\t<\/div>\n\t\t\t\t<\/article>\n\t\t\t\t<article class=\"elementor-post elementor-grid-item post-43927 post type-post status-publish format-standard has-post-thumbnail hentry category-no category-revista-hipotesis tag-editorial tag-general tag-nestor-torres-darias tag-numero-19 tag-revista-hipotesis tag-seccion tag-universidad-de-la-laguna\" target=\"_blank\" rel=\"noopener\">\n\t\t\t\t<a class=\"elementor-post__thumbnail__link\" href=\"https:\/\/www.ull.es\/portal\/hipotesis\/editorial-numero-19\/\"  target=\"_blank\" rel=\"noopener\">\n\t\t\t<div class=\"elementor-post__thumbnail\"><img decoding=\"async\" loading=\"lazy\" width=\"300\" height=\"278\" src=\"https:\/\/www.ull.es\/portal\/hipotesis\/wp-content\/uploads\/sites\/62\/2024\/08\/editorial3-300x278.png\" class=\"attachment-medium size-medium wp-image-41011\" alt=\"\" srcset=\"https:\/\/www.ull.es\/portal\/hipotesis\/wp-content\/uploads\/sites\/62\/2024\/08\/editorial3-300x278.png 300w, https:\/\/www.ull.es\/portal\/hipotesis\/wp-content\/uploads\/sites\/62\/2024\/08\/editorial3-375x348.png 375w, https:\/\/www.ull.es\/portal\/hipotesis\/wp-content\/uploads\/sites\/62\/2024\/08\/editorial3.png 649w\" sizes=\"(max-width: 300px) 100vw, 300px\" \/><\/div>\n\t\t<\/a>\n\t\t\t\t<div class=\"elementor-post__text\">\n\t\t\t\t<h3 class=\"elementor-post__title\">\n\t\t\t<a href=\"https:\/\/www.ull.es\/portal\/hipotesis\/editorial-numero-19\/\"  target=\"_blank\" rel=\"noopener\">\n\t\t\t\tEditorial n\u00famero 19\t\t\t<\/a>\n\t\t<\/h3>\n\t\t\t\t<div class=\"elementor-post__meta-data\">\n\t\t\t\t\t<span class=\"elementor-post-date\">\n\t\t\t13 enero, 2026\t\t<\/span>\n\t\t\t\t<\/div>\n\t\t\n\t\t<a class=\"elementor-post__read-more\" href=\"https:\/\/www.ull.es\/portal\/hipotesis\/editorial-numero-19\/\"  target=\"_blank\" rel=\"noopener\">\n\t\t\tRead More \u00bb\t\t<\/a>\n\n\t\t\t\t<\/div>\n\t\t\t\t<\/article>\n\t\t\t\t<article class=\"elementor-post elementor-grid-item post-44076 post type-post status-publish format-standard has-post-thumbnail hentry category-ciencias-experimentales category-revista-hipotesis tag-en-el-jardin-de-ockam tag-guillermina-o tag-numero-19 tag-pseudociencias tag-universidad-de-la-laguna\" target=\"_blank\" rel=\"noopener\">\n\t\t\t\t<a class=\"elementor-post__thumbnail__link\" href=\"https:\/\/www.ull.es\/portal\/hipotesis\/y-el-3i-atlas-la-volvio-a-liar\/\"  target=\"_blank\" rel=\"noopener\">\n\t\t\t<div class=\"elementor-post__thumbnail\"><img decoding=\"async\" loading=\"lazy\" width=\"300\" height=\"300\" src=\"https:\/\/www.ull.es\/portal\/hipotesis\/wp-content\/uploads\/sites\/62\/2026\/01\/Gemini_Generated_Image_kl2faakl2faakl2f_1-300x300.jpg\" class=\"attachment-medium size-medium wp-image-44077\" alt=\"\" srcset=\"https:\/\/www.ull.es\/portal\/hipotesis\/wp-content\/uploads\/sites\/62\/2026\/01\/Gemini_Generated_Image_kl2faakl2faakl2f_1-300x300.jpg 300w, https:\/\/www.ull.es\/portal\/hipotesis\/wp-content\/uploads\/sites\/62\/2026\/01\/Gemini_Generated_Image_kl2faakl2faakl2f_1-150x150.jpg 150w, https:\/\/www.ull.es\/portal\/hipotesis\/wp-content\/uploads\/sites\/62\/2026\/01\/Gemini_Generated_Image_kl2faakl2faakl2f_1-768x768.jpg 768w, https:\/\/www.ull.es\/portal\/hipotesis\/wp-content\/uploads\/sites\/62\/2026\/01\/Gemini_Generated_Image_kl2faakl2faakl2f_1-375x375.jpg 375w, https:\/\/www.ull.es\/portal\/hipotesis\/wp-content\/uploads\/sites\/62\/2026\/01\/Gemini_Generated_Image_kl2faakl2faakl2f_1-750x750.jpg 750w, https:\/\/www.ull.es\/portal\/hipotesis\/wp-content\/uploads\/sites\/62\/2026\/01\/Gemini_Generated_Image_kl2faakl2faakl2f_1-50x50.jpg 50w, https:\/\/www.ull.es\/portal\/hipotesis\/wp-content\/uploads\/sites\/62\/2026\/01\/Gemini_Generated_Image_kl2faakl2faakl2f_1.jpg 1024w\" sizes=\"(max-width: 300px) 100vw, 300px\" \/><\/div>\n\t\t<\/a>\n\t\t\t\t<div class=\"elementor-post__text\">\n\t\t\t\t<h3 class=\"elementor-post__title\">\n\t\t\t<a href=\"https:\/\/www.ull.es\/portal\/hipotesis\/y-el-3i-atlas-la-volvio-a-liar\/\"  target=\"_blank\" rel=\"noopener\">\n\t\t\t\tY el 3I\/Atlas la volvi\u00f3 a liar\t\t\t<\/a>\n\t\t<\/h3>\n\t\t\t\t<div class=\"elementor-post__meta-data\">\n\t\t\t\t\t<span class=\"elementor-post-date\">\n\t\t\t12 enero, 2026\t\t<\/span>\n\t\t\t\t<\/div>\n\t\t\n\t\t<a class=\"elementor-post__read-more\" href=\"https:\/\/www.ull.es\/portal\/hipotesis\/y-el-3i-atlas-la-volvio-a-liar\/\"  target=\"_blank\" rel=\"noopener\">\n\t\t\tRead More \u00bb\t\t<\/a>\n\n\t\t\t\t<\/div>\n\t\t\t\t<\/article>\n\t\t\t\t<article class=\"elementor-post elementor-grid-item post-44069 post type-post status-publish format-standard has-post-thumbnail hentry category-ciencias-experimentales category-revista-hipotesis tag-cabras tag-clara-diaz-perez tag-genetica tag-numero-19 tag-rosa-fregel tag-universidad-de-la-laguna\" target=\"_blank\" rel=\"noopener\">\n\t\t\t\t<a class=\"elementor-post__thumbnail__link\" href=\"https:\/\/www.ull.es\/portal\/hipotesis\/las-cabras-tienen-la-llave-la-paleogenomica-desvela-la-historia-de-los-primeros-pobladores-de-canarias\/\"  target=\"_blank\" rel=\"noopener\">\n\t\t\t<div class=\"elementor-post__thumbnail\"><img decoding=\"async\" loading=\"lazy\" width=\"300\" height=\"300\" src=\"https:\/\/www.ull.es\/portal\/hipotesis\/wp-content\/uploads\/sites\/62\/2026\/01\/Gemini_Generated_Image_d52a4pd52a4pd52a_1-300x300.jpg\" class=\"attachment-medium size-medium wp-image-44070\" alt=\"\" srcset=\"https:\/\/www.ull.es\/portal\/hipotesis\/wp-content\/uploads\/sites\/62\/2026\/01\/Gemini_Generated_Image_d52a4pd52a4pd52a_1-300x300.jpg 300w, https:\/\/www.ull.es\/portal\/hipotesis\/wp-content\/uploads\/sites\/62\/2026\/01\/Gemini_Generated_Image_d52a4pd52a4pd52a_1-150x150.jpg 150w, https:\/\/www.ull.es\/portal\/hipotesis\/wp-content\/uploads\/sites\/62\/2026\/01\/Gemini_Generated_Image_d52a4pd52a4pd52a_1-768x768.jpg 768w, https:\/\/www.ull.es\/portal\/hipotesis\/wp-content\/uploads\/sites\/62\/2026\/01\/Gemini_Generated_Image_d52a4pd52a4pd52a_1-375x375.jpg 375w, https:\/\/www.ull.es\/portal\/hipotesis\/wp-content\/uploads\/sites\/62\/2026\/01\/Gemini_Generated_Image_d52a4pd52a4pd52a_1-750x750.jpg 750w, https:\/\/www.ull.es\/portal\/hipotesis\/wp-content\/uploads\/sites\/62\/2026\/01\/Gemini_Generated_Image_d52a4pd52a4pd52a_1-50x50.jpg 50w, https:\/\/www.ull.es\/portal\/hipotesis\/wp-content\/uploads\/sites\/62\/2026\/01\/Gemini_Generated_Image_d52a4pd52a4pd52a_1.jpg 1024w\" sizes=\"(max-width: 300px) 100vw, 300px\" \/><\/div>\n\t\t<\/a>\n\t\t\t\t<div class=\"elementor-post__text\">\n\t\t\t\t<h3 class=\"elementor-post__title\">\n\t\t\t<a href=\"https:\/\/www.ull.es\/portal\/hipotesis\/las-cabras-tienen-la-llave-la-paleogenomica-desvela-la-historia-de-los-primeros-pobladores-de-canarias\/\"  target=\"_blank\" rel=\"noopener\">\n\t\t\t\tLas cabras tienen la llave: La paleogen\u00f3mica desvela la historia de los primeros pobladores de canarias\t\t\t<\/a>\n\t\t<\/h3>\n\t\t\t\t<div class=\"elementor-post__meta-data\">\n\t\t\t\t\t<span class=\"elementor-post-date\">\n\t\t\t12 enero, 2026\t\t<\/span>\n\t\t\t\t<\/div>\n\t\t\n\t\t<a class=\"elementor-post__read-more\" href=\"https:\/\/www.ull.es\/portal\/hipotesis\/las-cabras-tienen-la-llave-la-paleogenomica-desvela-la-historia-de-los-primeros-pobladores-de-canarias\/\"  target=\"_blank\" rel=\"noopener\">\n\t\t\tRead More \u00bb\t\t<\/a>\n\n\t\t\t\t<\/div>\n\t\t\t\t<\/article>\n\t\t\t\t<article class=\"elementor-post elementor-grid-item post-44054 post type-post status-publish format-standard has-post-thumbnail hentry category-ciencias-experimentales category-revista-hipotesis tag-jane-goodall tag-judith-noda-mayor tag-numero-19 tag-primates tag-universidad-de-la-laguna\" target=\"_blank\" rel=\"noopener\">\n\t\t\t\t<a class=\"elementor-post__thumbnail__link\" href=\"https:\/\/www.ull.es\/portal\/hipotesis\/memorias-de-africa-el-legado-de-jane-goodall\/\"  target=\"_blank\" rel=\"noopener\">\n\t\t\t<div class=\"elementor-post__thumbnail\"><img decoding=\"async\" loading=\"lazy\" width=\"300\" height=\"174\" src=\"https:\/\/www.ull.es\/portal\/hipotesis\/wp-content\/uploads\/sites\/62\/2026\/01\/Captura-de-pantalla-2026-01-12-111141-300x174.jpg\" class=\"attachment-medium size-medium wp-image-44055\" alt=\"\" srcset=\"https:\/\/www.ull.es\/portal\/hipotesis\/wp-content\/uploads\/sites\/62\/2026\/01\/Captura-de-pantalla-2026-01-12-111141-300x174.jpg 300w, https:\/\/www.ull.es\/portal\/hipotesis\/wp-content\/uploads\/sites\/62\/2026\/01\/Captura-de-pantalla-2026-01-12-111141-375x218.jpg 375w, https:\/\/www.ull.es\/portal\/hipotesis\/wp-content\/uploads\/sites\/62\/2026\/01\/Captura-de-pantalla-2026-01-12-111141.jpg 698w\" sizes=\"(max-width: 300px) 100vw, 300px\" \/><\/div>\n\t\t<\/a>\n\t\t\t\t<div class=\"elementor-post__text\">\n\t\t\t\t<h3 class=\"elementor-post__title\">\n\t\t\t<a href=\"https:\/\/www.ull.es\/portal\/hipotesis\/memorias-de-africa-el-legado-de-jane-goodall\/\"  target=\"_blank\" rel=\"noopener\">\n\t\t\t\tMemorias de \u00c1frica: el legado de Jane Goodall\t\t\t<\/a>\n\t\t<\/h3>\n\t\t\t\t<div class=\"elementor-post__meta-data\">\n\t\t\t\t\t<span class=\"elementor-post-date\">\n\t\t\t12 enero, 2026\t\t<\/span>\n\t\t\t\t<\/div>\n\t\t\n\t\t<a class=\"elementor-post__read-more\" href=\"https:\/\/www.ull.es\/portal\/hipotesis\/memorias-de-africa-el-legado-de-jane-goodall\/\"  target=\"_blank\" rel=\"noopener\">\n\t\t\tRead More \u00bb\t\t<\/a>\n\n\t\t\t\t<\/div>\n\t\t\t\t<\/article>\n\t\t\t\t<article class=\"elementor-post elementor-grid-item post-44101 post type-post status-publish format-standard has-post-thumbnail hentry category-ciencias-experimentales category-revista-hipotesis tag-candela-sirvent-blanco tag-enfermedades-tropicales tag-malena-gajate-arenas tag-numero-19 tag-omar-garcia-perez tag-patogenos tag-queratitis tag-universidad-de-la-laguna\" target=\"_blank\" rel=\"noopener\">\n\t\t\t\t<a class=\"elementor-post__thumbnail__link\" href=\"https:\/\/www.ull.es\/portal\/hipotesis\/patogenos-a-la-fuga\/\"  target=\"_blank\" rel=\"noopener\">\n\t\t\t<div class=\"elementor-post__thumbnail\"><img decoding=\"async\" loading=\"lazy\" width=\"300\" height=\"300\" src=\"https:\/\/www.ull.es\/portal\/hipotesis\/wp-content\/uploads\/sites\/62\/2026\/01\/Gemini_Generated_Image_mqw392mqw392mqw3_1-300x300.jpg\" class=\"attachment-medium size-medium wp-image-44102\" alt=\"\" srcset=\"https:\/\/www.ull.es\/portal\/hipotesis\/wp-content\/uploads\/sites\/62\/2026\/01\/Gemini_Generated_Image_mqw392mqw392mqw3_1-300x300.jpg 300w, https:\/\/www.ull.es\/portal\/hipotesis\/wp-content\/uploads\/sites\/62\/2026\/01\/Gemini_Generated_Image_mqw392mqw392mqw3_1-150x150.jpg 150w, https:\/\/www.ull.es\/portal\/hipotesis\/wp-content\/uploads\/sites\/62\/2026\/01\/Gemini_Generated_Image_mqw392mqw392mqw3_1-768x768.jpg 768w, https:\/\/www.ull.es\/portal\/hipotesis\/wp-content\/uploads\/sites\/62\/2026\/01\/Gemini_Generated_Image_mqw392mqw392mqw3_1-375x375.jpg 375w, https:\/\/www.ull.es\/portal\/hipotesis\/wp-content\/uploads\/sites\/62\/2026\/01\/Gemini_Generated_Image_mqw392mqw392mqw3_1-750x750.jpg 750w, https:\/\/www.ull.es\/portal\/hipotesis\/wp-content\/uploads\/sites\/62\/2026\/01\/Gemini_Generated_Image_mqw392mqw392mqw3_1-50x50.jpg 50w, https:\/\/www.ull.es\/portal\/hipotesis\/wp-content\/uploads\/sites\/62\/2026\/01\/Gemini_Generated_Image_mqw392mqw392mqw3_1.jpg 1024w\" sizes=\"(max-width: 300px) 100vw, 300px\" \/><\/div>\n\t\t<\/a>\n\t\t\t\t<div class=\"elementor-post__text\">\n\t\t\t\t<h3 class=\"elementor-post__title\">\n\t\t\t<a href=\"https:\/\/www.ull.es\/portal\/hipotesis\/patogenos-a-la-fuga\/\"  target=\"_blank\" rel=\"noopener\">\n\t\t\t\tPat\u00f3genos a la fuga\t\t\t<\/a>\n\t\t<\/h3>\n\t\t\t\t<div class=\"elementor-post__meta-data\">\n\t\t\t\t\t<span class=\"elementor-post-date\">\n\t\t\t12 enero, 2026\t\t<\/span>\n\t\t\t\t<\/div>\n\t\t\n\t\t<a class=\"elementor-post__read-more\" href=\"https:\/\/www.ull.es\/portal\/hipotesis\/patogenos-a-la-fuga\/\"  target=\"_blank\" rel=\"noopener\">\n\t\t\tRead More \u00bb\t\t<\/a>\n\n\t\t\t\t<\/div>\n\t\t\t\t<\/article>\n\t\t\t\t<article class=\"elementor-post elementor-grid-item post-44091 post type-post status-publish format-standard has-post-thumbnail hentry category-ciencias-experimentales category-revista-hipotesis tag-acanthamoeba tag-ciber tag-enfermedades-tropicales tag-ines-sifaoui tag-maria-reyes-batlle tag-numero-19 tag-queratitis tag-ruben-l-rodriguez-exposito tag-universidad-de-la-laguna\" target=\"_blank\" rel=\"noopener\">\n\t\t\t\t<a class=\"elementor-post__thumbnail__link\" href=\"https:\/\/www.ull.es\/portal\/hipotesis\/queratitis-por-acanthamoeba-cuando-el-agua-se-convierte-en-una-amenaza-invisible\/\"  target=\"_blank\" rel=\"noopener\">\n\t\t\t<div class=\"elementor-post__thumbnail\"><img decoding=\"async\" loading=\"lazy\" width=\"300\" height=\"300\" src=\"https:\/\/www.ull.es\/portal\/hipotesis\/wp-content\/uploads\/sites\/62\/2026\/01\/Gemini_Generated_Image_2jkqzg2jkqzg2jkq_1-300x300.jpg\" class=\"attachment-medium size-medium wp-image-44092\" alt=\"\" srcset=\"https:\/\/www.ull.es\/portal\/hipotesis\/wp-content\/uploads\/sites\/62\/2026\/01\/Gemini_Generated_Image_2jkqzg2jkqzg2jkq_1-300x300.jpg 300w, https:\/\/www.ull.es\/portal\/hipotesis\/wp-content\/uploads\/sites\/62\/2026\/01\/Gemini_Generated_Image_2jkqzg2jkqzg2jkq_1-150x150.jpg 150w, https:\/\/www.ull.es\/portal\/hipotesis\/wp-content\/uploads\/sites\/62\/2026\/01\/Gemini_Generated_Image_2jkqzg2jkqzg2jkq_1-768x768.jpg 768w, https:\/\/www.ull.es\/portal\/hipotesis\/wp-content\/uploads\/sites\/62\/2026\/01\/Gemini_Generated_Image_2jkqzg2jkqzg2jkq_1-375x375.jpg 375w, https:\/\/www.ull.es\/portal\/hipotesis\/wp-content\/uploads\/sites\/62\/2026\/01\/Gemini_Generated_Image_2jkqzg2jkqzg2jkq_1-750x750.jpg 750w, https:\/\/www.ull.es\/portal\/hipotesis\/wp-content\/uploads\/sites\/62\/2026\/01\/Gemini_Generated_Image_2jkqzg2jkqzg2jkq_1-50x50.jpg 50w, https:\/\/www.ull.es\/portal\/hipotesis\/wp-content\/uploads\/sites\/62\/2026\/01\/Gemini_Generated_Image_2jkqzg2jkqzg2jkq_1.jpg 1024w\" sizes=\"(max-width: 300px) 100vw, 300px\" \/><\/div>\n\t\t<\/a>\n\t\t\t\t<div class=\"elementor-post__text\">\n\t\t\t\t<h3 class=\"elementor-post__title\">\n\t\t\t<a href=\"https:\/\/www.ull.es\/portal\/hipotesis\/queratitis-por-acanthamoeba-cuando-el-agua-se-convierte-en-una-amenaza-invisible\/\"  target=\"_blank\" rel=\"noopener\">\n\t\t\t\tQueratitis por Acanthamoeba, cuando el agua se convierte en una amenaza invisible\t\t\t<\/a>\n\t\t<\/h3>\n\t\t\t\t<div class=\"elementor-post__meta-data\">\n\t\t\t\t\t<span class=\"elementor-post-date\">\n\t\t\t12 enero, 2026\t\t<\/span>\n\t\t\t\t<\/div>\n\t\t\n\t\t<a class=\"elementor-post__read-more\" href=\"https:\/\/www.ull.es\/portal\/hipotesis\/queratitis-por-acanthamoeba-cuando-el-agua-se-convierte-en-una-amenaza-invisible\/\"  target=\"_blank\" rel=\"noopener\">\n\t\t\tRead More \u00bb\t\t<\/a>\n\n\t\t\t\t<\/div>\n\t\t\t\t<\/article>\n\t\t\t\t<article class=\"elementor-post elementor-grid-item post-44048 post type-post status-publish format-standard has-post-thumbnail hentry category-ciencias-experimentales category-revista-hipotesis tag-angelica-dominguez-de-barros tag-elizabeth-cordoba-lanus tag-enfermedades-tropicales tag-envejecer tag-numero-19 tag-telomeros tag-universidad-de-la-laguna\" target=\"_blank\" rel=\"noopener\">\n\t\t\t\t<a class=\"elementor-post__thumbnail__link\" href=\"https:\/\/www.ull.es\/portal\/hipotesis\/la-carrera-contra-el-tiempo-el-secreto-de-los-telomeros-en-el-envejecimiento\/\"  target=\"_blank\" rel=\"noopener\">\n\t\t\t<div class=\"elementor-post__thumbnail\"><img decoding=\"async\" loading=\"lazy\" width=\"300\" height=\"300\" src=\"https:\/\/www.ull.es\/portal\/hipotesis\/wp-content\/uploads\/sites\/62\/2026\/01\/Gemini_Generated_Image_wwt8vewwt8vewwt8-1-300x300.jpg\" class=\"attachment-medium size-medium wp-image-44049\" alt=\"\" srcset=\"https:\/\/www.ull.es\/portal\/hipotesis\/wp-content\/uploads\/sites\/62\/2026\/01\/Gemini_Generated_Image_wwt8vewwt8vewwt8-1-300x300.jpg 300w, https:\/\/www.ull.es\/portal\/hipotesis\/wp-content\/uploads\/sites\/62\/2026\/01\/Gemini_Generated_Image_wwt8vewwt8vewwt8-1-150x150.jpg 150w, https:\/\/www.ull.es\/portal\/hipotesis\/wp-content\/uploads\/sites\/62\/2026\/01\/Gemini_Generated_Image_wwt8vewwt8vewwt8-1-768x768.jpg 768w, https:\/\/www.ull.es\/portal\/hipotesis\/wp-content\/uploads\/sites\/62\/2026\/01\/Gemini_Generated_Image_wwt8vewwt8vewwt8-1-375x375.jpg 375w, https:\/\/www.ull.es\/portal\/hipotesis\/wp-content\/uploads\/sites\/62\/2026\/01\/Gemini_Generated_Image_wwt8vewwt8vewwt8-1-750x750.jpg 750w, https:\/\/www.ull.es\/portal\/hipotesis\/wp-content\/uploads\/sites\/62\/2026\/01\/Gemini_Generated_Image_wwt8vewwt8vewwt8-1-50x50.jpg 50w, https:\/\/www.ull.es\/portal\/hipotesis\/wp-content\/uploads\/sites\/62\/2026\/01\/Gemini_Generated_Image_wwt8vewwt8vewwt8-1.jpg 1024w\" sizes=\"(max-width: 300px) 100vw, 300px\" \/><\/div>\n\t\t<\/a>\n\t\t\t\t<div class=\"elementor-post__text\">\n\t\t\t\t<h3 class=\"elementor-post__title\">\n\t\t\t<a href=\"https:\/\/www.ull.es\/portal\/hipotesis\/la-carrera-contra-el-tiempo-el-secreto-de-los-telomeros-en-el-envejecimiento\/\"  target=\"_blank\" rel=\"noopener\">\n\t\t\t\tLa carrera contra el tiempo: el secreto de los tel\u00f3meros en el envejecimiento\t\t\t<\/a>\n\t\t<\/h3>\n\t\t\t\t<div class=\"elementor-post__meta-data\">\n\t\t\t\t\t<span class=\"elementor-post-date\">\n\t\t\t9 enero, 2026\t\t<\/span>\n\t\t\t\t<\/div>\n\t\t\n\t\t<a class=\"elementor-post__read-more\" href=\"https:\/\/www.ull.es\/portal\/hipotesis\/la-carrera-contra-el-tiempo-el-secreto-de-los-telomeros-en-el-envejecimiento\/\"  target=\"_blank\" rel=\"noopener\">\n\t\t\tRead More \u00bb\t\t<\/a>\n\n\t\t\t\t<\/div>\n\t\t\t\t<\/article>\n\t\t\t\t<article class=\"elementor-post elementor-grid-item post-44041 post type-post status-publish format-standard has-post-thumbnail hentry category-ciencias-experimentales category-revista-hipotesis tag-amebas tag-amebas-de-vida-libre tag-comecerebros tag-enfermedades-tropicales tag-jacob-lorenzo-morales tag-numero-19 tag-universidad-de-la-laguna\" target=\"_blank\" rel=\"noopener\">\n\t\t\t\t<a class=\"elementor-post__thumbnail__link\" href=\"https:\/\/www.ull.es\/portal\/hipotesis\/naegleria-fowleri-la-ameba-comecerebros-y-la-alerta-silenciosa\/\"  target=\"_blank\" rel=\"noopener\">\n\t\t\t<div class=\"elementor-post__thumbnail\"><img decoding=\"async\" loading=\"lazy\" width=\"300\" height=\"300\" src=\"https:\/\/www.ull.es\/portal\/hipotesis\/wp-content\/uploads\/sites\/62\/2026\/01\/Gemini-300x300.jpg\" class=\"attachment-medium size-medium wp-image-44042\" alt=\"\" srcset=\"https:\/\/www.ull.es\/portal\/hipotesis\/wp-content\/uploads\/sites\/62\/2026\/01\/Gemini-300x300.jpg 300w, https:\/\/www.ull.es\/portal\/hipotesis\/wp-content\/uploads\/sites\/62\/2026\/01\/Gemini-150x150.jpg 150w, https:\/\/www.ull.es\/portal\/hipotesis\/wp-content\/uploads\/sites\/62\/2026\/01\/Gemini-768x768.jpg 768w, https:\/\/www.ull.es\/portal\/hipotesis\/wp-content\/uploads\/sites\/62\/2026\/01\/Gemini-375x375.jpg 375w, https:\/\/www.ull.es\/portal\/hipotesis\/wp-content\/uploads\/sites\/62\/2026\/01\/Gemini-750x750.jpg 750w, https:\/\/www.ull.es\/portal\/hipotesis\/wp-content\/uploads\/sites\/62\/2026\/01\/Gemini-50x50.jpg 50w, https:\/\/www.ull.es\/portal\/hipotesis\/wp-content\/uploads\/sites\/62\/2026\/01\/Gemini.jpg 1024w\" sizes=\"(max-width: 300px) 100vw, 300px\" \/><\/div>\n\t\t<\/a>\n\t\t\t\t<div class=\"elementor-post__text\">\n\t\t\t\t<h3 class=\"elementor-post__title\">\n\t\t\t<a href=\"https:\/\/www.ull.es\/portal\/hipotesis\/naegleria-fowleri-la-ameba-comecerebros-y-la-alerta-silenciosa\/\"  target=\"_blank\" rel=\"noopener\">\n\t\t\t\tNaegleria fowleri: la ameba \u201ccomecerebros\u201d y la alerta silenciosa\t\t\t<\/a>\n\t\t<\/h3>\n\t\t\t\t<div class=\"elementor-post__meta-data\">\n\t\t\t\t\t<span class=\"elementor-post-date\">\n\t\t\t9 enero, 2026\t\t<\/span>\n\t\t\t\t<\/div>\n\t\t\n\t\t<a class=\"elementor-post__read-more\" href=\"https:\/\/www.ull.es\/portal\/hipotesis\/naegleria-fowleri-la-ameba-comecerebros-y-la-alerta-silenciosa\/\"  target=\"_blank\" rel=\"noopener\">\n\t\t\tRead More \u00bb\t\t<\/a>\n\n\t\t\t\t<\/div>\n\t\t\t\t<\/article>\n\t\t\t\t<article class=\"elementor-post elementor-grid-item post-44033 post type-post status-publish format-standard has-post-thumbnail hentry category-ciencias-experimentales category-revista-hipotesis tag-amebas tag-amebas-de-vida-libre tag-enfermedades-tropicales tag-jacob-lorenzo-morales tag-jose-e-pinero tag-numero-19 tag-patricia-perez-perez tag-universidad-de-la-laguna\" target=\"_blank\" rel=\"noopener\">\n\t\t\t\t<a class=\"elementor-post__thumbnail__link\" href=\"https:\/\/www.ull.es\/portal\/hipotesis\/las-amebas-de-vida-libre-y-el-doble-filo-de-los-microorganismos-invisibles\/\"  target=\"_blank\" rel=\"noopener\">\n\t\t\t<div class=\"elementor-post__thumbnail\"><img decoding=\"async\" loading=\"lazy\" width=\"201\" height=\"300\" src=\"https:\/\/www.ull.es\/portal\/hipotesis\/wp-content\/uploads\/sites\/62\/2026\/01\/image-32-201x300.jpg\" class=\"attachment-medium size-medium wp-image-44034\" alt=\"\" srcset=\"https:\/\/www.ull.es\/portal\/hipotesis\/wp-content\/uploads\/sites\/62\/2026\/01\/image-32-201x300.jpg 201w, https:\/\/www.ull.es\/portal\/hipotesis\/wp-content\/uploads\/sites\/62\/2026\/01\/image-32-687x1024.jpg 687w, https:\/\/www.ull.es\/portal\/hipotesis\/wp-content\/uploads\/sites\/62\/2026\/01\/image-32-768x1144.jpg 768w, https:\/\/www.ull.es\/portal\/hipotesis\/wp-content\/uploads\/sites\/62\/2026\/01\/image-32-375x559.jpg 375w, https:\/\/www.ull.es\/portal\/hipotesis\/wp-content\/uploads\/sites\/62\/2026\/01\/image-32-750x1117.jpg 750w, https:\/\/www.ull.es\/portal\/hipotesis\/wp-content\/uploads\/sites\/62\/2026\/01\/image-32.jpg 784w\" sizes=\"(max-width: 201px) 100vw, 201px\" \/><\/div>\n\t\t<\/a>\n\t\t\t\t<div class=\"elementor-post__text\">\n\t\t\t\t<h3 class=\"elementor-post__title\">\n\t\t\t<a href=\"https:\/\/www.ull.es\/portal\/hipotesis\/las-amebas-de-vida-libre-y-el-doble-filo-de-los-microorganismos-invisibles\/\"  target=\"_blank\" rel=\"noopener\">\n\t\t\t\tLas amebas de vida libre y el doble filo de los microorganismos invisibles\t\t\t<\/a>\n\t\t<\/h3>\n\t\t\t\t<div class=\"elementor-post__meta-data\">\n\t\t\t\t\t<span class=\"elementor-post-date\">\n\t\t\t9 enero, 2026\t\t<\/span>\n\t\t\t\t<\/div>\n\t\t\n\t\t<a class=\"elementor-post__read-more\" href=\"https:\/\/www.ull.es\/portal\/hipotesis\/las-amebas-de-vida-libre-y-el-doble-filo-de-los-microorganismos-invisibles\/\"  target=\"_blank\" rel=\"noopener\">\n\t\t\tRead More \u00bb\t\t<\/a>\n\n\t\t\t\t<\/div>\n\t\t\t\t<\/article>\n\t\t\t\t<article class=\"elementor-post elementor-grid-item post-44018 post type-post status-publish format-standard has-post-thumbnail hentry category-ciencias-experimentales category-revista-hipotesis tag-ainhoa-escuela-escobar tag-asma tag-calima tag-enfermedades-tropicales tag-jose-antonio-perez-perez tag-mario-andres-gonzalez-carracedo tag-numero-19 tag-universidad-de-la-laguna\" target=\"_blank\" rel=\"noopener\">\n\t\t\t\t<a class=\"elementor-post__thumbnail__link\" href=\"https:\/\/www.ull.es\/portal\/hipotesis\/cuando-el-desierto-se-encuentra-con-las-vias-respiratorias\/\"  target=\"_blank\" rel=\"noopener\">\n\t\t\t<div class=\"elementor-post__thumbnail\"><img decoding=\"async\" loading=\"lazy\" width=\"201\" height=\"300\" src=\"https:\/\/www.ull.es\/portal\/hipotesis\/wp-content\/uploads\/sites\/62\/2026\/01\/image-30-201x300.jpg\" class=\"attachment-medium size-medium wp-image-44019\" alt=\"\" srcset=\"https:\/\/www.ull.es\/portal\/hipotesis\/wp-content\/uploads\/sites\/62\/2026\/01\/image-30-201x300.jpg 201w, https:\/\/www.ull.es\/portal\/hipotesis\/wp-content\/uploads\/sites\/62\/2026\/01\/image-30-687x1024.jpg 687w, https:\/\/www.ull.es\/portal\/hipotesis\/wp-content\/uploads\/sites\/62\/2026\/01\/image-30-768x1144.jpg 768w, https:\/\/www.ull.es\/portal\/hipotesis\/wp-content\/uploads\/sites\/62\/2026\/01\/image-30-375x559.jpg 375w, https:\/\/www.ull.es\/portal\/hipotesis\/wp-content\/uploads\/sites\/62\/2026\/01\/image-30-750x1117.jpg 750w, https:\/\/www.ull.es\/portal\/hipotesis\/wp-content\/uploads\/sites\/62\/2026\/01\/image-30.jpg 784w\" sizes=\"(max-width: 201px) 100vw, 201px\" \/><\/div>\n\t\t<\/a>\n\t\t\t\t<div class=\"elementor-post__text\">\n\t\t\t\t<h3 class=\"elementor-post__title\">\n\t\t\t<a href=\"https:\/\/www.ull.es\/portal\/hipotesis\/cuando-el-desierto-se-encuentra-con-las-vias-respiratorias\/\"  target=\"_blank\" rel=\"noopener\">\n\t\t\t\tCuando el desierto se encuentra con las v\u00edas respiratorias\t\t\t<\/a>\n\t\t<\/h3>\n\t\t\t\t<div class=\"elementor-post__meta-data\">\n\t\t\t\t\t<span class=\"elementor-post-date\">\n\t\t\t9 enero, 2026\t\t<\/span>\n\t\t\t\t<\/div>\n\t\t\n\t\t<a class=\"elementor-post__read-more\" href=\"https:\/\/www.ull.es\/portal\/hipotesis\/cuando-el-desierto-se-encuentra-con-las-vias-respiratorias\/\"  target=\"_blank\" rel=\"noopener\">\n\t\t\tRead More \u00bb\t\t<\/a>\n\n\t\t\t\t<\/div>\n\t\t\t\t<\/article>\n\t\t\t\t<article class=\"elementor-post elementor-grid-item post-44012 post type-post status-publish format-standard has-post-thumbnail hentry category-ciencias-experimentales category-revista-hipotesis tag-alma-garcia-ramos tag-angelica-dominguez-de-barros tag-enfermedades-tropicales tag-numero-19 tag-omar-garcia-perez tag-polar tag-universidad-de-la-laguna\" target=\"_blank\" rel=\"noopener\">\n\t\t\t\t<a class=\"elementor-post__thumbnail__link\" href=\"https:\/\/www.ull.es\/portal\/hipotesis\/la-vigilancia-molecular-que-une-la-salud-animal-y-humana\/\"  target=\"_blank\" rel=\"noopener\">\n\t\t\t<div class=\"elementor-post__thumbnail\"><img decoding=\"async\" loading=\"lazy\" width=\"201\" height=\"300\" src=\"https:\/\/www.ull.es\/portal\/hipotesis\/wp-content\/uploads\/sites\/62\/2026\/01\/image-29-201x300.jpg\" class=\"attachment-medium size-medium wp-image-44013\" alt=\"\" srcset=\"https:\/\/www.ull.es\/portal\/hipotesis\/wp-content\/uploads\/sites\/62\/2026\/01\/image-29-201x300.jpg 201w, https:\/\/www.ull.es\/portal\/hipotesis\/wp-content\/uploads\/sites\/62\/2026\/01\/image-29-687x1024.jpg 687w, https:\/\/www.ull.es\/portal\/hipotesis\/wp-content\/uploads\/sites\/62\/2026\/01\/image-29-768x1144.jpg 768w, https:\/\/www.ull.es\/portal\/hipotesis\/wp-content\/uploads\/sites\/62\/2026\/01\/image-29-375x559.jpg 375w, https:\/\/www.ull.es\/portal\/hipotesis\/wp-content\/uploads\/sites\/62\/2026\/01\/image-29-750x1117.jpg 750w, https:\/\/www.ull.es\/portal\/hipotesis\/wp-content\/uploads\/sites\/62\/2026\/01\/image-29.jpg 784w\" sizes=\"(max-width: 201px) 100vw, 201px\" \/><\/div>\n\t\t<\/a>\n\t\t\t\t<div class=\"elementor-post__text\">\n\t\t\t\t<h3 class=\"elementor-post__title\">\n\t\t\t<a href=\"https:\/\/www.ull.es\/portal\/hipotesis\/la-vigilancia-molecular-que-une-la-salud-animal-y-humana\/\"  target=\"_blank\" rel=\"noopener\">\n\t\t\t\tLa vigilancia molecular que une la salud animal y humana\t\t\t<\/a>\n\t\t<\/h3>\n\t\t\t\t<div class=\"elementor-post__meta-data\">\n\t\t\t\t\t<span class=\"elementor-post-date\">\n\t\t\t9 enero, 2026\t\t<\/span>\n\t\t\t\t<\/div>\n\t\t\n\t\t<a class=\"elementor-post__read-more\" href=\"https:\/\/www.ull.es\/portal\/hipotesis\/la-vigilancia-molecular-que-une-la-salud-animal-y-humana\/\"  target=\"_blank\" rel=\"noopener\">\n\t\t\tRead More \u00bb\t\t<\/a>\n\n\t\t\t\t<\/div>\n\t\t\t\t<\/article>\n\t\t\t\t<article class=\"elementor-post elementor-grid-item post-43999 post type-post status-publish format-standard has-post-thumbnail hentry category-ciencias-experimentales category-revista-hipotesis tag-elva-vega-garcia tag-emma-carmelo-pascual tag-leishmania tag-numero-19 tag-universidad-de-la-laguna\" target=\"_blank\" rel=\"noopener\">\n\t\t\t\t<a class=\"elementor-post__thumbnail__link\" href=\"https:\/\/www.ull.es\/portal\/hipotesis\/la-batalla-oculta-entre-el-parasito-y-el-metabolismo-de-nuestras-defensas\/\"  target=\"_blank\" rel=\"noopener\">\n\t\t\t<div class=\"elementor-post__thumbnail\"><img decoding=\"async\" loading=\"lazy\" width=\"201\" height=\"300\" src=\"https:\/\/www.ull.es\/portal\/hipotesis\/wp-content\/uploads\/sites\/62\/2026\/01\/image-28-201x300.jpg\" class=\"attachment-medium size-medium wp-image-44000\" alt=\"\" srcset=\"https:\/\/www.ull.es\/portal\/hipotesis\/wp-content\/uploads\/sites\/62\/2026\/01\/image-28-201x300.jpg 201w, https:\/\/www.ull.es\/portal\/hipotesis\/wp-content\/uploads\/sites\/62\/2026\/01\/image-28-687x1024.jpg 687w, https:\/\/www.ull.es\/portal\/hipotesis\/wp-content\/uploads\/sites\/62\/2026\/01\/image-28-768x1144.jpg 768w, https:\/\/www.ull.es\/portal\/hipotesis\/wp-content\/uploads\/sites\/62\/2026\/01\/image-28-375x559.jpg 375w, https:\/\/www.ull.es\/portal\/hipotesis\/wp-content\/uploads\/sites\/62\/2026\/01\/image-28-750x1117.jpg 750w, https:\/\/www.ull.es\/portal\/hipotesis\/wp-content\/uploads\/sites\/62\/2026\/01\/image-28.jpg 784w\" sizes=\"(max-width: 201px) 100vw, 201px\" \/><\/div>\n\t\t<\/a>\n\t\t\t\t<div class=\"elementor-post__text\">\n\t\t\t\t<h3 class=\"elementor-post__title\">\n\t\t\t<a href=\"https:\/\/www.ull.es\/portal\/hipotesis\/la-batalla-oculta-entre-el-parasito-y-el-metabolismo-de-nuestras-defensas\/\"  target=\"_blank\" rel=\"noopener\">\n\t\t\t\tLa batalla oculta entre el par\u00e1sito y el metabolismo de nuestras defensas\t\t\t<\/a>\n\t\t<\/h3>\n\t\t\t\t<div class=\"elementor-post__meta-data\">\n\t\t\t\t\t<span class=\"elementor-post-date\">\n\t\t\t9 enero, 2026\t\t<\/span>\n\t\t\t\t<\/div>\n\t\t\n\t\t<a class=\"elementor-post__read-more\" href=\"https:\/\/www.ull.es\/portal\/hipotesis\/la-batalla-oculta-entre-el-parasito-y-el-metabolismo-de-nuestras-defensas\/\"  target=\"_blank\" rel=\"noopener\">\n\t\t\tRead More \u00bb\t\t<\/a>\n\n\t\t\t\t<\/div>\n\t\t\t\t<\/article>\n\t\t\t\t<article class=\"elementor-post elementor-grid-item post-43991 post type-post status-publish format-standard has-post-thumbnail hentry category-ciencias-experimentales category-revista-hipotesis tag-agua tag-agua-regenerada tag-numero-19 tag-universidad-de-la-laguna\" target=\"_blank\" rel=\"noopener\">\n\t\t\t\t<a class=\"elementor-post__thumbnail__link\" href=\"https:\/\/www.ull.es\/portal\/hipotesis\/el-agua-la-guardiana-invisible-de-la-salud-en-canarias\/\"  target=\"_blank\" rel=\"noopener\">\n\t\t\t<div class=\"elementor-post__thumbnail\"><img decoding=\"async\" loading=\"lazy\" width=\"201\" height=\"300\" src=\"https:\/\/www.ull.es\/portal\/hipotesis\/wp-content\/uploads\/sites\/62\/2026\/01\/image-27-201x300.jpg\" class=\"attachment-medium size-medium wp-image-43992\" alt=\"\" srcset=\"https:\/\/www.ull.es\/portal\/hipotesis\/wp-content\/uploads\/sites\/62\/2026\/01\/image-27-201x300.jpg 201w, https:\/\/www.ull.es\/portal\/hipotesis\/wp-content\/uploads\/sites\/62\/2026\/01\/image-27-687x1024.jpg 687w, https:\/\/www.ull.es\/portal\/hipotesis\/wp-content\/uploads\/sites\/62\/2026\/01\/image-27-768x1144.jpg 768w, https:\/\/www.ull.es\/portal\/hipotesis\/wp-content\/uploads\/sites\/62\/2026\/01\/image-27-375x559.jpg 375w, https:\/\/www.ull.es\/portal\/hipotesis\/wp-content\/uploads\/sites\/62\/2026\/01\/image-27-750x1117.jpg 750w, https:\/\/www.ull.es\/portal\/hipotesis\/wp-content\/uploads\/sites\/62\/2026\/01\/image-27.jpg 784w\" sizes=\"(max-width: 201px) 100vw, 201px\" \/><\/div>\n\t\t<\/a>\n\t\t\t\t<div class=\"elementor-post__text\">\n\t\t\t\t<h3 class=\"elementor-post__title\">\n\t\t\t<a href=\"https:\/\/www.ull.es\/portal\/hipotesis\/el-agua-la-guardiana-invisible-de-la-salud-en-canarias\/\"  target=\"_blank\" rel=\"noopener\">\n\t\t\t\tEl agua: la guardiana invisible de la salud en Canarias\t\t\t<\/a>\n\t\t<\/h3>\n\t\t\t\t<div class=\"elementor-post__meta-data\">\n\t\t\t\t\t<span class=\"elementor-post-date\">\n\t\t\t9 enero, 2026\t\t<\/span>\n\t\t\t\t<\/div>\n\t\t\n\t\t<a class=\"elementor-post__read-more\" href=\"https:\/\/www.ull.es\/portal\/hipotesis\/el-agua-la-guardiana-invisible-de-la-salud-en-canarias\/\"  target=\"_blank\" rel=\"noopener\">\n\t\t\tRead More \u00bb\t\t<\/a>\n\n\t\t\t\t<\/div>\n\t\t\t\t<\/article>\n\t\t\t\t<\/div>\n\t\t\n\t\t\t\t<\/div>\n\t\t\t\t<\/div>\n\t\t\t\t\t<\/div>\n\t\t<\/div>\n\t\t\t\t\t\t\t<\/div>\n\t\t<\/section>\n\t\t\t\t\t\t\t<\/div>\n\t\t","protected":false},"excerpt":{"rendered":"El agua: la guardiana invisible de la salud en Canarias9 de enero de 2026FacebookXWhatsAppCopy k\u00a0En las Islas Canarias, el agua es un recurso tan vital como escaso. La naturaleza volc\u00e1nica y la limitada pluviometr\u00eda han impuesto hist\u00f3ricamente restricciones al acceso al agua dulce. Esta realidad, agravada por el cambio clim\u00e1tico y un r\u00e9gimen de lluvias cada vez m\u00e1s irregular, ha obligado a la sociedad a desarrollar una cultura de aprovechamiento ingeniosa, siendo el reciclaje del agua una de sus soluciones m\u00e1s importantes.Hablamos de las aguas","protected":false},"author":56,"featured_media":0,"parent":39532,"menu_order":0,"comment_status":"closed","ping_status":"closed","template":"","meta":{"inline_featured_image":false,"footnotes":""},"acf":[],"yoast_head":"<!-- This site is optimized with the Yoast SEO plugin v21.3 - https:\/\/yoast.com\/wordpress\/plugins\/seo\/ -->\n<title>#N\u00famero 18 - Hipotesis<\/title>\n<meta name=\"robots\" content=\"index, follow, max-snippet:-1, max-image-preview:large, max-video-preview:-1\" \/>\n<link rel=\"canonical\" href=\"https:\/\/www.ull.es\/portal\/hipotesis\/numeros\/numero-18\/\" \/>\n<meta property=\"og:locale\" content=\"es_ES\" \/>\n<meta property=\"og:type\" content=\"article\" \/>\n<meta property=\"og:title\" content=\"#N\u00famero 18 - Hipotesis\" \/>\n<meta property=\"og:url\" content=\"https:\/\/www.ull.es\/portal\/hipotesis\/numeros\/numero-18\/\" \/>\n<meta property=\"og:site_name\" content=\"Hipotesis\" \/>\n<meta property=\"article:publisher\" content=\"https:\/\/www.facebook.com\/CienciaULL\/\" \/>\n<meta property=\"article:modified_time\" content=\"2025-05-07T12:59:47+00:00\" \/>\n<meta property=\"og:image\" content=\"https:\/\/www.ull.es\/portal\/hipotesis\/wp-content\/uploads\/sites\/62\/2025\/04\/hipotesis_18_banner_fc.jpg\" \/>\n<meta name=\"twitter:card\" content=\"summary_large_image\" \/>\n<meta name=\"twitter:site\" content=\"@CienciaULL\" \/>\n<meta name=\"twitter:label1\" content=\"Tiempo de lectura\" \/>\n\t<meta name=\"twitter:data1\" content=\"6 minutos\" \/>\n<script type=\"application\/ld+json\" class=\"yoast-schema-graph\">{\"@context\":\"https:\/\/schema.org\",\"@graph\":[{\"@type\":\"WebPage\",\"@id\":\"https:\/\/www.ull.es\/portal\/hipotesis\/numeros\/numero-18\/\",\"url\":\"https:\/\/www.ull.es\/portal\/hipotesis\/numeros\/numero-18\/\",\"name\":\"#N\u00famero 18 - Hipotesis\",\"isPartOf\":{\"@id\":\"https:\/\/www.ull.es\/portal\/hipotesis\/#website\"},\"datePublished\":\"2024-11-25T11:28:47+00:00\",\"dateModified\":\"2025-05-07T12:59:47+00:00\",\"breadcrumb\":{\"@id\":\"https:\/\/www.ull.es\/portal\/hipotesis\/numeros\/numero-18\/#breadcrumb\"},\"inLanguage\":\"es\",\"potentialAction\":[{\"@type\":\"ReadAction\",\"target\":[\"https:\/\/www.ull.es\/portal\/hipotesis\/numeros\/numero-18\/\"]}]},{\"@type\":\"BreadcrumbList\",\"@id\":\"https:\/\/www.ull.es\/portal\/hipotesis\/numeros\/numero-18\/#breadcrumb\",\"itemListElement\":[{\"@type\":\"ListItem\",\"position\":1,\"name\":\"Portada\",\"item\":\"https:\/\/www.ull.es\/portal\/hipotesis\/\"},{\"@type\":\"ListItem\",\"position\":2,\"name\":\"N\u00fameros\",\"item\":\"https:\/\/www.ull.es\/portal\/hipotesis\/numeros\/\"},{\"@type\":\"ListItem\",\"position\":3,\"name\":\"#N\u00famero 18\"}]},{\"@type\":\"WebSite\",\"@id\":\"https:\/\/www.ull.es\/portal\/hipotesis\/#website\",\"url\":\"https:\/\/www.ull.es\/portal\/hipotesis\/\",\"name\":\"Hipotesis\",\"description\":\"Unidad de Cultura Cient\u00edfica y de la Innovaci\u00f3n de la Universidad de La Laguna\",\"potentialAction\":[{\"@type\":\"SearchAction\",\"target\":{\"@type\":\"EntryPoint\",\"urlTemplate\":\"https:\/\/www.ull.es\/portal\/hipotesis\/?s={search_term_string}\"},\"query-input\":\"required name=search_term_string\"}],\"inLanguage\":\"es\"}]}<\/script>\n<!-- \/ Yoast SEO plugin. -->","yoast_head_json":{"title":"#N\u00famero 18 - Hipotesis","robots":{"index":"index","follow":"follow","max-snippet":"max-snippet:-1","max-image-preview":"max-image-preview:large","max-video-preview":"max-video-preview:-1"},"canonical":"https:\/\/www.ull.es\/portal\/hipotesis\/numeros\/numero-18\/","og_locale":"es_ES","og_type":"article","og_title":"#N\u00famero 18 - Hipotesis","og_url":"https:\/\/www.ull.es\/portal\/hipotesis\/numeros\/numero-18\/","og_site_name":"Hipotesis","article_publisher":"https:\/\/www.facebook.com\/CienciaULL\/","article_modified_time":"2025-05-07T12:59:47+00:00","og_image":[{"url":"https:\/\/www.ull.es\/portal\/hipotesis\/wp-content\/uploads\/sites\/62\/2025\/04\/hipotesis_18_banner_fc.jpg"}],"twitter_card":"summary_large_image","twitter_site":"@CienciaULL","twitter_misc":{"Tiempo de lectura":"6 minutos"},"schema":{"@context":"https:\/\/schema.org","@graph":[{"@type":"WebPage","@id":"https:\/\/www.ull.es\/portal\/hipotesis\/numeros\/numero-18\/","url":"https:\/\/www.ull.es\/portal\/hipotesis\/numeros\/numero-18\/","name":"#N\u00famero 18 - Hipotesis","isPartOf":{"@id":"https:\/\/www.ull.es\/portal\/hipotesis\/#website"},"datePublished":"2024-11-25T11:28:47+00:00","dateModified":"2025-05-07T12:59:47+00:00","breadcrumb":{"@id":"https:\/\/www.ull.es\/portal\/hipotesis\/numeros\/numero-18\/#breadcrumb"},"inLanguage":"es","potentialAction":[{"@type":"ReadAction","target":["https:\/\/www.ull.es\/portal\/hipotesis\/numeros\/numero-18\/"]}]},{"@type":"BreadcrumbList","@id":"https:\/\/www.ull.es\/portal\/hipotesis\/numeros\/numero-18\/#breadcrumb","itemListElement":[{"@type":"ListItem","position":1,"name":"Portada","item":"https:\/\/www.ull.es\/portal\/hipotesis\/"},{"@type":"ListItem","position":2,"name":"N\u00fameros","item":"https:\/\/www.ull.es\/portal\/hipotesis\/numeros\/"},{"@type":"ListItem","position":3,"name":"#N\u00famero 18"}]},{"@type":"WebSite","@id":"https:\/\/www.ull.es\/portal\/hipotesis\/#website","url":"https:\/\/www.ull.es\/portal\/hipotesis\/","name":"Hipotesis","description":"Unidad de Cultura Cient\u00edfica y de la Innovaci\u00f3n de la Universidad de La Laguna","potentialAction":[{"@type":"SearchAction","target":{"@type":"EntryPoint","urlTemplate":"https:\/\/www.ull.es\/portal\/hipotesis\/?s={search_term_string}"},"query-input":"required name=search_term_string"}],"inLanguage":"es"}]}},"_links":{"self":[{"href":"https:\/\/www.ull.es\/portal\/hipotesis\/wp-json\/wp\/v2\/pages\/39763"}],"collection":[{"href":"https:\/\/www.ull.es\/portal\/hipotesis\/wp-json\/wp\/v2\/pages"}],"about":[{"href":"https:\/\/www.ull.es\/portal\/hipotesis\/wp-json\/wp\/v2\/types\/page"}],"author":[{"embeddable":true,"href":"https:\/\/www.ull.es\/portal\/hipotesis\/wp-json\/wp\/v2\/users\/56"}],"replies":[{"embeddable":true,"href":"https:\/\/www.ull.es\/portal\/hipotesis\/wp-json\/wp\/v2\/comments?post=39763"}],"version-history":[{"count":51,"href":"https:\/\/www.ull.es\/portal\/hipotesis\/wp-json\/wp\/v2\/pages\/39763\/revisions"}],"predecessor-version":[{"id":43180,"href":"https:\/\/www.ull.es\/portal\/hipotesis\/wp-json\/wp\/v2\/pages\/39763\/revisions\/43180"}],"up":[{"embeddable":true,"href":"https:\/\/www.ull.es\/portal\/hipotesis\/wp-json\/wp\/v2\/pages\/39532"}],"wp:attachment":[{"href":"https:\/\/www.ull.es\/portal\/hipotesis\/wp-json\/wp\/v2\/media?parent=39763"}],"curies":[{"name":"wp","href":"https:\/\/api.w.org\/{rel}","templated":true}]}}