{"id":1339,"date":"2025-12-10T12:16:51","date_gmt":"2025-12-10T12:16:51","guid":{"rendered":"https:\/\/www.ull.es\/portal\/ingenia\/?page_id=1339"},"modified":"2026-02-12T12:46:21","modified_gmt":"2026-02-12T12:46:21","slug":"faq-preguntas-frecuentes","status":"publish","type":"page","link":"https:\/\/www.ull.es\/portal\/ingenia\/faq-preguntas-frecuentes\/","title":{"rendered":"F.A.Q &#8211; Preguntas Frecuentes"},"content":{"rendered":"[vc_row][vc_column offset=\u00bbvc_hidden-sm vc_hidden-xs\u00bb][vc_empty_space][\/vc_column][\/vc_row][vc_row full_width=\u00bbstretch_row_content\u00bb content_placement=\u00bbmiddle\u00bb css=\u00bb.vc_custom_1718702328764{background-image: url(https:\/\/www.ull.es\/portal\/ingenia\/wp-content\/uploads\/sites\/35\/2023\/09\/Header-Ingenia-Generico_Desktop.jpg?id=1162) !important;background-position: center !important;background-repeat: no-repeat !important;background-size: cover !important;}\u00bb][vc_column offset=\u00bbvc_hidden-sm vc_hidden-xs\u00bb][vc_empty_space height=\u00bb200px\u00bb][\/vc_column][\/vc_row][vc_row full_width=\u00bbstretch_row_content_no_spaces\u00bb content_placement=\u00bbmiddle\u00bb][vc_column offset=\u00bbvc_hidden-lg vc_hidden-md\u00bb][vc_single_image image=\u00bb1161&#8243; img_size=\u00bbfull\u00bb alignment=\u00bbcenter\u00bb][vc_empty_space][\/vc_column][\/vc_row][vc_row][vc_column][vc_empty_space][vc_column_text]\n<h1 style=\"text-align: center\"><strong>Preguntas frecuentes\u00a0<\/strong><\/h1>\n[\/vc_column_text][vc_tta_accordion style=\u00bbmodern\u00bb shape=\u00bbround\u00bb active_section=\u00bb0&#8243; css_animation=\u00bbbounceInUp\u00bb collapsible_all=\u00bbtrue\u00bb title=\u00bbParticipaci\u00f3n\u00bb][vc_tta_section title=\u00bb\u00bfCu\u00e1les son los requisitos para participar en el Programa Ingenia?\u00bb tab_id=\u00bb1765369116183-c63bdfe6-7078&#8243;][vc_column_text]<span style=\"font-weight: 400\">En primer lugar, ser menor de 31 a\u00f1os a la fecha del cierre de la convocatoria para la presentaci\u00f3n de propuestas. Adem\u00e1s, para participar en el programa se debe conformar un equipo de entre 2 a 5 personas que pertenezcan a cualquiera de los siguientes colectivos:\u00a0<\/span><\/p>\n<ul>\n<li style=\"font-weight: 400\"><span style=\"font-weight: 400\">Profesorado con destino en cualquier centro de Tenerife, <\/span><strong>sin l\u00edmite de edad<\/strong><span style=\"font-weight: 400\">, que tenga intenci\u00f3n de promover proyectos en el Programa Ingenia con sus estudiantes de Ciclo Medio o Superior de Formaci\u00f3n Profesional<\/span><\/li>\n<li style=\"font-weight: 400\"><span style=\"font-weight: 400\">Estudiantes de grado de la ULL<\/span><\/li>\n<li style=\"font-weight: 400\"><span style=\"font-weight: 400\">Estudiantes de m\u00e1ster o doctorado de la ULL<\/span><\/li>\n<li style=\"font-weight: 400\"><span style=\"font-weight: 400\">P\u00fablico en general empadronado en la isla de Tenerife<\/span><\/li>\n<\/ul>\n<p><span style=\"font-weight: 400\">En funci\u00f3n de la naturaleza del equipo, los participantes presentar\u00e1n su propuesta por una u otra categor\u00eda y competir\u00e1n en ella.\u00a0<\/span><\/p>\n<p><span style=\"font-weight: 400\"><br \/>\nCualquier duda que tengas puedes consultar <a href=\"https:\/\/drive.google.com\/file\/d\/10HRN4vFEQT4IouVpx9OJaq0YmcnPiY2C\/view\" target=\"_blank\" rel=\"noopener\"><strong>nuestras bases\u00a0<\/strong><\/a><\/span>[\/vc_column_text][\/vc_tta_section][vc_tta_section title=\u00bb\u00bfCu\u00e1ntas propuestas forman parte de la edici\u00f3n?\u00bb tab_id=\u00bb1765369116192-2df93ba3-dff2&#8243;][vc_column_text]<span style=\"font-weight: 400\">Aunque es un n\u00famero variable en funci\u00f3n de los resultados de la evaluaci\u00f3n y los recursos disponibles, en el apartado 5 de las bases se establece lo siguiente:\u00a0<\/span><\/p>\n<ul>\n<li style=\"font-weight: 400\"><span style=\"font-weight: 400\">Equipos de estudiantes de Ciclos de Grado Medio o Superior de Formaci\u00f3n Profesional (se asignar\u00e1n 2 propuestas).\u00a0<\/span><\/li>\n<li style=\"font-weight: 400\"><span style=\"font-weight: 400\">Equipos de estudiantes de Grado Universitario (se asignar\u00e1n 2 propuestas).<\/span><\/li>\n<li style=\"font-weight: 400\"><span style=\"font-weight: 400\">Equipos de estudiantes de M\u00e1ster o Doctorado (se asignar\u00e1n 2 propuestas).<\/span><\/li>\n<li style=\"font-weight: 400\"><span style=\"font-weight: 400\">P\u00fablico en general (se asignar\u00e1 1 propuesta).<\/span><\/li>\n<\/ul>\n[\/vc_column_text][\/vc_tta_section][vc_tta_section title=\u00bbSi estoy matriculado en otra universidad o no soy estudiante de la ULL, \u00bfpuedo participar?\u00bb tab_id=\u00bb1765874569203-c6a4a43d-170d\u00bb][vc_column_text]<span style=\"font-weight: 400\">\u00a1S\u00ed! Mientras est\u00e9s empadronado en la isla de Tenerife y seas menor de 31 a\u00f1os, puedes presentarte por la categor\u00eda de P\u00fablico General. <\/span>[\/vc_column_text][\/vc_tta_section][vc_tta_section title=\u00bb\u00bfPuedo participar yo solo?\u00bb tab_id=\u00bb1765874571517-9e99598b-d739&#8243;][vc_column_text]<span style=\"font-weight: 400\">\u00a1No! Se deben conformar equipos de entre 2 a 5 personas, o en su caso, grupos de CFGM o CFGS de Formaci\u00f3n Profesional de un centro de Tenerife. <\/span>[\/vc_column_text][\/vc_tta_section][vc_tta_section title=\u00bbMi equipo no es multidisciplinar, \u00bfpuedo presentarme?\u00bb tab_id=\u00bb1765874573169-0f8f8f02-0d84&#8243;][vc_column_text]<span style=\"font-weight: 400\">S\u00ed, pero recuerda que la multidisciplinariedad del equipo es valorada positivamente por el comit\u00e9 de expertos \ud83d\ude09 Consulta el apartado 7. Baremos para la evaluaci\u00f3n y selecci\u00f3n de propuestas\u00a0<\/span><\/p>\n<p><span style=\"font-weight: 400\">Equipo e Interdisciplinariedad (5%): <\/span><i><span style=\"font-weight: 400\">An\u00e1lisis de la diversidad y relevancia de los perfiles del equipo, su experiencia y la capacidad para un trabajo interdisciplinar eficaz en el desarrollo del proyecto. <\/span><\/i>[\/vc_column_text][\/vc_tta_section][vc_tta_section title=\u00bbSi soy mayor de 31 a\u00f1os, \u00bfpuedo participar en el programa? Colaboradores&#8230;atenci\u00f3n\u00bb tab_id=\u00bb1765874574335-bb781138-b9ec\u00bb][vc_column_text]<span style=\"font-weight: 400\">Al recibir la financiaci\u00f3n de la Consejer\u00eda Insular de Educaci\u00f3n, Empleo y Juventud, la edad es un requisito <\/span><i><span style=\"font-weight: 400\">sine qua non<\/span><\/i><span style=\"font-weight: 400\"> para formar parte del Programa Ingenia.\u00a0<\/span><\/p>\n<p><span style=\"font-weight: 400\">Pero es muy positivo contar con distintos profesionales, entidades y <\/span><span style=\"font-weight: 400\"><strong>colaboradores<\/strong> <\/span><span style=\"font-weight: 400\">que apoyen tu iniciativa. En ese caso, no se aplica el requisito de la edad. <\/span>[\/vc_column_text][\/vc_tta_section][vc_tta_section title=\u00bbSi en mi equipo somos personas de distintos colectivos, \u00bfa trav\u00e9s de qu\u00e9 categor\u00eda nos presentamos?\u00bb tab_id=\u00bb1765875786425-19e32aa3-a623&#8243;][vc_column_text]<span style=\"font-weight: 400\">Se admitir\u00e1n equipos compuestos por integrantes de las categor\u00edas b y c (alumnado de grado y de m\u00e1ster o doctorado), siempre que la mitad m\u00e1s uno de sus miembros pertenezcan al colectivo vinculado con la categor\u00eda por la que se presenta la propuesta. <\/span>[\/vc_column_text][\/vc_tta_section][\/vc_tta_accordion][vc_tta_accordion style=\u00bbmodern\u00bb shape=\u00bbround\u00bb active_section=\u00bb0&#8243; css_animation=\u00bbbounceInUp\u00bb collapsible_all=\u00bbtrue\u00bb title=\u00bbPropuesta\u00bb][vc_tta_section title=\u00bb\u00bfCu\u00e1l es el formato para presentar la propuesta?\u00bb tab_id=\u00bb1765875921809-5b3e132d-a345&#8243;][vc_column_text]<span style=\"font-weight: 400\">Lo encuentras en los Anexos de las bases \ud83d\ude42 No m\u00e1s de 7 p\u00e1ginas (sin contar portada ni referencias bibliogr\u00e1ficas), en un documento A4 que se presenta en PDF en el <\/span><a href=\"https:\/\/docs.google.com\/forms\/d\/e\/1FAIpQLSfvpsuTQMR8G-g6pskEd4oTiyQkS5kqN5LvWjUA7L_MMrC-4A\/viewform\" target=\"_blank\" rel=\"noopener\"><span style=\"font-weight: 400\">formulario de presentaci\u00f3n de candidaturas.\u00a0<\/span><\/a><\/p>\n<ul>\n<li style=\"font-weight: 400\"><span style=\"font-weight: 400\">Anexo 1 para propuestas de alumnos de grado, m\u00e1ster o doctorado y p\u00fablico en general<\/span><\/li>\n<li style=\"font-weight: 400\"><span style=\"font-weight: 400\">Anexo 2 para las propuestas presentadas por docentes de Ciclos formativos de Grado Medio o Superior.\u00a0<\/span><\/li>\n<\/ul>\n[\/vc_column_text][\/vc_tta_section][vc_tta_section title=\u00bbSi presento mi propuesta en el formulario y luego quiero cambiar algo, \u00bfque puedo hacer?\u00bb tab_id=\u00bb1765875921839-dfac9953-37b3&#8243;][vc_column_text]<span style=\"font-weight: 400\">No hay problema, puedes volver a enviarla. Tendremos en cuenta la \u00faltima versi\u00f3n enviada de cada propuesta. <\/span>[\/vc_column_text][\/vc_tta_section][vc_tta_section title=\u00bb\u00bfPuedo presentar dos propuestas en una misma edici\u00f3n?\u00bb tab_id=\u00bb1765875921865-448e7724-eb72&#8243;][vc_column_text]<span style=\"font-weight: 400\">S\u00ed, ser\u00eda posible presentar dos propuestas y ambas ser\u00edan evaluadas. De todas maneras, si ambas fueran admitidas, s\u00f3lo una de ellas (la de mayor puntuaci\u00f3n) podr\u00eda participar debido a que parte del equipo promotor coincide en ambas.<\/span>[\/vc_column_text][\/vc_tta_section][vc_tta_section title=\u00bbSi ya he formado parte del programa, \u00bfpuedo volver a presentarme?\u00bb tab_id=\u00bb1765875921892-c465811a-99bd\u00bb][vc_column_text]<span style=\"font-weight: 400\">\u00a1Claro! Si presentaste tu propuesta en una edici\u00f3n anterior y no fue seleccionada, puedes volver a presentarla tras haberla perfeccionado.\u00a0<\/span><\/p>\n<p><span style=\"font-weight: 400\">Si por el contrario, la propuesta fue seleccionada, tambi\u00e9n puedes volver a presentarte, pero en este caso, con una propuesta totalmente diferente.\u00a0<\/span>[\/vc_column_text][\/vc_tta_section][vc_tta_section title=\u00bb\u00bfQu\u00e9 se eval\u00faa?\u00bb tab_id=\u00bb1765877019189-16f6afe7-e3ee\u00bb][vc_column_text]<span style=\"font-weight: 400\">En el <\/span><a href=\"https:\/\/drive.google.com\/file\/d\/14a86sqNjdzRhOXKK_-mUTCHia4zdoPco\/view\" target=\"_blank\" rel=\"noopener\"><span style=\"font-weight: 400\">punto 7 de las bases<\/span><\/a><span style=\"font-weight: 400\"> se encuentran los criterios detallados que se van a seguir para llevar a cabo la evaluaci\u00f3n <\/span>[\/vc_column_text][\/vc_tta_section][vc_tta_section title=\u00bb\u00bfQu\u00e9 son los objetivos SMART y c\u00f3mo se plantean?\u00bb tab_id=\u00bb1765877093559-3b0311e3-9f86&#8243;][vc_column_text]<span style=\"font-weight: 400\">Los objetivos SMART hacen referencia a que deben ser espec\u00edficos\/concreto, medible, alcanzable, relevante y fijado en el tiempo. <\/span>[\/vc_column_text][\/vc_tta_section][\/vc_tta_accordion][vc_tta_accordion style=\u00bbmodern\u00bb shape=\u00bbround\u00bb active_section=\u00bb0&#8243; css_animation=\u00bbbounceInUp\u00bb collapsible_all=\u00bbtrue\u00bb title=\u00bbAcompa\u00f1amiento\u00bb][vc_tta_section title=\u00bb\u00bfEs obligatorio tener un mentor\/a acad\u00e9mico? \u00bfQu\u00e9 hago si no conozco a ninguno?\u00bb tab_id=\u00bb1768305822122-b665388b-dc79&#8243;][vc_column_text]<span style=\"font-weight: 400\">Las propuestas presentadas en categor\u00eda de alumnado de grado, estudiantes de m\u00e1ster o doctorado deber\u00e1n contar con un aval. En el caso de no encontrar el aval necesario, el equipo promotor puede ponerse en contacto con el equipo de INGENIA antes de la fecha l\u00edmite del env\u00edo de propuestas para poder encontrar un aval para su propuesta.\u00a0<\/span>[\/vc_column_text][\/vc_tta_section][vc_tta_section title=\u00bb\u00bfPuedo tener m\u00e1s de un mentor\/a acad\u00e9mico?\u00bb tab_id=\u00bb1768305822156-94c80c50-ba58&#8243;][vc_column_text]<span style=\"font-weight: 400\">\u00a1Si! Se puede tener varios mentores acad\u00e9micos, depender\u00e1 de la tipolog\u00eda del proyecto si es necesario contactar con varios profesionales de \u00e1mbitos diferentes para poder resolver las cuestiones necesarias. <\/span>[\/vc_column_text][\/vc_tta_section][vc_tta_section title=\u00bb\u00bfIngenia ofrece mentor\u00eda empresarial?\u00bb tab_id=\u00bb1768305822217-53a221fd-8ddf\u00bb][vc_column_text]<span style=\"font-weight: 400\">Desde el programa Ingenia se hace un contacto directo con empresas del mismo \u00e1mbito del proyecto con la finalidad de tener una visi\u00f3n empresarial dentro del proyecto. Depender\u00e1 de la disponibilidad de las empresas y de las necesidades del equipo para poder establecer unos acuerdos de colaboraci\u00f3n.<\/span>[\/vc_column_text][\/vc_tta_section][vc_tta_section title=\u00bb\u00bfQu\u00e9 hace un facilitador\/a?\u00bb tab_id=\u00bb1768305822255-cbcaf719-8899&#8243;][vc_column_text]<span style=\"font-weight: 400\">El facilitador\/a es la persona de referencia con la que va a contar el equipo. Se encarga de poder facilitar todos los aprendizajes necesarios para que el equipo pueda conseguir los objetivos establecidos; tambi\u00e9n se encarga de ayudar en la gesti\u00f3n, planificaci\u00f3n y desarrollo de acciones para fomentar el emprendimiento la sostenibilidad y la innovaci\u00f3n social; aporta un punto de vista diferente al equipo para aportar nuevas ideas o resolver aquellas cuestiones complejas dentro del equipo. Si tienes cualquier duda o cuesti\u00f3n, podr\u00e1s contar con tu facilitador\/a para poder buscar una soluci\u00f3n. <\/span>[\/vc_column_text][\/vc_tta_section][vc_tta_section title=\u00bbSi mi propuesta forma parte del Programa, \u00bfIngresar\u00e1n el dinero a mi cuenta bancaria?\u00bb tab_id=\u00bb1768305822294-807f0b60-3022&#8243;][vc_column_text]<span style=\"font-weight: 400\">El dinero estar\u00e1 gestionado por la Fundaci\u00f3n General de la Universidad de La Laguna, por lo que no se abonar\u00e1 el dinero en la cuenta bancaria. Al ser dinero p\u00fablico (Cabildo Insular de Tenerife desde la Consejer\u00eda Insular de Empleo, Educaci\u00f3n y Juventud) requiere una justificaci\u00f3n del gasto y presentaci\u00f3n de las facturas de la manera correcta. Dispondr\u00e1n del dinero para poder gastarlo tal y como aparece en el <\/span><a href=\"https:\/\/drive.google.com\/file\/d\/14a86sqNjdzRhOXKK_-mUTCHia4zdoPco\/view\" target=\"_blank\" rel=\"noopener\"><span style=\"font-weight: 400\">punto 3 de las bases<\/span><\/a><span style=\"font-weight: 400\">, diferenci\u00e1ndose en: bienes fungibles, servicios, material inventariable, desplazamiento con veh\u00edculo y servicio p\u00fablico, viajes e inscripciones.\u00a0<\/span>[\/vc_column_text][\/vc_tta_section][vc_tta_section title=\u00bb\u00bfQu\u00e9 formaciones se suelen dar?\u00bb tab_id=\u00bb1768305822332-c27d0e02-3dd7&#8243;][vc_column_text]<span style=\"font-weight: 400\">Dentro del Programa INGENIA se cuenta con formaciones en diferentes \u00e1mbitos:\u00a0<\/span><\/p>\n<ul>\n<li style=\"font-weight: 400\"><span style=\"font-weight: 400\">Conocimiento e Introducci\u00f3n del Ecosistema INGENIA<\/span><\/li>\n<li style=\"font-weight: 400\"><span style=\"font-weight: 400\">Formaci\u00f3n de emprendimiento: Planificaci\u00f3n, estrategia y modelo de negocio<\/span><\/li>\n<li style=\"font-weight: 400\"><span style=\"font-weight: 400\">Formaci\u00f3n de gesti\u00f3n y estrategia de redes sociales<\/span><\/li>\n<li style=\"font-weight: 400\"><span style=\"font-weight: 400\">Formaci\u00f3n en Storytelling y Oratoria<\/span><\/li>\n<li style=\"font-weight: 400\"><span style=\"font-weight: 400\">Asesoramiento de EmprendeULL<\/span><\/li>\n<li style=\"font-weight: 400\"><span style=\"font-weight: 400\">Formaci\u00f3n en Entorno Digital<\/span><\/li>\n<\/ul>\n[\/vc_column_text][\/vc_tta_section][\/vc_tta_accordion][vc_empty_space][vc_single_image image=\u00bb1376&#8243; img_size=\u00bb1600&#215;671&#8243; alignment=\u00bbcenter\u00bb][\/vc_column][\/vc_row][vc_row full_width=\u00bbstretch_row\u00bb css=\u00bb.vc_custom_1655281877704{background-color: #e2e2e2 !important;}\u00bb][vc_column][vc_row_inner][vc_column_inner][vc_single_image image=\u00bb1307&#8243; img_size=\u00bbfull\u00bb alignment=\u00bbcenter\u00bb onclick=\u00bbcustom_link\u00bb link=\u00bbhttps:\/\/tenerifejovenyeduca.com\/\u00bb][\/vc_column_inner][\/vc_row_inner][vc_empty_space height=\u00bb20px\u00bb][vc_row_inner][vc_column_inner width=\u00bb1\/2&#8243;][vc_column_text]INGENIA es un programa desarrollado por la Universidad de La Laguna (ULL) y gestionado por su Fundaci\u00f3n General (FGULL), que cuenta con la financiaci\u00f3n del Cabildo Insular de Tenerife, concretamente desde la <a href=\"https:\/\/tenerifejovenyeduca.com\/\" target=\"_blank\" rel=\"noopener\">Consejer\u00eda Insular de Empleo, Educaci\u00f3n y Juventud.<\/a>[\/vc_column_text][\/vc_column_inner][vc_column_inner width=\u00bb1\/2&#8243;][vc_raw_html]JTNDc3R5bGUlM0UlMEElMjAlMjAlNDBpbXBvcnQlMjB1cmwlMjhodHRwcyUzQSUyRiUyRmNkbmpzLmNsb3VkZmxhcmUuY29tJTJGYWpheCUyRmxpYnMlMkZmb250LWF3ZXNvbWUlMkY0LjYuMyUyRmNzcyUyRmZvbnQtYXdlc29tZS5jc3MlMjklM0IlMEElMjAlMjAuc29jaWFsLWljb25zJTIwbGklMjAlN0IlMEElMjAlMjAlMjAlMjB2ZXJ0aWNhbC1hbGlnbiUzQSUyMHRvcCUzQiUwQSUyMCUyMCUyMCUyMGRpc3BsYXklM0ElMjBpbmxpbmUlM0IlMEElMjAlMjAlMjAlMjBmb250LXNpemUlM0ElMjAyLjJlbSUzQiUwQSUyMCUyMCUyMCUyMHBhZGRpbmclM0ElMjAwLjVlbSUzQiUwQSUyMCUyMCU3RCUwQSUzQyUyRnN0eWxlJTNFJTBBJTNDdWwlMjBjbGFzcyUzRCUyMnNvY2lhbC1pY29ucyUyMiUyMHN0eWxlJTNEJTIyZGlzcGxheSUzQSUyMGZsZXglM0IlMEElMjAlMjBqdXN0aWZ5LWNvbnRlbnQlM0ElMjBjZW50ZXIlM0IlMjIlM0UlMEElMjAlMjAlM0NsaSUzRSUzQ2ElMjBocmVmJTNEJTIyaHR0cHMlM0ElMkYlMkZ3d3cuZmFjZWJvb2suY29tJTJGSW5nZW5pYS1PRFMtMTAyMjQ1NjgxNTUwODQ4JTJGJTIyJTIwY2xhc3MlM0QlMjJzb2NpYWwtaWNvbiUyMiUyMHN0eWxlJTNEJTIyY29sb3IlM0ElMjAlMjM1YzA2OGMlM0IlMjIlM0UlMjAlM0NpJTIwY2xhc3MlM0QlMjJmYSUyMGZhLWZhY2Vib29rJTIyJTNFJTNDJTJGaSUzRSUzQyUyRmElM0UlM0MlMkZsaSUzRSUwQSUyMCUyMCUzQ2xpJTNFJTNDYSUyMGhyZWYlM0QlMjJodHRwcyUzQSUyRiUyRnd3dy5pbnN0YWdyYW0uY29tJTJGaW5nZW5pYW9kcyUyRiUyMiUyMGNsYXNzJTNEJTIyc29jaWFsLWljb24lMjIlMjBzdHlsZSUzRCUyMmNvbG9yJTNBJTIwJTIzNWMwNjhjJTNCJTIyJTNFJTIwJTNDaSUyMGNsYXNzJTNEJTIyZmElMjBmYS1pbnN0YWdyYW0lMjIlM0UlM0MlMkZpJTNFJTNDJTJGYSUzRSUwQSUzQ2xpJTNFJTNDYSUyMGhyZWYlM0QlMjJtYWlsdG8lM0FpbmdlbmlhJTQwdWxsLmVkdS5lcyUyMiUyMGNsYXNzJTNEJTIyc29jaWFsLWljb24lMjIlMjBzdHlsZSUzRCUyMmNvbG9yJTNBJTIwJTIzNWMwNjhjJTNCJTIyJTNFJTIwJTNDaSUyMGNsYXNzJTNEJTIyZmElMjBmYS1lbnZlbG9wZS1vJTIyJTNFJTNDJTJGaSUzRSUzQyUyRmElM0UlM0MlMkZsaSUzRSUwQSUzQ2xpJTNFJTNDYSUyMGhyZWYlM0QlMjJ0ZWwlM0E2NDkyMjY2MzYlMjIlMjBjbGFzcyUzRCUyMnNvY2lhbC1pY29uJTIyJTIwc3R5bGUlM0QlMjJjb2xvciUzQSUyMCUyMzVjMDY4YyUzQiUyMiUzRSUyMCUzQ2klMjBjbGFzcyUzRCUyMmZhJTIwZmEtcGhvbmUlMjIlM0UlM0MlMkZpJTNFJTNDJTJGYSUzRSUzQyUyRmxpJTNFJTBBJTBBJTNDJTJGdWwlM0U=[\/vc_raw_html][vc_column_text]\n<p style=\"text-align: center\">ingenia@ull.edu.es | dramosn@fg.ull.es<\/p>\n[\/vc_column_text][\/vc_column_inner][\/vc_row_inner][vc_empty_space height=\u00bb20px\u00bb][\/vc_column][\/vc_row]\n","protected":false},"excerpt":{"rendered":"<p>[vc_row][vc_column offset=\u00bbvc_hidden-sm vc_hidden-xs\u00bb][vc_empty_space][\/vc_column][\/vc_row][vc_row full_width=\u00bbstretch_row_content\u00bb content_placement=\u00bbmiddle\u00bb css=\u00bb.vc_custom_1718702328764{background-image: url(https:\/\/www.ull.es\/portal\/ingenia\/wp-content\/uploads\/sites\/35\/2023\/09\/Header-Ingenia-Generico_Desktop.jpg?id=1162) !important;background-position: center !important;background-repeat: no-repeat !important;background-size: cover !important;}\u00bb][vc_column offset=\u00bbvc_hidden-sm vc_hidden-xs\u00bb][vc_empty_space height=\u00bb200px\u00bb][\/vc_column][\/vc_row][vc_row full_width=\u00bbstretch_row_content_no_spaces\u00bb content_placement=\u00bbmiddle\u00bb][vc_column offset=\u00bbvc_hidden-lg vc_hidden-md\u00bb][vc_single_image image=\u00bb1161&#8243; img_size=\u00bbfull\u00bb alignment=\u00bbcenter\u00bb][vc_empty_space][\/vc_column][\/vc_row][vc_row][vc_column][vc_empty_space][vc_column_text] Preguntas frecuentes\u00a0 [\/vc_column_text][vc_tta_accordion style=\u00bbmodern\u00bb shape=\u00bbround\u00bb active_section=\u00bb0&#8243; css_animation=\u00bbbounceInUp\u00bb collapsible_all=\u00bbtrue\u00bb title=\u00bbParticipaci\u00f3n\u00bb][vc_tta_section title=\u00bb\u00bfCu\u00e1les son los requisitos para participar en el Programa Ingenia?\u00bb tab_id=\u00bb1765369116183-c63bdfe6-7078&#8243;][vc_column_text]En primer lugar, ser menor de 31 a\u00f1os a la fecha del&#8230;<\/p>\n","protected":false},"author":86,"featured_media":0,"parent":0,"menu_order":0,"comment_status":"closed","ping_status":"closed","template":"templates\/template-frontpage.php","meta":{"inline_featured_image":false,"footnotes":""},"acf":[],"yoast_head":"<!-- This site is optimized with the Yoast SEO plugin v21.3 - https:\/\/yoast.com\/wordpress\/plugins\/seo\/ -->\n<title>F.A.Q - Preguntas Frecuentes - ingenia<\/title>\n<meta name=\"robots\" content=\"index, follow, max-snippet:-1, max-image-preview:large, max-video-preview:-1\" \/>\n<link rel=\"canonical\" href=\"https:\/\/www.ull.es\/portal\/ingenia\/faq-preguntas-frecuentes\/\" \/>\n<meta property=\"og:locale\" content=\"es_ES\" \/>\n<meta property=\"og:type\" content=\"article\" \/>\n<meta property=\"og:title\" content=\"F.A.Q - Preguntas Frecuentes - ingenia\" \/>\n<meta property=\"og:description\" content=\"[vc_row][vc_column offset=\u00bbvc_hidden-sm vc_hidden-xs\u00bb][vc_empty_space][\/vc_column][\/vc_row][vc_row full_width=\u00bbstretch_row_content\u00bb content_placement=\u00bbmiddle\u00bb css=\u00bb.vc_custom_1718702328764{background-image: url(https:\/\/www.ull.es\/portal\/ingenia\/wp-content\/uploads\/sites\/35\/2023\/09\/Header-Ingenia-Generico_Desktop.jpg?id=1162) !important;background-position: center !important;background-repeat: no-repeat !important;background-size: cover !important;}\u00bb][vc_column offset=\u00bbvc_hidden-sm vc_hidden-xs\u00bb][vc_empty_space height=\u00bb200px\u00bb][\/vc_column][\/vc_row][vc_row full_width=\u00bbstretch_row_content_no_spaces\u00bb content_placement=\u00bbmiddle\u00bb][vc_column offset=\u00bbvc_hidden-lg vc_hidden-md\u00bb][vc_single_image image=\u00bb1161&#8243; img_size=\u00bbfull\u00bb alignment=\u00bbcenter\u00bb][vc_empty_space][\/vc_column][\/vc_row][vc_row][vc_column][vc_empty_space][vc_column_text] Preguntas frecuentes\u00a0 [\/vc_column_text][vc_tta_accordion style=\u00bbmodern\u00bb shape=\u00bbround\u00bb active_section=\u00bb0&#8243; css_animation=\u00bbbounceInUp\u00bb collapsible_all=\u00bbtrue\u00bb title=\u00bbParticipaci\u00f3n\u00bb][vc_tta_section title=\u00bb\u00bfCu\u00e1les son los requisitos para participar en el Programa Ingenia?\u00bb tab_id=\u00bb1765369116183-c63bdfe6-7078&#8243;][vc_column_text]En primer lugar, ser menor de 31 a\u00f1os a la fecha del...\" \/>\n<meta property=\"og:url\" content=\"https:\/\/www.ull.es\/portal\/ingenia\/faq-preguntas-frecuentes\/\" \/>\n<meta property=\"og:site_name\" content=\"ingenia\" \/>\n<meta property=\"article:modified_time\" content=\"2026-02-12T12:46:21+00:00\" \/>\n<meta name=\"twitter:card\" content=\"summary_large_image\" \/>\n<meta name=\"twitter:label1\" content=\"Tiempo de lectura\" \/>\n\t<meta name=\"twitter:data1\" content=\"6 minutos\" \/>\n<script type=\"application\/ld+json\" class=\"yoast-schema-graph\">{\"@context\":\"https:\/\/schema.org\",\"@graph\":[{\"@type\":\"WebPage\",\"@id\":\"https:\/\/www.ull.es\/portal\/ingenia\/faq-preguntas-frecuentes\/\",\"url\":\"https:\/\/www.ull.es\/portal\/ingenia\/faq-preguntas-frecuentes\/\",\"name\":\"F.A.Q - Preguntas Frecuentes - ingenia\",\"isPartOf\":{\"@id\":\"https:\/\/www.ull.es\/portal\/ingenia\/#website\"},\"datePublished\":\"2025-12-10T12:16:51+00:00\",\"dateModified\":\"2026-02-12T12:46:21+00:00\",\"inLanguage\":\"es\",\"potentialAction\":[{\"@type\":\"ReadAction\",\"target\":[\"https:\/\/www.ull.es\/portal\/ingenia\/faq-preguntas-frecuentes\/\"]}]},{\"@type\":\"WebSite\",\"@id\":\"https:\/\/www.ull.es\/portal\/ingenia\/#website\",\"url\":\"https:\/\/www.ull.es\/portal\/ingenia\/\",\"name\":\"ingenia\",\"description\":\"\",\"potentialAction\":[{\"@type\":\"SearchAction\",\"target\":{\"@type\":\"EntryPoint\",\"urlTemplate\":\"https:\/\/www.ull.es\/portal\/ingenia\/?s={search_term_string}\"},\"query-input\":\"required name=search_term_string\"}],\"inLanguage\":\"es\"}]}<\/script>\n<!-- \/ Yoast SEO plugin. -->","yoast_head_json":{"title":"F.A.Q - Preguntas Frecuentes - ingenia","robots":{"index":"index","follow":"follow","max-snippet":"max-snippet:-1","max-image-preview":"max-image-preview:large","max-video-preview":"max-video-preview:-1"},"canonical":"https:\/\/www.ull.es\/portal\/ingenia\/faq-preguntas-frecuentes\/","og_locale":"es_ES","og_type":"article","og_title":"F.A.Q - Preguntas Frecuentes - ingenia","og_description":"[vc_row][vc_column offset=\u00bbvc_hidden-sm vc_hidden-xs\u00bb][vc_empty_space][\/vc_column][\/vc_row][vc_row full_width=\u00bbstretch_row_content\u00bb content_placement=\u00bbmiddle\u00bb css=\u00bb.vc_custom_1718702328764{background-image: url(https:\/\/www.ull.es\/portal\/ingenia\/wp-content\/uploads\/sites\/35\/2023\/09\/Header-Ingenia-Generico_Desktop.jpg?id=1162) !important;background-position: center !important;background-repeat: no-repeat !important;background-size: cover !important;}\u00bb][vc_column offset=\u00bbvc_hidden-sm vc_hidden-xs\u00bb][vc_empty_space height=\u00bb200px\u00bb][\/vc_column][\/vc_row][vc_row full_width=\u00bbstretch_row_content_no_spaces\u00bb content_placement=\u00bbmiddle\u00bb][vc_column offset=\u00bbvc_hidden-lg vc_hidden-md\u00bb][vc_single_image image=\u00bb1161&#8243; img_size=\u00bbfull\u00bb alignment=\u00bbcenter\u00bb][vc_empty_space][\/vc_column][\/vc_row][vc_row][vc_column][vc_empty_space][vc_column_text] Preguntas frecuentes\u00a0 [\/vc_column_text][vc_tta_accordion style=\u00bbmodern\u00bb shape=\u00bbround\u00bb active_section=\u00bb0&#8243; css_animation=\u00bbbounceInUp\u00bb collapsible_all=\u00bbtrue\u00bb title=\u00bbParticipaci\u00f3n\u00bb][vc_tta_section title=\u00bb\u00bfCu\u00e1les son los requisitos para participar en el Programa Ingenia?\u00bb tab_id=\u00bb1765369116183-c63bdfe6-7078&#8243;][vc_column_text]En primer lugar, ser menor de 31 a\u00f1os a la fecha del...","og_url":"https:\/\/www.ull.es\/portal\/ingenia\/faq-preguntas-frecuentes\/","og_site_name":"ingenia","article_modified_time":"2026-02-12T12:46:21+00:00","twitter_card":"summary_large_image","twitter_misc":{"Tiempo de lectura":"6 minutos"},"schema":{"@context":"https:\/\/schema.org","@graph":[{"@type":"WebPage","@id":"https:\/\/www.ull.es\/portal\/ingenia\/faq-preguntas-frecuentes\/","url":"https:\/\/www.ull.es\/portal\/ingenia\/faq-preguntas-frecuentes\/","name":"F.A.Q - Preguntas Frecuentes - ingenia","isPartOf":{"@id":"https:\/\/www.ull.es\/portal\/ingenia\/#website"},"datePublished":"2025-12-10T12:16:51+00:00","dateModified":"2026-02-12T12:46:21+00:00","inLanguage":"es","potentialAction":[{"@type":"ReadAction","target":["https:\/\/www.ull.es\/portal\/ingenia\/faq-preguntas-frecuentes\/"]}]},{"@type":"WebSite","@id":"https:\/\/www.ull.es\/portal\/ingenia\/#website","url":"https:\/\/www.ull.es\/portal\/ingenia\/","name":"ingenia","description":"","potentialAction":[{"@type":"SearchAction","target":{"@type":"EntryPoint","urlTemplate":"https:\/\/www.ull.es\/portal\/ingenia\/?s={search_term_string}"},"query-input":"required name=search_term_string"}],"inLanguage":"es"}]}},"_links":{"self":[{"href":"https:\/\/www.ull.es\/portal\/ingenia\/wp-json\/wp\/v2\/pages\/1339"}],"collection":[{"href":"https:\/\/www.ull.es\/portal\/ingenia\/wp-json\/wp\/v2\/pages"}],"about":[{"href":"https:\/\/www.ull.es\/portal\/ingenia\/wp-json\/wp\/v2\/types\/page"}],"author":[{"embeddable":true,"href":"https:\/\/www.ull.es\/portal\/ingenia\/wp-json\/wp\/v2\/users\/86"}],"replies":[{"embeddable":true,"href":"https:\/\/www.ull.es\/portal\/ingenia\/wp-json\/wp\/v2\/comments?post=1339"}],"version-history":[{"count":13,"href":"https:\/\/www.ull.es\/portal\/ingenia\/wp-json\/wp\/v2\/pages\/1339\/revisions"}],"predecessor-version":[{"id":1377,"href":"https:\/\/www.ull.es\/portal\/ingenia\/wp-json\/wp\/v2\/pages\/1339\/revisions\/1377"}],"wp:attachment":[{"href":"https:\/\/www.ull.es\/portal\/ingenia\/wp-json\/wp\/v2\/media?parent=1339"}],"curies":[{"name":"wp","href":"https:\/\/api.w.org\/{rel}","templated":true}]}}