{"id":667,"date":"2020-12-14T11:30:52","date_gmt":"2020-12-14T11:30:52","guid":{"rendered":"https:\/\/www.ull.es\/portal\/ingenia\/?page_id=667"},"modified":"2024-12-11T10:23:58","modified_gmt":"2024-12-11T10:23:58","slug":"ingenia-ii-edicion","status":"publish","type":"page","link":"https:\/\/www.ull.es\/portal\/ingenia\/ingenia-ii-edicion\/","title":{"rendered":"II Edici\u00f3n de Ingenia &#8211; Agentes del cambio por los ODS"},"content":{"rendered":"[vc_row full_width=\u00bbstretch_row_content\u00bb][vc_column][vc_single_image image=\u00bb695&#8243; img_size=\u00bbfull\u00bb alignment=\u00bbcenter\u00bb][vc_empty_space][\/vc_column][\/vc_row][vc_row full_width=\u00bbstretch_row_content_no_spaces\u00bb gap=\u00bb35&#8243; css=\u00bb.vc_custom_1611669602717{padding-top: 40px !important;padding-bottom: 40px !important;background-color: #e5e5e5 !important;}\u00bb][vc_column width=\u00bb1\/5&#8243;][\/vc_column][vc_column width=\u00bb1\/5&#8243;][vc_custom_heading text=\u00bbIdeas sociales, tecnol\u00f3gicas y medioambientales vinculadas a la Agenda Canaria de Desarrollo Sostenible\u00bb font_container=\u00bbtag:h1|font_size:25|text_align:center|color:%233e2466|line_height:1.15&#8243; google_fonts=\u00bbfont_family:Roboto%20Condensed%3A300%2C300italic%2Cregular%2Citalic%2C700%2C700italic|font_style:700%20bold%20regular%3A700%3Anormal\u00bb][\/vc_column][vc_column width=\u00bb1\/5&#8243;][vc_custom_heading text=\u00bbTransformamos ideas en proyectos reales\u00bb font_container=\u00bbtag:h1|font_size:25|text_align:center|color:%233e2466|line_height:1.15&#8243; google_fonts=\u00bbfont_family:Roboto%20Condensed%3A300%2C300italic%2Cregular%2Citalic%2C700%2C700italic|font_style:700%20bold%20regular%3A700%3Anormal\u00bb][\/vc_column][vc_column width=\u00bb1\/5&#8243; css=\u00bb.vc_custom_1579530021744{padding-right: 25px !important;padding-left: 25px !important;}\u00bb][vc_btn title=\u00bbBOOK DE PROYECTOS INGENIA 2021&#8243; style=\u00bbcustom\u00bb custom_background=\u00bb#5c068c\u00bb custom_text=\u00bb#ffffff\u00bb size=\u00bblg\u00bb align=\u00bbcenter\u00bb button_block=\u00bbtrue\u00bb link=\u00bburl:https%3A%2F%2Fdrive.google.com%2Ffile%2Fd%2F1SY7wb2Abpm7G-TAcJXurog5E7CoyunkQ%2Fview%3Fusp%3Dsharing|target:_blank\u00bb][\/vc_column][vc_column width=\u00bb1\/5&#8243;][\/vc_column][\/vc_row][vc_row full_width=\u00bbstretch_row_content\u00bb][vc_column width=\u00bb1\/3&#8243;][\/vc_column][vc_column width=\u00bb1\/3&#8243;][vc_btn title=\u00bbREVIVE LA MUESTRA DE INGENIA EN ECOFEST\u00bb style=\u00bbcustom\u00bb custom_background=\u00bb#5c068c\u00bb custom_text=\u00bb#ffffff\u00bb align=\u00bbcenter\u00bb button_block=\u00bbtrue\u00bb link=\u00bburl:https%3A%2F%2Fwww.youtube.com%2Fwatch%3Fv%3DzGNyBXWaNeg|target:_blank\u00bb][vc_single_image image=\u00bb842&#8243; img_size=\u00bbfull\u00bb alignment=\u00bbcenter\u00bb][vc_empty_space][\/vc_column][vc_column width=\u00bb1\/3&#8243;][\/vc_column][\/vc_row][vc_row full_width=\u00bbstretch_row_content\u00bb gap=\u00bb35&#8243; css=\u00bb.vc_custom_1611667621259{border-top-width: 1px !important;border-bottom-width: 1px !important;padding-top: 30px !important;padding-bottom: 40px !important;background-color: #ffffff !important;border-top-color: #f7f7fe !important;border-top-style: solid !important;border-bottom-color: #f7f7fe !important;border-bottom-style: solid !important;}\u00bb][vc_column width=\u00bb1\/3&#8243;][vc_single_image image=\u00bb846&#8243; img_size=\u00bbfull\u00bb alignment=\u00bbcenter\u00bb][\/vc_column][vc_column width=\u00bb1\/3&#8243;][vc_custom_heading text=\u00bbImpulsamos la innovaci\u00f3n y el emprendimiento con prop\u00f3sito en la Comunidad Universitaria y preuniversitaria. Acompa\u00f1amos, formamos y financiamos proyectos ligados a los Objetivos de Desarrollo Sostenible (ODS) y la Agenda Canaria de Desarrollo Sostenible (ACDS) promovidos por estudiantes.\u00bb font_container=\u00bbtag:p|font_size:21|text_align:left|color:%233e2466|line_height:1.6&#8243; google_fonts=\u00bbfont_family:Roboto%3A100%2C100italic%2C300%2C300italic%2Cregular%2Citalic%2C500%2C500italic%2C700%2C700italic%2C900%2C900italic|font_style:300%20light%20regular%3A300%3Anormal\u00bb css=\u00bb.vc_custom_1624363726019{margin-top: 0px !important;margin-right: 0px !important;margin-bottom: 0px !important;margin-left: 0px !important;border-top-width: 0px !important;border-right-width: 0px !important;border-bottom-width: 0px !important;border-left-width: 0px !important;padding-top: 0px !important;padding-right: 0px !important;padding-bottom: 0px !important;padding-left: 0px !important;}\u00bb][vc_empty_space height=\u00bb20px\u00bb][vc_custom_heading text=\u00bbHemos desarrollo dos ediciones de INGENIA y con ello acompa\u00f1ado a 24 proyectos.\u00bb font_container=\u00bbtag:p|font_size:21|text_align:left|color:%233e2466|line_height:1.6&#8243; google_fonts=\u00bbfont_family:Roboto%3A100%2C100italic%2C300%2C300italic%2Cregular%2Citalic%2C500%2C500italic%2C700%2C700italic%2C900%2C900italic|font_style:300%20light%20regular%3A300%3Anormal\u00bb css=\u00bb.vc_custom_1624363912155{margin-top: 0px !important;margin-right: 0px !important;margin-bottom: 0px !important;margin-left: 0px !important;border-top-width: 0px !important;border-right-width: 0px !important;border-bottom-width: 0px !important;border-left-width: 0px !important;padding-top: 0px !important;padding-right: 0px !important;padding-bottom: 0px !important;padding-left: 0px !important;}\u00bb][vc_empty_space height=\u00bb20px\u00bb][vc_empty_space height=\u00bb20px\u00bb][vc_btn title=\u00bbPRIMERA EDICI\u00d3N\u00bb style=\u00bbcustom\u00bb custom_background=\u00bb#5c068c\u00bb custom_text=\u00bb#f4f4f4&#8243; align=\u00bbcenter\u00bb link=\u00bburl:https%3A%2F%2Fwww.ull.es%2Fportal%2Fingenia%2Fproyectos-2020-i-edicion-de-ingenia%2F\u00bb][vc_btn title=\u00bbSEGUNDA EDICI\u00d3N\u00bb style=\u00bbcustom\u00bb custom_background=\u00bb#5c068c\u00bb custom_text=\u00bb#f4f4f4&#8243; align=\u00bbcenter\u00bb link=\u00bburl:https%3A%2F%2Fdrive.google.com%2Ffile%2Fd%2F1SY7wb2Abpm7G-TAcJXurog5E7CoyunkQ%2Fview%3Fusp%3Dsharing\u00bb][vc_empty_space height=\u00bb20px\u00bb][vc_empty_space height=\u00bb20px\u00bb][vc_custom_heading text=\u00bbEl programa INGENIA te ayuda a experimentar el emprendimiento y la innovaci\u00f3n social como motor de cambio y opci\u00f3n profesional. Los proyectos seleccionados forman parte de un programa que transforma realidades y que contribuye a alcanzar los ODS, con metodolog\u00edas \u00e1giles e innovadoras, basadas en el Aprendizaje y Servicio (ApS), y en el trabajo colaborativo. INGENIA se ha dise\u00f1ado para que te reconozcas y asumas como agente del cambio. El ecosistema de INGENIA se compone de estudiantes, investigadores\/as, docentes, expertos y expertas, as\u00ed como representantes y fundadoras de organizaciones p\u00fablicas y privadas, personas comprometidas con la sostenibilidad en Canarias.\u00bb font_container=\u00bbtag:p|font_size:21|text_align:left|color:%233e2466|line_height:1.6&#8243; google_fonts=\u00bbfont_family:Roboto%3A100%2C100italic%2C300%2C300italic%2Cregular%2Citalic%2C500%2C500italic%2C700%2C700italic%2C900%2C900italic|font_style:300%20light%20regular%3A300%3Anormal\u00bb css=\u00bb.vc_custom_1624365139736{margin-top: 0px !important;margin-right: 0px !important;margin-bottom: 0px !important;margin-left: 0px !important;border-top-width: 0px !important;border-right-width: 0px !important;border-bottom-width: 0px !important;border-left-width: 0px !important;padding-top: 0px !important;padding-right: 0px !important;padding-bottom: 0px !important;padding-left: 0px !important;}\u00bb][vc_empty_space height=\u00bb20px\u00bb][vc_empty_space height=\u00bb20px\u00bb][vc_custom_heading text=\u00bb\u00bfC\u00d3MO PARTICIPAR?\u00bb font_container=\u00bbtag:h1|font_size:36|text_align:left|color:%233e2466|line_height:1.15&#8243; google_fonts=\u00bbfont_family:Roboto%20Condensed%3A300%2C300italic%2Cregular%2Citalic%2C700%2C700italic|font_style:700%20bold%20regular%3A700%3Anormal\u00bb][vc_empty_space height=\u00bb20px\u00bb][vc_btn title=\u00bbQUIERO PARTICIPAR EN LA TERCERA EDICI\u00d3N\u00bb style=\u00bbcustom\u00bb custom_background=\u00bb#5c068c\u00bb custom_text=\u00bb#f4f4f4&#8243; align=\u00bbcenter\u00bb link=\u00bburl:https%3A%2F%2Fforms.gle%2FakTERAjwtm5ZiKFy7&#8243;][vc_separator color=\u00bbcustom\u00bb align=\u00bbalign_left\u00bb border_width=\u00bb5&#8243; el_width=\u00bb10&#8243; accent_color=\u00bb#3e2466&#8243;][\/vc_column][vc_column width=\u00bb1\/3&#8243;][\/vc_column][\/vc_row][vc_row full_width=\u00bbstretch_row_content_no_spaces\u00bb gap=\u00bb35&#8243; css=\u00bb.vc_custom_1611669602717{padding-top: 40px !important;padding-bottom: 40px !important;background-color: #e5e5e5 !important;}\u00bb][vc_column width=\u00bb1\/5&#8243;][\/vc_column][vc_column width=\u00bb1\/5&#8243;][vc_custom_heading text=\u00bbBuscamos j\u00f3venes con compromiso social\u00bb font_container=\u00bbtag:h1|font_size:25|text_align:center|color:%233e2466|line_height:1.15&#8243; google_fonts=\u00bbfont_family:Roboto%20Condensed%3A300%2C300italic%2Cregular%2Citalic%2C700%2C700italic|font_style:700%20bold%20regular%3A700%3Anormal\u00bb][\/vc_column][vc_column width=\u00bb1\/5&#8243;][vc_custom_heading text=\u00bbPr\u00f3xima convocatoria durante el curso 21-22&#8243; font_container=\u00bbtag:h1|font_size:25|text_align:center|color:%233e2466|line_height:1.15&#8243; google_fonts=\u00bbfont_family:Roboto%20Condensed%3A300%2C300italic%2Cregular%2Citalic%2C700%2C700italic|font_style:700%20bold%20regular%3A700%3Anormal\u00bb][\/vc_column][vc_column width=\u00bb1\/5&#8243;][vc_btn title=\u00bbSEGUNDA EDICI\u00d3N\u00bb style=\u00bbcustom\u00bb custom_background=\u00bb#5c068c\u00bb custom_text=\u00bb#ffffff\u00bb size=\u00bblg\u00bb align=\u00bbcenter\u00bb button_block=\u00bbtrue\u00bb link=\u00bburl:https%3A%2F%2Fwww.youtube.com%2Fplaylist%3Flist%3DPLbU1uwxBUAGEdcZvZ1emr0cdnWl14zveo|target:_blank\u00bb][\/vc_column][vc_column width=\u00bb1\/5&#8243;][\/vc_column][\/vc_row][vc_row full_width=\u00bbstretch_row_content\u00bb gap=\u00bb35&#8243; css=\u00bb.vc_custom_1579531544578{border-top-width: 1px !important;border-bottom-width: 1px !important;padding-top: 50px !important;padding-bottom: 30px !important;background-color: #ffffff !important;border-top-color: #f7f7fe !important;border-top-style: solid !important;border-bottom-color: #f7f7fe !important;border-bottom-style: solid !important;}\u00bb][vc_column width=\u00bb1\/6&#8243;][vc_single_image image=\u00bb850&#8243; img_size=\u00bbfull\u00bb alignment=\u00bbcenter\u00bb][\/vc_column][vc_column width=\u00bb2\/6&#8243;][vc_custom_heading text=\u00bb\u00bfQUI\u00c9N PUEDE PARTICIPAR EN EL PROGRAMA?\u00bb font_container=\u00bbtag:h3|font_size:36|text_align:left|color:%233e2466|line_height:1.15&#8243; google_fonts=\u00bbfont_family:Roboto%20Condensed%3A300%2C300italic%2Cregular%2Citalic%2C700%2C700italic|font_style:700%20bold%20regular%3A700%3Anormal\u00bb][vc_empty_space height=\u00bb5px\u00bb][vc_separator color=\u00bbcustom\u00bb align=\u00bbalign_left\u00bb border_width=\u00bb5&#8243; el_width=\u00bb10&#8243; accent_color=\u00bb#3e2466&#8243;][vc_empty_space height=\u00bb15px\u00bb][vc_column_text]<span style=\"font-weight: 400;\">&#8211; <strong>Agentes del cambio<\/strong>: estudiantes de grado y m\u00e1ster de la ULL, estudiantes de Bachillerato y Formaci\u00f3n Profesional de <\/span><span style=\"font-weight: 400;\">centros educativos en Tenerife quienes desarrollan proyectos de impacto ligado a los ODS.<\/span>[\/vc_column_text][vc_column_text]<span style=\"font-weight: 400;\"><strong>&#8211; Equipo de facilitaci\u00f3n:<\/strong> estudiantes y egresados\/as (-2 a\u00f1os) de grado, m\u00e1ster y doctorado de la ULL que acompa\u00f1an a los proyectos en el proceso de cambio.<\/span>[\/vc_column_text][vc_column_text]<span style=\"font-weight: 400;\"><strong>&#8211; Equipo de metorizaci\u00f3n:<\/strong> profesorado universitario y preuniversitario de centros educativos en Tenerife\u00a0 que guian a sus estudiantes en el proceso de cambio.<\/span>[\/vc_column_text][vc_column_text]<span style=\"font-weight: 400;\">\u00a0&#8211; <strong>Expertos y expertas:<\/strong> en diversas materias (educaci\u00f3n, emprendimiento, innovaci\u00f3n, sostenibilidad, comunicaci\u00f3n, etc.) quienes que ofrecen formaci\u00f3n especializada para la comunidad de INGENIA.\u00a0<\/span>[\/vc_column_text][vc_column_text]<span style=\"font-weight: 400;\">&#8211; <strong>Personas voluntarias:<\/strong> personas que participan y apoyan las distintas acciones de co-dise\u00f1o y co-organizaci\u00f3n del programa, as\u00ed como acciones espec\u00edficas de los proyectos.<\/span>[\/vc_column_text][vc_column_text]<span style=\"font-weight: 400;\">&#8211; <strong>Agentes de apoyo:<\/strong> grupos de investigaci\u00f3n de la ULL, equipo de gobierno de la ULL, representantes de Fundaciones, Asociaciones, Cooperativas, Empresas o representantes pol\u00edticos y de la Administraci\u00f3n P\u00fablica que forman parte del ecosistema de cambio de INGENIA estableciendo alianzas estrat\u00e9gicas y de apoyo con los equipos.<\/span>[\/vc_column_text][\/vc_column][vc_column width=\u00bb2\/6&#8243;][vc_btn title=\u00bbMUESTRA DE INGENIA 4 DE JUNIO 17 H\u00bb style=\u00bbcustom\u00bb custom_background=\u00bb#5c068c\u00bb custom_text=\u00bb#ffffff\u00bb align=\u00bbcenter\u00bb button_block=\u00bbtrue\u00bb link=\u00bburl:https%3A%2F%2Fwww.youtube.com%2Fwatch%3Fv%3DzGNyBXWaNeg|target:_blank\u00bb][vc_custom_heading text=\u00bbM\u00e1s info\u00bb font_container=\u00bbtag:h4|font_size:28|text_align:left|color:%233e2466|line_height:1.15&#8243; google_fonts=\u00bbfont_family:Roboto%20Condensed%3A300%2C300italic%2Cregular%2Citalic%2C700%2C700italic|font_style:700%20bold%20regular%3A700%3Anormal\u00bb][vc_column_text]\n<ul>\n<li style=\"font-weight: 400;\"><span style=\"font-weight: 400;\">Las propuestas seleccionadas han seguido un itinerario de 4 meses, con una dedicaci\u00f3n semanal de 4-6 horas.<\/span><\/li>\n<li style=\"font-weight: 400;\"><span style=\"font-weight: 400;\">Todas las propuestas responden a una problem\u00e1tica local, cuya soluci\u00f3n manifiesta claramente su implicaci\u00f3n con la Agenda 2030 y la Agenda Canaria de Desarrollo Sostenible (ACDS). <\/span><\/li>\n<li style=\"font-weight: 400;\"><span style=\"font-weight: 400;\">Las propuestas seleccionadas han contado formaci\u00f3n, acompa\u00f1amiento y financiaci\u00f3n de hasta hasta 3.000 <\/span><span style=\"font-weight: 400;\">\u20ac<\/span><\/li>\n<li style=\"font-weight: 400;\"><span style=\"font-weight: 400;\">En el caso de estudiantes universitarias las propuestas han sido presentadas por equipos multidisciplinares compuestos por 2-6 estudiantes.<\/span><\/li>\n<li style=\"font-weight: 400;\"><span style=\"font-weight: 400;\">En el caso de estudiantes preuniversitarias, se han presentado propuestas que involucran a toda la clase, validadas por su docente y con un equipo directivo interno.<\/span><\/li>\n<\/ul>\n[\/vc_column_text][vc_empty_space height=\u00bb40px\u00bb][\/vc_column][vc_column width=\u00bb1\/6&#8243;][vc_single_image image=\u00bb847&#8243; img_size=\u00bbfull\u00bb alignment=\u00bbcenter\u00bb][\/vc_column][\/vc_row][vc_row full_width=\u00bbstretch_row_content_no_spaces\u00bb gap=\u00bb35&#8243; css=\u00bb.vc_custom_1611669602717{padding-top: 40px !important;padding-bottom: 40px !important;background-color: #e5e5e5 !important;}\u00bb][vc_column width=\u00bb1\/5&#8243;][\/vc_column][vc_column width=\u00bb1\/5&#8243;][vc_btn title=\u00bbPROYECTOS DE LA SEGUNDA EDICI\u00d3N\u00bb style=\u00bbcustom\u00bb custom_background=\u00bb#5c068c\u00bb custom_text=\u00bb#ffffff\u00bb size=\u00bblg\u00bb align=\u00bbcenter\u00bb button_block=\u00bbtrue\u00bb link=\u00bburl:https%3A%2F%2Fwww.youtube.com%2Fplaylist%3Flist%3DPLbU1uwxBUAGEdcZvZ1emr0cdnWl14zveo|target:_blank\u00bb][\/vc_column][vc_column width=\u00bb1\/5&#8243;][vc_empty_space height=\u00bb5px\u00bb][vc_custom_heading text=\u00bbBuscamos j\u00f3venes con compromiso social\u00bb font_container=\u00bbtag:h1|font_size:25|text_align:center|color:%233e2466|line_height:1.15&#8243; google_fonts=\u00bbfont_family:Roboto%20Condensed%3A300%2C300italic%2Cregular%2Citalic%2C700%2C700italic|font_style:700%20bold%20regular%3A700%3Anormal\u00bb][\/vc_column][vc_column width=\u00bb1\/5&#8243; css=\u00bb.vc_custom_1579530021744{padding-right: 25px !important;padding-left: 25px !important;}\u00bb][vc_btn title=\u00bbPARTICIPAR EN LA TERCERA EDICI\u00d3N\u00bb style=\u00bbcustom\u00bb custom_background=\u00bb#5c068c\u00bb custom_text=\u00bb#f4f4f4&#8243; align=\u00bbcenter\u00bb link=\u00bburl:https%3A%2F%2Fforms.gle%2FakTERAjwtm5ZiKFy7&#8243;][\/vc_column][vc_column width=\u00bb1\/5&#8243;][\/vc_column][\/vc_row][vc_row full_width=\u00bbstretch_row_content\u00bb gap=\u00bb35&#8243; css=\u00bb.vc_custom_1579531529205{border-top-width: 1px !important;border-bottom-width: 1px !important;padding-top: 30px !important;padding-bottom: 40px !important;background-color: #ffffff !important;border-top-color: #f7f7fe !important;border-top-style: solid !important;border-bottom-color: #f7f7fe !important;border-bottom-style: solid !important;}\u00bb][vc_column width=\u00bb1\/6&#8243;][\/vc_column][vc_column width=\u00bb1\/6&#8243;][vc_single_image image=\u00bb854&#8243; img_size=\u00bbfull\u00bb alignment=\u00bbcenter\u00bb][\/vc_column][vc_column width=\u00bb2\/6&#8243;][vc_btn title=\u00bbBOOK DE PROYECTOS INGENIA 2021&#8243; style=\u00bbcustom\u00bb custom_background=\u00bb#5c068c\u00bb custom_text=\u00bb#ffffff\u00bb size=\u00bblg\u00bb align=\u00bbcenter\u00bb button_block=\u00bbtrue\u00bb link=\u00bburl:https%3A%2F%2Fdrive.google.com%2Ffile%2Fd%2F1SY7wb2Abpm7G-TAcJXurog5E7CoyunkQ%2Fview%3Fusp%3Dsharing|target:_blank\u00bb][vc_empty_space height=\u00bb5px\u00bb][vc_custom_heading text=\u00bb\u00bfQU\u00c9 OFRECE INGENIA?\u00bb font_container=\u00bbtag:h1|font_size:36|text_align:left|color:%233e2466|line_height:1.15&#8243; google_fonts=\u00bbfont_family:Roboto%20Condensed%3A300%2C300italic%2Cregular%2Citalic%2C700%2C700italic|font_style:700%20bold%20regular%3A700%3Anormal\u00bb][vc_empty_space height=\u00bb5px\u00bb][vc_separator color=\u00bbcustom\u00bb align=\u00bbalign_left\u00bb border_width=\u00bb5&#8243; el_width=\u00bb10&#8243; accent_color=\u00bb#3e2466&#8243;][vc_empty_space height=\u00bb15px\u00bb][vc_column_text]<b>Inspiraci\u00f3n: <\/b><span style=\"font-weight: 400;\">Aprendizaje basado en la experiencia. Conoce la historia y experiencias de personas y entidades que est\u00e1n creando impacto positivo a nivel local, nacional e internacional.<\/span><\/p>\n<p><b>Talleres y seminarios web:<\/b><span style=\"font-weight: 400;\"> F\u00f3rmate en metodolog\u00edas \u00e1giles e innovadoras mediante estrategias de aprendizaje activo e impulsa tu proyecto o el de otros estudiantes.\u00a0\u00a0<\/span><\/p>\n<p><b>Mentor\u00edas:<\/b><span style=\"font-weight: 400;\"> Accede a sesiones de acompa\u00f1amiento especializado llevadas a cabo por personas expertas en el \u00e1mbito, exclusivas para el crecimiento de tu proyecto.<\/span><\/p>\n<p><b>Networking:<\/b><span style=\"font-weight: 400;\"> Conecta con la comunidad de INGENIA de forma estrategica y crea alianzas para el cambio.<\/span><\/p>\n<p><b>Financiaci\u00f3n: <\/b>Obten financiaci\u00f3n de hasta 3.000 \u20ac para desarrollar tu proyecto.<\/p>\n<p><span style=\"font-weight: 400;\">De esta forma, al pasar por el programa de INGENIA podr\u00e1s poner en pr\u00e1ctica tu idea de impacto social, tecnol\u00f3gico y medioambiental, aumentando tus habilidades como agente del cambio.<\/span>[\/vc_column_text][vc_empty_space height=\u00bb40px\u00bb][vc_custom_heading text=\u00bbCHANGEMAKER DAY 2021&#8243; font_container=\u00bbtag:h1|font_size:36|text_align:left|color:%233e2466|line_height:1.15&#8243; google_fonts=\u00bbfont_family:Roboto%20Condensed%3A300%2C300italic%2Cregular%2Citalic%2C700%2C700italic|font_style:700%20bold%20regular%3A700%3Anormal\u00bb][vc_empty_space height=\u00bb40px\u00bb][vc_video link=\u00bbhttps:\/\/www.youtube.com\/watch?v=rhAzi_59uC0&#8243;][vc_empty_space height=\u00bb40px\u00bb][vc_custom_heading text=\u00bbMUESTRA DE PROYECTOS 2020&#8243; font_container=\u00bbtag:h3|font_size:36|text_align:left|color:%233e2466|line_height:1.15&#8243; google_fonts=\u00bbfont_family:Roboto%20Condensed%3A300%2C300italic%2Cregular%2Citalic%2C700%2C700italic|font_style:700%20bold%20regular%3A700%3Anormal\u00bb][vc_empty_space height=\u00bb40px\u00bb][vc_video link=\u00bbhttps:\/\/youtu.be\/f36JyitKuNA\u00bb][vc_empty_space height=\u00bb40px\u00bb][vc_custom_heading text=\u00bbCHANGEMAKER DAY 2020&#8243; font_container=\u00bbtag:h1|font_size:36|text_align:left|color:%233e2466|line_height:1.15&#8243; google_fonts=\u00bbfont_family:Roboto%20Condensed%3A300%2C300italic%2Cregular%2Citalic%2C700%2C700italic|font_style:700%20bold%20regular%3A700%3Anormal\u00bb][vc_empty_space height=\u00bb40px\u00bb][vc_video link=\u00bbhttps:\/\/www.youtube.com\/watch?v=KAYe0AD8XXA&amp;feature=youtu.be\u00bb][vc_empty_space height=\u00bb40px\u00bb][vc_custom_heading text=\u00bbFORMACIONES\u00bb font_container=\u00bbtag:h1|font_size:36|text_align:left|color:%233e2466|line_height:1.15&#8243; google_fonts=\u00bbfont_family:Roboto%20Condensed%3A300%2C300italic%2Cregular%2Citalic%2C700%2C700italic|font_style:700%20bold%20regular%3A700%3Anormal\u00bb][vc_empty_space height=\u00bb40px\u00bb][vc_video link=\u00bbhttps:\/\/www.youtube.com\/watch?v=rZ0TQHb6g44&#8243;][\/vc_column][\/vc_row][vc_row full_width=\u00bbstretch_row_content\u00bb gap=\u00bb35&#8243; content_placement=\u00bbmiddle\u00bb css=\u00bb.vc_custom_1611667631061{margin-top: 0px !important;margin-right: 0px !important;margin-bottom: 0px !important;margin-left: 0px !important;border-top-width: 0px !important;border-right-width: 0px !important;border-bottom-width: 0px !important;border-left-width: 0px !important;padding-top: 90px !important;padding-right: 0px !important;padding-bottom: 90px !important;padding-left: 0px !important;background-color: #ffffff !important;background-position: center !important;background-repeat: no-repeat !important;background-size: cover !important;}\u00bb][vc_column width=\u00bb1\/3&#8243;][vc_single_image image=\u00bb853&#8243; img_size=\u00bbfull\u00bb alignment=\u00bbcenter\u00bb][\/vc_column][vc_column width=\u00bb1\/3&#8243; css=\u00bb.vc_custom_1516719375653{margin-top: 0px !important;margin-right: 0px !important;margin-bottom: 0px !important;margin-left: 0px !important;border-top-width: 0px !important;border-right-width: 0px !important;border-bottom-width: 0px !important;border-left-width: 0px !important;padding-top: 0px !important;padding-right: 0px !important;padding-bottom: 0px !important;padding-left: 0px !important;background-position: center !important;background-repeat: no-repeat !important;background-size: cover !important;}\u00bb][vc_custom_heading text=\u00bbPR\u00d3XIMO EVENTO\u00bb font_container=\u00bbtag:h3|font_size:36|text_align:left|color:%233e2466|line_height:1.15&#8243; google_fonts=\u00bbfont_family:Roboto%20Condensed%3A300%2C300italic%2Cregular%2Citalic%2C700%2C700italic|font_style:700%20bold%20regular%3A700%3Anormal\u00bb][vc_empty_space height=\u00bb15px\u00bb][vc_separator color=\u00bbcustom\u00bb align=\u00bbalign_left\u00bb border_width=\u00bb5&#8243; el_width=\u00bb10&#8243; accent_color=\u00bb#3e2466&#8243;][vc_custom_heading text=\u00bbNuestro \u00faltimo evento se realiz\u00f3 en el marco del Ecofest el pasado 4 de junio\u00bb font_container=\u00bbtag:p|font_size:21|text_align:left|color:%233e2466|line_height:1.6&#8243; google_fonts=\u00bbfont_family:Roboto%3A100%2C100italic%2C300%2C300italic%2Cregular%2Citalic%2C500%2C500italic%2C700%2C700italic%2C900%2C900italic|font_style:300%20light%20regular%3A300%3Anormal\u00bb css=\u00bb.vc_custom_1624367800954{margin-top: 0px !important;margin-right: 0px !important;margin-bottom: 0px !important;margin-left: 0px !important;border-top-width: 0px !important;border-right-width: 0px !important;border-bottom-width: 0px !important;border-left-width: 0px !important;padding-top: 0px !important;padding-right: 0px !important;padding-bottom: 0px !important;padding-left: 0px !important;}\u00bb][vc_empty_space height=\u00bb20px\u00bb][vc_btn title=\u00bbREVIVE LA MUESTRA DE INGENIA EN ECOFEST\u00bb style=\u00bbcustom\u00bb custom_background=\u00bb#5c068c\u00bb custom_text=\u00bb#ffffff\u00bb align=\u00bbcenter\u00bb button_block=\u00bbtrue\u00bb link=\u00bburl:https%3A%2F%2Fwww.youtube.com%2Fwatch%3Fv%3DzGNyBXWaNeg|target:_blank\u00bb][vc_empty_space height=\u00bb20px\u00bb][\/vc_column][vc_column width=\u00bb1\/3&#8243;][vc_single_image image=\u00bb847&#8243; img_size=\u00bbfull\u00bb alignment=\u00bbcenter\u00bb][\/vc_column][\/vc_row][vc_row full_width=\u00bbstretch_row_content\u00bb][vc_column][vc_video link=\u00bbhttps:\/\/www.youtube.com\/watch?v=Fy1tA9XaJRQ\u00bb align=\u00bbcenter\u00bb][\/vc_column][\/vc_row][vc_row][vc_column][vc_custom_heading text=\u00bb\u00a1CONT\u00c1CTANOS Y SIGUENOS EN NUESTRAS REDES SOCIALES!\u00bb font_container=\u00bbtag:h3|font_size:36|text_align:center|color:%233e2466|line_height:1.15&#8243; google_fonts=\u00bbfont_family:Roboto%20Condensed%3A300%2C300italic%2Cregular%2Citalic%2C700%2C700italic|font_style:700%20bold%20regular%3A700%3Anormal\u00bb][vc_empty_space height=\u00bb20px\u00bb][vc_raw_html]JTNDc3R5bGUlM0UlMEElMjAlMjAlNDBpbXBvcnQlMjB1cmwlMjhodHRwcyUzQSUyRiUyRmNkbmpzLmNsb3VkZmxhcmUuY29tJTJGYWpheCUyRmxpYnMlMkZmb250LWF3ZXNvbWUlMkY0LjYuMyUyRmNzcyUyRmZvbnQtYXdlc29tZS5jc3MlMjklM0IlMEElMjAlMjAuc29jaWFsLWljb25zJTIwbGklMjAlN0IlMEElMjAlMjAlMjAlMjB2ZXJ0aWNhbC1hbGlnbiUzQSUyMHRvcCUzQiUwQSUyMCUyMCUyMCUyMGRpc3BsYXklM0ElMjBpbmxpbmUlM0IlMEElMjAlMjAlMjAlMjBmb250LXNpemUlM0ElMjAyLjJlbSUzQiUwQSUyMCUyMCUyMCUyMHBhZGRpbmclM0ElMjAwLjVlbSUzQiUwQSUyMCUyMCU3RCUwQSUzQyUyRnN0eWxlJTNFJTBBJTNDdWwlMjBjbGFzcyUzRCUyMnNvY2lhbC1pY29ucyUyMiUyMHN0eWxlJTNEJTIyZGlzcGxheSUzQSUyMGZsZXglM0IlMEElMjAlMjBqdXN0aWZ5LWNvbnRlbnQlM0ElMjBjZW50ZXIlM0IlMjIlM0UlMEElMjAlMjAlM0NsaSUzRSUzQ2ElMjBocmVmJTNEJTIyaHR0cHMlM0ElMkYlMkZ3d3cuZmFjZWJvb2suY29tJTJGSW5nZW5pYS1PRFMtMTAyMjQ1NjgxNTUwODQ4JTJGJTIyJTIwY2xhc3MlM0QlMjJzb2NpYWwtaWNvbiUyMiUyMHN0eWxlJTNEJTIyY29sb3IlM0ElMjAlMjM1YzA2OGMlM0IlMjIlM0UlMjAlM0NpJTIwY2xhc3MlM0QlMjJmYSUyMGZhLWZhY2Vib29rJTIyJTNFJTNDJTJGaSUzRSUzQyUyRmElM0UlM0MlMkZsaSUzRSUwQSUyMCUyMCUzQ2xpJTNFJTNDYSUyMGhyZWYlM0QlMjJodHRwcyUzQSUyRiUyRnd3dy5pbnN0YWdyYW0uY29tJTJGaW5nZW5pYW9kcyUyRiUyMiUyMGNsYXNzJTNEJTIyc29jaWFsLWljb24lMjIlMjBzdHlsZSUzRCUyMmNvbG9yJTNBJTIwJTIzNWMwNjhjJTNCJTIyJTNFJTIwJTNDaSUyMGNsYXNzJTNEJTIyZmElMjBmYS1pbnN0YWdyYW0lMjIlM0UlM0MlMkZpJTNFJTNDJTJGYSUzRSUwQSUzQ2xpJTNFJTNDYSUyMGhyZWYlM0QlMjJtYWlsdG8lM0FpbmdlbmlhJTQwdWxsLmVkdS5lcyUyMiUyMGNsYXNzJTNEJTIyc29jaWFsLWljb24lMjIlMjBzdHlsZSUzRCUyMmNvbG9yJTNBJTIwJTIzNWMwNjhjJTNCJTIyJTNFJTIwJTNDaSUyMGNsYXNzJTNEJTIyZmElMjBmYS1lbnZlbG9wZS1vJTIyJTNFJTNDJTJGaSUzRSUzQyUyRmElM0UlM0MlMkZsaSUzRSUwQSUzQ2xpJTNFJTNDYSUyMGhyZWYlM0QlMjJ0ZWwlM0E2NDkyMjY2MzYlMjIlMjBjbGFzcyUzRCUyMnNvY2lhbC1pY29uJTIyJTIwc3R5bGUlM0QlMjJjb2xvciUzQSUyMCUyMzVjMDY4YyUzQiUyMiUzRSUyMCUzQ2klMjBjbGFzcyUzRCUyMmZhJTIwZmEtcGhvbmUlMjIlM0UlM0MlMkZpJTNFJTNDJTJGYSUzRSUzQyUyRmxpJTNFJTBBJTBBJTNDJTJGdWwlM0U=[\/vc_raw_html][vc_empty_space height=\u00bb20px\u00bb][\/vc_column][\/vc_row][vc_row full_width=\u00bbstretch_row_content\u00bb gap=\u00bb35&#8243; css=\u00bb.vc_custom_1579606914105{margin-bottom: 0px !important;border-top-width: 1px !important;border-bottom-width: 0px !important;padding-top: 20px !important;padding-bottom: 20px !important;background-color: #ffffff !important;border-top-color: #f7f7fe !important;border-top-style: solid !important;border-bottom-color: #f7f7fe !important;border-bottom-style: solid !important;}\u00bb][vc_column width=\u00bb1\/6&#8243;][\/vc_column][vc_column width=\u00bb2\/3&#8243;][vc_empty_space height=\u00bb20px\u00bb][vc_column_text]INGENIA es un programa desarrollado y ejecutado por el Vicerrectorado de Estudiantes de la Universidad de La Laguna y la Fundaci\u00f3n General Universidad de La Laguna que cuenta con la financiaci\u00f3n del Cabildo de Tenerife, concretamente, desde el Servicio de Educaci\u00f3n y Juventud del \u00c1rea Insular de Educaci\u00f3n, Juventud, Museos, Cultura y Deportes. La subvenci\u00f3n est\u00e1 cofinanciada por el Fondo de Desarrollo de Canarias (proy. 20.0020 y l\u00ednea de subvenci\u00f3n no 2020 \u2013 000882).[\/vc_column_text][vc_single_image image=\u00bb49&#8243; img_size=\u00bbfull\u00bb][vc_empty_space height=\u00bb20px\u00bb][vc_empty_space height=\u00bb20px\u00bb][\/vc_column][\/vc_row][vc_row][vc_column][vc_single_image image=\u00bb860&#8243; img_size=\u00bbfull\u00bb alignment=\u00bbcenter\u00bb][vc_empty_space height=\u00bb20px\u00bb][vc_column_text]CONTACTO<\/p>\n<p>ingenia@ull.edu.es<\/p>\n<p>&nbsp;<\/p>\n<p>&nbsp;[\/vc_column_text][\/vc_column][\/vc_row]\n","protected":false},"excerpt":{"rendered":"<p>[vc_row full_width=\u00bbstretch_row_content\u00bb][vc_column][vc_single_image image=\u00bb695&#8243; img_size=\u00bbfull\u00bb alignment=\u00bbcenter\u00bb][vc_empty_space][\/vc_column][\/vc_row][vc_row full_width=\u00bbstretch_row_content_no_spaces\u00bb gap=\u00bb35&#8243; css=\u00bb.vc_custom_1611669602717{padding-top: 40px !important;padding-bottom: 40px !important;background-color: #e5e5e5 !important;}\u00bb][vc_column width=\u00bb1\/5&#8243;][\/vc_column][vc_column width=\u00bb1\/5&#8243;][vc_custom_heading text=\u00bbIdeas sociales, tecnol\u00f3gicas y medioambientales vinculadas a la Agenda Canaria de Desarrollo Sostenible\u00bb font_container=\u00bbtag:h1|font_size:25|text_align:center|color:%233e2466|line_height:1.15&#8243; google_fonts=\u00bbfont_family:Roboto%20Condensed%3A300%2C300italic%2Cregular%2Citalic%2C700%2C700italic|font_style:700%20bold%20regular%3A700%3Anormal\u00bb][\/vc_column][vc_column width=\u00bb1\/5&#8243;][vc_custom_heading text=\u00bbTransformamos ideas en proyectos reales\u00bb font_container=\u00bbtag:h1|font_size:25|text_align:center|color:%233e2466|line_height:1.15&#8243; google_fonts=\u00bbfont_family:Roboto%20Condensed%3A300%2C300italic%2Cregular%2Citalic%2C700%2C700italic|font_style:700%20bold%20regular%3A700%3Anormal\u00bb][\/vc_column][vc_column width=\u00bb1\/5&#8243; css=\u00bb.vc_custom_1579530021744{padding-right: 25px !important;padding-left: 25px !important;}\u00bb][vc_btn title=\u00bbBOOK DE PROYECTOS INGENIA 2021&#8243; style=\u00bbcustom\u00bb custom_background=\u00bb#5c068c\u00bb custom_text=\u00bb#ffffff\u00bb size=\u00bblg\u00bb align=\u00bbcenter\u00bb&#8230;<\/p>\n","protected":false},"author":71,"featured_media":697,"parent":0,"menu_order":0,"comment_status":"closed","ping_status":"closed","template":"templates\/template-frontpage.php","meta":{"inline_featured_image":false,"footnotes":""},"acf":[],"yoast_head":"<!-- This site is optimized with the Yoast SEO plugin v21.3 - https:\/\/yoast.com\/wordpress\/plugins\/seo\/ -->\n<title>II Edici\u00f3n de Ingenia - Agentes del cambio por los ODS - ingenia<\/title>\n<meta name=\"description\" content=\"Impulsamos la innovaci\u00f3n y el emprendimiento con prop\u00f3sito en la Comunidad Universitaria y preuniversitaria. Acompa\u00f1amos, formamos y financiamos las soluciones ligadas a los ODS en Tenerife promovidas por estudiantes.\" \/>\n<meta name=\"robots\" content=\"index, follow, max-snippet:-1, max-image-preview:large, max-video-preview:-1\" \/>\n<link rel=\"canonical\" href=\"https:\/\/www.ull.es\/portal\/ingenia\/ingenia-ii-edicion\/\" \/>\n<meta property=\"og:locale\" content=\"es_ES\" \/>\n<meta property=\"og:type\" content=\"article\" \/>\n<meta property=\"og:title\" content=\"II Edici\u00f3n de Ingenia - Agentes del cambio por los ODS - ingenia\" \/>\n<meta property=\"og:description\" content=\"Impulsamos la innovaci\u00f3n y el emprendimiento con prop\u00f3sito en la Comunidad Universitaria y preuniversitaria. Acompa\u00f1amos, formamos y financiamos las soluciones ligadas a los ODS en Tenerife promovidas por estudiantes.\" \/>\n<meta property=\"og:url\" content=\"https:\/\/www.ull.es\/portal\/ingenia\/ingenia-ii-edicion\/\" \/>\n<meta property=\"og:site_name\" content=\"ingenia\" \/>\n<meta property=\"article:modified_time\" content=\"2024-12-11T10:23:58+00:00\" \/>\n<meta property=\"og:image\" content=\"https:\/\/www.ull.es\/portal\/ingenia\/wp-content\/uploads\/sites\/35\/2020\/12\/BANNER-2.jpg\" \/>\n\t<meta property=\"og:image:width\" content=\"1200\" \/>\n\t<meta property=\"og:image:height\" content=\"628\" \/>\n\t<meta property=\"og:image:type\" content=\"image\/jpeg\" \/>\n<meta name=\"twitter:card\" content=\"summary_large_image\" \/>\n<meta name=\"twitter:label1\" content=\"Tiempo de lectura\" \/>\n\t<meta name=\"twitter:data1\" content=\"6 minutos\" \/>\n<script type=\"application\/ld+json\" class=\"yoast-schema-graph\">{\"@context\":\"https:\/\/schema.org\",\"@graph\":[{\"@type\":\"WebPage\",\"@id\":\"https:\/\/www.ull.es\/portal\/ingenia\/ingenia-ii-edicion\/\",\"url\":\"https:\/\/www.ull.es\/portal\/ingenia\/ingenia-ii-edicion\/\",\"name\":\"II Edici\u00f3n de Ingenia - Agentes del cambio por los ODS - ingenia\",\"isPartOf\":{\"@id\":\"https:\/\/www.ull.es\/portal\/ingenia\/#website\"},\"datePublished\":\"2020-12-14T11:30:52+00:00\",\"dateModified\":\"2024-12-11T10:23:58+00:00\",\"description\":\"Impulsamos la innovaci\u00f3n y el emprendimiento con prop\u00f3sito en la Comunidad Universitaria y preuniversitaria. Acompa\u00f1amos, formamos y financiamos las soluciones ligadas a los ODS en Tenerife promovidas por estudiantes.\",\"inLanguage\":\"es\",\"potentialAction\":[{\"@type\":\"ReadAction\",\"target\":[\"https:\/\/www.ull.es\/portal\/ingenia\/ingenia-ii-edicion\/\"]}]},{\"@type\":\"WebSite\",\"@id\":\"https:\/\/www.ull.es\/portal\/ingenia\/#website\",\"url\":\"https:\/\/www.ull.es\/portal\/ingenia\/\",\"name\":\"ingenia\",\"description\":\"\",\"potentialAction\":[{\"@type\":\"SearchAction\",\"target\":{\"@type\":\"EntryPoint\",\"urlTemplate\":\"https:\/\/www.ull.es\/portal\/ingenia\/?s={search_term_string}\"},\"query-input\":\"required name=search_term_string\"}],\"inLanguage\":\"es\"}]}<\/script>\n<!-- \/ Yoast SEO plugin. -->","yoast_head_json":{"title":"II Edici\u00f3n de Ingenia - Agentes del cambio por los ODS - ingenia","description":"Impulsamos la innovaci\u00f3n y el emprendimiento con prop\u00f3sito en la Comunidad Universitaria y preuniversitaria. Acompa\u00f1amos, formamos y financiamos las soluciones ligadas a los ODS en Tenerife promovidas por estudiantes.","robots":{"index":"index","follow":"follow","max-snippet":"max-snippet:-1","max-image-preview":"max-image-preview:large","max-video-preview":"max-video-preview:-1"},"canonical":"https:\/\/www.ull.es\/portal\/ingenia\/ingenia-ii-edicion\/","og_locale":"es_ES","og_type":"article","og_title":"II Edici\u00f3n de Ingenia - Agentes del cambio por los ODS - ingenia","og_description":"Impulsamos la innovaci\u00f3n y el emprendimiento con prop\u00f3sito en la Comunidad Universitaria y preuniversitaria. Acompa\u00f1amos, formamos y financiamos las soluciones ligadas a los ODS en Tenerife promovidas por estudiantes.","og_url":"https:\/\/www.ull.es\/portal\/ingenia\/ingenia-ii-edicion\/","og_site_name":"ingenia","article_modified_time":"2024-12-11T10:23:58+00:00","og_image":[{"width":1200,"height":628,"url":"https:\/\/www.ull.es\/portal\/ingenia\/wp-content\/uploads\/sites\/35\/2020\/12\/BANNER-2.jpg","type":"image\/jpeg"}],"twitter_card":"summary_large_image","twitter_misc":{"Tiempo de lectura":"6 minutos"},"schema":{"@context":"https:\/\/schema.org","@graph":[{"@type":"WebPage","@id":"https:\/\/www.ull.es\/portal\/ingenia\/ingenia-ii-edicion\/","url":"https:\/\/www.ull.es\/portal\/ingenia\/ingenia-ii-edicion\/","name":"II Edici\u00f3n de Ingenia - Agentes del cambio por los ODS - ingenia","isPartOf":{"@id":"https:\/\/www.ull.es\/portal\/ingenia\/#website"},"datePublished":"2020-12-14T11:30:52+00:00","dateModified":"2024-12-11T10:23:58+00:00","description":"Impulsamos la innovaci\u00f3n y el emprendimiento con prop\u00f3sito en la Comunidad Universitaria y preuniversitaria. Acompa\u00f1amos, formamos y financiamos las soluciones ligadas a los ODS en Tenerife promovidas por estudiantes.","inLanguage":"es","potentialAction":[{"@type":"ReadAction","target":["https:\/\/www.ull.es\/portal\/ingenia\/ingenia-ii-edicion\/"]}]},{"@type":"WebSite","@id":"https:\/\/www.ull.es\/portal\/ingenia\/#website","url":"https:\/\/www.ull.es\/portal\/ingenia\/","name":"ingenia","description":"","potentialAction":[{"@type":"SearchAction","target":{"@type":"EntryPoint","urlTemplate":"https:\/\/www.ull.es\/portal\/ingenia\/?s={search_term_string}"},"query-input":"required name=search_term_string"}],"inLanguage":"es"}]}},"_links":{"self":[{"href":"https:\/\/www.ull.es\/portal\/ingenia\/wp-json\/wp\/v2\/pages\/667"}],"collection":[{"href":"https:\/\/www.ull.es\/portal\/ingenia\/wp-json\/wp\/v2\/pages"}],"about":[{"href":"https:\/\/www.ull.es\/portal\/ingenia\/wp-json\/wp\/v2\/types\/page"}],"author":[{"embeddable":true,"href":"https:\/\/www.ull.es\/portal\/ingenia\/wp-json\/wp\/v2\/users\/71"}],"replies":[{"embeddable":true,"href":"https:\/\/www.ull.es\/portal\/ingenia\/wp-json\/wp\/v2\/comments?post=667"}],"version-history":[{"count":146,"href":"https:\/\/www.ull.es\/portal\/ingenia\/wp-json\/wp\/v2\/pages\/667\/revisions"}],"predecessor-version":[{"id":1240,"href":"https:\/\/www.ull.es\/portal\/ingenia\/wp-json\/wp\/v2\/pages\/667\/revisions\/1240"}],"wp:featuredmedia":[{"embeddable":true,"href":"https:\/\/www.ull.es\/portal\/ingenia\/wp-json\/wp\/v2\/media\/697"}],"wp:attachment":[{"href":"https:\/\/www.ull.es\/portal\/ingenia\/wp-json\/wp\/v2\/media?parent=667"}],"curies":[{"name":"wp","href":"https:\/\/api.w.org\/{rel}","templated":true}]}}