{"version":"1.0","provider_name":"ULL - Noticias","provider_url":"https:\/\/www.ull.es\/portal\/noticias","author_name":"prensa2","author_url":"https:\/\/www.ull.es\/portal\/noticias\/author\/prensa2\/","title":"La ULL re\u00fane a los servicios de idiomas universitarios de Espa\u00f1a","type":"rich","width":600,"height":338,"html":"<blockquote class=\"wp-embedded-content\" data-secret=\"WptJ1zLNhm\"><a href=\"https:\/\/www.ull.es\/portal\/noticias\/2019\/reunion-servicios-de-idiomas\/\">La ULL re\u00fane a los servicios de idiomas universitarios de Espa\u00f1a en unas jornadas de debate y reflexi\u00f3n<\/a><\/blockquote><iframe sandbox=\"allow-scripts\" security=\"restricted\" src=\"https:\/\/www.ull.es\/portal\/noticias\/2019\/reunion-servicios-de-idiomas\/embed\/#?secret=WptJ1zLNhm\" width=\"600\" height=\"338\" title=\"\u00abLa ULL re\u00fane a los servicios de idiomas universitarios de Espa\u00f1a en unas jornadas de debate y reflexi\u00f3n\u00bb \u2014 ULL - Noticias\" data-secret=\"WptJ1zLNhm\" frameborder=\"0\" marginwidth=\"0\" marginheight=\"0\" scrolling=\"no\" class=\"wp-embedded-content\"><\/iframe><script type=\"text\/javascript\">\n\/*! This file is auto-generated *\/\n!function(c,d){\"use strict\";var e=!1,o=!1;if(d.querySelector)if(c.addEventListener)e=!0;if(c.wp=c.wp||{},c.wp.receiveEmbedMessage);else if(c.wp.receiveEmbedMessage=function(e){var t=e.data;if(!t);else if(!(t.secret||t.message||t.value));else if(\/[^a-zA-Z0-9]\/.test(t.secret));else{for(var r,s,a,i=d.querySelectorAll('iframe[data-secret=\"'+t.secret+'\"]'),n=d.querySelectorAll('blockquote[data-secret=\"'+t.secret+'\"]'),o=new RegExp(\"^https?:$\",\"i\"),l=0;l<n.length;l++)n[l].style.display=\"none\";for(l=0;l<i.length;l++)if(r=i[l],e.source!==r.contentWindow);else{if(r.removeAttribute(\"style\"),\"height\"===t.message){if(1e3<(s=parseInt(t.value,10)))s=1e3;else if(~~s<200)s=200;r.height=s}if(\"link\"===t.message)if(s=d.createElement(\"a\"),a=d.createElement(\"a\"),s.href=r.getAttribute(\"src\"),a.href=t.value,!o.test(a.protocol));else if(a.host===s.host)if(d.activeElement===r)c.top.location.href=t.value}}},e)c.addEventListener(\"message\",c.wp.receiveEmbedMessage,!1),d.addEventListener(\"DOMContentLoaded\",t,!1),c.addEventListener(\"load\",t,!1);function t(){if(o);else{o=!0;for(var e,t,r,s=-1!==navigator.appVersion.indexOf(\"MSIE 10\"),a=!!navigator.userAgent.match(\/Trident.*rv:11\\.\/),i=d.querySelectorAll(\"iframe.wp-embedded-content\"),n=0;n<i.length;n++){if(!(r=(t=i[n]).getAttribute(\"data-secret\")))r=Math.random().toString(36).substr(2,10),t.src+=\"#?secret=\"+r,t.setAttribute(\"data-secret\",r);if(s||a)(e=t.cloneNode(!0)).removeAttribute(\"security\"),t.parentNode.replaceChild(e,t);t.contentWindow.postMessage({message:\"ready\",secret:r},\"*\")}}}}(window,document);\n<\/script>\n","thumbnail_url":"https:\/\/www.ull.es\/portal\/noticias\/wp-content\/uploads\/sites\/13\/2019\/02\/jornada-servicios-idiomas.jpg","thumbnail_width":1200,"thumbnail_height":802,"description":"Las \u201cJornadas de los servicios de idiomas de las universidades espa\u00f1olas\u201d comenzaron hoy jueves, 21 de febrero, en el Aula Magna de la Facultad de Educaci\u00f3n de la ULL con el objetivo de promover la reflexi\u00f3n conjunta sobre la importancia de la ense\u00f1anza de lenguas extranjeras en las instituciones acad\u00e9micas."}