{"id":554,"date":"2022-12-27T16:26:12","date_gmt":"2022-12-27T16:26:12","guid":{"rendered":"https:\/\/www.ull.es\/portal\/puertas-abiertas\/?page_id=554"},"modified":"2026-01-13T11:22:16","modified_gmt":"2026-01-13T11:22:16","slug":"facultad-de-cc-sociales-y-de-la-comunicacion","status":"publish","type":"page","link":"https:\/\/www.ull.es\/portal\/puertas-abiertas\/facultad-de-cc-sociales-y-de-la-comunicacion\/","title":{"rendered":"Facultad de CC Sociales y de la Comunicaci\u00f3n"},"content":{"rendered":"\t\t<div data-elementor-type=\"wp-page\" data-elementor-id=\"554\" class=\"elementor elementor-554\">\n\t\t\t\t\t\t\t\t\t<section class=\"elementor-section elementor-top-section elementor-element elementor-element-9622fb6 elementor-section-height-min-height elementor-section-full_width elementor-hidden-mobile elementor-section-height-default elementor-section-items-middle\" data-id=\"9622fb6\" data-element_type=\"section\" data-settings=\"{&quot;background_background&quot;:&quot;classic&quot;}\">\n\t\t\t\t\t\t\t<div class=\"elementor-background-overlay\"><\/div>\n\t\t\t\t\t\t\t<div class=\"elementor-container elementor-column-gap-default\">\n\t\t\t\t\t<div class=\"elementor-column elementor-col-50 elementor-top-column elementor-element elementor-element-2112cfe\" data-id=\"2112cfe\" data-element_type=\"column\" data-settings=\"{&quot;background_background&quot;:&quot;classic&quot;}\">\n\t\t\t<div class=\"elementor-widget-wrap elementor-element-populated\">\n\t\t\t\t\t<div class=\"elementor-background-overlay\"><\/div>\n\t\t\t\t\t\t\t\t<div class=\"elementor-element elementor-element-59a27bd elementor-widget elementor-widget-image\" data-id=\"59a27bd\" data-element_type=\"widget\" data-widget_type=\"image.default\">\n\t\t\t\t<div class=\"elementor-widget-container\">\n\t\t\t<style>\/*! elementor - v3.9.2 - 21-12-2022 *\/\n.elementor-widget-image{text-align:center}.elementor-widget-image a{display:inline-block}.elementor-widget-image a img[src$=\".svg\"]{width:48px}.elementor-widget-image img{vertical-align:middle;display:inline-block}<\/style>\t\t\t\t\t\t\t\t\t\t\t\t<img decoding=\"async\" loading=\"lazy\" width=\"1024\" height=\"228\" src=\"https:\/\/www.ull.es\/portal\/puertas-abiertas\/wp-content\/uploads\/sites\/53\/2024\/11\/Group-20-3-1024x228.png\" class=\"attachment-large size-large wp-image-2570\" alt=\"\" srcset=\"https:\/\/www.ull.es\/portal\/puertas-abiertas\/wp-content\/uploads\/sites\/53\/2024\/11\/Group-20-3-1024x228.png 1024w, https:\/\/www.ull.es\/portal\/puertas-abiertas\/wp-content\/uploads\/sites\/53\/2024\/11\/Group-20-3-300x67.png 300w, https:\/\/www.ull.es\/portal\/puertas-abiertas\/wp-content\/uploads\/sites\/53\/2024\/11\/Group-20-3-768x171.png 768w, https:\/\/www.ull.es\/portal\/puertas-abiertas\/wp-content\/uploads\/sites\/53\/2024\/11\/Group-20-3-375x83.png 375w, https:\/\/www.ull.es\/portal\/puertas-abiertas\/wp-content\/uploads\/sites\/53\/2024\/11\/Group-20-3-750x167.png 750w, https:\/\/www.ull.es\/portal\/puertas-abiertas\/wp-content\/uploads\/sites\/53\/2024\/11\/Group-20-3-1140x254.png 1140w, https:\/\/www.ull.es\/portal\/puertas-abiertas\/wp-content\/uploads\/sites\/53\/2024\/11\/Group-20-3.png 1358w\" sizes=\"(max-width: 1024px) 100vw, 1024px\" \/>\t\t\t\t\t\t\t\t\t\t\t\t\t\t\t<\/div>\n\t\t\t\t<\/div>\n\t\t\t\t\t<\/div>\n\t\t<\/div>\n\t\t\t\t<div class=\"elementor-column elementor-col-50 elementor-top-column elementor-element elementor-element-928277d\" data-id=\"928277d\" data-element_type=\"column\" data-settings=\"{&quot;background_background&quot;:&quot;classic&quot;}\">\n\t\t\t<div class=\"elementor-widget-wrap elementor-element-populated\">\n\t\t\t\t\t<div class=\"elementor-background-overlay\"><\/div>\n\t\t\t\t\t\t\t\t<div class=\"elementor-element elementor-element-64e8e35 elementor-absolute elementor-widget elementor-widget-image\" data-id=\"64e8e35\" data-element_type=\"widget\" data-settings=\"{&quot;_position&quot;:&quot;absolute&quot;}\" data-widget_type=\"image.default\">\n\t\t\t\t<div class=\"elementor-widget-container\">\n\t\t\t\t\t\t\t\t\t\t\t\t\t\t\t<img decoding=\"async\" loading=\"lazy\" width=\"160\" height=\"160\" src=\"https:\/\/www.ull.es\/portal\/puertas-abiertas\/wp-content\/uploads\/sites\/53\/2024\/11\/Frame-1.png\" class=\"attachment-large size-large wp-image-2182\" alt=\"\" srcset=\"https:\/\/www.ull.es\/portal\/puertas-abiertas\/wp-content\/uploads\/sites\/53\/2024\/11\/Frame-1.png 160w, https:\/\/www.ull.es\/portal\/puertas-abiertas\/wp-content\/uploads\/sites\/53\/2024\/11\/Frame-1-150x150.png 150w, https:\/\/www.ull.es\/portal\/puertas-abiertas\/wp-content\/uploads\/sites\/53\/2024\/11\/Frame-1-50x50.png 50w\" sizes=\"(max-width: 160px) 100vw, 160px\" \/>\t\t\t\t\t\t\t\t\t\t\t\t\t\t\t<\/div>\n\t\t\t\t<\/div>\n\t\t\t\t\t<\/div>\n\t\t<\/div>\n\t\t\t\t\t\t\t<\/div>\n\t\t<\/section>\n\t\t\t\t<section class=\"elementor-section elementor-top-section elementor-element elementor-element-d9e6380 elementor-hidden-desktop elementor-hidden-tablet elementor-section-boxed elementor-section-height-default elementor-section-height-default\" data-id=\"d9e6380\" data-element_type=\"section\" data-settings=\"{&quot;background_background&quot;:&quot;classic&quot;}\">\n\t\t\t\t\t\t\t<div class=\"elementor-background-overlay\"><\/div>\n\t\t\t\t\t\t\t<div class=\"elementor-container elementor-column-gap-default\">\n\t\t\t\t\t<div class=\"elementor-column elementor-col-100 elementor-top-column elementor-element elementor-element-1466c5e\" data-id=\"1466c5e\" data-element_type=\"column\">\n\t\t\t<div class=\"elementor-widget-wrap elementor-element-populated\">\n\t\t\t\t\t\t\t\t<div class=\"elementor-element elementor-element-044bad3 elementor-widget elementor-widget-image\" data-id=\"044bad3\" data-element_type=\"widget\" data-widget_type=\"image.default\">\n\t\t\t\t<div class=\"elementor-widget-container\">\n\t\t\t\t\t\t\t\t\t\t\t\t\t\t\t<img decoding=\"async\" loading=\"lazy\" width=\"1024\" height=\"228\" src=\"https:\/\/www.ull.es\/portal\/puertas-abiertas\/wp-content\/uploads\/sites\/53\/2024\/11\/Group-20-3-1024x228.png\" class=\"attachment-large size-large wp-image-2570\" alt=\"\" srcset=\"https:\/\/www.ull.es\/portal\/puertas-abiertas\/wp-content\/uploads\/sites\/53\/2024\/11\/Group-20-3-1024x228.png 1024w, https:\/\/www.ull.es\/portal\/puertas-abiertas\/wp-content\/uploads\/sites\/53\/2024\/11\/Group-20-3-300x67.png 300w, https:\/\/www.ull.es\/portal\/puertas-abiertas\/wp-content\/uploads\/sites\/53\/2024\/11\/Group-20-3-768x171.png 768w, https:\/\/www.ull.es\/portal\/puertas-abiertas\/wp-content\/uploads\/sites\/53\/2024\/11\/Group-20-3-375x83.png 375w, https:\/\/www.ull.es\/portal\/puertas-abiertas\/wp-content\/uploads\/sites\/53\/2024\/11\/Group-20-3-750x167.png 750w, https:\/\/www.ull.es\/portal\/puertas-abiertas\/wp-content\/uploads\/sites\/53\/2024\/11\/Group-20-3-1140x254.png 1140w, https:\/\/www.ull.es\/portal\/puertas-abiertas\/wp-content\/uploads\/sites\/53\/2024\/11\/Group-20-3.png 1358w\" sizes=\"(max-width: 1024px) 100vw, 1024px\" \/>\t\t\t\t\t\t\t\t\t\t\t\t\t\t\t<\/div>\n\t\t\t\t<\/div>\n\t\t\t\t\t<\/div>\n\t\t<\/div>\n\t\t\t\t\t\t\t<\/div>\n\t\t<\/section>\n\t\t\t\t<section class=\"elementor-section elementor-top-section elementor-element elementor-element-ec25918 elementor-section-full_width elementor-section-height-default elementor-section-height-default\" data-id=\"ec25918\" data-element_type=\"section\">\n\t\t\t\t\t\t<div class=\"elementor-container elementor-column-gap-default\">\n\t\t\t\t\t<div class=\"elementor-column elementor-col-50 elementor-top-column elementor-element elementor-element-083db9f\" data-id=\"083db9f\" data-element_type=\"column\">\n\t\t\t<div class=\"elementor-widget-wrap elementor-element-populated\">\n\t\t\t\t\t\t\t\t<div class=\"elementor-element elementor-element-e0724a0 elementor-widget elementor-widget-image\" data-id=\"e0724a0\" data-element_type=\"widget\" data-widget_type=\"image.default\">\n\t\t\t\t<div class=\"elementor-widget-container\">\n\t\t\t\t\t\t\t\t\t\t\t\t\t\t\t<img decoding=\"async\" loading=\"lazy\" width=\"557\" height=\"588\" src=\"https:\/\/www.ull.es\/portal\/puertas-abiertas\/wp-content\/uploads\/sites\/53\/2024\/11\/INFO-4.png\" class=\"attachment-full size-full wp-image-2694\" alt=\"\" srcset=\"https:\/\/www.ull.es\/portal\/puertas-abiertas\/wp-content\/uploads\/sites\/53\/2024\/11\/INFO-4.png 557w, https:\/\/www.ull.es\/portal\/puertas-abiertas\/wp-content\/uploads\/sites\/53\/2024\/11\/INFO-4-284x300.png 284w, https:\/\/www.ull.es\/portal\/puertas-abiertas\/wp-content\/uploads\/sites\/53\/2024\/11\/INFO-4-375x396.png 375w\" sizes=\"(max-width: 557px) 100vw, 557px\" \/>\t\t\t\t\t\t\t\t\t\t\t\t\t\t\t<\/div>\n\t\t\t\t<\/div>\n\t\t\t\t\t<\/div>\n\t\t<\/div>\n\t\t\t\t<div class=\"elementor-column elementor-col-50 elementor-top-column elementor-element elementor-element-15e13ff\" data-id=\"15e13ff\" data-element_type=\"column\">\n\t\t\t<div class=\"elementor-widget-wrap elementor-element-populated\">\n\t\t\t\t\t\t\t\t<div class=\"elementor-element elementor-element-4a02cf7 elementor-mobile-align-center elementor-icon-list--layout-traditional elementor-list-item-link-full_width elementor-widget elementor-widget-icon-list\" data-id=\"4a02cf7\" data-element_type=\"widget\" data-widget_type=\"icon-list.default\">\n\t\t\t\t<div class=\"elementor-widget-container\">\n\t\t\t<link rel=\"stylesheet\" href=\"https:\/\/www.ull.es\/portal\/puertas-abiertas\/wp-content\/uploads\/sites\/53\/elementor\/css\/custom-widget-icon-list.min.css?ver=1699437368\">\t\t<ul class=\"elementor-icon-list-items\">\n\t\t\t\t\t\t\t<li class=\"elementor-icon-list-item\">\n\t\t\t\t\t\t\t\t\t\t<span class=\"elementor-icon-list-text\"><b>Sal\u00f3n de Actos<\/b> <br> <p style=\"font-weight:500\">Planta cero, Facultad de Ciencias Sociales y de la Comunicaci\u00f3n<\/p><\/span>\n\t\t\t\t\t\t\t\t\t<\/li>\n\t\t\t\t\t\t<\/ul>\n\t\t\t\t<\/div>\n\t\t\t\t<\/div>\n\t\t\t\t\t<\/div>\n\t\t<\/div>\n\t\t\t\t\t\t\t<\/div>\n\t\t<\/section>\n\t\t\t\t<section class=\"elementor-section elementor-top-section elementor-element elementor-element-d0c08a3 elementor-section-boxed elementor-section-height-default elementor-section-height-default\" data-id=\"d0c08a3\" data-element_type=\"section\">\n\t\t\t\t\t\t<div class=\"elementor-container elementor-column-gap-default\">\n\t\t\t\t\t<div class=\"elementor-column elementor-col-33 elementor-top-column elementor-element elementor-element-5ac2dba\" data-id=\"5ac2dba\" data-element_type=\"column\">\n\t\t\t<div class=\"elementor-widget-wrap elementor-element-populated\">\n\t\t\t\t\t\t\t\t<div class=\"elementor-element elementor-element-c83ed88 elementor-widget elementor-widget-heading\" data-id=\"c83ed88\" data-element_type=\"widget\" data-widget_type=\"heading.default\">\n\t\t\t\t<div class=\"elementor-widget-container\">\n\t\t\t<style>\/*! elementor - v3.9.2 - 21-12-2022 *\/\n.elementor-heading-title{padding:0;margin:0;line-height:1}.elementor-widget-heading .elementor-heading-title[class*=elementor-size-]>a{color:inherit;font-size:inherit;line-height:inherit}.elementor-widget-heading .elementor-heading-title.elementor-size-small{font-size:15px}.elementor-widget-heading .elementor-heading-title.elementor-size-medium{font-size:19px}.elementor-widget-heading .elementor-heading-title.elementor-size-large{font-size:29px}.elementor-widget-heading .elementor-heading-title.elementor-size-xl{font-size:39px}.elementor-widget-heading .elementor-heading-title.elementor-size-xxl{font-size:59px}<\/style><h3 class=\"elementor-heading-title elementor-size-default\">Informaci\u00f3n<\/h3>\t\t<\/div>\n\t\t\t\t<\/div>\n\t\t\t\t<div class=\"elementor-element elementor-element-691a09f elementor-align-left elementor-mobile-align-center elementor-icon-list--layout-traditional elementor-list-item-link-full_width elementor-widget elementor-widget-icon-list\" data-id=\"691a09f\" data-element_type=\"widget\" data-widget_type=\"icon-list.default\">\n\t\t\t\t<div class=\"elementor-widget-container\">\n\t\t\t\t\t<ul class=\"elementor-icon-list-items\">\n\t\t\t\t\t\t\t<li class=\"elementor-icon-list-item\">\n\t\t\t\t\t\t\t\t\t\t\t<span class=\"elementor-icon-list-icon\">\n\t\t\t\t\t\t\t<i aria-hidden=\"true\" class=\"fas fa-map-marker-alt\"><\/i>\t\t\t\t\t\t<\/span>\n\t\t\t\t\t\t\t\t\t\t<span class=\"elementor-icon-list-text\">Jos\u00e9 Luis Moreno Becerra s\/n<br> San Crist\u00f3bal de La Laguna,<br> S\/C de Tenerife<\/span>\n\t\t\t\t\t\t\t\t\t<\/li>\n\t\t\t\t\t\t\t\t<li class=\"elementor-icon-list-item\">\n\t\t\t\t\t\t\t\t\t\t\t<a href=\"tel:922317630\" target=\"_blank\" rel=\"noopener\">\n\n\t\t\t\t\t\t\t\t\t\t\t\t<span class=\"elementor-icon-list-icon\">\n\t\t\t\t\t\t\t<i aria-hidden=\"true\" class=\"fas fa-phone-alt\"><\/i>\t\t\t\t\t\t<\/span>\n\t\t\t\t\t\t\t\t\t\t<span class=\"elementor-icon-list-text\">922 31 76 30<\/span>\n\t\t\t\t\t\t\t\t\t\t\t<\/a>\n\t\t\t\t\t\t\t\t\t<\/li>\n\t\t\t\t\t\t\t\t<li class=\"elementor-icon-list-item\">\n\t\t\t\t\t\t\t\t\t\t\t<a href=\"mailto:aulario@ull.es\" target=\"_blank\" rel=\"noopener\">\n\n\t\t\t\t\t\t\t\t\t\t\t\t<span class=\"elementor-icon-list-icon\">\n\t\t\t\t\t\t\t<i aria-hidden=\"true\" class=\"fas fa-envelope\"><\/i>\t\t\t\t\t\t<\/span>\n\t\t\t\t\t\t\t\t\t\t<span class=\"elementor-icon-list-text\">aulario@ull.es<\/span>\n\t\t\t\t\t\t\t\t\t\t\t<\/a>\n\t\t\t\t\t\t\t\t\t<\/li>\n\t\t\t\t\t\t<\/ul>\n\t\t\t\t<\/div>\n\t\t\t\t<\/div>\n\t\t\t\t<div class=\"elementor-element elementor-element-7b57f1b elementor-align-left elementor-mobile-align-center elementor-widget elementor-widget-button\" data-id=\"7b57f1b\" data-element_type=\"widget\" data-widget_type=\"button.default\">\n\t\t\t\t<div class=\"elementor-widget-container\">\n\t\t\t\t\t<div class=\"elementor-button-wrapper\">\n\t\t\t<a href=\"https:\/\/www.ull.es\/donde\/\" class=\"elementor-button-link elementor-button elementor-size-sm\" role=\"button\" target=\"_blank\" rel=\"noopener\">\n\t\t\t\t\t\t<span class=\"elementor-button-content-wrapper\">\n\t\t\t\t\t\t<span class=\"elementor-button-text\">C\u00f3mo llegar<\/span>\n\t\t<\/span>\n\t\t\t\t\t<\/a>\n\t\t<\/div>\n\t\t\t\t<\/div>\n\t\t\t\t<\/div>\n\t\t\t\t\t<\/div>\n\t\t<\/div>\n\t\t\t\t<div class=\"elementor-column elementor-col-66 elementor-top-column elementor-element elementor-element-3d77625\" data-id=\"3d77625\" data-element_type=\"column\" data-settings=\"{&quot;background_background&quot;:&quot;classic&quot;}\">\n\t\t\t<div class=\"elementor-widget-wrap elementor-element-populated\">\n\t\t\t\t\t\t\t\t<div class=\"elementor-element elementor-element-1ed382b elementor-widget elementor-widget-spacer\" data-id=\"1ed382b\" data-element_type=\"widget\" data-widget_type=\"spacer.default\">\n\t\t\t\t<div class=\"elementor-widget-container\">\n\t\t\t<style>\/*! elementor - v3.9.2 - 21-12-2022 *\/\n.elementor-column .elementor-spacer-inner{height:var(--spacer-size)}.e-con{--container-widget-width:100%}.e-con-inner>.elementor-widget-spacer,.e-con>.elementor-widget-spacer{width:var(--container-widget-width,var(--spacer-size));--align-self:var(--container-widget-align-self,initial);--flex-shrink:0}.e-con-inner>.elementor-widget-spacer>.elementor-widget-container,.e-con-inner>.elementor-widget-spacer>.elementor-widget-container>.elementor-spacer,.e-con>.elementor-widget-spacer>.elementor-widget-container,.e-con>.elementor-widget-spacer>.elementor-widget-container>.elementor-spacer{height:100%}.e-con-inner>.elementor-widget-spacer>.elementor-widget-container>.elementor-spacer>.elementor-spacer-inner,.e-con>.elementor-widget-spacer>.elementor-widget-container>.elementor-spacer>.elementor-spacer-inner{height:var(--container-widget-height,var(--spacer-size))}<\/style>\t\t<div class=\"elementor-spacer\">\n\t\t\t<div class=\"elementor-spacer-inner\"><\/div>\n\t\t<\/div>\n\t\t\t\t<\/div>\n\t\t\t\t<\/div>\n\t\t\t\t\t<\/div>\n\t\t<\/div>\n\t\t\t\t\t\t\t<\/div>\n\t\t<\/section>\n\t\t\t\t\t\t\t<\/div>\n\t\t","protected":false},"excerpt":{"rendered":"<p>Sal\u00f3n de Actos Planta cero, Facultad de Ciencias Sociales y de la Comunicaci\u00f3n Informaci\u00f3n Jos\u00e9 Luis Moreno Becerra s\/n San Crist\u00f3bal de La Laguna, S\/C de Tenerife 922 31 76 30 aulario@ull.es C\u00f3mo llegar<\/p>\n","protected":false},"author":93,"featured_media":0,"parent":0,"menu_order":0,"comment_status":"closed","ping_status":"closed","template":"elementor_header_footer","meta":{"inline_featured_image":false,"footnotes":""},"acf":[],"yoast_head":"<!-- This site is optimized with the Yoast SEO plugin v21.3 - https:\/\/yoast.com\/wordpress\/plugins\/seo\/ -->\n<title>Facultad de CC Sociales y de la Comunicaci\u00f3n - Puertas Abiertas<\/title>\n<meta name=\"robots\" content=\"index, follow, max-snippet:-1, max-image-preview:large, max-video-preview:-1\" \/>\n<link rel=\"canonical\" href=\"https:\/\/www.ull.es\/portal\/puertas-abiertas\/facultad-de-cc-sociales-y-de-la-comunicacion\/\" \/>\n<meta property=\"og:locale\" content=\"es_ES\" \/>\n<meta property=\"og:type\" content=\"article\" \/>\n<meta property=\"og:title\" content=\"Facultad de CC Sociales y de la Comunicaci\u00f3n - Puertas Abiertas\" \/>\n<meta property=\"og:description\" content=\"Sal\u00f3n de Actos Planta cero, Facultad de Ciencias Sociales y de la Comunicaci\u00f3n Informaci\u00f3n Jos\u00e9 Luis Moreno Becerra s\/n San Crist\u00f3bal de La Laguna, S\/C de Tenerife 922 31 76 30 aulario@ull.es C\u00f3mo llegar\" \/>\n<meta property=\"og:url\" content=\"https:\/\/www.ull.es\/portal\/puertas-abiertas\/facultad-de-cc-sociales-y-de-la-comunicacion\/\" \/>\n<meta property=\"og:site_name\" content=\"Puertas Abiertas\" \/>\n<meta property=\"article:modified_time\" content=\"2026-01-13T11:22:16+00:00\" \/>\n<meta property=\"og:image\" content=\"https:\/\/www.ull.es\/portal\/puertas-abiertas\/wp-content\/uploads\/sites\/53\/2024\/11\/Group-20-3-1024x228.png\" \/>\n<meta name=\"twitter:card\" content=\"summary_large_image\" \/>\n<meta name=\"twitter:label1\" content=\"Tiempo de lectura\" \/>\n\t<meta name=\"twitter:data1\" content=\"1 minuto\" \/>\n<script type=\"application\/ld+json\" class=\"yoast-schema-graph\">{\"@context\":\"https:\/\/schema.org\",\"@graph\":[{\"@type\":\"WebPage\",\"@id\":\"https:\/\/www.ull.es\/portal\/puertas-abiertas\/facultad-de-cc-sociales-y-de-la-comunicacion\/\",\"url\":\"https:\/\/www.ull.es\/portal\/puertas-abiertas\/facultad-de-cc-sociales-y-de-la-comunicacion\/\",\"name\":\"Facultad de CC Sociales y de la Comunicaci\u00f3n - Puertas Abiertas\",\"isPartOf\":{\"@id\":\"https:\/\/www.ull.es\/portal\/puertas-abiertas\/#website\"},\"datePublished\":\"2022-12-27T16:26:12+00:00\",\"dateModified\":\"2026-01-13T11:22:16+00:00\",\"breadcrumb\":{\"@id\":\"https:\/\/www.ull.es\/portal\/puertas-abiertas\/facultad-de-cc-sociales-y-de-la-comunicacion\/#breadcrumb\"},\"inLanguage\":\"es\",\"potentialAction\":[{\"@type\":\"ReadAction\",\"target\":[\"https:\/\/www.ull.es\/portal\/puertas-abiertas\/facultad-de-cc-sociales-y-de-la-comunicacion\/\"]}]},{\"@type\":\"BreadcrumbList\",\"@id\":\"https:\/\/www.ull.es\/portal\/puertas-abiertas\/facultad-de-cc-sociales-y-de-la-comunicacion\/#breadcrumb\",\"itemListElement\":[{\"@type\":\"ListItem\",\"position\":1,\"name\":\"Portada\",\"item\":\"https:\/\/www.ull.es\/portal\/puertas-abiertas\/\"},{\"@type\":\"ListItem\",\"position\":2,\"name\":\"Facultad de CC Sociales y de la Comunicaci\u00f3n\"}]},{\"@type\":\"WebSite\",\"@id\":\"https:\/\/www.ull.es\/portal\/puertas-abiertas\/#website\",\"url\":\"https:\/\/www.ull.es\/portal\/puertas-abiertas\/\",\"name\":\"Puertas Abiertas\",\"description\":\"\",\"potentialAction\":[{\"@type\":\"SearchAction\",\"target\":{\"@type\":\"EntryPoint\",\"urlTemplate\":\"https:\/\/www.ull.es\/portal\/puertas-abiertas\/?s={search_term_string}\"},\"query-input\":\"required name=search_term_string\"}],\"inLanguage\":\"es\"}]}<\/script>\n<!-- \/ Yoast SEO plugin. -->","yoast_head_json":{"title":"Facultad de CC Sociales y de la Comunicaci\u00f3n - Puertas Abiertas","robots":{"index":"index","follow":"follow","max-snippet":"max-snippet:-1","max-image-preview":"max-image-preview:large","max-video-preview":"max-video-preview:-1"},"canonical":"https:\/\/www.ull.es\/portal\/puertas-abiertas\/facultad-de-cc-sociales-y-de-la-comunicacion\/","og_locale":"es_ES","og_type":"article","og_title":"Facultad de CC Sociales y de la Comunicaci\u00f3n - Puertas Abiertas","og_description":"Sal\u00f3n de Actos Planta cero, Facultad de Ciencias Sociales y de la Comunicaci\u00f3n Informaci\u00f3n Jos\u00e9 Luis Moreno Becerra s\/n San Crist\u00f3bal de La Laguna, S\/C de Tenerife 922 31 76 30 aulario@ull.es C\u00f3mo llegar","og_url":"https:\/\/www.ull.es\/portal\/puertas-abiertas\/facultad-de-cc-sociales-y-de-la-comunicacion\/","og_site_name":"Puertas Abiertas","article_modified_time":"2026-01-13T11:22:16+00:00","og_image":[{"url":"https:\/\/www.ull.es\/portal\/puertas-abiertas\/wp-content\/uploads\/sites\/53\/2024\/11\/Group-20-3-1024x228.png"}],"twitter_card":"summary_large_image","twitter_misc":{"Tiempo de lectura":"1 minuto"},"schema":{"@context":"https:\/\/schema.org","@graph":[{"@type":"WebPage","@id":"https:\/\/www.ull.es\/portal\/puertas-abiertas\/facultad-de-cc-sociales-y-de-la-comunicacion\/","url":"https:\/\/www.ull.es\/portal\/puertas-abiertas\/facultad-de-cc-sociales-y-de-la-comunicacion\/","name":"Facultad de CC Sociales y de la Comunicaci\u00f3n - Puertas Abiertas","isPartOf":{"@id":"https:\/\/www.ull.es\/portal\/puertas-abiertas\/#website"},"datePublished":"2022-12-27T16:26:12+00:00","dateModified":"2026-01-13T11:22:16+00:00","breadcrumb":{"@id":"https:\/\/www.ull.es\/portal\/puertas-abiertas\/facultad-de-cc-sociales-y-de-la-comunicacion\/#breadcrumb"},"inLanguage":"es","potentialAction":[{"@type":"ReadAction","target":["https:\/\/www.ull.es\/portal\/puertas-abiertas\/facultad-de-cc-sociales-y-de-la-comunicacion\/"]}]},{"@type":"BreadcrumbList","@id":"https:\/\/www.ull.es\/portal\/puertas-abiertas\/facultad-de-cc-sociales-y-de-la-comunicacion\/#breadcrumb","itemListElement":[{"@type":"ListItem","position":1,"name":"Portada","item":"https:\/\/www.ull.es\/portal\/puertas-abiertas\/"},{"@type":"ListItem","position":2,"name":"Facultad de CC Sociales y de la Comunicaci\u00f3n"}]},{"@type":"WebSite","@id":"https:\/\/www.ull.es\/portal\/puertas-abiertas\/#website","url":"https:\/\/www.ull.es\/portal\/puertas-abiertas\/","name":"Puertas Abiertas","description":"","potentialAction":[{"@type":"SearchAction","target":{"@type":"EntryPoint","urlTemplate":"https:\/\/www.ull.es\/portal\/puertas-abiertas\/?s={search_term_string}"},"query-input":"required name=search_term_string"}],"inLanguage":"es"}]}},"_links":{"self":[{"href":"https:\/\/www.ull.es\/portal\/puertas-abiertas\/wp-json\/wp\/v2\/pages\/554"}],"collection":[{"href":"https:\/\/www.ull.es\/portal\/puertas-abiertas\/wp-json\/wp\/v2\/pages"}],"about":[{"href":"https:\/\/www.ull.es\/portal\/puertas-abiertas\/wp-json\/wp\/v2\/types\/page"}],"author":[{"embeddable":true,"href":"https:\/\/www.ull.es\/portal\/puertas-abiertas\/wp-json\/wp\/v2\/users\/93"}],"replies":[{"embeddable":true,"href":"https:\/\/www.ull.es\/portal\/puertas-abiertas\/wp-json\/wp\/v2\/comments?post=554"}],"version-history":[{"count":109,"href":"https:\/\/www.ull.es\/portal\/puertas-abiertas\/wp-json\/wp\/v2\/pages\/554\/revisions"}],"predecessor-version":[{"id":3434,"href":"https:\/\/www.ull.es\/portal\/puertas-abiertas\/wp-json\/wp\/v2\/pages\/554\/revisions\/3434"}],"wp:attachment":[{"href":"https:\/\/www.ull.es\/portal\/puertas-abiertas\/wp-json\/wp\/v2\/media?parent=554"}],"curies":[{"name":"wp","href":"https:\/\/api.w.org\/{rel}","templated":true}]}}