{"id":1845,"date":"2025-09-09T08:53:33","date_gmt":"2025-09-09T08:53:33","guid":{"rendered":"https:\/\/www.ull.es\/portal\/?page_id=1845"},"modified":"2025-09-09T08:53:33","modified_gmt":"2025-09-09T08:53:33","slug":"temporada-2025","status":"publish","type":"page","link":"https:\/\/www.ull.es\/portal\/doble-helice\/temporada-2025\/","title":{"rendered":"Temporada 2025"},"content":{"rendered":"<p>[vc_row][vc_column][vc_custom_heading text=\u00bbTemporada 2025&#8243; google_fonts=\u00bbfont_family:Roboto%20Slab%3A100%2C300%2Cregular%2C700|font_style:700%20bold%20regular%3A700%3Anormal\u00bb css=\u00bb.vc_custom_1736843941260{margin-bottom: 5px !important;border-bottom-width: 5px !important;padding-bottom: 5px !important;}\u00bb][vc_column_text]A continuaci\u00f3n se recoge los programas realizados durante la <strong>temporada 2025:<\/strong>[\/vc_column_text][\/vc_column][\/vc_row][vc_row][vc_column][vc_column_text]<\/p>\n<table dir=\"ltr\" border=\"1\" cellspacing=\"0\" cellpadding=\"0\" data-sheets-root=\"1\" data-sheets-baot=\"1\">\n<colgroup>\n<col width=\"100\" \/>\n<col width=\"346\" \/>\n<col width=\"100\" \/><\/colgroup>\n<tbody>\n<tr>\n<td>1<\/td>\n<td><a class=\"in-cell-link\" href=\"https:\/\/www.ivoox.com\/pueden-tener-derechos-robots-audios-mp3_rf_137067236_1.html\" target=\"_blank\" rel=\"noopener\" target=\"_blank\" rel=\"noopener\">\u00bfPueden tener derechos los robots?<\/a><\/td>\n<td>Andr\u00e9a Padr\u00f3n<\/td>\n<\/tr>\n<tr>\n<td>2<\/td>\n<td><a class=\"in-cell-link\" href=\"https:\/\/www.ivoox.com\/bulos-desinformacion-manual-supervivencia-audios-mp3_rf_137067356_1.html\" target=\"_blank\" rel=\"noopener\" target=\"_blank\" rel=\"noopener\">Bulos y desinformaci\u00f3n. Manual de supervivencia<\/a><\/td>\n<td>\n<div>\n<div>Rodrigo F. Rodr\u00edguez<\/div>\n<\/div>\n<\/td>\n<\/tr>\n<tr>\n<td>3<\/td>\n<td><a class=\"in-cell-link\" href=\"https:\/\/www.ivoox.com\/musica-para-inclusion-audios-mp3_rf_137829638_1.html\" target=\"_blank\" rel=\"noopener\" target=\"_blank\" rel=\"noopener\">M\u00fasica para la inclusi\u00f3n<\/a><\/td>\n<td>\n<div>\n<div>Paula Hern\u00e1ndez<\/div>\n<\/div>\n<\/td>\n<\/tr>\n<tr>\n<td>4<\/td>\n<td><a class=\"in-cell-link\" href=\"https:\/\/www.ivoox.com\/turismo-volcanico-tajogaite-audios-mp3_rf_138054827_1.html\" target=\"_blank\" rel=\"noopener\" target=\"_blank\" rel=\"noopener\">Turismo volc\u00e1nico en el Tajogaite<\/a><\/td>\n<td>Javier D\u00f3niz<\/td>\n<\/tr>\n<tr>\n<td>5<\/td>\n<td><a class=\"in-cell-link\" href=\"https:\/\/www.ivoox.com\/futuro-del-clima-a-clic-audios-mp3_rf_139054704_1.html\" target=\"_blank\" rel=\"noopener\" target=\"_blank\" rel=\"noopener\">El futuro del clima a un clic<\/a><\/td>\n<td>\n<div>\n<div>Juan Carlos Santamarta y Noelia Cruz<\/div>\n<\/div>\n<\/td>\n<\/tr>\n<tr>\n<td>6<\/td>\n<td><a class=\"in-cell-link\" href=\"https:\/\/www.ivoox.com\/revolucion-computacion-cuantica-audios-mp3_rf_139388137_1.html\" target=\"_blank\" rel=\"noopener\" target=\"_blank\" rel=\"noopener\">La revoluci\u00f3n de la Computaci\u00f3n Cu\u00e1ntica<\/a><\/td>\n<td>Daniel Alonso<\/td>\n<\/tr>\n<tr>\n<td>8<\/td>\n<td><a class=\"in-cell-link\" href=\"https:\/\/www.ivoox.com\/pfas-donde-estan-como-nos-afectan-audios-mp3_rf_139950259_1.html\" target=\"_blank\" rel=\"noopener\" target=\"_blank\" rel=\"noopener\">Los PFAS \u00bfD\u00f3nde est\u00e1n y c\u00f3mo nos afectan los contaminantes eternos?<\/a><\/td>\n<td>\n<div>\n<div>\u00c1ngel Jos\u00e9 Guti\u00e9rrez<\/div>\n<\/div>\n<\/td>\n<\/tr>\n<tr>\n<td>9<\/td>\n<td><a class=\"in-cell-link\" href=\"https:\/\/www.ivoox.com\/asma-sus-claves-geneticas-audios-mp3_rf_140259273_1.html\" target=\"_blank\" rel=\"noopener\" target=\"_blank\" rel=\"noopener\">El Asma y sus claves gen\u00e9ticas<\/a><\/td>\n<td>\n<div>\n<div>Mar\u00eda del Mar del Pino, Elena Mart\u00edn y Mario Mart\u00edn<\/div>\n<\/div>\n<\/td>\n<\/tr>\n<tr>\n<td>10<\/td>\n<td><a class=\"in-cell-link\" href=\"https:\/\/www.ivoox.com\/anomalia-volcanica-tenerife-audios-mp3_rf_140774912_1.html\" target=\"_blank\" rel=\"noopener\" target=\"_blank\" rel=\"noopener\">\u00bfAnomal\u00eda volc\u00e1nica en Tenerife?<\/a><\/td>\n<td>Ram\u00f3n Casillas<\/td>\n<\/tr>\n<tr>\n<td>11<\/td>\n<td><a class=\"in-cell-link\" href=\"https:\/\/www.ivoox.com\/viaje-molecular-desde-naturaleza-al-farmaco-audios-mp3_rf_141232089_1.html\" target=\"_blank\" rel=\"noopener\" target=\"_blank\" rel=\"noopener\">El viaje molecular desde la naturaleza al f\u00e1rmaco<\/a><\/td>\n<td>\n<div>\n<div>Jos\u00e9 Manuel Padr\u00f3n<\/div>\n<\/div>\n<\/td>\n<\/tr>\n<tr>\n<td>12<\/td>\n<td><a class=\"in-cell-link\" href=\"https:\/\/www.ivoox.com\/mito-del-adn-basura-audios-mp3_rf_141631552_1.html\" target=\"_blank\" rel=\"noopener\" target=\"_blank\" rel=\"noopener\">El mito del ADN Basura<\/a><\/td>\n<td>Jonay Garc\u00eda<\/td>\n<\/tr>\n<tr>\n<td>13<\/td>\n<td><a class=\"in-cell-link\" href=\"https:\/\/www.ivoox.com\/musica-para-mis-huesos-lado-b-de-audios-mp3_rf_143250918_1.html\" target=\"_blank\" rel=\"noopener\" target=\"_blank\" rel=\"noopener\">M\u00fasica para mis huesos: el lado B de la interpretaci\u00f3n<\/a><\/td>\n<td>Vidina Su\u00e1rez<\/td>\n<\/tr>\n<tr>\n<td>14<\/td>\n<td><a class=\"in-cell-link\" href=\"https:\/\/www.ivoox.com\/se-puede-alargar-vida-telomeros-tienen-audios-mp3_rf_144015099_1.html\" target=\"_blank\" rel=\"noopener\" target=\"_blank\" rel=\"noopener\">\u00bfSe puede alargar la vida? los tel\u00f3meros tienen la respuesta<\/a><\/td>\n<td>\n<div>\n<div>Jonathan Barroso<\/div>\n<\/div>\n<\/td>\n<\/tr>\n<tr>\n<td>14<\/td>\n<td><a class=\"in-cell-link\" href=\"https:\/\/www.ivoox.com\/arte-restaurar-arte-audios-mp3_rf_144015302_1.html\" target=\"_blank\" rel=\"noopener\" target=\"_blank\" rel=\"noopener\">El arte de restaurar el arte<\/a><\/td>\n<td>Elisa D\u00edaz<\/td>\n<\/tr>\n<tr>\n<td>15<\/td>\n<td><a class=\"in-cell-link\" href=\"https:\/\/www.ivoox.com\/laser-revolucion-luz-audios-mp3_rf_144015449_1.html\" target=\"_blank\" rel=\"noopener\" target=\"_blank\" rel=\"noopener\">El l\u00e1ser y la revoluci\u00f3n de la luz<\/a><\/td>\n<td>Inocencio Mart\u00edn<\/td>\n<\/tr>\n<tr>\n<td>16<\/td>\n<td><a class=\"in-cell-link\" href=\"https:\/\/www.ivoox.com\/que-dicen-orcas-audios-mp3_rf_144577169_1.html\" target=\"_blank\" rel=\"noopener\" target=\"_blank\" rel=\"noopener\">\u00bfQu\u00e9 dicen las Orcas?<\/a><\/td>\n<td>\n<div>\n<div>Fernando Rosa y Jon\u00e1s Luke<\/div>\n<\/div>\n<\/td>\n<\/tr>\n<tr>\n<td>17<\/td>\n<td><a class=\"in-cell-link\" href=\"https:\/\/www.ivoox.com\/mezcolanza-genetica-enfermedades-audios-mp3_rf_145709320_1.html\" target=\"_blank\" rel=\"noopener\" target=\"_blank\" rel=\"noopener\">La mezcolanza gen\u00e9tica y las enfermedades<\/a><\/td>\n<td>\n<div>\n<div>Itahisa Marcelino<\/div>\n<\/div>\n<\/td>\n<\/tr>\n<tr>\n<td>18<\/td>\n<td><a class=\"in-cell-link\" href=\"https:\/\/www.ivoox.com\/palabras-expulsan-relato-mediatico-la-audios-mp3_rf_146004114_1.html\" target=\"_blank\" rel=\"noopener\" target=\"_blank\" rel=\"noopener\">Palabras que expulsan: el relato medi\u00e1tico de la inmigraci\u00f3n<\/a><\/td>\n<td>Rodrigo Fidel<\/td>\n<\/tr>\n<tr>\n<td>19<\/td>\n<td><a class=\"in-cell-link\" href=\"https:\/\/www.ivoox.com\/ramon-cajal-revolucion-neurona-audios-mp3_rf_146409156_1.html\" target=\"_blank\" rel=\"noopener\" target=\"_blank\" rel=\"noopener\">Ram\u00f3n y Cajal, la revoluci\u00f3n de la neurona<\/a><\/td>\n<td>\n<div>\n<div>Tomas Gonz\u00e1lez<\/div>\n<\/div>\n<\/td>\n<\/tr>\n<\/tbody>\n<\/table>\n<p>[\/vc_column_text][\/vc_column][\/vc_row]<\/p>\n","protected":false},"excerpt":{"rendered":"<p>[vc_row][vc_column][vc_custom_heading text=\u00bbTemporada 2025&#8243; google_fonts=\u00bbfont_family:Roboto%20Slab%3A100%2C300%2Cregular%2C700|font_style:700%20bold%20regular%3A700%3Anormal\u00bb css=\u00bb.vc_custom_1736843941260{margin-bottom: 5px !important;border-bottom-width: 5px !important;padding-bottom: 5px !important;}\u00bb][vc_column_text]A continuaci\u00f3n se recoge los programas realizados durante la temporada 2025:[\/vc_column_text][\/vc_column][\/vc_row][vc_row][vc_column][vc_column_text] 1 \u00bfPueden tener derechos los robots? Andr\u00e9a Padr\u00f3n 2 Bulos y desinformaci\u00f3n. Manual de supervivencia Rodrigo F. Rodr\u00edguez 3 M\u00fasica para la inclusi\u00f3n Paula Hern\u00e1ndez 4 Turismo volc\u00e1nico en el Tajogaite Javier D\u00f3niz 5&#8230;<\/p>\n","protected":false},"author":102,"featured_media":0,"parent":1519,"menu_order":1,"comment_status":"closed","ping_status":"closed","template":"","meta":{"inline_featured_image":false,"footnotes":""},"acf":[],"yoast_head":"<!-- This site is optimized with the Yoast SEO plugin v21.3 - https:\/\/yoast.com\/wordpress\/plugins\/seo\/ -->\n<title>Temporada 2025 - Web ULL<\/title>\n<meta name=\"robots\" content=\"index, follow, max-snippet:-1, max-image-preview:large, max-video-preview:-1\" \/>\n<link rel=\"canonical\" href=\"https:\/\/www.ull.es\/portal\/doble-helice\/temporada-2025\/\" \/>\n<meta property=\"og:locale\" content=\"es_ES\" \/>\n<meta property=\"og:type\" content=\"article\" \/>\n<meta property=\"og:title\" content=\"Temporada 2025 - Web ULL\" \/>\n<meta property=\"og:description\" content=\"[vc_row][vc_column][vc_custom_heading text=\u00bbTemporada 2025&#8243; google_fonts=\u00bbfont_family:Roboto%20Slab%3A100%2C300%2Cregular%2C700|font_style:700%20bold%20regular%3A700%3Anormal\u00bb css=\u00bb.vc_custom_1736843941260{margin-bottom: 5px !important;border-bottom-width: 5px !important;padding-bottom: 5px !important;}\u00bb][vc_column_text]A continuaci\u00f3n se recoge los programas realizados durante la temporada 2025:[\/vc_column_text][\/vc_column][\/vc_row][vc_row][vc_column][vc_column_text] 1 \u00bfPueden tener derechos los robots? Andr\u00e9a Padr\u00f3n 2 Bulos y desinformaci\u00f3n. Manual de supervivencia Rodrigo F. Rodr\u00edguez 3 M\u00fasica para la inclusi\u00f3n Paula Hern\u00e1ndez 4 Turismo volc\u00e1nico en el Tajogaite Javier D\u00f3niz 5...\" \/>\n<meta property=\"og:url\" content=\"https:\/\/www.ull.es\/portal\/doble-helice\/temporada-2025\/\" \/>\n<meta property=\"og:site_name\" content=\"Web ULL\" \/>\n<meta name=\"twitter:card\" content=\"summary_large_image\" \/>\n<meta name=\"twitter:label1\" content=\"Tiempo de lectura\" \/>\n\t<meta name=\"twitter:data1\" content=\"2 minutos\" \/>\n<script type=\"application\/ld+json\" class=\"yoast-schema-graph\">{\"@context\":\"https:\/\/schema.org\",\"@graph\":[{\"@type\":\"WebPage\",\"@id\":\"https:\/\/www.ull.es\/portal\/doble-helice\/temporada-2025\/\",\"url\":\"https:\/\/www.ull.es\/portal\/doble-helice\/temporada-2025\/\",\"name\":\"Temporada 2025 - Web ULL\",\"isPartOf\":{\"@id\":\"https:\/\/www.ull.es\/portal\/#website\"},\"datePublished\":\"2025-09-09T08:53:33+00:00\",\"dateModified\":\"2025-09-09T08:53:33+00:00\",\"breadcrumb\":{\"@id\":\"https:\/\/www.ull.es\/portal\/doble-helice\/temporada-2025\/#breadcrumb\"},\"inLanguage\":\"es\",\"potentialAction\":[{\"@type\":\"ReadAction\",\"target\":[\"https:\/\/www.ull.es\/portal\/doble-helice\/temporada-2025\/\"]}]},{\"@type\":\"BreadcrumbList\",\"@id\":\"https:\/\/www.ull.es\/portal\/doble-helice\/temporada-2025\/#breadcrumb\",\"itemListElement\":[{\"@type\":\"ListItem\",\"position\":1,\"name\":\"Portada\",\"item\":\"https:\/\/www.ull.es\/portal\/\"},{\"@type\":\"ListItem\",\"position\":2,\"name\":\"Doble H\u00e9lice\",\"item\":\"https:\/\/www.ull.es\/portal\/doble-helice\/\"},{\"@type\":\"ListItem\",\"position\":3,\"name\":\"Temporada 2025\"}]},{\"@type\":\"WebSite\",\"@id\":\"https:\/\/www.ull.es\/portal\/#website\",\"url\":\"https:\/\/www.ull.es\/portal\/\",\"name\":\"Web ULL\",\"description\":\"\",\"potentialAction\":[{\"@type\":\"SearchAction\",\"target\":{\"@type\":\"EntryPoint\",\"urlTemplate\":\"https:\/\/www.ull.es\/portal\/?s={search_term_string}\"},\"query-input\":\"required name=search_term_string\"}],\"inLanguage\":\"es\"}]}<\/script>\n<!-- \/ Yoast SEO plugin. -->","yoast_head_json":{"title":"Temporada 2025 - Web ULL","robots":{"index":"index","follow":"follow","max-snippet":"max-snippet:-1","max-image-preview":"max-image-preview:large","max-video-preview":"max-video-preview:-1"},"canonical":"https:\/\/www.ull.es\/portal\/doble-helice\/temporada-2025\/","og_locale":"es_ES","og_type":"article","og_title":"Temporada 2025 - Web ULL","og_description":"[vc_row][vc_column][vc_custom_heading text=\u00bbTemporada 2025&#8243; google_fonts=\u00bbfont_family:Roboto%20Slab%3A100%2C300%2Cregular%2C700|font_style:700%20bold%20regular%3A700%3Anormal\u00bb css=\u00bb.vc_custom_1736843941260{margin-bottom: 5px !important;border-bottom-width: 5px !important;padding-bottom: 5px !important;}\u00bb][vc_column_text]A continuaci\u00f3n se recoge los programas realizados durante la temporada 2025:[\/vc_column_text][\/vc_column][\/vc_row][vc_row][vc_column][vc_column_text] 1 \u00bfPueden tener derechos los robots? Andr\u00e9a Padr\u00f3n 2 Bulos y desinformaci\u00f3n. Manual de supervivencia Rodrigo F. Rodr\u00edguez 3 M\u00fasica para la inclusi\u00f3n Paula Hern\u00e1ndez 4 Turismo volc\u00e1nico en el Tajogaite Javier D\u00f3niz 5...","og_url":"https:\/\/www.ull.es\/portal\/doble-helice\/temporada-2025\/","og_site_name":"Web ULL","twitter_card":"summary_large_image","twitter_misc":{"Tiempo de lectura":"2 minutos"},"schema":{"@context":"https:\/\/schema.org","@graph":[{"@type":"WebPage","@id":"https:\/\/www.ull.es\/portal\/doble-helice\/temporada-2025\/","url":"https:\/\/www.ull.es\/portal\/doble-helice\/temporada-2025\/","name":"Temporada 2025 - Web ULL","isPartOf":{"@id":"https:\/\/www.ull.es\/portal\/#website"},"datePublished":"2025-09-09T08:53:33+00:00","dateModified":"2025-09-09T08:53:33+00:00","breadcrumb":{"@id":"https:\/\/www.ull.es\/portal\/doble-helice\/temporada-2025\/#breadcrumb"},"inLanguage":"es","potentialAction":[{"@type":"ReadAction","target":["https:\/\/www.ull.es\/portal\/doble-helice\/temporada-2025\/"]}]},{"@type":"BreadcrumbList","@id":"https:\/\/www.ull.es\/portal\/doble-helice\/temporada-2025\/#breadcrumb","itemListElement":[{"@type":"ListItem","position":1,"name":"Portada","item":"https:\/\/www.ull.es\/portal\/"},{"@type":"ListItem","position":2,"name":"Doble H\u00e9lice","item":"https:\/\/www.ull.es\/portal\/doble-helice\/"},{"@type":"ListItem","position":3,"name":"Temporada 2025"}]},{"@type":"WebSite","@id":"https:\/\/www.ull.es\/portal\/#website","url":"https:\/\/www.ull.es\/portal\/","name":"Web ULL","description":"","potentialAction":[{"@type":"SearchAction","target":{"@type":"EntryPoint","urlTemplate":"https:\/\/www.ull.es\/portal\/?s={search_term_string}"},"query-input":"required name=search_term_string"}],"inLanguage":"es"}]}},"_links":{"self":[{"href":"https:\/\/www.ull.es\/portal\/wp-json\/wp\/v2\/pages\/1845"}],"collection":[{"href":"https:\/\/www.ull.es\/portal\/wp-json\/wp\/v2\/pages"}],"about":[{"href":"https:\/\/www.ull.es\/portal\/wp-json\/wp\/v2\/types\/page"}],"author":[{"embeddable":true,"href":"https:\/\/www.ull.es\/portal\/wp-json\/wp\/v2\/users\/102"}],"replies":[{"embeddable":true,"href":"https:\/\/www.ull.es\/portal\/wp-json\/wp\/v2\/comments?post=1845"}],"version-history":[{"count":1,"href":"https:\/\/www.ull.es\/portal\/wp-json\/wp\/v2\/pages\/1845\/revisions"}],"predecessor-version":[{"id":1846,"href":"https:\/\/www.ull.es\/portal\/wp-json\/wp\/v2\/pages\/1845\/revisions\/1846"}],"up":[{"embeddable":true,"href":"https:\/\/www.ull.es\/portal\/wp-json\/wp\/v2\/pages\/1519"}],"wp:attachment":[{"href":"https:\/\/www.ull.es\/portal\/wp-json\/wp\/v2\/media?parent=1845"}],"curies":[{"name":"wp","href":"https:\/\/api.w.org\/{rel}","templated":true}]}}