{"id":1878,"date":"2019-07-04T13:12:33","date_gmt":"2019-07-04T13:12:33","guid":{"rendered":"https:\/\/www.ull.es\/servicios\/otri\/?post_type=agustin&#038;p=1878"},"modified":"2019-07-05T08:09:44","modified_gmt":"2019-07-05T08:09:44","slug":"identificacion-de-nuevas-dianas-terapeuticas-y-generacion-de-nuevos-peptidos-neuroprotectores-en-la-enfermedad-de-alzheimer-y-tauopatias-relacionadas","status":"publish","type":"agustin","link":"https:\/\/www.ull.es\/servicios\/otc\/fr\/agustin-betancourt\/identificacion-de-nuevas-dianas-terapeuticas-y-generacion-de-nuevos-peptidos-neuroprotectores-en-la-enfermedad-de-alzheimer-y-tauopatias-relacionadas\/","title":{"rendered":"Identification de nouvelles cibles th\u00e9rapeutiques et g\u00e9n\u00e9ration de nouveaux peptides neuroprotecteurs dans la maladie d&#039;Alzheimer et les tauopathies apparent\u00e9es"},"content":{"rendered":"<h1>Identification de nouvelles cibles th\u00e9rapeutiques et g\u00e9n\u00e9ration de nouveaux peptides neuroprotecteurs dans la maladie d&#039;Alzheimer et les tauopathies apparent\u00e9es<\/h1>La maladie d&#039;Alzheimer (MA) est la principale cause de d\u00e9mence et de d\u00e9clin cognitif dans les pays d\u00e9velopp\u00e9s, et son incidence augmente de fa\u00e7on exponentielle en raison du vieillissement de la population. Les \u00eeles Canaries pourraient pr\u00e9senter une pr\u00e9valence de MA sup\u00e9rieure \u00e0 la moyenne, \u00e9tant donn\u00e9 que leur population est plus expos\u00e9e aux facteurs de risque associ\u00e9s, tels que le diab\u00e8te, l&#039;ob\u00e9sit\u00e9 et l&#039;hypertension. La MA constitue donc un grave probl\u00e8me de sant\u00e9 publique, engendrant des co\u00fbts socio-sanitaires extr\u00eamement \u00e9lev\u00e9s, tant au niveau mondial que pour les \u00eeles, et plus particuli\u00e8rement pour Tenerife, qui compte le plus grand nombre de patients. La MA se caract\u00e9rise par une phase initiale asymptomatique prolong\u00e9e\u00a0; ainsi, lorsqu&#039;elle se manifeste et peut \u00eatre diagnostiqu\u00e9e, la d\u00e9t\u00e9rioration c\u00e9r\u00e9brale est d\u00e9j\u00e0 tr\u00e8s prononc\u00e9e. Il est donc crucial de tenter de ralentir sa progression d\u00e8s les premiers stades. Il a \u00e9t\u00e9 r\u00e9cemment d\u00e9crit que la prot\u00e9ine tau, un acteur cl\u00e9 de la MA, est lib\u00e9r\u00e9e par les neurones et se propage de fa\u00e7on pathologique dans le cerveau, \u00e0 la mani\u00e8re d&#039;un prion, en corr\u00e9lation avec l&#039;apparition du d\u00e9clin cognitif. Par cons\u00e9quent, bloquer la lib\u00e9ration de la prot\u00e9ine tau par les neurones pourrait stopper la progression de la maladie \u00e0 ses d\u00e9buts. L&#039;objectif de ce projet est d&#039;identifier de nouvelles cibles th\u00e9rapeutiques et de d\u00e9velopper de nouveaux m\u00e9dicaments potentiels pour le traitement pr\u00e9coce de la maladie d&#039;Alzheimer et des d\u00e9mences apparent\u00e9es. \u00c0 cette fin, nous nous sommes appuy\u00e9s sur nos travaux ant\u00e9rieurs montrant que les prot\u00e9ines EB interagissent avec la prot\u00e9ine tau et pourraient r\u00e9guler sa lib\u00e9ration. Nos efforts se concentrent principalement sur la recherche de mol\u00e9cules (par exemple, des peptides) qui, en modulant l&#039;interaction tau\/EB, r\u00e9duisent la lib\u00e9ration de la prot\u00e9ine tau et ralentissent ainsi la progression de la maladie d&#039;Alzheimer.<hr><h3>\u00c9quipe ULL<\/h3><ul><li><a href='https:\/\/www.ull.es\/servicios\/otc\/fr\/directorio\/search\/?busqueda=C\u00e1rmen Laura Sayas Casanova' target='_blank'>Carmen Laura Sayas Casanova<\/a><\/li><li><a href='https:\/\/www.ull.es\/servicios\/otc\/fr\/directorio\/search\/?busqueda=N\u00e9stor Vicente Torres Darias' target='_blank'>Nestor Vicente Torres Darias<\/a><\/li><\/ul>","protected":false},"featured_media":0,"template":"","inventor":[405],"cotitulares":[400],"areas-agustin":[440],"convocatoria-agustin":[435],"class_list":["post-1878","agustin","type-agustin","status-publish","hentry","inventor-carmen-laura-sayas-casanova","cotitulares-zurco-research-s-l","areas-agustin-biotecnologia-biomedicina-y-salud","convocatoria-agustin-435","palabras-clave-enfermedad-de-alzheimer-ea","palabras-clave-neurodegeneracion","palabras-clave-nuevas-dianas-terapeuticas","palabras-clave-nuevos-peptidos-neuroprotectores"],"acf":[],"_links":{"self":[{"href":"https:\/\/www.ull.es\/servicios\/otc\/fr\/wp-json\/wp\/v2\/agustin\/1878","targetHints":{"allow":["GET"]}}],"collection":[{"href":"https:\/\/www.ull.es\/servicios\/otc\/fr\/wp-json\/wp\/v2\/agustin"}],"about":[{"href":"https:\/\/www.ull.es\/servicios\/otc\/fr\/wp-json\/wp\/v2\/types\/agustin"}],"version-history":[{"count":1,"href":"https:\/\/www.ull.es\/servicios\/otc\/fr\/wp-json\/wp\/v2\/agustin\/1878\/revisions"}],"predecessor-version":[{"id":1879,"href":"https:\/\/www.ull.es\/servicios\/otc\/fr\/wp-json\/wp\/v2\/agustin\/1878\/revisions\/1879"}],"wp:attachment":[{"href":"https:\/\/www.ull.es\/servicios\/otc\/fr\/wp-json\/wp\/v2\/media?parent=1878"}],"wp:term":[{"taxonomy":"inventor","embeddable":true,"href":"https:\/\/www.ull.es\/servicios\/otc\/fr\/wp-json\/wp\/v2\/inventor?post=1878"},{"taxonomy":"cotitulares","embeddable":true,"href":"https:\/\/www.ull.es\/servicios\/otc\/fr\/wp-json\/wp\/v2\/cotitulares?post=1878"},{"taxonomy":"areas-agustin","embeddable":true,"href":"https:\/\/www.ull.es\/servicios\/otc\/fr\/wp-json\/wp\/v2\/areas-agustin?post=1878"},{"taxonomy":"convocatoria-agustin","embeddable":true,"href":"https:\/\/www.ull.es\/servicios\/otc\/fr\/wp-json\/wp\/v2\/convocatoria-agustin?post=1878"}],"curies":[{"name":"wp","href":"https:\/\/api.w.org\/{rel}","templated":true}]}}