{"id":2272,"date":"2021-06-07T10:58:01","date_gmt":"2021-06-07T10:58:01","guid":{"rendered":"https:\/\/www.ull.es\/servicios\/otri\/?post_type=agustin&#038;p=2272"},"modified":"2021-06-07T10:59:20","modified_gmt":"2021-06-07T10:59:20","slug":"anklocam","status":"publish","type":"agustin","link":"https:\/\/www.ull.es\/servicios\/otc\/fr\/agustin-betancourt\/anklocam\/","title":{"rendered":"Obtention de mini-anticorps pour la d\u00e9tection de la prot\u00e9ine Klotho par immunisation de dromadaires (Camelus dromedarius) aux \u00eeles Canaries (AnKloCam)"},"content":{"rendered":"<h1>D\u00e9veloppement d&#039;un syst\u00e8me de neuror\u00e9habilitation bas\u00e9 sur la stimulation corticale utilisant le contr\u00f4le virtuel des membres par suivi oculaire (NRET)<\/h1>L\u2019objectif est de d\u00e9velopper un syst\u00e8me de neuror\u00e9habilitation et de v\u00e9rifier que son utilisation induit des modifications de la plasticit\u00e9 c\u00e9r\u00e9brale, entra\u00eenant une am\u00e9lioration des fonctions motrices chez les patients c\u00e9r\u00e9bro-l\u00e9s\u00e9s. Le syst\u00e8me \u00e0 transf\u00e9rer consistera en un environnement interactif en ligne dans lequel le patient contr\u00f4lera des \u00e9l\u00e9ments virtuels par le mouvement des yeux gr\u00e2ce \u00e0 un syst\u00e8me de suivi oculaire.<hr><h3>\u00c9quipe ULL<\/h3><ul><li><a href='https:\/\/www.ull.es\/servicios\/otc\/fr\/directorio\/search\/?busqueda=Rebeca Villarroel Ram\u00edrez' target='_blank'>Rebeca Villarroel Ram\u00edrez<\/a><\/li><li><a href='https:\/\/www.ull.es\/servicios\/otc\/fr\/directorio\/search\/?busqueda=Sergio El\u00edas Hern\u00e1ndez Alonso' target='_blank'>Sergio Elias Hern\u00e1ndez Alonso<\/a><\/li><li><a href='https:\/\/www.ull.es\/servicios\/otc\/fr\/directorio\/search\/?busqueda=Consuelo Revert Giron\u00e9s' target='_blank'>Consuelo Revert Giron\u00e9s<\/a><\/li><li><a href='https:\/\/www.ull.es\/servicios\/otc\/fr\/directorio\/search\/?busqueda=Cristi\u00e1n Modro\u00f1o Pascual' target='_blank'>Cristian Modro\u00f1o Pascual<\/a><\/li><li><a href='https:\/\/www.ull.es\/servicios\/otc\/fr\/directorio\/search\/?busqueda=David D\u00edaz Mart\u00edn' target='_blank'>David D\u00edaz Mart\u00edn<\/a><\/li><li><a href='https:\/\/www.ull.es\/servicios\/otc\/fr\/directorio\/search\/?busqueda=Julio Plata Bello' target='_blank'>Julio Plata Bello<\/a><\/li><li><a href='https:\/\/www.ull.es\/servicios\/otc\/fr\/directorio\/search\/?busqueda=Jos\u00e9 Luis Gonz\u00e1lez Mora' target='_blank'>Jos\u00e9 Luis Gonz\u00e1lez Mora<\/a><\/li><\/ul>","protected":false},"featured_media":0,"template":"","inventor":[706],"cotitulares":[160],"areas-agustin":[440],"convocatoria-agustin":[632],"class_list":["post-2272","agustin","type-agustin","status-publish","hentry","inventor-victor-garcia-tagua","cotitulares-centro-atlantico-del-medicamento-ceamed","areas-agustin-biotecnologia-biomedicina-y-salud","convocatoria-agustin-632","palabras-clave-camelidos","palabras-clave-inmunologia","palabras-clave-klotho","palabras-clave-minianticuerpos","palabras-clave-nanoanticuerpos"],"acf":[],"_links":{"self":[{"href":"https:\/\/www.ull.es\/servicios\/otc\/fr\/wp-json\/wp\/v2\/agustin\/2272","targetHints":{"allow":["GET"]}}],"collection":[{"href":"https:\/\/www.ull.es\/servicios\/otc\/fr\/wp-json\/wp\/v2\/agustin"}],"about":[{"href":"https:\/\/www.ull.es\/servicios\/otc\/fr\/wp-json\/wp\/v2\/types\/agustin"}],"version-history":[{"count":1,"href":"https:\/\/www.ull.es\/servicios\/otc\/fr\/wp-json\/wp\/v2\/agustin\/2272\/revisions"}],"predecessor-version":[{"id":2273,"href":"https:\/\/www.ull.es\/servicios\/otc\/fr\/wp-json\/wp\/v2\/agustin\/2272\/revisions\/2273"}],"wp:attachment":[{"href":"https:\/\/www.ull.es\/servicios\/otc\/fr\/wp-json\/wp\/v2\/media?parent=2272"}],"wp:term":[{"taxonomy":"inventor","embeddable":true,"href":"https:\/\/www.ull.es\/servicios\/otc\/fr\/wp-json\/wp\/v2\/inventor?post=2272"},{"taxonomy":"cotitulares","embeddable":true,"href":"https:\/\/www.ull.es\/servicios\/otc\/fr\/wp-json\/wp\/v2\/cotitulares?post=2272"},{"taxonomy":"areas-agustin","embeddable":true,"href":"https:\/\/www.ull.es\/servicios\/otc\/fr\/wp-json\/wp\/v2\/areas-agustin?post=2272"},{"taxonomy":"convocatoria-agustin","embeddable":true,"href":"https:\/\/www.ull.es\/servicios\/otc\/fr\/wp-json\/wp\/v2\/convocatoria-agustin?post=2272"}],"curies":[{"name":"wp","href":"https:\/\/api.w.org\/{rel}","templated":true}]}}