{"id":2,"date":"2018-01-16T13:47:44","date_gmt":"2018-01-16T13:47:44","guid":{"rendered":"https:\/\/www.ull.es\/servicios\/rrhh\/?page_id=2"},"modified":"2026-03-12T14:48:32","modified_gmt":"2026-03-12T14:48:32","slug":"inicio","status":"publish","type":"page","link":"https:\/\/www.ull.es\/servicios\/rrhh\/fr\/","title":{"rendered":"D\u00e9partement des ressources humaines"},"content":{"rendered":"<div class=\"wp-block-stackable-columns alignfull stk-block-columns stk-block stk-16a94b8\" data-block-id=\"16a94b8\"><style>.stk-16a94b8 {margin-bottom:56px !important;}@media screen and (max-width: 767px){.stk-16a94b8 {padding-top:0px !important;padding-right:0px !important;padding-bottom:0px !important;padding-left:0px !important;}}<\/style><div class=\"stk-row stk-inner-blocks stk-block-content stk-content-align stk-16a94b8-column alignfull\">\n<div class=\"wp-block-stackable-column stk-block-column stk-column stk-block stk-dfe9b01 stk-block-background stk--has-background-overlay\" data-v=\"4\" data-block-id=\"dfe9b01\"><style>.stk-dfe9b01 {background-image:url(https:\/\/www.ull.es\/servicios\/rrhh\/wp-content\/uploads\/sites\/4\/2018\/01\/cropped-imagen-servicio-11.jpg) !important;}.stk-dfe9b01:before{background-color:#000000 !important;opacity:0.3 !important;}@media screen and (max-width: 767px){.stk-dfe9b01 {padding-top:0px !important;padding-right:0px !important;padding-bottom:0px !important;padding-left:0px !important;}.stk-dfe9b01-container{min-height:320px !important;}}<\/style><div class=\"stk-column-wrapper stk-block-column__content stk-container stk-dfe9b01-container stk--no-background stk--no-padding\"><div class=\"stk-block-content stk-inner-blocks stk-dfe9b01-inner-blocks\">\n<div class=\"wp-block-stackable-columns alignfull stk-block-columns stk-block stk-3bf239f\" data-block-id=\"3bf239f\"><style>@media screen and (max-width: 1023px){.stk-3bf239f {padding-left:0px !important;}}<\/style><div class=\"stk-row stk-inner-blocks stk-block-content stk-content-align stk-3bf239f-column alignfull\">\n<div class=\"wp-block-stackable-column stk-block-column stk-column stk-block stk-f66584c\" data-v=\"4\" data-block-id=\"f66584c\"><div class=\"stk-column-wrapper stk-block-column__content stk-container stk-f66584c-container stk--no-background stk--no-padding\"><div class=\"stk-block-content stk-inner-blocks stk-f66584c-inner-blocks\">\n<div class=\"wp-block-stackable-heading stk-block-heading stk-block-heading--v2 stk-block stk-1bb54e9\" id=\"servicio-de-recursos-humanos\" data-block-id=\"1bb54e9\"><style>.stk-1bb54e9 {padding-top:110px !important;padding-right:25px !important;padding-bottom:75px !important;padding-left:420px !important;}.stk-1bb54e9 .stk-block-heading__text{font-size:35px !important;color:#ffffff !important;font-weight:400 !important;}@media screen and (max-width: 1023px){.stk-1bb54e9 {padding-left:55px !important;}.stk-1bb54e9 .stk-block-heading__text{font-size:35px !important;}}@media screen and (max-width: 767px){.stk-1bb54e9 {padding-right:75px !important;padding-left:25px !important;}.stk-1bb54e9 .stk-block-heading__text{font-size:33px !important;}}<\/style><h2 class=\"stk-block-heading__text has-text-color has-text-align-left has-text-align-left-tablet has-text-align-left-mobile\">D\u00e9partement des ressources humaines<\/h2><\/div>\n<\/div><\/div><\/div>\n<\/div><\/div>\n<\/div><\/div><\/div>\n<\/div><\/div>\n\n\n\n<div class=\"wp-block-stackable-columns alignwide stk-block-columns stk-block stk-18f88b2\" data-block-id=\"18f88b2\"><style>.stk-18f88b2 {padding-right:16% !important;padding-left:16% !important;}@media screen and (max-width: 767px){.stk-18f88b2 {padding-right:0% !important;padding-left:0% !important;margin-top:0% !important;}}<\/style><div class=\"stk-row stk-inner-blocks stk-block-content stk-content-align stk-18f88b2-column alignwide\">\n<div class=\"wp-block-stackable-column stk-block-column stk-column stk-block stk-e804753 stk-block-background\" data-v=\"4\" data-block-id=\"e804753\"><style>.stk-e804753 {background-color:#fffffe !important;}.stk-e804753:before{background-color:#fffffe !important;}<\/style><div class=\"stk-column-wrapper stk-block-column__content stk-container stk-e804753-container stk--no-background stk--no-padding\"><div class=\"stk-block-content stk-inner-blocks stk-e804753-inner-blocks\">\n<div class=\"wp-block-stackable-text stk-block-text stk-block stk-76054cb\" data-block-id=\"76054cb\"><p class=\"stk-block-text__text\">Le service des ressources humaines est une unit\u00e9 organisationnelle horizontale de cette universit\u00e9. Plac\u00e9 sous l&#039;autorit\u00e9 du directeur-coordinateur du p\u00f4le Ressources humaines, R\u00e8glement int\u00e9rieur, Formation et Qualit\u00e9, il est charg\u00e9 du traitement de toutes les questions relatives aux employ\u00e9s de l&#039;universit\u00e9, qu&#039;il s&#039;agisse du personnel administratif et de services, du personnel enseignant et de recherche, fonctionnaires ou contractuels, depuis le processus de s\u00e9lection pr\u00e9alable \u00e0 l&#039;embauche jusqu&#039;\u00e0 la cessation de leur contrat de travail.<\/p><\/div>\n<\/div><\/div><\/div>\n<\/div><\/div>\n\n\n\n<div class=\"wp-block-stackable-columns stk-block-columns stk-block stk-82fea45\" data-block-id=\"82fea45\"><div class=\"stk-row stk-inner-blocks stk-block-content stk-content-align stk-82fea45-column\">\n<div class=\"wp-block-stackable-column stk-block-column stk-column stk-block stk-a8e0640\" data-v=\"4\" data-block-id=\"a8e0640\"><div class=\"stk-column-wrapper stk-block-column__content stk-container stk-a8e0640-container stk--no-background stk--no-padding\"><div class=\"stk-block-content stk-inner-blocks stk-a8e0640-inner-blocks\">\n<div class=\"wp-block-stackable-icon-label stk-block-icon-label stk-block stk-9670f56 stk-block-background\" data-block-id=\"9670f56\"><style>.stk-9670f56 {background-color:#eeeeef !important;padding-top:10px !important;padding-right:10px !important;padding-bottom:10px !important;padding-left:10px !important;margin-bottom:10px !important;}.stk-9670f56:before{background-color:#eeeeef !important;}<\/style><div class=\"stk-row stk-inner-blocks stk-block-content\">\n<div class=\"wp-block-stackable-heading stk-block-heading stk-block-heading--v2 stk-block stk-ba00088\" id=\"a-href-https-www.ull.es-servicios-rrhh-inicio-negociado-nominas-data-type-page-data-id-29-span-style-color-000000-class-stk-highlight-negociado-de-nominas-span-a\" data-block-id=\"ba00088\"><style>.stk-ba00088 .stk-block-heading__text:hover{color:#ffffff !important;}<\/style><p class=\"stk-block-heading__text\"><a href=\"https:\/\/www.ull.es\/servicios\/rrhh\/fr\/inicio\/negociado-nominas\/\" data-type=\"page\" data-id=\"29\" target=\"_blank\" rel=\"noopener\"><span style=\"color: #000000;\" class=\"stk-highlight\">Service de la paie<\/span><\/a><\/p><\/div>\n\n\n\n<div class=\"wp-block-stackable-icon stk-block-icon has-text-align-left stk-block stk-a8bfbed\" data-block-id=\"a8bfbed\"><style>.stk-a8bfbed .stk--svg-wrapper .stk--inner-svg svg:last-child{height:20px !important;width:20px !important;}.stk-a8bfbed .stk--svg-wrapper .stk--inner-svg svg:last-child, .stk-a8bfbed .stk--svg-wrapper .stk--inner-svg svg:last-child :is(g, path, rect, polygon, ellipse){fill:#333333 !important;}.stk-a8bfbed .stk--svg-wrapper:hover .stk--inner-svg svg:last-child, .stk-a8bfbed .stk--svg-wrapper:hover .stk--inner-svg svg:last-child :is(g, path, rect, polygon, ellipse){fill:#fffffe !important;}<\/style><span class=\"stk--svg-wrapper\"><div class=\"stk--inner-svg\"><svg style=\"height:0;width:0\"><defs><lineargradient id=\"linear-gradient-a8bfbed\" x1=\"0\" x2=\"100%\" y1=\"0\" y2=\"0\"><stop offset=\"0%\" style=\"stop-opacity:1;stop-color:var(--linear-gradient-a-8-bfbed-color-1)\"><\/stop><stop offset=\"100%\" style=\"stop-opacity:1;stop-color:var(--linear-gradient-a-8-bfbed-color-2)\"><\/stop><\/lineargradient><\/defs><\/svg><svg xmlns=\"http:\/\/www.w3.org\/2000\/svg\" viewbox=\"0 0 320 512\" aria-hidden=\"true\" width=\"32\" height=\"32\"><path d=\"M310.6 233.4c12.5 12.5 12.5 32.8 0 45.3l-192 192c-12.5 12.5-32.8 12.5-45.3 0s-12.5-32.8 0-45.3L242.7 256 73.4 86.6c-12.5-12.5-12.5-32.8 0-45.3s32.8-12.5 45.3 0l192 192z\"\/><\/svg><\/div><\/span><\/div>\n<\/div><\/div>\n\n\n\n<div class=\"wp-block-stackable-icon-label stk-block-icon-label stk-block stk-67bf096 stk-block-background\" data-block-id=\"67bf096\"><style>.stk-67bf096 {background-color:#eeeeef !important;padding-top:10px !important;padding-right:10px !important;padding-bottom:10px !important;padding-left:10px !important;margin-bottom:10px !important;}.stk-67bf096:before{background-color:#eeeeef !important;}<\/style><div class=\"stk-row stk-inner-blocks stk-block-content\">\n<div class=\"wp-block-stackable-heading stk-block-heading stk-block-heading--v2 stk-block stk-d21270d\" id=\"a-href-https-www.ull.es-servicios-rrhh-inicio-negociado-de-recursos-docentes-coordinacion-departamentos-data-type-page-data-id-115-span-style-color-0-f-0-e-17-class-stk-highlight-negociado-de-recursos-docentes-y-coordinacion-de-departamentos-span-a\" data-block-id=\"d21270d\"><style>.stk-d21270d .stk-block-heading__text:hover{color:#fffffe !important;}<\/style><p class=\"stk-block-heading__text\"><a href=\"https:\/\/www.ull.es\/servicios\/rrhh\/fr\/inicio\/negociado-de-recursos-docentes-coordinacion-departamentos\/\" data-type=\"page\" data-id=\"115\" target=\"_blank\" rel=\"noopener\"><span style=\"color: #0f0e17;\" class=\"stk-highlight\">Bureau des ressources p\u00e9dagogiques et coordination du d\u00e9partement<\/span><\/a><\/p><\/div>\n\n\n\n<div class=\"wp-block-stackable-icon stk-block-icon has-text-align-left stk-block stk-062edae\" data-block-id=\"062edae\"><style>.stk-062edae .stk--svg-wrapper .stk--inner-svg svg:last-child{height:20px !important;width:20px !important;}.stk-062edae .stk--svg-wrapper .stk--inner-svg svg:last-child, .stk-062edae .stk--svg-wrapper .stk--inner-svg svg:last-child :is(g, path, rect, polygon, ellipse){fill:#333333 !important;}.stk-062edae .stk--svg-wrapper:hover .stk--inner-svg svg:last-child, .stk-062edae .stk--svg-wrapper:hover .stk--inner-svg svg:last-child :is(g, path, rect, polygon, ellipse){fill:#fffffe !important;}<\/style><span class=\"stk--svg-wrapper\"><div class=\"stk--inner-svg\"><svg style=\"height:0;width:0\"><defs><lineargradient id=\"linear-gradient-062edae\" x1=\"0\" x2=\"100%\" y1=\"0\" y2=\"0\"><stop offset=\"0%\" style=\"stop-opacity:1;stop-color:var(--linear-gradient-062-edae-color-1)\"><\/stop><stop offset=\"100%\" style=\"stop-opacity:1;stop-color:var(--linear-gradient-062-edae-color-2)\"><\/stop><\/lineargradient><\/defs><\/svg><svg xmlns=\"http:\/\/www.w3.org\/2000\/svg\" viewbox=\"0 0 320 512\" aria-hidden=\"true\" width=\"32\" height=\"32\"><path d=\"M310.6 233.4c12.5 12.5 12.5 32.8 0 45.3l-192 192c-12.5 12.5-32.8 12.5-45.3 0s-12.5-32.8 0-45.3L242.7 256 73.4 86.6c-12.5-12.5-12.5-32.8 0-45.3s32.8-12.5 45.3 0l192 192z\"\/><\/svg><\/div><\/span><\/div>\n<\/div><\/div>\n\n\n\n<div class=\"wp-block-stackable-icon-label stk-block-icon-label stk-block stk-7c84abf stk-block-background\" data-block-id=\"7c84abf\"><style>.stk-7c84abf {background-color:#eeeeef !important;padding-top:10px !important;padding-right:10px !important;padding-bottom:10px !important;padding-left:10px !important;margin-bottom:10px !important;}.stk-7c84abf:before{background-color:#eeeeef !important;}<\/style><div class=\"stk-row stk-inner-blocks stk-block-content\">\n<div class=\"wp-block-stackable-heading stk-block-heading stk-block-heading--v2 stk-block stk-f2c8d14\" id=\"a-href-https-www.ull.es-servicios-rrhh-inicio-negociado-pas-funcionario-data-type-page-data-id-23-span-style-color-0-f-0-e-17-class-stk-highlight-negociado-de-pas-funcionario-span-a\" data-block-id=\"f2c8d14\"><style>.stk-f2c8d14 .stk-block-heading__text:hover{color:#fffffe !important;}<\/style><p class=\"stk-block-heading__text\"><a href=\"https:\/\/www.ull.es\/servicios\/rrhh\/fr\/inicio\/negociado-pas-funcionario\/\" data-type=\"page\" data-id=\"23\" target=\"_blank\" rel=\"noopener\"><span style=\"color: #0f0e17;\" class=\"stk-highlight\">Bureau du personnel administratif et de service<\/span><\/a><\/p><\/div>\n\n\n\n<div class=\"wp-block-stackable-icon stk-block-icon has-text-align-left stk-block stk-3bc6f99\" data-block-id=\"3bc6f99\"><style>.stk-3bc6f99 .stk--svg-wrapper .stk--inner-svg svg:last-child{height:20px !important;width:20px !important;}.stk-3bc6f99 .stk--svg-wrapper .stk--inner-svg svg:last-child, .stk-3bc6f99 .stk--svg-wrapper .stk--inner-svg svg:last-child :is(g, path, rect, polygon, ellipse){fill:#333333 !important;}.stk-3bc6f99 .stk--svg-wrapper:hover .stk--inner-svg svg:last-child, .stk-3bc6f99 .stk--svg-wrapper:hover .stk--inner-svg svg:last-child :is(g, path, rect, polygon, ellipse){fill:#fffffe !important;}<\/style><span class=\"stk--svg-wrapper\"><div class=\"stk--inner-svg\"><svg style=\"height:0;width:0\"><defs><lineargradient id=\"linear-gradient-3bc6f99\" x1=\"0\" x2=\"100%\" y1=\"0\" y2=\"0\"><stop offset=\"0%\" style=\"stop-opacity:1;stop-color:var(--linear-gradient-3-bc-6-f-99-color-1)\"><\/stop><stop offset=\"100%\" style=\"stop-opacity:1;stop-color:var(--linear-gradient-3-bc-6-f-99-color-2)\"><\/stop><\/lineargradient><\/defs><\/svg><svg xmlns=\"http:\/\/www.w3.org\/2000\/svg\" viewbox=\"0 0 320 512\" aria-hidden=\"true\" width=\"32\" height=\"32\"><path d=\"M310.6 233.4c12.5 12.5 12.5 32.8 0 45.3l-192 192c-12.5 12.5-32.8 12.5-45.3 0s-12.5-32.8 0-45.3L242.7 256 73.4 86.6c-12.5-12.5-12.5-32.8 0-45.3s32.8-12.5 45.3 0l192 192z\"\/><\/svg><\/div><\/span><\/div>\n<\/div><\/div>\n\n\n\n<div class=\"wp-block-stackable-icon-label stk-block-icon-label stk-block stk-0418fb9 stk-block-background\" data-block-id=\"0418fb9\"><style>.stk-0418fb9 {background-color:#eeeeef !important;padding-top:10px !important;padding-right:10px !important;padding-bottom:10px !important;padding-left:10px !important;}.stk-0418fb9:before{background-color:#eeeeef !important;}<\/style><div class=\"stk-row stk-inner-blocks stk-block-content\">\n<div class=\"wp-block-stackable-heading stk-block-heading stk-block-heading--v2 stk-block stk-eb7b287\" id=\"a-href-https-www.ull.es-servicios-rrhh-inicio-negociado-pas-laboral-data-type-page-data-id-27-span-style-color-0-f-0-e-17-class-stk-highlight-negociado-de-pas-laboral-span-a\" data-block-id=\"eb7b287\"><style>.stk-eb7b287 .stk-block-heading__text:hover{color:#fffffe !important;}<\/style><p class=\"stk-block-heading__text\"><a href=\"https:\/\/www.ull.es\/servicios\/rrhh\/fr\/inicio\/negociado-pas-laboral\/\" data-type=\"page\" data-id=\"27\" target=\"_blank\" rel=\"noopener\"><span style=\"color: #0f0e17;\" class=\"stk-highlight\">Bureau du personnel administratif et de service<\/span><\/a><\/p><\/div>\n\n\n\n<div class=\"wp-block-stackable-icon stk-block-icon has-text-align-left stk-block stk-aef479c\" data-block-id=\"aef479c\"><style>.stk-aef479c .stk--svg-wrapper .stk--inner-svg svg:last-child{height:20px !important;width:20px !important;}.stk-aef479c .stk--svg-wrapper .stk--inner-svg svg:last-child, .stk-aef479c .stk--svg-wrapper .stk--inner-svg svg:last-child :is(g, path, rect, polygon, ellipse){fill:#333333 !important;}.stk-aef479c .stk--svg-wrapper:hover .stk--inner-svg svg:last-child, .stk-aef479c .stk--svg-wrapper:hover .stk--inner-svg svg:last-child :is(g, path, rect, polygon, ellipse){fill:#fffffe !important;}<\/style><span class=\"stk--svg-wrapper\"><div class=\"stk--inner-svg\"><svg style=\"height:0;width:0\"><defs><lineargradient id=\"linear-gradient-aef479c\" x1=\"0\" x2=\"100%\" y1=\"0\" y2=\"0\"><stop offset=\"0%\" style=\"stop-opacity:1;stop-color:var(--linear-gradient-aef-479-c-color-1)\"><\/stop><stop offset=\"100%\" style=\"stop-opacity:1;stop-color:var(--linear-gradient-aef-479-c-color-2)\"><\/stop><\/lineargradient><\/defs><\/svg><svg xmlns=\"http:\/\/www.w3.org\/2000\/svg\" viewbox=\"0 0 320 512\" aria-hidden=\"true\" width=\"32\" height=\"32\"><path d=\"M310.6 233.4c12.5 12.5 12.5 32.8 0 45.3l-192 192c-12.5 12.5-32.8 12.5-45.3 0s-12.5-32.8 0-45.3L242.7 256 73.4 86.6c-12.5-12.5-12.5-32.8 0-45.3s32.8-12.5 45.3 0l192 192z\"\/><\/svg><\/div><\/span><\/div>\n<\/div><\/div>\n<\/div><\/div><\/div>\n\n\n\n<div class=\"wp-block-stackable-column stk-block-column stk-column stk-block stk-c0a4fc3\" data-v=\"4\" data-block-id=\"c0a4fc3\"><div class=\"stk-column-wrapper stk-block-column__content stk-container stk-c0a4fc3-container stk--no-background stk--no-padding\"><div class=\"stk-block-content stk-inner-blocks stk-c0a4fc3-inner-blocks\">\n<div class=\"wp-block-stackable-icon-label stk-block-icon-label stk-block stk-18d830b stk-block-background\" data-block-id=\"18d830b\"><style>.stk-18d830b {background-color:#eeeeef !important;padding-top:10px !important;padding-right:10px !important;padding-bottom:10px !important;padding-left:10px !important;margin-bottom:10px !important;}.stk-18d830b:before{background-color:#eeeeef !important;}<\/style><div class=\"stk-row stk-inner-blocks stk-block-content\">\n<div class=\"wp-block-stackable-heading stk-block-heading stk-block-heading--v2 stk-block stk-042eece\" id=\"a-href-https-www.ull.es-servicios-rrhh-inicio-negociado-de-personal-docente-e-investigador-funcionario-data-type-page-data-id-108-span-style-color-0-f-0-e-17-class-stk-highlight-negociado-de-personal-docente-e-investigador-funcionario-span-a\" data-block-id=\"042eece\"><style>.stk-042eece .stk-block-heading__text:hover{color:#ffffff !important;}<\/style><p class=\"stk-block-heading__text\"><a href=\"https:\/\/www.ull.es\/servicios\/rrhh\/fr\/inicio\/negociado-de-personal-docente-e-investigador-funcionario\/\" data-type=\"page\" data-id=\"108\" target=\"_blank\" rel=\"noopener\"><span style=\"color: #0f0e17;\" class=\"stk-highlight\">Personnel enseignant et de recherche<\/span><\/a><\/p><\/div>\n\n\n\n<div class=\"wp-block-stackable-icon stk-block-icon has-text-align-left stk-block stk-051909c\" data-block-id=\"051909c\"><style>.stk-051909c .stk--svg-wrapper .stk--inner-svg svg:last-child{height:20px !important;width:20px !important;}.stk-051909c .stk--svg-wrapper .stk--inner-svg svg:last-child, .stk-051909c .stk--svg-wrapper .stk--inner-svg svg:last-child :is(g, path, rect, polygon, ellipse){fill:#333333 !important;}.stk-051909c .stk--svg-wrapper:hover .stk--inner-svg svg:last-child, .stk-051909c .stk--svg-wrapper:hover .stk--inner-svg svg:last-child :is(g, path, rect, polygon, ellipse){fill:#fffffe !important;}<\/style><span class=\"stk--svg-wrapper\"><div class=\"stk--inner-svg\"><svg style=\"height:0;width:0\"><defs><lineargradient id=\"linear-gradient-051909c\" x1=\"0\" x2=\"100%\" y1=\"0\" y2=\"0\"><stop offset=\"0%\" style=\"stop-opacity:1;stop-color:var(--linear-gradient-051909-c-color-1)\"><\/stop><stop offset=\"100%\" style=\"stop-opacity:1;stop-color:var(--linear-gradient-051909-c-color-2)\"><\/stop><\/lineargradient><\/defs><\/svg><svg xmlns=\"http:\/\/www.w3.org\/2000\/svg\" viewbox=\"0 0 320 512\" aria-hidden=\"true\" width=\"32\" height=\"32\"><path d=\"M310.6 233.4c12.5 12.5 12.5 32.8 0 45.3l-192 192c-12.5 12.5-32.8 12.5-45.3 0s-12.5-32.8 0-45.3L242.7 256 73.4 86.6c-12.5-12.5-12.5-32.8 0-45.3s32.8-12.5 45.3 0l192 192z\"\/><\/svg><\/div><\/span><\/div>\n<\/div><\/div>\n\n\n\n<div class=\"wp-block-stackable-icon-label stk-block-icon-label stk-block stk-90407d6 stk-block-background\" data-block-id=\"90407d6\"><style>.stk-90407d6 {background-color:#eeeeef !important;padding-top:10px !important;padding-right:10px !important;padding-bottom:10px !important;padding-left:10px !important;margin-bottom:10px !important;}.stk-90407d6:before{background-color:#eeeeef !important;}<\/style><div class=\"stk-row stk-inner-blocks stk-block-content\">\n<div class=\"wp-block-stackable-heading stk-block-heading stk-block-heading--v2 stk-block stk-9831b7b\" id=\"a-href-https-www.ull.es-servicios-rrhh-inicio-negociado-de-personal-docente-e-investigador-laboral-data-type-page-data-id-105-span-style-color-0-f-0-e-17-class-stk-highlight-negociado-de-personal-docente-e-investigador-laboral-span-a\" data-block-id=\"9831b7b\"><style>.stk-9831b7b .stk-block-heading__text:hover{color:#fffffe !important;}<\/style><p class=\"stk-block-heading__text\"><a href=\"https:\/\/www.ull.es\/servicios\/rrhh\/fr\/inicio\/negociado-de-personal-docente-e-investigador-laboral\/\" data-type=\"page\" data-id=\"105\" target=\"_blank\" rel=\"noopener\"><span style=\"color: #0f0e17;\" class=\"stk-highlight\">Personnel enseignant et de recherche<\/span><\/a><\/p><\/div>\n\n\n\n<div class=\"wp-block-stackable-icon stk-block-icon has-text-align-left stk-block stk-53fc260\" data-block-id=\"53fc260\"><style>.stk-53fc260 .stk--svg-wrapper .stk--inner-svg svg:last-child{height:20px !important;width:20px !important;}.stk-53fc260 .stk--svg-wrapper .stk--inner-svg svg:last-child, .stk-53fc260 .stk--svg-wrapper .stk--inner-svg svg:last-child :is(g, path, rect, polygon, ellipse){fill:#333333 !important;}.stk-53fc260 .stk--svg-wrapper:hover .stk--inner-svg svg:last-child, .stk-53fc260 .stk--svg-wrapper:hover .stk--inner-svg svg:last-child :is(g, path, rect, polygon, ellipse){fill:#fffffe !important;}<\/style><span class=\"stk--svg-wrapper\"><div class=\"stk--inner-svg\"><svg style=\"height:0;width:0\"><defs><lineargradient id=\"linear-gradient-53fc260\" x1=\"0\" x2=\"100%\" y1=\"0\" y2=\"0\"><stop offset=\"0%\" style=\"stop-opacity:1;stop-color:var(--linear-gradient-53-fc-260-color-1)\"><\/stop><stop offset=\"100%\" style=\"stop-opacity:1;stop-color:var(--linear-gradient-53-fc-260-color-2)\"><\/stop><\/lineargradient><\/defs><\/svg><svg xmlns=\"http:\/\/www.w3.org\/2000\/svg\" viewbox=\"0 0 320 512\" aria-hidden=\"true\" width=\"32\" height=\"32\"><path d=\"M310.6 233.4c12.5 12.5 12.5 32.8 0 45.3l-192 192c-12.5 12.5-32.8 12.5-45.3 0s-12.5-32.8 0-45.3L242.7 256 73.4 86.6c-12.5-12.5-12.5-32.8 0-45.3s32.8-12.5 45.3 0l192 192z\"\/><\/svg><\/div><\/span><\/div>\n<\/div><\/div>\n\n\n\n<div class=\"wp-block-stackable-icon-label stk-block-icon-label stk-block stk-73ff7f9 stk-block-background\" data-block-id=\"73ff7f9\"><style>.stk-73ff7f9 {background-color:#eeeeef !important;padding-top:10px !important;padding-right:10px !important;padding-bottom:10px !important;padding-left:10px !important;margin-bottom:10px !important;}.stk-73ff7f9:before{background-color:#eeeeef !important;}<\/style><div class=\"stk-row stk-inner-blocks stk-block-content\">\n<div class=\"wp-block-stackable-heading stk-block-heading stk-block-heading--v2 stk-block stk-903dfa9\" id=\"a-href-https-www.ull.es-servicios-rrhh-inicio-negociado-seguridad-social-data-type-page-data-id-32-span-style-color-0-f-0-e-17-class-stk-highlight-negociado-de-seguridad-social-span-a\" data-block-id=\"903dfa9\"><style>.stk-903dfa9 .stk-block-heading__text:hover{color:#fffffe !important;}<\/style><p class=\"stk-block-heading__text\"><a href=\"https:\/\/www.ull.es\/servicios\/rrhh\/fr\/inicio\/negociado-seguridad-social\/\" data-type=\"page\" data-id=\"32\" target=\"_blank\" rel=\"noopener\"><span style=\"color: #0f0e17;\" class=\"stk-highlight\">Bureau de la s\u00e9curit\u00e9 sociale<\/span><\/a><\/p><\/div>\n\n\n\n<div class=\"wp-block-stackable-icon stk-block-icon has-text-align-left stk-block stk-a923726\" data-block-id=\"a923726\"><style>.stk-a923726 .stk--svg-wrapper .stk--inner-svg svg:last-child{height:20px !important;width:20px !important;}.stk-a923726 .stk--svg-wrapper .stk--inner-svg svg:last-child, .stk-a923726 .stk--svg-wrapper .stk--inner-svg svg:last-child :is(g, path, rect, polygon, ellipse){fill:#333333 !important;}.stk-a923726 .stk--svg-wrapper:hover .stk--inner-svg svg:last-child, .stk-a923726 .stk--svg-wrapper:hover .stk--inner-svg svg:last-child :is(g, path, rect, polygon, ellipse){fill:#fffffe !important;}<\/style><span class=\"stk--svg-wrapper\"><div class=\"stk--inner-svg\"><svg style=\"height:0;width:0\"><defs><lineargradient id=\"linear-gradient-a923726\" x1=\"0\" x2=\"100%\" y1=\"0\" y2=\"0\"><stop offset=\"0%\" style=\"stop-opacity:1;stop-color:var(--linear-gradient-a-923726-color-1)\"><\/stop><stop offset=\"100%\" style=\"stop-opacity:1;stop-color:var(--linear-gradient-a-923726-color-2)\"><\/stop><\/lineargradient><\/defs><\/svg><svg xmlns=\"http:\/\/www.w3.org\/2000\/svg\" viewbox=\"0 0 320 512\" aria-hidden=\"true\" width=\"32\" height=\"32\"><path d=\"M310.6 233.4c12.5 12.5 12.5 32.8 0 45.3l-192 192c-12.5 12.5-32.8 12.5-45.3 0s-12.5-32.8 0-45.3L242.7 256 73.4 86.6c-12.5-12.5-12.5-32.8 0-45.3s32.8-12.5 45.3 0l192 192z\"\/><\/svg><\/div><\/span><\/div>\n<\/div><\/div>\n\n\n\n<div class=\"wp-block-stackable-icon-label stk-block-icon-label stk-block stk-312c703 stk-block-background\" data-block-id=\"312c703\"><style>.stk-312c703 {background-color:#eeeeef !important;padding-top:10px !important;padding-right:10px !important;padding-bottom:10px !important;padding-left:10px !important;}.stk-312c703:before{background-color:#eeeeef !important;}<\/style><div class=\"stk-row stk-inner-blocks stk-block-content\">\n<div class=\"wp-block-stackable-heading stk-block-heading stk-block-heading--v2 stk-block stk-bf62958\" id=\"a-href-https-www.ull.es-servicios-rrhh-inicio-negociado-de-tratamiento-de-datos-y-presupuestacion-data-type-page-data-id-119-span-style-color-0-f-0-e-17-class-stk-highlight-negociado-de-tratamiento-de-datos-y-presupuestacion-span-a\" data-block-id=\"bf62958\"><style>.stk-bf62958 .stk-block-heading__text:hover{color:#fffffe !important;}<\/style><p class=\"stk-block-heading__text\"><a href=\"https:\/\/www.ull.es\/servicios\/rrhh\/fr\/inicio\/negociado-de-tratamiento-de-datos-y-presupuestacion\/\" data-type=\"page\" data-id=\"119\" target=\"_blank\" rel=\"noopener\"><span style=\"color: #0f0e17;\" class=\"stk-highlight\">Bureau du traitement des donn\u00e9es et de la budg\u00e9tisation<\/span><\/a><\/p><\/div>\n\n\n\n<div class=\"wp-block-stackable-icon stk-block-icon has-text-align-left stk-block stk-0df8249\" data-block-id=\"0df8249\"><style>.stk-0df8249 .stk--svg-wrapper .stk--inner-svg svg:last-child{height:20px !important;width:20px !important;}.stk-0df8249 .stk--svg-wrapper .stk--inner-svg svg:last-child, .stk-0df8249 .stk--svg-wrapper .stk--inner-svg svg:last-child :is(g, path, rect, polygon, ellipse){fill:#333333 !important;}.stk-0df8249 .stk--svg-wrapper:hover .stk--inner-svg svg:last-child, .stk-0df8249 .stk--svg-wrapper:hover .stk--inner-svg svg:last-child :is(g, path, rect, polygon, ellipse){fill:#fffffe !important;}<\/style><span class=\"stk--svg-wrapper\"><div class=\"stk--inner-svg\"><svg style=\"height:0;width:0\"><defs><lineargradient id=\"linear-gradient-0df8249\" x1=\"0\" x2=\"100%\" y1=\"0\" y2=\"0\"><stop offset=\"0%\" style=\"stop-opacity:1;stop-color:var(--linear-gradient-0-df-8249-color-1)\"><\/stop><stop offset=\"100%\" style=\"stop-opacity:1;stop-color:var(--linear-gradient-0-df-8249-color-2)\"><\/stop><\/lineargradient><\/defs><\/svg><svg xmlns=\"http:\/\/www.w3.org\/2000\/svg\" viewbox=\"0 0 320 512\" aria-hidden=\"true\" width=\"32\" height=\"32\"><path d=\"M310.6 233.4c12.5 12.5 12.5 32.8 0 45.3l-192 192c-12.5 12.5-32.8 12.5-45.3 0s-12.5-32.8 0-45.3L242.7 256 73.4 86.6c-12.5-12.5-12.5-32.8 0-45.3s32.8-12.5 45.3 0l192 192z\"\/><\/svg><\/div><\/span><\/div>\n<\/div><\/div>\n<\/div><\/div><\/div>\n<\/div><\/div>\n\n\n\n<div class=\"wp-block-stackable-columns stk-block-columns stk-block stk-292ab08\" data-block-id=\"292ab08\"><div class=\"stk-row stk-inner-blocks stk-block-content stk-content-align stk-292ab08-column\">\n<div class=\"wp-block-stackable-column stk-block-column stk-column stk-block stk-5a34853\" data-v=\"4\" data-block-id=\"5a34853\"><div class=\"stk-column-wrapper stk-block-column__content stk-container stk-5a34853-container stk--no-background stk--no-padding\"><div class=\"stk-block-content stk-inner-blocks stk-5a34853-inner-blocks\"><style>\n    .news-group .bg-size {\n        background-position: center;\n        background-size: cover;\n        width: 100%;\n        height: 48px;\n    }\n    .news-group .list-group-item-text {\n        font-size: 13px;\n    }\n    .news-group .col-md-3 {\n        padding-right: 0;\n    }\n    .news-group .list-group-item-date {\n        font-size: 11px;\n        color: #A4A4A4;\n        margin-bottom: 2px;\n        text-transform: uppercase;\n    }\n\n    .mensaje.alert-warning{\n        font-size: 12px;\n        margin: 14px !important;\n        padding: 4px 8px;\n        color: #cca60b;\n    }\n<\/style>\n\n<div class=\"panel panel-default\">\n    <div class=\"panel-heading\">\n        <h3 class=\"panel-title\">Nouvelles<\/h3>\n    <\/div>\n\n    <div class=\"list-group news-group\">\n\n        <div class=\"mensaje alert alert-warning\">Aucune nouvelle disponible.<\/div>\n    <\/div>\n\n\n<\/div>\n<\/div><\/div><\/div>\n\n\n\n<div class=\"wp-block-stackable-column stk-block-column stk-column stk-block stk-b9774d2\" data-v=\"4\" data-block-id=\"b9774d2\"><div class=\"stk-column-wrapper stk-block-column__content stk-container stk-b9774d2-container stk--no-background stk--no-padding\"><div class=\"stk-block-content stk-inner-blocks stk-b9774d2-inner-blocks\"><style>\n    .news-group .bg-size {\n        background-position: center;\n        background-size: cover;\n        width: 100%;\n        height: 48px;\n    }\n    .news-group .list-group-item-text {\n        font-size: 13px;\n    }\n    .news-group .col-md-3 {\n        padding-right: 0;\n    }\n    .news-group .list-group-item-date {\n        font-size: 11px;\n        color: #A4A4A4;\n        margin-bottom: 2px;\n        text-transform: uppercase;\n    }\n\n    .mensaje.alert-warning{\n        font-size: 12px;\n        margin: 14px !important;\n        padding: 4px 8px;\n        color: #cca60b;\n    }\n\n<\/style>\n\n\n<!--<pre>-->\n<!--    --><!--<\/pre>-->\n\n<div class=\"panel panel-default\">\n    <div class=\"panel-heading\">\n        <h3 class=\"panel-title\">Appels \u00e0 propositions<\/h3>\n    <\/div>\n\n    <div class=\"list-group news-group\">\n                            <a href=\"https:\/\/www.ull.es\/servicios\/rrhh\/fr\/portal\/convocatorias\/convocatoria\/resolucion-de-20-de-marzo-de-2026-por-la-que-se-aprueba-la-convocatoria-de-contratacion-para-la-provision-de-plazas-de-personal-docente-e-investigador-contratado-temporal-en-regimen-de-derecho-labor\/\" class=\"list-group-item\">\n                    <div class=\"row\">\n                        <div class=\"col-md-12\">\n                            <p class=\"list-group-item-date\">\n                                Date de modification : 20 avril 2026 \u00e0 07:38 UTC                            <\/p>\n                            <p class=\"list-group-item-text\">R\u00e9solution du 20 mars 2026 approuvant l&#039;appel \u00e0 candidatures pour la mise \u00e0 disposition de postes de personnel enseignant et de recherche contractuel temporaire, conform\u00e9ment au droit du travail, selon la proc\u00e9dure ordinaire, en tant que professeur agr\u00e9g\u00e9 en sciences de la sant\u00e9.<\/p>\n                        <\/div>\n                    <\/div>\n                <\/a>\n                            <a href=\"https:\/\/www.ull.es\/servicios\/rrhh\/fr\/portal\/convocatorias\/convocatoria\/resolucion-de-12-de-marzo-de-2026-por-la-que-se-aprueba-la-convocatoria-de-contratacion-para-la-provision-de-plazas-de-personal-docente-e-investigador-contratado-temporal-en-regimen-de-derecho-labor\/\" class=\"list-group-item\">\n                    <div class=\"row\">\n                        <div class=\"col-md-12\">\n                            <p class=\"list-group-item-date\">\n                                Date de modification : 17 avril 2026 \u00e0 13h15 UTC                            <\/p>\n                            <p class=\"list-group-item-text\">R\u00e9solution du 12 mars 2026 approuvant l&#039;appel \u00e0 candidatures pour la mise \u00e0 disposition de postes de personnel enseignant et de recherche contractuel temporaire, conform\u00e9ment au droit du travail, selon la proc\u00e9dure ordinaire, en tant que professeur agr\u00e9g\u00e9 en sciences de la sant\u00e9.<\/p>\n                        <\/div>\n                    <\/div>\n                <\/a>\n                            <a href=\"https:\/\/www.ull.es\/servicios\/rrhh\/fr\/portal\/convocatorias\/convocatoria\/convocatoria-concurso-meritos-escala-ayudante-de-archivos-biblioteca-y-museos-grupo-a-subgrupo-a2-2\/\" class=\"list-group-item\">\n                    <div class=\"row\">\n                        <div class=\"col-md-12\">\n                            <p class=\"list-group-item-date\">\n                                Date de modification : 13 mars 2026 \u00e0 09h35 UTC                            <\/p>\n                            <p class=\"list-group-item-text\">Appel \u00e0 candidatures pour le concours au m\u00e9rite pour le poste d&#039;assistant d&#039;archives, de biblioth\u00e8ques et de mus\u00e9es (groupe A, sous-groupe A2)<\/p>\n                        <\/div>\n                    <\/div>\n                <\/a>\n                            <a href=\"https:\/\/www.ull.es\/servicios\/rrhh\/fr\/portal\/convocatorias\/convocatoria\/resolucion-de-12-de-febrero-de-2026-por-la-que-se-aprueba-la-convocatoria-de-contratacion-para-la-provision-de-plazas-de-personal-docente-e-investigador-contratado-temporal-en-regimen-de-derecho-lab\/\" class=\"list-group-item\">\n                    <div class=\"row\">\n                        <div class=\"col-md-12\">\n                            <p class=\"list-group-item-date\">\n                                Date de modification : 10 avril 2026 \u00e0 12 h 24 UTC                            <\/p>\n                            <p class=\"list-group-item-text\">R\u00e9solution du 12 f\u00e9vrier 2026 approuvant l&#039;appel \u00e0 candidatures pour la mise \u00e0 disposition de postes de personnel enseignant et de recherche contractuel temporaire, conform\u00e9ment au droit du travail, par la proc\u00e9dure ordinaire, au titre de professeur adjoint docteur.<\/p>\n                        <\/div>\n                    <\/div>\n                <\/a>\n                            <a href=\"https:\/\/www.ull.es\/servicios\/rrhh\/fr\/portal\/convocatorias\/convocatoria\/resolucion-de-6-de-febrero-de-2026-por-la-que-se-convoca-concurso-publico-por-el-procedimiento-ordinario-para-la-provision-de-plazas-de-personal-docente-e-investigador-contratado-en-regimen-de-der-2\/\" class=\"list-group-item\">\n                    <div class=\"row\">\n                        <div class=\"col-md-12\">\n                            <p class=\"list-group-item-date\">\n                                Date de modification : 23 mars 2026 \u00e0 12 h 26 UTC                            <\/p>\n                            <p class=\"list-group-item-text\">R\u00e9solution du 6 f\u00e9vrier 2026, qui pr\u00e9voit un concours public, selon la proc\u00e9dure ordinaire, pour la mise \u00e0 disposition de postes de personnel d&#039;enseignement et de recherche contractuel, conform\u00e9ment au droit du travail, en la qualit\u00e9 de professeur titulaire et de professeur affect\u00e9 au programme I3\/R3.<\/p>\n                        <\/div>\n                    <\/div>\n                <\/a>\n                <\/div>\n\n    <div class=\"panel-footer\">\n                    <a href=\"https:\/\/www.ull.es\/servicios\/rrhh\/fr\/portal\/convocatorias\/categorias\/empleo-publico\/\">PLUS D&#039;OPPORTUNIT\u00c9S <i class=\"fa fa-chevron-right\"><\/i><\/a>\n            <\/div>\n\n    \n<\/div>\n<\/div><\/div><\/div>\n\n\n\n<div class=\"wp-block-stackable-column stk-block-column stk-column stk-block stk-0415e49\" data-v=\"4\" data-block-id=\"0415e49\"><div class=\"stk-column-wrapper stk-block-column__content stk-container stk-0415e49-container stk--no-background stk--no-padding\"><div class=\"stk-block-content stk-inner-blocks stk-0415e49-inner-blocks\">\n<ul class=\"widget-box\">\n<li class='contacto-header'>Coordonn\u00e9es<\/li><li><i class=\"fa fa-map-marker\"><\/i> C\/ Padre Herrera, s\/n. B\u00e2timent du Rectorat. P.O. Bo\u00eete 456. Code postal 38200. San Crist\u00f3bal de La Laguna. Santa Cruz de T\u00e9n\u00e9rife<\/li><li><i class=\"fa fa-phone\"><\/i> (+34) 922 31 83 07<\/li><li><i class=\"fa fa-clock-o\"><\/i> De 9h00 \u00e0 13h30 du lundi au vendredi<\/li><li><i class=\"fa fa-globe\"><\/i><a href=\"https:\/\/www.ull.es\/servicios\/rrhh\/fr\/servicios\/rrhh\/\"> page web<\/a><\/li><li><i class=\"fa fa-pencil-square-o\"><\/i><a href=\"https:\/\/encuestas.ull.es\/index.php?r=survey\/index&sid=244752&lang=es\"> Enqu\u00eate de satisfaction<\/a><\/li><li><i class=\"fa fa-archive\"><\/i><a href=\"https:\/\/sede.ull.es\/ecivilis-site\/catalog\/showProcedure\/484\"> Proc\u00e9dure pour les plaintes, suggestions et compliments<\/a><\/li>\n<\/ul>\n\n\n\n\n\n<div class=\"wp-block-stackable-spacer stk-block-spacer stk--no-padding stk-block stk-4f4698b\" data-block-id=\"4f4698b\"><\/div>\n\n\n\n<ul class=\"widget-box\">\n \t<li class=\"contacto-header\">Informations issues des transactions commerciales<\/li>\n \t<li><i class=\"fa fa-envelope\"><\/i> <a href=\"mailto:nnominas@ull.es\" target=\"_blank\" rel=\"noopener\">N\u00f3minas(nnominas@ull.es)<\/a><\/li>\n \t<li><i class=\"fa fa-envelope\"><\/i> <a href=\"mailto:negpdif@ulles\" target=\"_blank\" rel=\"noopener\">Personnel enseignant et de recherche (negpdif@ull.es)<\/a><\/li>\n \t<li><i class=\"fa fa-envelope\"><\/i> <a href=\"mailto:negprof@ulles\" target=\"_blank\" rel=\"noopener\">Personnel enseignant et de recherche Laboral (negprof@ull.es)<\/a><\/li>\n \t<li><i class=\"fa fa-envelope\"><\/i> <a href=\"mailto:sgsocial@ulles\" target=\"_blank\" rel=\"noopener\">S\u00e9curit\u00e9 sociale (sgsocial@ull.es)<\/a><\/li>\n \t<li><i class=\"fa fa-envelope\"><\/i> <a href=\"mailto:ntratada@ulles\" target=\"_blank\" rel=\"noopener\">T. Donn\u00e9es et Budget (ntratada@ull.es)<\/a><\/li>\n \t<li><i class=\"fa fa-envelope\"><\/i> <a href=\"mailto:ngdopas@ulles\" target=\"_blank\" rel=\"noopener\">Service officiel du PAS (ngdopas@ull.es)<\/a><\/li>\n \t<li><i class=\"fa fa-envelope\"><\/i> <a href=\"mailto:paslabor@ulles\" target=\"_blank\" rel=\"noopener\">PAS Laboral (paslabor@ull.es)<\/a><\/li>\n \t<li><i class=\"fa fa-envelope\"><\/i> <a href=\"mailto:rdocentes@ulles\" target=\"_blank\" rel=\"noopener\">Ressources p\u00e9dagogiques (rdocentes@ull.es)<\/a><\/li>\n<\/ul>\n<\/div><\/div><\/div>\n<\/div><\/div>","protected":false},"excerpt":{"rendered":"<p>Le service des ressources humaines est une unit\u00e9 organisationnelle transversale de cette universit\u00e9. Relevant du directeur-coordinateur du p\u00f4le Ressources humaines, R\u00e8glement int\u00e9rieur, Formation et Qualit\u00e9, il est charg\u00e9 du traitement de toutes les questions relatives aux employ\u00e9s de l&#039;universit\u00e9, notamment\u2026<\/p>","protected":false},"author":1,"featured_media":0,"parent":0,"menu_order":0,"comment_status":"closed","ping_status":"open","template":"templates\/template-frontpage.php","meta":{"_acf_changed":false,"footnotes":""},"class_list":["post-2","page","type-page","status-publish","hentry"],"acf":[],"_links":{"self":[{"href":"https:\/\/www.ull.es\/servicios\/rrhh\/fr\/wp-json\/wp\/v2\/pages\/2","targetHints":{"allow":["GET"]}}],"collection":[{"href":"https:\/\/www.ull.es\/servicios\/rrhh\/fr\/wp-json\/wp\/v2\/pages"}],"about":[{"href":"https:\/\/www.ull.es\/servicios\/rrhh\/fr\/wp-json\/wp\/v2\/types\/page"}],"author":[{"embeddable":true,"href":"https:\/\/www.ull.es\/servicios\/rrhh\/fr\/wp-json\/wp\/v2\/users\/1"}],"replies":[{"embeddable":true,"href":"https:\/\/www.ull.es\/servicios\/rrhh\/fr\/wp-json\/wp\/v2\/comments?post=2"}],"version-history":[{"count":72,"href":"https:\/\/www.ull.es\/servicios\/rrhh\/fr\/wp-json\/wp\/v2\/pages\/2\/revisions"}],"predecessor-version":[{"id":543,"href":"https:\/\/www.ull.es\/servicios\/rrhh\/fr\/wp-json\/wp\/v2\/pages\/2\/revisions\/543"}],"wp:attachment":[{"href":"https:\/\/www.ull.es\/servicios\/rrhh\/fr\/wp-json\/wp\/v2\/media?parent=2"}],"curies":[{"name":"wp","href":"https:\/\/api.w.org\/{rel}","templated":true}]}}