{"id":2,"date":"2018-01-16T13:47:44","date_gmt":"2018-01-16T13:47:44","guid":{"rendered":"https:\/\/www.ull.es\/servicios\/rrhh\/?page_id=2"},"modified":"2026-03-12T14:48:32","modified_gmt":"2026-03-12T14:48:32","slug":"inicio","status":"publish","type":"page","link":"https:\/\/www.ull.es\/servicios\/rrhh\/","title":{"rendered":"Servicio de Recursos Humanos"},"content":{"rendered":"\n<div class=\"wp-block-stackable-columns alignfull stk-block-columns stk-block stk-16a94b8\" data-block-id=\"16a94b8\"><style>.stk-16a94b8 {margin-bottom:56px !important;}@media screen and (max-width: 767px){.stk-16a94b8 {padding-top:0px !important;padding-right:0px !important;padding-bottom:0px !important;padding-left:0px !important;}}<\/style><div class=\"stk-row stk-inner-blocks stk-block-content stk-content-align stk-16a94b8-column alignfull\">\n<div class=\"wp-block-stackable-column stk-block-column stk-column stk-block stk-dfe9b01 stk-block-background stk--has-background-overlay\" data-v=\"4\" data-block-id=\"dfe9b01\"><style>.stk-dfe9b01 {background-image:url(https:\/\/www.ull.es\/servicios\/rrhh\/wp-content\/uploads\/sites\/4\/2018\/01\/cropped-imagen-servicio-11.jpg) !important;}.stk-dfe9b01:before{background-color:#000000 !important;opacity:0.3 !important;}@media screen and (max-width: 767px){.stk-dfe9b01 {padding-top:0px !important;padding-right:0px !important;padding-bottom:0px !important;padding-left:0px !important;}.stk-dfe9b01-container{min-height:320px !important;}}<\/style><div class=\"stk-column-wrapper stk-block-column__content stk-container stk-dfe9b01-container stk--no-background stk--no-padding\"><div class=\"stk-block-content stk-inner-blocks stk-dfe9b01-inner-blocks\">\n<div class=\"wp-block-stackable-columns alignfull stk-block-columns stk-block stk-3bf239f\" data-block-id=\"3bf239f\"><style>@media screen and (max-width: 1023px){.stk-3bf239f {padding-left:0px !important;}}<\/style><div class=\"stk-row stk-inner-blocks stk-block-content stk-content-align stk-3bf239f-column alignfull\">\n<div class=\"wp-block-stackable-column stk-block-column stk-column stk-block stk-f66584c\" data-v=\"4\" data-block-id=\"f66584c\"><div class=\"stk-column-wrapper stk-block-column__content stk-container stk-f66584c-container stk--no-background stk--no-padding\"><div class=\"stk-block-content stk-inner-blocks stk-f66584c-inner-blocks\">\n<div class=\"wp-block-stackable-heading stk-block-heading stk-block-heading--v2 stk-block stk-1bb54e9\" id=\"servicio-de-recursos-humanos\" data-block-id=\"1bb54e9\"><style>.stk-1bb54e9 {padding-top:110px !important;padding-right:25px !important;padding-bottom:75px !important;padding-left:420px !important;}.stk-1bb54e9 .stk-block-heading__text{font-size:35px !important;color:#ffffff !important;font-weight:400 !important;}@media screen and (max-width: 1023px){.stk-1bb54e9 {padding-left:55px !important;}.stk-1bb54e9 .stk-block-heading__text{font-size:35px !important;}}@media screen and (max-width: 767px){.stk-1bb54e9 {padding-right:75px !important;padding-left:25px !important;}.stk-1bb54e9 .stk-block-heading__text{font-size:33px !important;}}<\/style><h2 class=\"stk-block-heading__text has-text-color has-text-align-left has-text-align-left-tablet has-text-align-left-mobile\">Servicio de Recursos Humanos<\/h2><\/div>\n<\/div><\/div><\/div>\n<\/div><\/div>\n<\/div><\/div><\/div>\n<\/div><\/div>\n\n\n\n<div class=\"wp-block-stackable-columns alignwide stk-block-columns stk-block stk-18f88b2\" data-block-id=\"18f88b2\"><style>.stk-18f88b2 {padding-right:16% !important;padding-left:16% !important;}@media screen and (max-width: 767px){.stk-18f88b2 {padding-right:0% !important;padding-left:0% !important;margin-top:0% !important;}}<\/style><div class=\"stk-row stk-inner-blocks stk-block-content stk-content-align stk-18f88b2-column alignwide\">\n<div class=\"wp-block-stackable-column stk-block-column stk-column stk-block stk-e804753 stk-block-background\" data-v=\"4\" data-block-id=\"e804753\"><style>.stk-e804753 {background-color:#fffffe !important;}.stk-e804753:before{background-color:#fffffe !important;}<\/style><div class=\"stk-column-wrapper stk-block-column__content stk-container stk-e804753-container stk--no-background stk--no-padding\"><div class=\"stk-block-content stk-inner-blocks stk-e804753-inner-blocks\">\n<div class=\"wp-block-stackable-text stk-block-text stk-block stk-76054cb\" data-block-id=\"76054cb\"><p class=\"stk-block-text__text\">El Servicio de RR.HH es una unidad organizativa de car\u00e1cter horizontal de esta Universidad .El Servicio de RR.HH, bajo la dependencia del Director-Coordinador de \u00c1rea de Recursos Humanos, R\u00e9gimen Interno, Formaci\u00f3n y Calidad, le corresponden la tramitaci\u00f3n de todas aquellas cuestiones que afectan a los empleados de esta Universidad, tanto de Administraci\u00f3n y Servicios como docentes e Investigadores, ya se trate de funcionarios o de personal laboral, desde el momento de los procesos selectivos previos a la incorporaci\u00f3n, hasta la extinci\u00f3n de la relaci\u00f3n de servicios.<\/p><\/div>\n<\/div><\/div><\/div>\n<\/div><\/div>\n\n\n\n<div class=\"wp-block-stackable-columns stk-block-columns stk-block stk-82fea45\" data-block-id=\"82fea45\"><div class=\"stk-row stk-inner-blocks stk-block-content stk-content-align stk-82fea45-column\">\n<div class=\"wp-block-stackable-column stk-block-column stk-column stk-block stk-a8e0640\" data-v=\"4\" data-block-id=\"a8e0640\"><div class=\"stk-column-wrapper stk-block-column__content stk-container stk-a8e0640-container stk--no-background stk--no-padding\"><div class=\"stk-block-content stk-inner-blocks stk-a8e0640-inner-blocks\">\n<div class=\"wp-block-stackable-icon-label stk-block-icon-label stk-block stk-9670f56 stk-block-background\" data-block-id=\"9670f56\"><style>.stk-9670f56 {background-color:#eeeeef !important;padding-top:10px !important;padding-right:10px !important;padding-bottom:10px !important;padding-left:10px !important;margin-bottom:10px !important;}.stk-9670f56:before{background-color:#eeeeef !important;}<\/style><div class=\"stk-row stk-inner-blocks stk-block-content\">\n<div class=\"wp-block-stackable-heading stk-block-heading stk-block-heading--v2 stk-block stk-ba00088\" id=\"a-href-https-www.ull.es-servicios-rrhh-inicio-negociado-nominas-data-type-page-data-id-29-span-style-color-000000-class-stk-highlight-negociado-de-nominas-span-a\" data-block-id=\"ba00088\"><style>.stk-ba00088 .stk-block-heading__text:hover{color:#ffffff !important;}<\/style><p class=\"stk-block-heading__text\"><a href=\"https:\/\/www.ull.es\/servicios\/rrhh\/inicio\/negociado-nominas\/\" data-type=\"page\" data-id=\"29\" target=\"_blank\" rel=\"noopener\"><span style=\"color: #000000;\" class=\"stk-highlight\">Negociado de N\u00f3minas<\/span><\/a><\/p><\/div>\n\n\n\n<div class=\"wp-block-stackable-icon stk-block-icon has-text-align-left stk-block stk-a8bfbed\" data-block-id=\"a8bfbed\"><style>.stk-a8bfbed .stk--svg-wrapper .stk--inner-svg svg:last-child{height:20px !important;width:20px !important;}.stk-a8bfbed .stk--svg-wrapper .stk--inner-svg svg:last-child, .stk-a8bfbed .stk--svg-wrapper .stk--inner-svg svg:last-child :is(g, path, rect, polygon, ellipse){fill:#333333 !important;}.stk-a8bfbed .stk--svg-wrapper:hover .stk--inner-svg svg:last-child, .stk-a8bfbed .stk--svg-wrapper:hover .stk--inner-svg svg:last-child :is(g, path, rect, polygon, ellipse){fill:#fffffe !important;}<\/style><span class=\"stk--svg-wrapper\"><div class=\"stk--inner-svg\"><svg style=\"height:0;width:0\"><defs><linearGradient id=\"linear-gradient-a8bfbed\" x1=\"0\" x2=\"100%\" y1=\"0\" y2=\"0\"><stop offset=\"0%\" style=\"stop-opacity:1;stop-color:var(--linear-gradient-a-8-bfbed-color-1)\"><\/stop><stop offset=\"100%\" style=\"stop-opacity:1;stop-color:var(--linear-gradient-a-8-bfbed-color-2)\"><\/stop><\/linearGradient><\/defs><\/svg><svg xmlns=\"http:\/\/www.w3.org\/2000\/svg\" viewBox=\"0 0 320 512\" aria-hidden=\"true\" width=\"32\" height=\"32\"><path d=\"M310.6 233.4c12.5 12.5 12.5 32.8 0 45.3l-192 192c-12.5 12.5-32.8 12.5-45.3 0s-12.5-32.8 0-45.3L242.7 256 73.4 86.6c-12.5-12.5-12.5-32.8 0-45.3s32.8-12.5 45.3 0l192 192z\"\/><\/svg><\/div><\/span><\/div>\n<\/div><\/div>\n\n\n\n<div class=\"wp-block-stackable-icon-label stk-block-icon-label stk-block stk-67bf096 stk-block-background\" data-block-id=\"67bf096\"><style>.stk-67bf096 {background-color:#eeeeef !important;padding-top:10px !important;padding-right:10px !important;padding-bottom:10px !important;padding-left:10px !important;margin-bottom:10px !important;}.stk-67bf096:before{background-color:#eeeeef !important;}<\/style><div class=\"stk-row stk-inner-blocks stk-block-content\">\n<div class=\"wp-block-stackable-heading stk-block-heading stk-block-heading--v2 stk-block stk-d21270d\" id=\"a-href-https-www.ull.es-servicios-rrhh-inicio-negociado-de-recursos-docentes-coordinacion-departamentos-data-type-page-data-id-115-span-style-color-0-f-0-e-17-class-stk-highlight-negociado-de-recursos-docentes-y-coordinacion-de-departamentos-span-a\" data-block-id=\"d21270d\"><style>.stk-d21270d .stk-block-heading__text:hover{color:#fffffe !important;}<\/style><p class=\"stk-block-heading__text\"><a href=\"https:\/\/www.ull.es\/servicios\/rrhh\/inicio\/negociado-de-recursos-docentes-coordinacion-departamentos\/\" data-type=\"page\" data-id=\"115\" target=\"_blank\" rel=\"noopener\"><span style=\"color: #0f0e17;\" class=\"stk-highlight\">Negociado de Recursos Docentes y Coordinaci\u00f3n de Departamentos<\/span><\/a><\/p><\/div>\n\n\n\n<div class=\"wp-block-stackable-icon stk-block-icon has-text-align-left stk-block stk-062edae\" data-block-id=\"062edae\"><style>.stk-062edae .stk--svg-wrapper .stk--inner-svg svg:last-child{height:20px !important;width:20px !important;}.stk-062edae .stk--svg-wrapper .stk--inner-svg svg:last-child, .stk-062edae .stk--svg-wrapper .stk--inner-svg svg:last-child :is(g, path, rect, polygon, ellipse){fill:#333333 !important;}.stk-062edae .stk--svg-wrapper:hover .stk--inner-svg svg:last-child, .stk-062edae .stk--svg-wrapper:hover .stk--inner-svg svg:last-child :is(g, path, rect, polygon, ellipse){fill:#fffffe !important;}<\/style><span class=\"stk--svg-wrapper\"><div class=\"stk--inner-svg\"><svg style=\"height:0;width:0\"><defs><linearGradient id=\"linear-gradient-062edae\" x1=\"0\" x2=\"100%\" y1=\"0\" y2=\"0\"><stop offset=\"0%\" style=\"stop-opacity:1;stop-color:var(--linear-gradient-062-edae-color-1)\"><\/stop><stop offset=\"100%\" style=\"stop-opacity:1;stop-color:var(--linear-gradient-062-edae-color-2)\"><\/stop><\/linearGradient><\/defs><\/svg><svg xmlns=\"http:\/\/www.w3.org\/2000\/svg\" viewBox=\"0 0 320 512\" aria-hidden=\"true\" width=\"32\" height=\"32\"><path d=\"M310.6 233.4c12.5 12.5 12.5 32.8 0 45.3l-192 192c-12.5 12.5-32.8 12.5-45.3 0s-12.5-32.8 0-45.3L242.7 256 73.4 86.6c-12.5-12.5-12.5-32.8 0-45.3s32.8-12.5 45.3 0l192 192z\"\/><\/svg><\/div><\/span><\/div>\n<\/div><\/div>\n\n\n\n<div class=\"wp-block-stackable-icon-label stk-block-icon-label stk-block stk-7c84abf stk-block-background\" data-block-id=\"7c84abf\"><style>.stk-7c84abf {background-color:#eeeeef !important;padding-top:10px !important;padding-right:10px !important;padding-bottom:10px !important;padding-left:10px !important;margin-bottom:10px !important;}.stk-7c84abf:before{background-color:#eeeeef !important;}<\/style><div class=\"stk-row stk-inner-blocks stk-block-content\">\n<div class=\"wp-block-stackable-heading stk-block-heading stk-block-heading--v2 stk-block stk-f2c8d14\" id=\"a-href-https-www.ull.es-servicios-rrhh-inicio-negociado-pas-funcionario-data-type-page-data-id-23-span-style-color-0-f-0-e-17-class-stk-highlight-negociado-de-pas-funcionario-span-a\" data-block-id=\"f2c8d14\"><style>.stk-f2c8d14 .stk-block-heading__text:hover{color:#fffffe !important;}<\/style><p class=\"stk-block-heading__text\"><a href=\"https:\/\/www.ull.es\/servicios\/rrhh\/inicio\/negociado-pas-funcionario\/\" data-type=\"page\" data-id=\"23\" target=\"_blank\" rel=\"noopener\"><span style=\"color: #0f0e17;\" class=\"stk-highlight\">Negociado de PAS Funcionario<\/span><\/a><\/p><\/div>\n\n\n\n<div class=\"wp-block-stackable-icon stk-block-icon has-text-align-left stk-block stk-3bc6f99\" data-block-id=\"3bc6f99\"><style>.stk-3bc6f99 .stk--svg-wrapper .stk--inner-svg svg:last-child{height:20px !important;width:20px !important;}.stk-3bc6f99 .stk--svg-wrapper .stk--inner-svg svg:last-child, .stk-3bc6f99 .stk--svg-wrapper .stk--inner-svg svg:last-child :is(g, path, rect, polygon, ellipse){fill:#333333 !important;}.stk-3bc6f99 .stk--svg-wrapper:hover .stk--inner-svg svg:last-child, .stk-3bc6f99 .stk--svg-wrapper:hover .stk--inner-svg svg:last-child :is(g, path, rect, polygon, ellipse){fill:#fffffe !important;}<\/style><span class=\"stk--svg-wrapper\"><div class=\"stk--inner-svg\"><svg style=\"height:0;width:0\"><defs><linearGradient id=\"linear-gradient-3bc6f99\" x1=\"0\" x2=\"100%\" y1=\"0\" y2=\"0\"><stop offset=\"0%\" style=\"stop-opacity:1;stop-color:var(--linear-gradient-3-bc-6-f-99-color-1)\"><\/stop><stop offset=\"100%\" style=\"stop-opacity:1;stop-color:var(--linear-gradient-3-bc-6-f-99-color-2)\"><\/stop><\/linearGradient><\/defs><\/svg><svg xmlns=\"http:\/\/www.w3.org\/2000\/svg\" viewBox=\"0 0 320 512\" aria-hidden=\"true\" width=\"32\" height=\"32\"><path d=\"M310.6 233.4c12.5 12.5 12.5 32.8 0 45.3l-192 192c-12.5 12.5-32.8 12.5-45.3 0s-12.5-32.8 0-45.3L242.7 256 73.4 86.6c-12.5-12.5-12.5-32.8 0-45.3s32.8-12.5 45.3 0l192 192z\"\/><\/svg><\/div><\/span><\/div>\n<\/div><\/div>\n\n\n\n<div class=\"wp-block-stackable-icon-label stk-block-icon-label stk-block stk-0418fb9 stk-block-background\" data-block-id=\"0418fb9\"><style>.stk-0418fb9 {background-color:#eeeeef !important;padding-top:10px !important;padding-right:10px !important;padding-bottom:10px !important;padding-left:10px !important;}.stk-0418fb9:before{background-color:#eeeeef !important;}<\/style><div class=\"stk-row stk-inner-blocks stk-block-content\">\n<div class=\"wp-block-stackable-heading stk-block-heading stk-block-heading--v2 stk-block stk-eb7b287\" id=\"a-href-https-www.ull.es-servicios-rrhh-inicio-negociado-pas-laboral-data-type-page-data-id-27-span-style-color-0-f-0-e-17-class-stk-highlight-negociado-de-pas-laboral-span-a\" data-block-id=\"eb7b287\"><style>.stk-eb7b287 .stk-block-heading__text:hover{color:#fffffe !important;}<\/style><p class=\"stk-block-heading__text\"><a href=\"https:\/\/www.ull.es\/servicios\/rrhh\/inicio\/negociado-pas-laboral\/\" data-type=\"page\" data-id=\"27\" target=\"_blank\" rel=\"noopener\"><span style=\"color: #0f0e17;\" class=\"stk-highlight\">Negociado de PAS Laboral<\/span><\/a><\/p><\/div>\n\n\n\n<div class=\"wp-block-stackable-icon stk-block-icon has-text-align-left stk-block stk-aef479c\" data-block-id=\"aef479c\"><style>.stk-aef479c .stk--svg-wrapper .stk--inner-svg svg:last-child{height:20px !important;width:20px !important;}.stk-aef479c .stk--svg-wrapper .stk--inner-svg svg:last-child, .stk-aef479c .stk--svg-wrapper .stk--inner-svg svg:last-child :is(g, path, rect, polygon, ellipse){fill:#333333 !important;}.stk-aef479c .stk--svg-wrapper:hover .stk--inner-svg svg:last-child, .stk-aef479c .stk--svg-wrapper:hover .stk--inner-svg svg:last-child :is(g, path, rect, polygon, ellipse){fill:#fffffe !important;}<\/style><span class=\"stk--svg-wrapper\"><div class=\"stk--inner-svg\"><svg style=\"height:0;width:0\"><defs><linearGradient id=\"linear-gradient-aef479c\" x1=\"0\" x2=\"100%\" y1=\"0\" y2=\"0\"><stop offset=\"0%\" style=\"stop-opacity:1;stop-color:var(--linear-gradient-aef-479-c-color-1)\"><\/stop><stop offset=\"100%\" style=\"stop-opacity:1;stop-color:var(--linear-gradient-aef-479-c-color-2)\"><\/stop><\/linearGradient><\/defs><\/svg><svg xmlns=\"http:\/\/www.w3.org\/2000\/svg\" viewBox=\"0 0 320 512\" aria-hidden=\"true\" width=\"32\" height=\"32\"><path d=\"M310.6 233.4c12.5 12.5 12.5 32.8 0 45.3l-192 192c-12.5 12.5-32.8 12.5-45.3 0s-12.5-32.8 0-45.3L242.7 256 73.4 86.6c-12.5-12.5-12.5-32.8 0-45.3s32.8-12.5 45.3 0l192 192z\"\/><\/svg><\/div><\/span><\/div>\n<\/div><\/div>\n<\/div><\/div><\/div>\n\n\n\n<div class=\"wp-block-stackable-column stk-block-column stk-column stk-block stk-c0a4fc3\" data-v=\"4\" data-block-id=\"c0a4fc3\"><div class=\"stk-column-wrapper stk-block-column__content stk-container stk-c0a4fc3-container stk--no-background stk--no-padding\"><div class=\"stk-block-content stk-inner-blocks stk-c0a4fc3-inner-blocks\">\n<div class=\"wp-block-stackable-icon-label stk-block-icon-label stk-block stk-18d830b stk-block-background\" data-block-id=\"18d830b\"><style>.stk-18d830b {background-color:#eeeeef !important;padding-top:10px !important;padding-right:10px !important;padding-bottom:10px !important;padding-left:10px !important;margin-bottom:10px !important;}.stk-18d830b:before{background-color:#eeeeef !important;}<\/style><div class=\"stk-row stk-inner-blocks stk-block-content\">\n<div class=\"wp-block-stackable-heading stk-block-heading stk-block-heading--v2 stk-block stk-042eece\" id=\"a-href-https-www.ull.es-servicios-rrhh-inicio-negociado-de-personal-docente-e-investigador-funcionario-data-type-page-data-id-108-span-style-color-0-f-0-e-17-class-stk-highlight-negociado-de-personal-docente-e-investigador-funcionario-span-a\" data-block-id=\"042eece\"><style>.stk-042eece .stk-block-heading__text:hover{color:#ffffff !important;}<\/style><p class=\"stk-block-heading__text\"><a href=\"https:\/\/www.ull.es\/servicios\/rrhh\/inicio\/negociado-de-personal-docente-e-investigador-funcionario\/\" data-type=\"page\" data-id=\"108\" target=\"_blank\" rel=\"noopener\"><span style=\"color: #0f0e17;\" class=\"stk-highlight\">Negociado de Personal Docente e Investigador Funcionario<\/span><\/a><\/p><\/div>\n\n\n\n<div class=\"wp-block-stackable-icon stk-block-icon has-text-align-left stk-block stk-051909c\" data-block-id=\"051909c\"><style>.stk-051909c .stk--svg-wrapper .stk--inner-svg svg:last-child{height:20px !important;width:20px !important;}.stk-051909c .stk--svg-wrapper .stk--inner-svg svg:last-child, .stk-051909c .stk--svg-wrapper .stk--inner-svg svg:last-child :is(g, path, rect, polygon, ellipse){fill:#333333 !important;}.stk-051909c .stk--svg-wrapper:hover .stk--inner-svg svg:last-child, .stk-051909c .stk--svg-wrapper:hover .stk--inner-svg svg:last-child :is(g, path, rect, polygon, ellipse){fill:#fffffe !important;}<\/style><span class=\"stk--svg-wrapper\"><div class=\"stk--inner-svg\"><svg style=\"height:0;width:0\"><defs><linearGradient id=\"linear-gradient-051909c\" x1=\"0\" x2=\"100%\" y1=\"0\" y2=\"0\"><stop offset=\"0%\" style=\"stop-opacity:1;stop-color:var(--linear-gradient-051909-c-color-1)\"><\/stop><stop offset=\"100%\" style=\"stop-opacity:1;stop-color:var(--linear-gradient-051909-c-color-2)\"><\/stop><\/linearGradient><\/defs><\/svg><svg xmlns=\"http:\/\/www.w3.org\/2000\/svg\" viewBox=\"0 0 320 512\" aria-hidden=\"true\" width=\"32\" height=\"32\"><path d=\"M310.6 233.4c12.5 12.5 12.5 32.8 0 45.3l-192 192c-12.5 12.5-32.8 12.5-45.3 0s-12.5-32.8 0-45.3L242.7 256 73.4 86.6c-12.5-12.5-12.5-32.8 0-45.3s32.8-12.5 45.3 0l192 192z\"\/><\/svg><\/div><\/span><\/div>\n<\/div><\/div>\n\n\n\n<div class=\"wp-block-stackable-icon-label stk-block-icon-label stk-block stk-90407d6 stk-block-background\" data-block-id=\"90407d6\"><style>.stk-90407d6 {background-color:#eeeeef !important;padding-top:10px !important;padding-right:10px !important;padding-bottom:10px !important;padding-left:10px !important;margin-bottom:10px !important;}.stk-90407d6:before{background-color:#eeeeef !important;}<\/style><div class=\"stk-row stk-inner-blocks stk-block-content\">\n<div class=\"wp-block-stackable-heading stk-block-heading stk-block-heading--v2 stk-block stk-9831b7b\" id=\"a-href-https-www.ull.es-servicios-rrhh-inicio-negociado-de-personal-docente-e-investigador-laboral-data-type-page-data-id-105-span-style-color-0-f-0-e-17-class-stk-highlight-negociado-de-personal-docente-e-investigador-laboral-span-a\" data-block-id=\"9831b7b\"><style>.stk-9831b7b .stk-block-heading__text:hover{color:#fffffe !important;}<\/style><p class=\"stk-block-heading__text\"><a href=\"https:\/\/www.ull.es\/servicios\/rrhh\/inicio\/negociado-de-personal-docente-e-investigador-laboral\/\" data-type=\"page\" data-id=\"105\" target=\"_blank\" rel=\"noopener\"><span style=\"color: #0f0e17;\" class=\"stk-highlight\">Negociado de Personal Docente e Investigador Laboral<\/span><\/a><\/p><\/div>\n\n\n\n<div class=\"wp-block-stackable-icon stk-block-icon has-text-align-left stk-block stk-53fc260\" data-block-id=\"53fc260\"><style>.stk-53fc260 .stk--svg-wrapper .stk--inner-svg svg:last-child{height:20px !important;width:20px !important;}.stk-53fc260 .stk--svg-wrapper .stk--inner-svg svg:last-child, .stk-53fc260 .stk--svg-wrapper .stk--inner-svg svg:last-child :is(g, path, rect, polygon, ellipse){fill:#333333 !important;}.stk-53fc260 .stk--svg-wrapper:hover .stk--inner-svg svg:last-child, .stk-53fc260 .stk--svg-wrapper:hover .stk--inner-svg svg:last-child :is(g, path, rect, polygon, ellipse){fill:#fffffe !important;}<\/style><span class=\"stk--svg-wrapper\"><div class=\"stk--inner-svg\"><svg style=\"height:0;width:0\"><defs><linearGradient id=\"linear-gradient-53fc260\" x1=\"0\" x2=\"100%\" y1=\"0\" y2=\"0\"><stop offset=\"0%\" style=\"stop-opacity:1;stop-color:var(--linear-gradient-53-fc-260-color-1)\"><\/stop><stop offset=\"100%\" style=\"stop-opacity:1;stop-color:var(--linear-gradient-53-fc-260-color-2)\"><\/stop><\/linearGradient><\/defs><\/svg><svg xmlns=\"http:\/\/www.w3.org\/2000\/svg\" viewBox=\"0 0 320 512\" aria-hidden=\"true\" width=\"32\" height=\"32\"><path d=\"M310.6 233.4c12.5 12.5 12.5 32.8 0 45.3l-192 192c-12.5 12.5-32.8 12.5-45.3 0s-12.5-32.8 0-45.3L242.7 256 73.4 86.6c-12.5-12.5-12.5-32.8 0-45.3s32.8-12.5 45.3 0l192 192z\"\/><\/svg><\/div><\/span><\/div>\n<\/div><\/div>\n\n\n\n<div class=\"wp-block-stackable-icon-label stk-block-icon-label stk-block stk-73ff7f9 stk-block-background\" data-block-id=\"73ff7f9\"><style>.stk-73ff7f9 {background-color:#eeeeef !important;padding-top:10px !important;padding-right:10px !important;padding-bottom:10px !important;padding-left:10px !important;margin-bottom:10px !important;}.stk-73ff7f9:before{background-color:#eeeeef !important;}<\/style><div class=\"stk-row stk-inner-blocks stk-block-content\">\n<div class=\"wp-block-stackable-heading stk-block-heading stk-block-heading--v2 stk-block stk-903dfa9\" id=\"a-href-https-www.ull.es-servicios-rrhh-inicio-negociado-seguridad-social-data-type-page-data-id-32-span-style-color-0-f-0-e-17-class-stk-highlight-negociado-de-seguridad-social-span-a\" data-block-id=\"903dfa9\"><style>.stk-903dfa9 .stk-block-heading__text:hover{color:#fffffe !important;}<\/style><p class=\"stk-block-heading__text\"><a href=\"https:\/\/www.ull.es\/servicios\/rrhh\/inicio\/negociado-seguridad-social\/\" data-type=\"page\" data-id=\"32\" target=\"_blank\" rel=\"noopener\"><span style=\"color: #0f0e17;\" class=\"stk-highlight\">Negociado de Seguridad Social<\/span><\/a><\/p><\/div>\n\n\n\n<div class=\"wp-block-stackable-icon stk-block-icon has-text-align-left stk-block stk-a923726\" data-block-id=\"a923726\"><style>.stk-a923726 .stk--svg-wrapper .stk--inner-svg svg:last-child{height:20px !important;width:20px !important;}.stk-a923726 .stk--svg-wrapper .stk--inner-svg svg:last-child, .stk-a923726 .stk--svg-wrapper .stk--inner-svg svg:last-child :is(g, path, rect, polygon, ellipse){fill:#333333 !important;}.stk-a923726 .stk--svg-wrapper:hover .stk--inner-svg svg:last-child, .stk-a923726 .stk--svg-wrapper:hover .stk--inner-svg svg:last-child :is(g, path, rect, polygon, ellipse){fill:#fffffe !important;}<\/style><span class=\"stk--svg-wrapper\"><div class=\"stk--inner-svg\"><svg style=\"height:0;width:0\"><defs><linearGradient id=\"linear-gradient-a923726\" x1=\"0\" x2=\"100%\" y1=\"0\" y2=\"0\"><stop offset=\"0%\" style=\"stop-opacity:1;stop-color:var(--linear-gradient-a-923726-color-1)\"><\/stop><stop offset=\"100%\" style=\"stop-opacity:1;stop-color:var(--linear-gradient-a-923726-color-2)\"><\/stop><\/linearGradient><\/defs><\/svg><svg xmlns=\"http:\/\/www.w3.org\/2000\/svg\" viewBox=\"0 0 320 512\" aria-hidden=\"true\" width=\"32\" height=\"32\"><path d=\"M310.6 233.4c12.5 12.5 12.5 32.8 0 45.3l-192 192c-12.5 12.5-32.8 12.5-45.3 0s-12.5-32.8 0-45.3L242.7 256 73.4 86.6c-12.5-12.5-12.5-32.8 0-45.3s32.8-12.5 45.3 0l192 192z\"\/><\/svg><\/div><\/span><\/div>\n<\/div><\/div>\n\n\n\n<div class=\"wp-block-stackable-icon-label stk-block-icon-label stk-block stk-312c703 stk-block-background\" data-block-id=\"312c703\"><style>.stk-312c703 {background-color:#eeeeef !important;padding-top:10px !important;padding-right:10px !important;padding-bottom:10px !important;padding-left:10px !important;}.stk-312c703:before{background-color:#eeeeef !important;}<\/style><div class=\"stk-row stk-inner-blocks stk-block-content\">\n<div class=\"wp-block-stackable-heading stk-block-heading stk-block-heading--v2 stk-block stk-bf62958\" id=\"a-href-https-www.ull.es-servicios-rrhh-inicio-negociado-de-tratamiento-de-datos-y-presupuestacion-data-type-page-data-id-119-span-style-color-0-f-0-e-17-class-stk-highlight-negociado-de-tratamiento-de-datos-y-presupuestacion-span-a\" data-block-id=\"bf62958\"><style>.stk-bf62958 .stk-block-heading__text:hover{color:#fffffe !important;}<\/style><p class=\"stk-block-heading__text\"><a href=\"https:\/\/www.ull.es\/servicios\/rrhh\/inicio\/negociado-de-tratamiento-de-datos-y-presupuestacion\/\" data-type=\"page\" data-id=\"119\" target=\"_blank\" rel=\"noopener\"><span style=\"color: #0f0e17;\" class=\"stk-highlight\">Negociado de Tratamiento de Datos y Presupuestaci\u00f3n<\/span><\/a><\/p><\/div>\n\n\n\n<div class=\"wp-block-stackable-icon stk-block-icon has-text-align-left stk-block stk-0df8249\" data-block-id=\"0df8249\"><style>.stk-0df8249 .stk--svg-wrapper .stk--inner-svg svg:last-child{height:20px !important;width:20px !important;}.stk-0df8249 .stk--svg-wrapper .stk--inner-svg svg:last-child, .stk-0df8249 .stk--svg-wrapper .stk--inner-svg svg:last-child :is(g, path, rect, polygon, ellipse){fill:#333333 !important;}.stk-0df8249 .stk--svg-wrapper:hover .stk--inner-svg svg:last-child, .stk-0df8249 .stk--svg-wrapper:hover .stk--inner-svg svg:last-child :is(g, path, rect, polygon, ellipse){fill:#fffffe !important;}<\/style><span class=\"stk--svg-wrapper\"><div class=\"stk--inner-svg\"><svg style=\"height:0;width:0\"><defs><linearGradient id=\"linear-gradient-0df8249\" x1=\"0\" x2=\"100%\" y1=\"0\" y2=\"0\"><stop offset=\"0%\" style=\"stop-opacity:1;stop-color:var(--linear-gradient-0-df-8249-color-1)\"><\/stop><stop offset=\"100%\" style=\"stop-opacity:1;stop-color:var(--linear-gradient-0-df-8249-color-2)\"><\/stop><\/linearGradient><\/defs><\/svg><svg xmlns=\"http:\/\/www.w3.org\/2000\/svg\" viewBox=\"0 0 320 512\" aria-hidden=\"true\" width=\"32\" height=\"32\"><path d=\"M310.6 233.4c12.5 12.5 12.5 32.8 0 45.3l-192 192c-12.5 12.5-32.8 12.5-45.3 0s-12.5-32.8 0-45.3L242.7 256 73.4 86.6c-12.5-12.5-12.5-32.8 0-45.3s32.8-12.5 45.3 0l192 192z\"\/><\/svg><\/div><\/span><\/div>\n<\/div><\/div>\n<\/div><\/div><\/div>\n<\/div><\/div>\n\n\n\n<div class=\"wp-block-stackable-columns stk-block-columns stk-block stk-292ab08\" data-block-id=\"292ab08\"><div class=\"stk-row stk-inner-blocks stk-block-content stk-content-align stk-292ab08-column\">\n<div class=\"wp-block-stackable-column stk-block-column stk-column stk-block stk-5a34853\" data-v=\"4\" data-block-id=\"5a34853\"><div class=\"stk-column-wrapper stk-block-column__content stk-container stk-5a34853-container stk--no-background stk--no-padding\"><div class=\"stk-block-content stk-inner-blocks stk-5a34853-inner-blocks\"><style>\n    .news-group .bg-size {\n        background-position: center;\n        background-size: cover;\n        width: 100%;\n        height: 48px;\n    }\n    .news-group .list-group-item-text {\n        font-size: 13px;\n    }\n    .news-group .col-md-3 {\n        padding-right: 0;\n    }\n    .news-group .list-group-item-date {\n        font-size: 11px;\n        color: #A4A4A4;\n        margin-bottom: 2px;\n        text-transform: uppercase;\n    }\n\n    .mensaje.alert-warning{\n        font-size: 12px;\n        margin: 14px !important;\n        padding: 4px 8px;\n        color: #cca60b;\n    }\n<\/style>\n\n<div class=\"panel panel-default\">\n    <div class=\"panel-heading\">\n        <h3 class=\"panel-title\">Noticias<\/h3>\n    <\/div>\n\n    <div class=\"list-group news-group\">\n\n        <div class=\"mensaje alert alert-warning\">No hay noticias disponibles.<\/div>\n    <\/div>\n\n\n<\/div>\n<\/div><\/div><\/div>\n\n\n\n<div class=\"wp-block-stackable-column stk-block-column stk-column stk-block stk-b9774d2\" data-v=\"4\" data-block-id=\"b9774d2\"><div class=\"stk-column-wrapper stk-block-column__content stk-container stk-b9774d2-container stk--no-background stk--no-padding\"><div class=\"stk-block-content stk-inner-blocks stk-b9774d2-inner-blocks\"><style>\n    .news-group .bg-size {\n        background-position: center;\n        background-size: cover;\n        width: 100%;\n        height: 48px;\n    }\n    .news-group .list-group-item-text {\n        font-size: 13px;\n    }\n    .news-group .col-md-3 {\n        padding-right: 0;\n    }\n    .news-group .list-group-item-date {\n        font-size: 11px;\n        color: #A4A4A4;\n        margin-bottom: 2px;\n        text-transform: uppercase;\n    }\n\n    .mensaje.alert-warning{\n        font-size: 12px;\n        margin: 14px !important;\n        padding: 4px 8px;\n        color: #cca60b;\n    }\n\n<\/style>\n\n\n<!--<pre>-->\n<!--    --><!--<\/pre>-->\n\n<div class=\"panel panel-default\">\n    <div class=\"panel-heading\">\n        <h3 class=\"panel-title\">Convocatorias<\/h3>\n    <\/div>\n\n    <div class=\"list-group news-group\">\n                            <a href=\"https:\/\/www.ull.es\/portal\/convocatorias\/convocatoria\/resolucion-de-20-de-marzo-de-2026-por-la-que-se-aprueba-la-convocatoria-de-contratacion-para-la-provision-de-plazas-de-personal-docente-e-investigador-contratado-temporal-en-regimen-de-derecho-labor\/\" class=\"list-group-item\">\n                    <div class=\"row\">\n                        <div class=\"col-md-12\">\n                            <p class=\"list-group-item-date\">\n                                Fecha de modificaci\u00f3n: 20 Apr 2026 - 07:38 UTC                            <\/p>\n                            <p class=\"list-group-item-text\">Resoluci\u00f3n de 20 de marzo de 2026, por la que se aprueba la convocatoria de contrataci\u00f3n para la provisi\u00f3n de plazas de personal docente e investigador contratado temporal, en r\u00e9gimen de derecho laboral, mediante procedimiento ordinario, en la figura de Profesor Asociado en Ciencias de la Salud.<\/p>\n                        <\/div>\n                    <\/div>\n                <\/a>\n                            <a href=\"https:\/\/www.ull.es\/portal\/convocatorias\/convocatoria\/resolucion-de-12-de-marzo-de-2026-por-la-que-se-aprueba-la-convocatoria-de-contratacion-para-la-provision-de-plazas-de-personal-docente-e-investigador-contratado-temporal-en-regimen-de-derecho-labor\/\" class=\"list-group-item\">\n                    <div class=\"row\">\n                        <div class=\"col-md-12\">\n                            <p class=\"list-group-item-date\">\n                                Fecha de modificaci\u00f3n: 17 Apr 2026 - 13:15 UTC                            <\/p>\n                            <p class=\"list-group-item-text\">Resoluci\u00f3n de 12 de marzo de 2026, por la que se aprueba la convocatoria de contrataci\u00f3n para la provisi\u00f3n de plazas de personal docente e investigador contratado temporal, en r\u00e9gimen de derecho laboral, mediante procedimiento ordinario, en la figura de Profesor Asociado en Ciencias de la Salud.<\/p>\n                        <\/div>\n                    <\/div>\n                <\/a>\n                            <a href=\"https:\/\/www.ull.es\/portal\/convocatorias\/convocatoria\/convocatoria-concurso-meritos-escala-ayudante-de-archivos-biblioteca-y-museos-grupo-a-subgrupo-a2-2\/\" class=\"list-group-item\">\n                    <div class=\"row\">\n                        <div class=\"col-md-12\">\n                            <p class=\"list-group-item-date\">\n                                Fecha de modificaci\u00f3n: 13 Mar 2026 - 09:35 UTC                            <\/p>\n                            <p class=\"list-group-item-text\">Convocatoria Concurso M\u00e9ritos Escala Ayudante de Archivos, Biblioteca y Museos (Grupo A, Subgrupo A2)<\/p>\n                        <\/div>\n                    <\/div>\n                <\/a>\n                            <a href=\"https:\/\/www.ull.es\/portal\/convocatorias\/convocatoria\/resolucion-de-12-de-febrero-de-2026-por-la-que-se-aprueba-la-convocatoria-de-contratacion-para-la-provision-de-plazas-de-personal-docente-e-investigador-contratado-temporal-en-regimen-de-derecho-lab\/\" class=\"list-group-item\">\n                    <div class=\"row\">\n                        <div class=\"col-md-12\">\n                            <p class=\"list-group-item-date\">\n                                Fecha de modificaci\u00f3n: 10 Apr 2026 - 12:24 UTC                            <\/p>\n                            <p class=\"list-group-item-text\">Resoluci\u00f3n de 12 de febrero de 2026, por la que se aprueba la convocatoria de contrataci\u00f3n para la provisi\u00f3n de plazas de personal docente e investigador contratado temporal, en r\u00e9gimen de derecho laboral, mediante procedimiento ordinario, en la figura de Profesor Ayudante Doctor.<\/p>\n                        <\/div>\n                    <\/div>\n                <\/a>\n                            <a href=\"https:\/\/www.ull.es\/portal\/convocatorias\/convocatoria\/resolucion-de-6-de-febrero-de-2026-por-la-que-se-convoca-concurso-publico-por-el-procedimiento-ordinario-para-la-provision-de-plazas-de-personal-docente-e-investigador-contratado-en-regimen-de-der-2\/\" class=\"list-group-item\">\n                    <div class=\"row\">\n                        <div class=\"col-md-12\">\n                            <p class=\"list-group-item-date\">\n                                Fecha de modificaci\u00f3n: 23 Mar 2026 - 12:26 UTC                            <\/p>\n                            <p class=\"list-group-item-text\">Resoluci\u00f3n de 6 de febrero de 2026, por la que se convoca concurso p\u00fablico, por el procedimiento ordinario, para la provisi\u00f3n de plazas de personal docente e investigador contratado, en r\u00e9gimen de derecho laboral, en la figura de Profesor y Profesora Permanente Laboral con cargo al programa I3\/R3.<\/p>\n                        <\/div>\n                    <\/div>\n                <\/a>\n                <\/div>\n\n    <div class=\"panel-footer\">\n                    <a href=\"https:\/\/www.ull.es\/portal\/convocatorias\/categorias\/empleo-publico\">M\u00c1S CONVOCATORIAS <i class=\"fa fa-chevron-right\"><\/i><\/a>\n            <\/div>\n\n    \n<\/div>\n<\/div><\/div><\/div>\n\n\n\n<div class=\"wp-block-stackable-column stk-block-column stk-column stk-block stk-0415e49\" data-v=\"4\" data-block-id=\"0415e49\"><div class=\"stk-column-wrapper stk-block-column__content stk-container stk-0415e49-container stk--no-background stk--no-padding\"><div class=\"stk-block-content stk-inner-blocks stk-0415e49-inner-blocks\">\n<ul class=\"widget-box\">\n<li class='contacto-header'>Informaci\u00f3n de contacto<\/li><li><i class=\"fa fa-map-marker\"><\/i> C\/ Padre Herrera, s\/n. Edificio Rectorado. Apartado 456. C\u00f3digo postal 38200. San Crist\u00f3bal de La Laguna. S\/C de Tenerife<\/li><li><i class=\"fa fa-phone\"><\/i> (+34) 922 31 83 07<\/li><li><i class=\"fa fa-clock-o\"><\/i> De 09:00 a 13:30h. L - V<\/li><li><i class=\"fa fa-globe\"><\/i><a href=\"https:\/\/www.ull.es\/servicios\/rrhh\"> P\u00e1gina web<\/a><\/li><li><i class=\"fa fa-pencil-square-o\"><\/i><a href=\"https:\/\/encuestas.ull.es\/index.php?r=survey\/index&sid=244752&lang=es\"> Encuesta de satisfacci\u00f3n<\/a><\/li><li><i class=\"fa fa-archive\"><\/i><a href=\"https:\/\/sede.ull.es\/ecivilis-site\/catalog\/showProcedure\/484\"> Procedimiento para quejas, sugerencias y felicitaciones<\/a><\/li>\n<\/ul>\n\n\n\n\n\n<div class=\"wp-block-stackable-spacer stk-block-spacer stk--no-padding stk-block stk-4f4698b\" data-block-id=\"4f4698b\"><\/div>\n\n\n\n<ul class=\"widget-box\">\n \t<li class=\"contacto-header\">Informaci\u00f3n de los negociados<\/li>\n \t<li><i class=\"fa fa-envelope\"><\/i> <a href=\"mailto:nnominas@ull.es\" target=\"_blank\" rel=\"noopener\">N\u00f3minas(nnominas@ull.es)<\/a><\/li>\n \t<li><i class=\"fa fa-envelope\"><\/i> <a href=\"mailto:negpdif@ulles\" target=\"_blank\" rel=\"noopener\">PDI Funcionario(negpdif@ull.es)<\/a><\/li>\n \t<li><i class=\"fa fa-envelope\"><\/i> <a href=\"mailto:negprof@ulles\" target=\"_blank\" rel=\"noopener\">PDI Laboral(negprof@ull.es)<\/a><\/li>\n \t<li><i class=\"fa fa-envelope\"><\/i> <a href=\"mailto:sgsocial@ulles\" target=\"_blank\" rel=\"noopener\">Seguridad Social(sgsocial@ull.es)<\/a><\/li>\n \t<li><i class=\"fa fa-envelope\"><\/i> <a href=\"mailto:ntratada@ulles\" target=\"_blank\" rel=\"noopener\">T. Datos y Presup.(ntratada@ull.es)<\/a><\/li>\n \t<li><i class=\"fa fa-envelope\"><\/i> <a href=\"mailto:ngdopas@ulles\" target=\"_blank\" rel=\"noopener\">PAS Funcionario(ngdopas@ull.es)<\/a><\/li>\n \t<li><i class=\"fa fa-envelope\"><\/i> <a href=\"mailto:paslabor@ulles\" target=\"_blank\" rel=\"noopener\">PAS Laboral(paslabor@ull.es)<\/a><\/li>\n \t<li><i class=\"fa fa-envelope\"><\/i> <a href=\"mailto:rdocentes@ulles\" target=\"_blank\" rel=\"noopener\">Recursos Docentes(rdocentes@ull.es )<\/a><\/li>\n<\/ul>\n<\/div><\/div><\/div>\n<\/div><\/div>\n","protected":false},"excerpt":{"rendered":"<p>Servicio de Recursos Humanos El Servicio de RR.HH es una unidad organizativa de car\u00e1cter horizontal de esta Universidad .El Servicio de RR.HH, bajo la dependencia del Director-Coordinador de \u00c1rea de Recursos Humanos, R\u00e9gimen Interno, Formaci\u00f3n y Calidad, le corresponden la tramitaci\u00f3n de todas aquellas cuestiones que afectan a los empleados de esta Universidad, tanto de&#8230;<\/p>\n","protected":false},"author":1,"featured_media":0,"parent":0,"menu_order":0,"comment_status":"closed","ping_status":"open","template":"templates\/template-frontpage.php","meta":{"_acf_changed":false,"footnotes":""},"class_list":["post-2","page","type-page","status-publish","hentry"],"acf":[],"_links":{"self":[{"href":"https:\/\/www.ull.es\/servicios\/rrhh\/wp-json\/wp\/v2\/pages\/2","targetHints":{"allow":["GET"]}}],"collection":[{"href":"https:\/\/www.ull.es\/servicios\/rrhh\/wp-json\/wp\/v2\/pages"}],"about":[{"href":"https:\/\/www.ull.es\/servicios\/rrhh\/wp-json\/wp\/v2\/types\/page"}],"author":[{"embeddable":true,"href":"https:\/\/www.ull.es\/servicios\/rrhh\/wp-json\/wp\/v2\/users\/1"}],"replies":[{"embeddable":true,"href":"https:\/\/www.ull.es\/servicios\/rrhh\/wp-json\/wp\/v2\/comments?post=2"}],"version-history":[{"count":72,"href":"https:\/\/www.ull.es\/servicios\/rrhh\/wp-json\/wp\/v2\/pages\/2\/revisions"}],"predecessor-version":[{"id":543,"href":"https:\/\/www.ull.es\/servicios\/rrhh\/wp-json\/wp\/v2\/pages\/2\/revisions\/543"}],"wp:attachment":[{"href":"https:\/\/www.ull.es\/servicios\/rrhh\/wp-json\/wp\/v2\/media?parent=2"}],"curies":[{"name":"wp","href":"https:\/\/api.w.org\/{rel}","templated":true}]}}