{"id":14,"date":"2022-12-22T16:14:40","date_gmt":"2022-12-22T16:14:40","guid":{"rendered":"https:\/\/www.ull.es\/vive-la-universidad\/alquiler-espacios\/?page_id=14"},"modified":"2026-01-08T13:55:40","modified_gmt":"2026-01-08T13:55:40","slug":"alquiler-espacios-para-eventos","status":"publish","type":"page","link":"https:\/\/www.ull.es\/vive-la-universidad\/alquiler-espacios\/","title":{"rendered":"Alquiler de espacios para eventos"},"content":{"rendered":"\n<div class=\"wp-block-stackable-columns alignfull stk-block-columns stk-block stk-7732a3f stk-block-background stk--has-background-overlay\" data-block-id=\"7732a3f\"><style>.stk-7732a3f {background-image:url(https:\/\/www.ull.es\/vive-la-universidad\/alquiler-espacios\/wp-content\/uploads\/sites\/6\/2023\/01\/Rampa-nivel-07.jpg) !important;background-position:top center !important;padding-top:12% !important;padding-bottom:12% !important;margin-top:-25px !important;margin-bottom:0px !important;}<\/style><div class=\"stk-row stk-inner-blocks stk-block-content stk-content-align stk-7732a3f-column alignfull\">\n<div class=\"wp-block-stackable-column stk-block-column stk-column stk-block stk-0b8ca75\" data-v=\"4\" data-block-id=\"0b8ca75\"><div class=\"stk-column-wrapper stk-block-column__content stk-container stk-0b8ca75-container stk--no-background stk--no-padding\"><div class=\"stk-block-content stk-inner-blocks stk-0b8ca75-inner-blocks\">\n<div class=\"wp-block-stackable-heading stk-block-heading stk-block-heading--v2 stk-block stk-b10c126\" id=\"alquiler-de-instalaciones-para-eventos\" data-block-id=\"b10c126\"><style>.stk-b10c126 .stk-block-heading__text{text-shadow:3px 2px 5px #471aa7 !important;font-size:40px !important;color:#ffffff !important;line-height:45px !important;font-weight:600 !important;font-family:\"Montserrat\", Sans-serif !important;}@media screen and (max-width: 1023px){.stk-b10c126 .stk-block-heading__text{font-size:40px !important;}}<\/style><h2 class=\"stk-block-heading__text has-text-color has-text-align-center\">Alquiler de instalaciones para eventos<\/h2><\/div>\n\n\n\n<div class=\"wp-block-stackable-button-group stk-block-button-group stk-block stk-8c45fce popmake-3763\" data-block-id=\"8c45fce\"><div class=\"stk-row stk-inner-blocks has-text-align-center stk-block-content stk-button-group\">\n<div class=\"wp-block-stackable-button stk-block-button has-text-align-center stk-block stk-093f933\" data-block-id=\"093f933\"><style>.stk-093f933 .stk-button{padding-top:10px !important;padding-right:20px !important;padding-bottom:10px !important;padding-left:20px !important;background:#5c068c !important;}.stk-093f933 .stk-button:hover:after{background:#ffffff !important;opacity:1 !important;}.stk-093f933 .stk-button__inner-text{font-size:15px !important;font-weight:500 !important;font-family:\"Montserrat\", Sans-serif !important;}.stk-093f933 .stk-button:hover .stk-button__inner-text{color:#5c068c !important;}@media screen and (max-width: 1023px){.stk-093f933 .stk-button__inner-text{font-size:15px !important;}}<\/style><a class=\"stk-link stk-button stk--hover-effect-darken\" href=\"\" target=\"_blank\" rel=\"noopener\"><span class=\"stk-button__inner-text\">CONTACTO<\/span><\/a><\/div>\n<\/div><\/div>\n<\/div><\/div><\/div>\n<\/div><\/div>\n\n\n\n<div class=\"wp-block-stackable-columns alignfull stk-block-columns stk-block stk-10c2702 stk-block-background\" data-block-id=\"10c2702\"><style>.stk-10c2702 {background-color:#e7e0f2 !important;padding-top:3% !important;padding-bottom:3% !important;margin-top:-30px !important;margin-bottom:80px !important;}.stk-10c2702:before{background-color:#e7e0f2 !important;}<\/style><div class=\"stk-row stk-inner-blocks stk-block-content stk-content-align stk-10c2702-column alignfull\">\n<div class=\"wp-block-stackable-column stk-block-column stk-column stk-block stk-c0c78c6\" data-v=\"4\" data-block-id=\"c0c78c6\"><div class=\"stk-column-wrapper stk-block-column__content stk-container stk-c0c78c6-container stk--no-background stk--no-padding\"><div class=\"stk-block-content stk-inner-blocks stk-c0c78c6-inner-blocks\">\n<div class=\"wp-block-stackable-columns aligncenter stk-block-columns stk-block stk-77140ac\" data-block-id=\"77140ac\"><div class=\"stk-row stk-inner-blocks stk-block-content stk-content-align stk-77140ac-column\">\n<div class=\"wp-block-stackable-column stk-block-column stk-column stk-block stk-9a79777\" data-v=\"4\" data-block-id=\"9a79777\"><div class=\"stk-column-wrapper stk-block-column__content stk-container stk-9a79777-container stk--no-background stk--no-padding\"><div class=\"stk-block-content stk-inner-blocks stk-9a79777-inner-blocks\">\n<div class=\"wp-block-stackable-text stk-block-text stk-block stk-46207bc\" data-block-id=\"46207bc\"><style>.stk-46207bc .stk-block-text__text{color:#000000 !important;font-weight:400 !important;font-family:\"Montserrat\", Sans-serif !important;}<\/style><p class=\"stk-block-text__text has-text-color\">La Universidad de La Laguna dispone de diferentes dependencias susceptibles de ser utilizadas para la realizaci\u00f3n de eventos de diversa \u00edndole: institucionales, acad\u00e9micos, l\u00fadicos, etc.\n<br><br>\nLa gesti\u00f3n de cada dependencia corresponde a los responsables del edificio en el que se ubica. Aqu\u00ed encontrar\u00e1 la informaci\u00f3n y sus caracter\u00edsticas b\u00e1sicas. A las tarifas hay que sumar los gastos de servicios extraordinarios que fueren necesarios y el correspondiente IGIC.<\/p><\/div>\n\n\n\n<ul class=\"wp-block-list\">\n<li><a href=\"https:\/\/drive.google.com\/file\/d\/1E-De_wkhtEAc5m0KvFIcLkmQgMQU-tyY\/view?usp=sharing\" target=\"_blank\" rel=\"noreferrer noopener\" target=\"_blank\" rel=\"noopener\">Tarifas y otros precios p\u00fablicos<\/a><\/li>\n<\/ul>\n\n\n\n<div class=\"wp-block-stackable-spacer stk-block-spacer stk--no-padding stk-block stk-917bdf1\" data-block-id=\"917bdf1\"><\/div>\n\n\n\n<div class=\"wp-block-stackable-icon-box stk-block-icon-box stk--hide-desktop stk--hide-tablet stk--hide-mobile stk-block stk-18eae51 stk-block-background\" data-v=\"2\" data-block-id=\"18eae51\"><style>.stk-18eae51 {background-color:#5c068c21 !important;border-style:solid !important;border-color:#5c068c !important;border-top-width:2px !important;border-right-width:2px !important;border-bottom-width:2px !important;border-left-width:2px !important;padding-top:2% !important;padding-right:2% !important;padding-bottom:2% !important;padding-left:2% !important;}.stk-18eae51:before{background-color:#5c068c21 !important;}<\/style><div class=\"stk-block-content stk-inner-blocks stk-block-icon-box__content stk-container stk-18eae51-container stk--no-background stk--no-padding\">\n<div class=\"wp-block-stackable-icon-label stk-block-icon-label stk-block stk-6b1cfe6\" data-block-id=\"6b1cfe6\"><style>.stk-6b1cfe6 .stk-inner-blocks{gap:34px !important;}.stk-6b1cfe6 {margin-bottom:0px !important;}@media screen and (max-width: 1023px){.stk-6b1cfe6 .stk-inner-blocks{gap:34px !important;}}@media screen and (max-width: 767px){.stk-6b1cfe6 .stk-inner-blocks{gap:34px !important;}}<\/style><div class=\"stk-row stk-inner-blocks stk-block-content\">\n<div class=\"wp-block-stackable-icon stk-block-icon has-text-align-left stk-block stk-a694415\" data-block-id=\"a694415\"><style>.stk-a694415 .stk--svg-wrapper .stk--inner-svg svg:last-child{height:30px !important;width:30px !important;}.stk-a694415 .stk--svg-wrapper .stk--inner-svg svg:last-child, .stk-a694415 .stk--svg-wrapper .stk--inner-svg svg:last-child :is(g, path, rect, polygon, ellipse){fill:#5c068c !important;}<\/style><span class=\"stk--svg-wrapper\"><div class=\"stk--inner-svg\"><svg style=\"height:0;width:0\"><defs><linearGradient id=\"linear-gradient-a694415\" x1=\"0\" x2=\"100%\" y1=\"0\" y2=\"0\"><stop offset=\"0%\" style=\"stop-opacity:1;stop-color:var(--linear-gradient-a-694415-color-1)\"><\/stop><stop offset=\"100%\" style=\"stop-opacity:1;stop-color:var(--linear-gradient-a-694415-color-2)\"><\/stop><\/linearGradient><\/defs><\/svg><svg xmlns=\"http:\/\/www.w3.org\/2000\/svg\" viewBox=\"0 0 512 512\" aria-hidden=\"true\" width=\"32\" height=\"32\"><path d=\"M256 512A256 256 0 1 0 256 0a256 256 0 1 0 0 512zM216 336h24V272H216c-13.3 0-24-10.7-24-24s10.7-24 24-24h48c13.3 0 24 10.7 24 24v88h8c13.3 0 24 10.7 24 24s-10.7 24-24 24H216c-13.3 0-24-10.7-24-24s10.7-24 24-24zm40-208a32 32 0 1 1 0 64 32 32 0 1 1 0-64z\"\/><\/svg><\/div><\/span><\/div>\n\n\n\n<div class=\"wp-block-stackable-heading stk-block-heading stk-block-heading--v2 stk-block stk-866139b\" id=\"se-aplicaran-bonificaciones-en-dias-lectivos-en-las-tarifas-de-aulas-aulas-magnas-salas-de-grados-y-salones-de-actos-para-la-cesiones-de-espacios\" data-block-id=\"866139b\"><p class=\"stk-block-heading__text\">Se aplicar\u00e1n bonificaciones en d\u00edas lectivos en las tarifas de aulas, aulas magnas, salas de grados y salones de actos para la cesiones de espacios<\/p><\/div>\n<\/div><\/div>\n<\/div><\/div>\n<\/div><\/div><\/div>\n<\/div><\/div>\n<\/div><\/div><\/div>\n<\/div><\/div>\n\n\n\n<div class=\"wp-block-stackable-columns stk-block-columns stk-block stk-11de593\" data-block-id=\"11de593\"><style>.stk-11de593-column{--stk-column-gap:50px !important;}@media screen and (max-width: 767px){.stk-11de593-column{row-gap:25px !important;}}<\/style><div class=\"stk-row stk-inner-blocks stk-block-content stk-content-align stk-11de593-column\">\n<div class=\"wp-block-stackable-column stk-block-column stk-column stk-block stk-db2452b stk-block-background\" data-v=\"4\" data-block-id=\"db2452b\"><style>.stk-db2452b {background-color:#e7e0f2 !important;border-top-left-radius:15px !important;border-top-right-radius:15px !important;border-bottom-right-radius:15px !important;border-bottom-left-radius:15px !important;overflow:hidden !important;}.stk-db2452b:before{background-color:#e7e0f2 !important;}<\/style><div class=\"stk-column-wrapper stk-block-column__content stk-container stk-db2452b-container stk--no-background stk--no-padding\"><div class=\"stk-block-content stk-inner-blocks stk-db2452b-inner-blocks\">\n<div class=\"wp-block-stackable-image stk-block-image stk-block stk-b7e4ed8\" data-block-id=\"b7e4ed8\"><style>.stk-b7e4ed8 .stk-img-wrapper{width:100% !important;}<\/style><figure><a class=\"stk-link\" href=\"https:\/\/www.ull.es\/vive-la-universidad\/alquiler-espacios\/edificio-central\/\" target=\"_blank\" rel=\"noopener\"><span class=\"stk-img-wrapper stk-image--shape-stretch\"><img loading=\"lazy\" decoding=\"async\" class=\"stk-img wp-image-191\" src=\"https:\/\/www.ull.es\/vive-la-universidad\/alquiler-espacios\/wp-content\/uploads\/sites\/6\/2023\/01\/Edif-Central.jpg\" width=\"1200\" height=\"770\" srcset=\"https:\/\/www.ull.es\/vive-la-universidad\/alquiler-espacios\/wp-content\/uploads\/sites\/6\/2023\/01\/Edif-Central.jpg 1200w, https:\/\/www.ull.es\/vive-la-universidad\/alquiler-espacios\/wp-content\/uploads\/sites\/6\/2023\/01\/Edif-Central-300x193.jpg 300w, https:\/\/www.ull.es\/vive-la-universidad\/alquiler-espacios\/wp-content\/uploads\/sites\/6\/2023\/01\/Edif-Central-1024x657.jpg 1024w, https:\/\/www.ull.es\/vive-la-universidad\/alquiler-espacios\/wp-content\/uploads\/sites\/6\/2023\/01\/Edif-Central-768x493.jpg 768w, https:\/\/www.ull.es\/vive-la-universidad\/alquiler-espacios\/wp-content\/uploads\/sites\/6\/2023\/01\/Edif-Central-375x241.jpg 375w, https:\/\/www.ull.es\/vive-la-universidad\/alquiler-espacios\/wp-content\/uploads\/sites\/6\/2023\/01\/Edif-Central-750x481.jpg 750w, https:\/\/www.ull.es\/vive-la-universidad\/alquiler-espacios\/wp-content\/uploads\/sites\/6\/2023\/01\/Edif-Central-1140x732.jpg 1140w\" sizes=\"(max-width: 1200px) 100vw, 1200px\" \/><\/span><\/a><\/figure><\/div>\n\n\n\n<div class=\"wp-block-stackable-text stk-block-text stk-block stk-66a7514\" data-block-id=\"66a7514\"><style>.stk-66a7514 .stk-block-text__text{font-size:22px !important;color:#5c068c !important;font-weight:600 !important;font-family:\"Montserrat\", Sans-serif !important;}@media screen and (max-width: 1023px){.stk-66a7514 .stk-block-text__text{font-size:22px !important;}}<\/style><p class=\"stk-block-text__text has-text-color has-text-align-center\">Edificio Central<\/p><\/div>\n\n\n\n<div class=\"wp-block-stackable-text stk-block-text stk-block stk-3776a58\" data-block-id=\"3776a58\"><p class=\"stk-block-text__text has-text-align-center\">Aforo variable<br>Interior<br>Precios desde 500\u20ac<\/p><\/div>\n<\/div><\/div><\/div>\n\n\n\n<div class=\"wp-block-stackable-column stk-block-column stk-column stk-block stk-3b74dfc stk-block-background\" data-v=\"4\" data-block-id=\"3b74dfc\"><style>.stk-3b74dfc {background-color:#e7e0f2 !important;border-top-left-radius:15px !important;border-top-right-radius:15px !important;border-bottom-right-radius:15px !important;border-bottom-left-radius:15px !important;overflow:hidden !important;}.stk-3b74dfc:before{background-color:#e7e0f2 !important;}<\/style><div class=\"stk-column-wrapper stk-block-column__content stk-container stk-3b74dfc-container stk--no-background stk--no-padding\"><div class=\"stk-block-content stk-inner-blocks stk-3b74dfc-inner-blocks\">\n<div class=\"wp-block-stackable-image stk-block-image stk-block stk-1db9816\" data-block-id=\"1db9816\"><style>.stk-1db9816 .stk-img-wrapper{width:100% !important;}<\/style><figure><a class=\"stk-link\" href=\"https:\/\/www.ull.es\/vive-la-universidad\/alquiler-espacios\/aulario-general-cesar-manrique\/\" target=\"_blank\" rel=\"noopener\"><span class=\"stk-img-wrapper stk-image--shape-stretch\"><img loading=\"lazy\" decoding=\"async\" class=\"stk-img wp-image-290\" src=\"https:\/\/www.ull.es\/vive-la-universidad\/alquiler-espacios\/wp-content\/uploads\/sites\/6\/2023\/01\/Aulario-Guajara-04.jpg\" width=\"1200\" height=\"800\" srcset=\"https:\/\/www.ull.es\/vive-la-universidad\/alquiler-espacios\/wp-content\/uploads\/sites\/6\/2023\/01\/Aulario-Guajara-04.jpg 1200w, https:\/\/www.ull.es\/vive-la-universidad\/alquiler-espacios\/wp-content\/uploads\/sites\/6\/2023\/01\/Aulario-Guajara-04-300x200.jpg 300w, https:\/\/www.ull.es\/vive-la-universidad\/alquiler-espacios\/wp-content\/uploads\/sites\/6\/2023\/01\/Aulario-Guajara-04-1024x683.jpg 1024w, https:\/\/www.ull.es\/vive-la-universidad\/alquiler-espacios\/wp-content\/uploads\/sites\/6\/2023\/01\/Aulario-Guajara-04-768x512.jpg 768w, https:\/\/www.ull.es\/vive-la-universidad\/alquiler-espacios\/wp-content\/uploads\/sites\/6\/2023\/01\/Aulario-Guajara-04-375x250.jpg 375w, https:\/\/www.ull.es\/vive-la-universidad\/alquiler-espacios\/wp-content\/uploads\/sites\/6\/2023\/01\/Aulario-Guajara-04-750x500.jpg 750w, https:\/\/www.ull.es\/vive-la-universidad\/alquiler-espacios\/wp-content\/uploads\/sites\/6\/2023\/01\/Aulario-Guajara-04-1140x760.jpg 1140w\" sizes=\"(max-width: 1200px) 100vw, 1200px\" \/><\/span><\/a><\/figure><\/div>\n\n\n\n<div class=\"wp-block-stackable-text stk-block-text stk-block stk-7de5147\" data-block-id=\"7de5147\"><style>.stk-7de5147 .stk-block-text__text{font-size:22px !important;color:#5c068c !important;font-weight:600 !important;font-family:\"Montserrat\", Sans-serif !important;}@media screen and (max-width: 1023px){.stk-7de5147 .stk-block-text__text{font-size:22px !important;}}<\/style><p class=\"stk-block-text__text has-text-color has-text-align-center\">Aulario General<br> C\u00e9sar Manrique<\/p><\/div>\n\n\n\n<div class=\"wp-block-stackable-text stk-block-text stk-block stk-0d934d0\" data-block-id=\"0d934d0\"><p class=\"stk-block-text__text has-text-align-center\">Aforo 38-610<br>Interior<br>Precios desde 340\u20ac<\/p><\/div>\n<\/div><\/div><\/div>\n\n\n\n<div class=\"wp-block-stackable-column stk-block-column stk-column stk-block stk-0d3c800 stk-block-background\" data-v=\"4\" data-block-id=\"0d3c800\"><style>.stk-0d3c800 {background-color:#e7e0f2 !important;border-top-left-radius:15px !important;border-top-right-radius:15px !important;border-bottom-right-radius:15px !important;border-bottom-left-radius:15px !important;overflow:hidden !important;}.stk-0d3c800:before{background-color:#e7e0f2 !important;}<\/style><div class=\"stk-column-wrapper stk-block-column__content stk-container stk-0d3c800-container stk--no-background stk--no-padding\"><div class=\"stk-block-content stk-inner-blocks stk-0d3c800-inner-blocks\">\n<div class=\"wp-block-stackable-image stk-block-image stk-block stk-80f3cb0\" data-block-id=\"80f3cb0\"><style>.stk-80f3cb0 .stk-img-wrapper{width:100% !important;}<\/style><figure><a class=\"stk-link\" href=\"https:\/\/www.ull.es\/vive-la-universidad\/alquiler-espacios\/bellas-artes\/\" target=\"_blank\" rel=\"noopener\"><span class=\"stk-img-wrapper stk-image--shape-stretch\"><img loading=\"lazy\" decoding=\"async\" class=\"stk-img wp-image-2146\" src=\"https:\/\/www.ull.es\/vive-la-universidad\/alquiler-espacios\/wp-content\/uploads\/sites\/6\/2023\/06\/BBAA-Rampa-1-de-nivel-11.jpg\" width=\"1200\" height=\"800\" srcset=\"https:\/\/www.ull.es\/vive-la-universidad\/alquiler-espacios\/wp-content\/uploads\/sites\/6\/2023\/06\/BBAA-Rampa-1-de-nivel-11.jpg 1200w, https:\/\/www.ull.es\/vive-la-universidad\/alquiler-espacios\/wp-content\/uploads\/sites\/6\/2023\/06\/BBAA-Rampa-1-de-nivel-11-300x200.jpg 300w, https:\/\/www.ull.es\/vive-la-universidad\/alquiler-espacios\/wp-content\/uploads\/sites\/6\/2023\/06\/BBAA-Rampa-1-de-nivel-11-1024x683.jpg 1024w, https:\/\/www.ull.es\/vive-la-universidad\/alquiler-espacios\/wp-content\/uploads\/sites\/6\/2023\/06\/BBAA-Rampa-1-de-nivel-11-768x512.jpg 768w, https:\/\/www.ull.es\/vive-la-universidad\/alquiler-espacios\/wp-content\/uploads\/sites\/6\/2023\/06\/BBAA-Rampa-1-de-nivel-11-375x250.jpg 375w, https:\/\/www.ull.es\/vive-la-universidad\/alquiler-espacios\/wp-content\/uploads\/sites\/6\/2023\/06\/BBAA-Rampa-1-de-nivel-11-750x500.jpg 750w, https:\/\/www.ull.es\/vive-la-universidad\/alquiler-espacios\/wp-content\/uploads\/sites\/6\/2023\/06\/BBAA-Rampa-1-de-nivel-11-1140x760.jpg 1140w\" sizes=\"(max-width: 1200px) 100vw, 1200px\" \/><\/span><\/a><\/figure><\/div>\n\n\n\n<div class=\"wp-block-stackable-text stk-block-text stk-block stk-5539a37\" data-block-id=\"5539a37\"><style>.stk-5539a37 .stk-block-text__text{font-size:22px !important;color:#5c068c !important;font-weight:600 !important;font-family:\"Montserrat\", Sans-serif !important;}@media screen and (max-width: 1023px){.stk-5539a37 .stk-block-text__text{font-size:22px !important;}}<\/style><p class=\"stk-block-text__text has-text-color has-text-align-center\">Bellas Artes<\/p><\/div>\n\n\n\n<div class=\"wp-block-stackable-text stk-block-text stk-block stk-f8ffc7d\" data-block-id=\"f8ffc7d\"><p class=\"stk-block-text__text has-text-align-center\">Aforo variable<br>Interior y exterior<br>Precios desde 340\u20ac<\/p><\/div>\n<\/div><\/div><\/div>\n<\/div><\/div>\n\n\n\n<div class=\"wp-block-stackable-columns stk-block-columns stk--hide-mobile stk-block stk-85f240e\" data-block-id=\"85f240e\"><style>.stk-85f240e {margin-bottom:90px !important;}.stk-85f240e-column{--stk-column-gap:25px !important;}<\/style><div class=\"stk-row stk-inner-blocks stk-block-content stk-content-align stk-85f240e-column\">\n<div class=\"wp-block-stackable-column stk-block-column stk-column stk-block stk-094ca1d\" data-v=\"4\" data-block-id=\"094ca1d\"><style>.stk-094ca1d {border-top-left-radius:15px !important;border-top-right-radius:15px !important;border-bottom-right-radius:15px !important;border-bottom-left-radius:15px !important;overflow:hidden !important;}<\/style><div class=\"stk-column-wrapper stk-block-column__content stk-container stk-094ca1d-container stk--no-background stk--no-padding\"><div class=\"stk-block-content stk-inner-blocks stk-094ca1d-inner-blocks\">\n<div class=\"wp-block-stackable-button-group stk-block-button-group stk-block stk-f8a810e\" data-block-id=\"f8a810e\"><div class=\"stk-row stk-inner-blocks stk-block-content stk-button-group\">\n<div class=\"wp-block-stackable-button stk-block-button stk-block stk-1fda1d6\" data-block-id=\"1fda1d6\"><style>.stk-1fda1d6 , .stk-1fda1d6 .stk-button{width:100% !important;}.stk-1fda1d6 {flex:1 0 var(--stk-button-group-flex-wrap, 0) !important;}.stk-1fda1d6 .stk-button{padding-right:15px !important;padding-left:15px !important;background:#a1a0da !important;border-top-left-radius:20px !important;border-top-right-radius:20px !important;border-bottom-right-radius:20px !important;border-bottom-left-radius:20px !important;}<\/style><a class=\"stk-link stk-button stk--hover-effect-darken\" href=\"https:\/\/www.ull.es\/vive-la-universidad\/alquiler-espacios\/edificio-central\/\" target=\"_blank\" rel=\"noopener\"><span class=\"stk-button__inner-text\">Ver detalle del espacio<\/span><\/a><\/div>\n\n\n\n<div class=\"wp-block-stackable-button stk-block-button stk-block stk-e3ed53a\" data-block-id=\"e3ed53a\"><style>.stk-e3ed53a , .stk-e3ed53a .stk-button{width:100% !important;}.stk-e3ed53a {flex:1 0 var(--stk-button-group-flex-wrap, 0) !important;}.stk-e3ed53a .stk-button{padding-right:15px !important;padding-left:15px !important;background:#a1a0da !important;border-top-left-radius:20px !important;border-top-right-radius:20px !important;border-bottom-right-radius:20px !important;border-bottom-left-radius:20px !important;}<\/style><a class=\"stk-link stk-button stk--hover-effect-darken\" href=\"https:\/\/www.ull.es\/vive-la-universidad\/alquiler-espacios\/aulario-general-cesar-manrique\/\" target=\"_blank\" rel=\"noopener\"><span class=\"stk-button__inner-text\">Ver detalle del espacio<\/span><\/a><\/div>\n\n\n\n<div class=\"wp-block-stackable-button stk-block-button stk-block stk-05fa2fc\" data-block-id=\"05fa2fc\"><style>.stk-05fa2fc , .stk-05fa2fc .stk-button{width:100% !important;}.stk-05fa2fc {flex:1 0 var(--stk-button-group-flex-wrap, 0) !important;}.stk-05fa2fc .stk-button{padding-right:15px !important;padding-left:15px !important;background:#a1a0da !important;border-top-left-radius:20px !important;border-top-right-radius:20px !important;border-bottom-right-radius:20px !important;border-bottom-left-radius:20px !important;}<\/style><a class=\"stk-link stk-button stk--hover-effect-darken\" href=\"https:\/\/www.ull.es\/vive-la-universidad\/alquiler-espacios\/bellas-artes\/\" target=\"_blank\" rel=\"noopener\"><span class=\"stk-button__inner-text\">Ver detalle del espacio<\/span><\/a><\/div>\n<\/div><\/div>\n<\/div><\/div><\/div>\n<\/div><\/div>\n\n\n\n<div class=\"wp-block-stackable-columns stk-block-columns stk-block stk-fd61a19\" data-block-id=\"fd61a19\"><style>.stk-fd61a19-column{--stk-column-gap:50px !important;}@media screen and (max-width: 767px){.stk-fd61a19-column{row-gap:25px !important;}}<\/style><div class=\"stk-row stk-inner-blocks stk-block-content stk-content-align stk-fd61a19-column alignwide\">\n<div class=\"wp-block-stackable-column stk-block-column stk-column stk-block stk-8c9b9c8 stk-block-background\" data-v=\"4\" data-block-id=\"8c9b9c8\"><style>.stk-8c9b9c8 {background-color:#e7e0f2 !important;border-top-left-radius:15px !important;border-top-right-radius:15px !important;border-bottom-right-radius:15px !important;border-bottom-left-radius:15px !important;overflow:hidden !important;}.stk-8c9b9c8:before{background-color:#e7e0f2 !important;}<\/style><div class=\"stk-column-wrapper stk-block-column__content stk-container stk-8c9b9c8-container stk--no-background stk--no-padding\"><div class=\"stk-block-content stk-inner-blocks stk-8c9b9c8-inner-blocks\">\n<div class=\"wp-block-stackable-image stk-block-image stk-block stk-f5172cb\" data-block-id=\"f5172cb\"><style>.stk-f5172cb .stk-img-wrapper{width:100% !important;}<\/style><figure><a class=\"stk-link\" href=\"https:\/\/www.ull.es\/vive-la-universidad\/alquiler-espacios\/economia-empresa-y-turismo\/\" target=\"_blank\" rel=\"noopener\"><span class=\"stk-img-wrapper stk-image--shape-stretch\"><img loading=\"lazy\" decoding=\"async\" class=\"stk-img wp-image-285\" src=\"https:\/\/www.ull.es\/vive-la-universidad\/alquiler-espacios\/wp-content\/uploads\/sites\/6\/2023\/01\/Economicas-Exteriores-03-1.jpg\" width=\"1200\" height=\"800\" srcset=\"https:\/\/www.ull.es\/vive-la-universidad\/alquiler-espacios\/wp-content\/uploads\/sites\/6\/2023\/01\/Economicas-Exteriores-03-1.jpg 1200w, https:\/\/www.ull.es\/vive-la-universidad\/alquiler-espacios\/wp-content\/uploads\/sites\/6\/2023\/01\/Economicas-Exteriores-03-1-300x200.jpg 300w, https:\/\/www.ull.es\/vive-la-universidad\/alquiler-espacios\/wp-content\/uploads\/sites\/6\/2023\/01\/Economicas-Exteriores-03-1-1024x683.jpg 1024w, https:\/\/www.ull.es\/vive-la-universidad\/alquiler-espacios\/wp-content\/uploads\/sites\/6\/2023\/01\/Economicas-Exteriores-03-1-768x512.jpg 768w, https:\/\/www.ull.es\/vive-la-universidad\/alquiler-espacios\/wp-content\/uploads\/sites\/6\/2023\/01\/Economicas-Exteriores-03-1-375x250.jpg 375w, https:\/\/www.ull.es\/vive-la-universidad\/alquiler-espacios\/wp-content\/uploads\/sites\/6\/2023\/01\/Economicas-Exteriores-03-1-750x500.jpg 750w, https:\/\/www.ull.es\/vive-la-universidad\/alquiler-espacios\/wp-content\/uploads\/sites\/6\/2023\/01\/Economicas-Exteriores-03-1-1140x760.jpg 1140w\" sizes=\"(max-width: 1200px) 100vw, 1200px\" \/><\/span><\/a><\/figure><\/div>\n\n\n\n<div class=\"wp-block-stackable-text stk-block-text stk-block stk-e9ad73b\" data-block-id=\"e9ad73b\"><style>.stk-e9ad73b .stk-block-text__text{font-size:22px !important;color:#5c068c !important;font-weight:600 !important;font-family:\"Montserrat\", Sans-serif !important;}@media screen and (max-width: 1023px){.stk-e9ad73b .stk-block-text__text{font-size:22px !important;}}<\/style><p class=\"stk-block-text__text has-text-color has-text-align-center\">Econom\u00eda, Empresa y Turismo<\/p><\/div>\n\n\n\n<div class=\"wp-block-stackable-text stk-block-text stk-block stk-9e80e0e\" data-block-id=\"9e80e0e\"><p class=\"stk-block-text__text has-text-align-center\">Aforo 25 &#8211; 412<br>Interior y exterior<br>Precios desde 340\u20ac<\/p><\/div>\n<\/div><\/div><\/div>\n\n\n\n<div class=\"wp-block-stackable-column stk-block-column stk-column stk-block stk-8308195 stk-block-background\" data-v=\"4\" data-block-id=\"8308195\"><style>.stk-8308195 {background-color:#e7e0f2 !important;border-top-left-radius:15px !important;border-top-right-radius:15px !important;border-bottom-right-radius:15px !important;border-bottom-left-radius:15px !important;overflow:hidden !important;}.stk-8308195:before{background-color:#e7e0f2 !important;}<\/style><div class=\"stk-column-wrapper stk-block-column__content stk-container stk-8308195-container stk--no-background stk--no-padding\"><div class=\"stk-block-content stk-inner-blocks stk-8308195-inner-blocks\">\n<div class=\"wp-block-stackable-image stk-block-image stk-block stk-64c5562\" data-block-id=\"64c5562\"><style>.stk-64c5562 .stk-img-wrapper{width:100% !important;}<\/style><figure><a class=\"stk-link\" href=\"https:\/\/www.ull.es\/vive-la-universidad\/alquiler-espacios\/facultad-de-ciencias\/\" target=\"_blank\" rel=\"noopener\"><span class=\"stk-img-wrapper stk-image--shape-stretch\"><img loading=\"lazy\" decoding=\"async\" class=\"stk-img wp-image-2666\" src=\"https:\/\/www.ull.es\/vive-la-universidad\/alquiler-espacios\/wp-content\/uploads\/sites\/6\/2023\/09\/ciencias-1024x683-1.jpg\" width=\"1024\" height=\"683\" srcset=\"https:\/\/www.ull.es\/vive-la-universidad\/alquiler-espacios\/wp-content\/uploads\/sites\/6\/2023\/09\/ciencias-1024x683-1.jpg 1024w, https:\/\/www.ull.es\/vive-la-universidad\/alquiler-espacios\/wp-content\/uploads\/sites\/6\/2023\/09\/ciencias-1024x683-1-300x200.jpg 300w, https:\/\/www.ull.es\/vive-la-universidad\/alquiler-espacios\/wp-content\/uploads\/sites\/6\/2023\/09\/ciencias-1024x683-1-768x512.jpg 768w, https:\/\/www.ull.es\/vive-la-universidad\/alquiler-espacios\/wp-content\/uploads\/sites\/6\/2023\/09\/ciencias-1024x683-1-375x250.jpg 375w, https:\/\/www.ull.es\/vive-la-universidad\/alquiler-espacios\/wp-content\/uploads\/sites\/6\/2023\/09\/ciencias-1024x683-1-750x500.jpg 750w\" sizes=\"(max-width: 1024px) 100vw, 1024px\" \/><\/span><\/a><\/figure><\/div>\n\n\n\n<div class=\"wp-block-stackable-text stk-block-text stk-block stk-530f356\" data-block-id=\"530f356\"><style>.stk-530f356 .stk-block-text__text{font-size:22px !important;color:#5c068c !important;font-weight:600 !important;font-family:\"Montserrat\", Sans-serif !important;}@media screen and (max-width: 1023px){.stk-530f356 .stk-block-text__text{font-size:22px !important;}}<\/style><p class=\"stk-block-text__text has-text-color has-text-align-center\">Ciencias<\/p><\/div>\n\n\n\n<div class=\"wp-block-stackable-text stk-block-text stk-block stk-9c132c0\" data-block-id=\"9c132c0\"><p class=\"stk-block-text__text has-text-align-center\">Aforo variable<br>Interior<br>Precios desde 340\u20ac<\/p><\/div>\n<\/div><\/div><\/div>\n\n\n\n<div class=\"wp-block-stackable-column stk-block-column stk-column stk-block stk-32b5b63 stk-block-background\" data-v=\"4\" data-block-id=\"32b5b63\"><style>.stk-32b5b63 {background-color:#e7e0f2 !important;border-top-left-radius:15px !important;border-top-right-radius:15px !important;border-bottom-right-radius:15px !important;border-bottom-left-radius:15px !important;overflow:hidden !important;}.stk-32b5b63:before{background-color:#e7e0f2 !important;}<\/style><div class=\"stk-column-wrapper stk-block-column__content stk-container stk-32b5b63-container stk--no-background stk--no-padding\"><div class=\"stk-block-content stk-inner-blocks stk-32b5b63-inner-blocks\">\n<div class=\"wp-block-stackable-image stk-block-image stk-block stk-7653840\" data-block-id=\"7653840\"><style>.stk-7653840 .stk-img-wrapper{width:100% !important;}<\/style><figure><a class=\"stk-link\" href=\"https:\/\/www.ull.es\/vive-la-universidad\/alquiler-espacios\/derecho\/\" target=\"_blank\" rel=\"noopener\"><span class=\"stk-img-wrapper stk-image--shape-stretch\"><img loading=\"lazy\" decoding=\"async\" class=\"stk-img wp-image-3255\" src=\"https:\/\/www.ull.es\/vive-la-universidad\/alquiler-espacios\/wp-content\/uploads\/sites\/6\/2025\/03\/Derecho_01-768x512-1.jpg\" width=\"768\" height=\"512\" srcset=\"https:\/\/www.ull.es\/vive-la-universidad\/alquiler-espacios\/wp-content\/uploads\/sites\/6\/2025\/03\/Derecho_01-768x512-1.jpg 768w, https:\/\/www.ull.es\/vive-la-universidad\/alquiler-espacios\/wp-content\/uploads\/sites\/6\/2025\/03\/Derecho_01-768x512-1-300x200.jpg 300w, https:\/\/www.ull.es\/vive-la-universidad\/alquiler-espacios\/wp-content\/uploads\/sites\/6\/2025\/03\/Derecho_01-768x512-1-18x12.jpg 18w, https:\/\/www.ull.es\/vive-la-universidad\/alquiler-espacios\/wp-content\/uploads\/sites\/6\/2025\/03\/Derecho_01-768x512-1-200x133.jpg 200w, https:\/\/www.ull.es\/vive-la-universidad\/alquiler-espacios\/wp-content\/uploads\/sites\/6\/2025\/03\/Derecho_01-768x512-1-375x250.jpg 375w, https:\/\/www.ull.es\/vive-la-universidad\/alquiler-espacios\/wp-content\/uploads\/sites\/6\/2025\/03\/Derecho_01-768x512-1-750x500.jpg 750w\" sizes=\"(max-width: 768px) 100vw, 768px\" \/><\/span><\/a><\/figure><\/div>\n\n\n\n<div class=\"wp-block-stackable-text stk-block-text stk-block stk-9e7fd4c\" data-block-id=\"9e7fd4c\"><style>.stk-9e7fd4c .stk-block-text__text{font-size:22px !important;color:#5c068c !important;font-weight:600 !important;font-family:\"Montserrat\", Sans-serif !important;}@media screen and (max-width: 1023px){.stk-9e7fd4c .stk-block-text__text{font-size:22px !important;}}<\/style><p class=\"stk-block-text__text has-text-color has-text-align-center\">Derecho<\/p><\/div>\n\n\n\n<div class=\"wp-block-stackable-text stk-block-text stk-block stk-af7e5a8\" data-block-id=\"af7e5a8\"><p class=\"stk-block-text__text has-text-align-center\">Aforo 24 &#8211; 261<br>Interior<br>Precios desde 340\u20ac<\/p><\/div>\n<\/div><\/div><\/div>\n<\/div><\/div>\n\n\n\n<div class=\"wp-block-stackable-columns stk-block-columns stk--hide-mobile stk-block stk-6ef1870\" data-block-id=\"6ef1870\"><style>.stk-6ef1870-column{--stk-column-gap:25px !important;}<\/style><div class=\"stk-row stk-inner-blocks stk-block-content stk-content-align stk-6ef1870-column\">\n<div class=\"wp-block-stackable-column stk-block-column stk-column stk-block stk-e521076\" data-v=\"4\" data-block-id=\"e521076\"><style>.stk-e521076 {border-top-left-radius:15px !important;border-top-right-radius:15px !important;border-bottom-right-radius:15px !important;border-bottom-left-radius:15px !important;overflow:hidden !important;}<\/style><div class=\"stk-column-wrapper stk-block-column__content stk-container stk-e521076-container stk--no-background stk--no-padding\"><div class=\"stk-block-content stk-inner-blocks stk-e521076-inner-blocks\">\n<div class=\"wp-block-stackable-button-group stk-block-button-group stk-block stk-2b76145\" data-block-id=\"2b76145\"><div class=\"stk-row stk-inner-blocks stk-block-content stk-button-group\">\n<div class=\"wp-block-stackable-button stk-block-button stk-block stk-280cbd8\" data-block-id=\"280cbd8\"><style>.stk-280cbd8 , .stk-280cbd8 .stk-button{width:100% !important;}.stk-280cbd8 {flex:1 0 var(--stk-button-group-flex-wrap, 0) !important;}.stk-280cbd8 .stk-button{padding-right:15px !important;padding-left:15px !important;background:#a1a0da !important;border-top-left-radius:20px !important;border-top-right-radius:20px !important;border-bottom-right-radius:20px !important;border-bottom-left-radius:20px !important;}<\/style><a class=\"stk-link stk-button stk--hover-effect-darken\" href=\"https:\/\/www.ull.es\/vive-la-universidad\/alquiler-espacios\/economia-empresa-y-turismo\/\" target=\"_blank\" rel=\"noopener\"><span class=\"stk-button__inner-text\">Ver detalle del espacio<\/span><\/a><\/div>\n\n\n\n<div class=\"wp-block-stackable-button stk-block-button stk-block stk-48c65c4\" data-block-id=\"48c65c4\"><style>.stk-48c65c4 , .stk-48c65c4 .stk-button{width:100% !important;}.stk-48c65c4 {flex:1 0 var(--stk-button-group-flex-wrap, 0) !important;}.stk-48c65c4 .stk-button{padding-right:15px !important;padding-left:15px !important;background:#a1a0da !important;border-top-left-radius:20px !important;border-top-right-radius:20px !important;border-bottom-right-radius:20px !important;border-bottom-left-radius:20px !important;}<\/style><a class=\"stk-link stk-button stk--hover-effect-darken\" href=\"https:\/\/www.ull.es\/vive-la-universidad\/alquiler-espacios\/facultad-de-ciencias\/\" target=\"_blank\" rel=\"noopener\"><span class=\"stk-button__inner-text\">Ver detalle del espacio<\/span><\/a><\/div>\n\n\n\n<div class=\"wp-block-stackable-button stk-block-button stk-block stk-4053c36\" data-block-id=\"4053c36\"><style>.stk-4053c36 , .stk-4053c36 .stk-button{width:100% !important;}.stk-4053c36 {flex:1 0 var(--stk-button-group-flex-wrap, 0) !important;}.stk-4053c36 .stk-button{padding-right:15px !important;padding-left:15px !important;background:#a1a0da !important;border-top-left-radius:20px !important;border-top-right-radius:20px !important;border-bottom-right-radius:20px !important;border-bottom-left-radius:20px !important;}<\/style><a class=\"stk-link stk-button stk--hover-effect-darken\" href=\"https:\/\/www.ull.es\/vive-la-universidad\/alquiler-espacios\/derecho\/\" target=\"_blank\" rel=\"noopener\"><span class=\"stk-button__inner-text\">Ver detalle del espacio<\/span><\/a><\/div>\n<\/div><\/div>\n<\/div><\/div><\/div>\n<\/div><\/div>\n","protected":false},"excerpt":{"rendered":"<p>Alquiler de instalaciones para eventos CONTACTO La Universidad de La Laguna dispone de diferentes dependencias susceptibles de ser utilizadas para la realizaci\u00f3n de eventos de diversa \u00edndole: institucionales, acad\u00e9micos, l\u00fadicos, etc. La gesti\u00f3n de cada dependencia corresponde a los responsables del edificio en el que se ubica. Aqu\u00ed encontrar\u00e1 la informaci\u00f3n y sus caracter\u00edsticas b\u00e1sicas&#8230;.<\/p>\n","protected":false},"author":2,"featured_media":0,"parent":0,"menu_order":0,"comment_status":"closed","ping_status":"closed","template":"templates\/template-frontpage.php","meta":{"_acf_changed":false,"footnotes":""},"class_list":["post-14","page","type-page","status-publish","hentry"],"acf":[],"yoast_head":"<!-- This site is optimized with the Yoast SEO plugin v25.6 - https:\/\/yoast.com\/wordpress\/plugins\/seo\/ -->\n<title>Alquiler de espacios para eventos - Alquiler de Instalaciones para Eventos<\/title>\n<meta name=\"robots\" content=\"index, follow, max-snippet:-1, max-image-preview:large, max-video-preview:-1\" \/>\n<link rel=\"canonical\" href=\"https:\/\/www.ull.es\/vive-la-universidad\/alquiler-espacios\/\" \/>\n<meta property=\"og:locale\" content=\"es_ES\" \/>\n<meta property=\"og:type\" content=\"article\" \/>\n<meta property=\"og:title\" content=\"Alquiler de espacios para eventos - Alquiler de Instalaciones para Eventos\" \/>\n<meta property=\"og:description\" content=\"Alquiler de instalaciones para eventos CONTACTO La Universidad de La Laguna dispone de diferentes dependencias susceptibles de ser utilizadas para la realizaci\u00f3n de eventos de diversa \u00edndole: institucionales, acad\u00e9micos, l\u00fadicos, etc. La gesti\u00f3n de cada dependencia corresponde a los responsables del edificio en el que se ubica. Aqu\u00ed encontrar\u00e1 la informaci\u00f3n y sus caracter\u00edsticas b\u00e1sicas....\" \/>\n<meta property=\"og:url\" content=\"https:\/\/www.ull.es\/vive-la-universidad\/alquiler-espacios\/\" \/>\n<meta property=\"og:site_name\" content=\"Alquiler de Instalaciones para Eventos\" \/>\n<meta property=\"article:modified_time\" content=\"2026-01-08T13:55:40+00:00\" \/>\n<meta property=\"og:image\" content=\"https:\/\/www.ull.es\/vive-la-universidad\/alquiler-espacios\/wp-content\/uploads\/sites\/6\/2023\/01\/Edif-Central.jpg\" \/>\n\t<meta property=\"og:image:width\" content=\"1200\" \/>\n\t<meta property=\"og:image:height\" content=\"770\" \/>\n\t<meta property=\"og:image:type\" content=\"image\/jpeg\" \/>\n<meta name=\"twitter:card\" content=\"summary_large_image\" \/>\n<meta name=\"twitter:label1\" content=\"Tiempo de lectura\" \/>\n\t<meta name=\"twitter:data1\" content=\"3 minutos\" \/>\n<script type=\"application\/ld+json\" class=\"yoast-schema-graph\">{\"@context\":\"https:\/\/schema.org\",\"@graph\":[{\"@type\":\"WebPage\",\"@id\":\"https:\/\/www.ull.es\/vive-la-universidad\/alquiler-espacios\/\",\"url\":\"https:\/\/www.ull.es\/vive-la-universidad\/alquiler-espacios\/\",\"name\":\"Alquiler de espacios para eventos - Alquiler de Instalaciones para Eventos\",\"isPartOf\":{\"@id\":\"https:\/\/www.ull.es\/vive-la-universidad\/alquiler-espacios\/#website\"},\"primaryImageOfPage\":{\"@id\":\"https:\/\/www.ull.es\/vive-la-universidad\/alquiler-espacios\/#primaryimage\"},\"image\":{\"@id\":\"https:\/\/www.ull.es\/vive-la-universidad\/alquiler-espacios\/#primaryimage\"},\"thumbnailUrl\":\"https:\/\/www.ull.es\/vive-la-universidad\/alquiler-espacios\/wp-content\/uploads\/sites\/6\/2023\/01\/Edif-Central.jpg\",\"datePublished\":\"2022-12-22T16:14:40+00:00\",\"dateModified\":\"2026-01-08T13:55:40+00:00\",\"breadcrumb\":{\"@id\":\"https:\/\/www.ull.es\/vive-la-universidad\/alquiler-espacios\/#breadcrumb\"},\"inLanguage\":\"es\",\"potentialAction\":[{\"@type\":\"ReadAction\",\"target\":[\"https:\/\/www.ull.es\/vive-la-universidad\/alquiler-espacios\/\"]}]},{\"@type\":\"ImageObject\",\"inLanguage\":\"es\",\"@id\":\"https:\/\/www.ull.es\/vive-la-universidad\/alquiler-espacios\/#primaryimage\",\"url\":\"https:\/\/www.ull.es\/vive-la-universidad\/alquiler-espacios\/wp-content\/uploads\/sites\/6\/2023\/01\/Edif-Central.jpg\",\"contentUrl\":\"https:\/\/www.ull.es\/vive-la-universidad\/alquiler-espacios\/wp-content\/uploads\/sites\/6\/2023\/01\/Edif-Central.jpg\",\"width\":1200,\"height\":770},{\"@type\":\"BreadcrumbList\",\"@id\":\"https:\/\/www.ull.es\/vive-la-universidad\/alquiler-espacios\/#breadcrumb\",\"itemListElement\":[{\"@type\":\"ListItem\",\"position\":1,\"name\":\"Portada\",\"item\":\"https:\/\/www.ull.es\/vive-la-universidad\/alquiler-espacios\/\"},{\"@type\":\"ListItem\",\"position\":2,\"name\":\"Alquiler de espacios para eventos\"}]},{\"@type\":\"WebSite\",\"@id\":\"https:\/\/www.ull.es\/vive-la-universidad\/alquiler-espacios\/#website\",\"url\":\"https:\/\/www.ull.es\/vive-la-universidad\/alquiler-espacios\/\",\"name\":\"Alquiler de Instalaciones para Eventos\",\"description\":\"\",\"publisher\":{\"@id\":\"https:\/\/www.ull.es\/vive-la-universidad\/alquiler-espacios\/#organization\"},\"potentialAction\":[{\"@type\":\"SearchAction\",\"target\":{\"@type\":\"EntryPoint\",\"urlTemplate\":\"https:\/\/www.ull.es\/vive-la-universidad\/alquiler-espacios\/?s={search_term_string}\"},\"query-input\":{\"@type\":\"PropertyValueSpecification\",\"valueRequired\":true,\"valueName\":\"search_term_string\"}}],\"inLanguage\":\"es\"},{\"@type\":\"Organization\",\"@id\":\"https:\/\/www.ull.es\/vive-la-universidad\/alquiler-espacios\/#organization\",\"name\":\"Alquiler de Instalaciones para Eventos\",\"url\":\"https:\/\/www.ull.es\/vive-la-universidad\/alquiler-espacios\/\",\"logo\":{\"@type\":\"ImageObject\",\"inLanguage\":\"es\",\"@id\":\"https:\/\/www.ull.es\/vive-la-universidad\/alquiler-espacios\/#\/schema\/logo\/image\/\",\"url\":\"https:\/\/www.ull.es\/vive-la-universidad\/alquiler-espacios\/wp-content\/uploads\/sites\/6\/2022\/12\/marca-universidad-de-la-laguna-positivo-e1671724049258.png\",\"contentUrl\":\"https:\/\/www.ull.es\/vive-la-universidad\/alquiler-espacios\/wp-content\/uploads\/sites\/6\/2022\/12\/marca-universidad-de-la-laguna-positivo-e1671724049258.png\",\"width\":708,\"height\":173,\"caption\":\"Alquiler de Instalaciones para Eventos\"},\"image\":{\"@id\":\"https:\/\/www.ull.es\/vive-la-universidad\/alquiler-espacios\/#\/schema\/logo\/image\/\"}}]}<\/script>\n<!-- \/ Yoast SEO plugin. -->","yoast_head_json":{"title":"Alquiler de espacios para eventos - Alquiler de Instalaciones para Eventos","robots":{"index":"index","follow":"follow","max-snippet":"max-snippet:-1","max-image-preview":"max-image-preview:large","max-video-preview":"max-video-preview:-1"},"canonical":"https:\/\/www.ull.es\/vive-la-universidad\/alquiler-espacios\/","og_locale":"es_ES","og_type":"article","og_title":"Alquiler de espacios para eventos - Alquiler de Instalaciones para Eventos","og_description":"Alquiler de instalaciones para eventos CONTACTO La Universidad de La Laguna dispone de diferentes dependencias susceptibles de ser utilizadas para la realizaci\u00f3n de eventos de diversa \u00edndole: institucionales, acad\u00e9micos, l\u00fadicos, etc. La gesti\u00f3n de cada dependencia corresponde a los responsables del edificio en el que se ubica. Aqu\u00ed encontrar\u00e1 la informaci\u00f3n y sus caracter\u00edsticas b\u00e1sicas....","og_url":"https:\/\/www.ull.es\/vive-la-universidad\/alquiler-espacios\/","og_site_name":"Alquiler de Instalaciones para Eventos","article_modified_time":"2026-01-08T13:55:40+00:00","og_image":[{"width":1200,"height":770,"url":"https:\/\/www.ull.es\/vive-la-universidad\/alquiler-espacios\/wp-content\/uploads\/sites\/6\/2023\/01\/Edif-Central.jpg","type":"image\/jpeg"}],"twitter_card":"summary_large_image","twitter_misc":{"Tiempo de lectura":"3 minutos"},"schema":{"@context":"https:\/\/schema.org","@graph":[{"@type":"WebPage","@id":"https:\/\/www.ull.es\/vive-la-universidad\/alquiler-espacios\/","url":"https:\/\/www.ull.es\/vive-la-universidad\/alquiler-espacios\/","name":"Alquiler de espacios para eventos - Alquiler de Instalaciones para Eventos","isPartOf":{"@id":"https:\/\/www.ull.es\/vive-la-universidad\/alquiler-espacios\/#website"},"primaryImageOfPage":{"@id":"https:\/\/www.ull.es\/vive-la-universidad\/alquiler-espacios\/#primaryimage"},"image":{"@id":"https:\/\/www.ull.es\/vive-la-universidad\/alquiler-espacios\/#primaryimage"},"thumbnailUrl":"https:\/\/www.ull.es\/vive-la-universidad\/alquiler-espacios\/wp-content\/uploads\/sites\/6\/2023\/01\/Edif-Central.jpg","datePublished":"2022-12-22T16:14:40+00:00","dateModified":"2026-01-08T13:55:40+00:00","breadcrumb":{"@id":"https:\/\/www.ull.es\/vive-la-universidad\/alquiler-espacios\/#breadcrumb"},"inLanguage":"es","potentialAction":[{"@type":"ReadAction","target":["https:\/\/www.ull.es\/vive-la-universidad\/alquiler-espacios\/"]}]},{"@type":"ImageObject","inLanguage":"es","@id":"https:\/\/www.ull.es\/vive-la-universidad\/alquiler-espacios\/#primaryimage","url":"https:\/\/www.ull.es\/vive-la-universidad\/alquiler-espacios\/wp-content\/uploads\/sites\/6\/2023\/01\/Edif-Central.jpg","contentUrl":"https:\/\/www.ull.es\/vive-la-universidad\/alquiler-espacios\/wp-content\/uploads\/sites\/6\/2023\/01\/Edif-Central.jpg","width":1200,"height":770},{"@type":"BreadcrumbList","@id":"https:\/\/www.ull.es\/vive-la-universidad\/alquiler-espacios\/#breadcrumb","itemListElement":[{"@type":"ListItem","position":1,"name":"Portada","item":"https:\/\/www.ull.es\/vive-la-universidad\/alquiler-espacios\/"},{"@type":"ListItem","position":2,"name":"Alquiler de espacios para eventos"}]},{"@type":"WebSite","@id":"https:\/\/www.ull.es\/vive-la-universidad\/alquiler-espacios\/#website","url":"https:\/\/www.ull.es\/vive-la-universidad\/alquiler-espacios\/","name":"Alquiler de Instalaciones para Eventos","description":"","publisher":{"@id":"https:\/\/www.ull.es\/vive-la-universidad\/alquiler-espacios\/#organization"},"potentialAction":[{"@type":"SearchAction","target":{"@type":"EntryPoint","urlTemplate":"https:\/\/www.ull.es\/vive-la-universidad\/alquiler-espacios\/?s={search_term_string}"},"query-input":{"@type":"PropertyValueSpecification","valueRequired":true,"valueName":"search_term_string"}}],"inLanguage":"es"},{"@type":"Organization","@id":"https:\/\/www.ull.es\/vive-la-universidad\/alquiler-espacios\/#organization","name":"Alquiler de Instalaciones para Eventos","url":"https:\/\/www.ull.es\/vive-la-universidad\/alquiler-espacios\/","logo":{"@type":"ImageObject","inLanguage":"es","@id":"https:\/\/www.ull.es\/vive-la-universidad\/alquiler-espacios\/#\/schema\/logo\/image\/","url":"https:\/\/www.ull.es\/vive-la-universidad\/alquiler-espacios\/wp-content\/uploads\/sites\/6\/2022\/12\/marca-universidad-de-la-laguna-positivo-e1671724049258.png","contentUrl":"https:\/\/www.ull.es\/vive-la-universidad\/alquiler-espacios\/wp-content\/uploads\/sites\/6\/2022\/12\/marca-universidad-de-la-laguna-positivo-e1671724049258.png","width":708,"height":173,"caption":"Alquiler de Instalaciones para Eventos"},"image":{"@id":"https:\/\/www.ull.es\/vive-la-universidad\/alquiler-espacios\/#\/schema\/logo\/image\/"}}]}},"_links":{"self":[{"href":"https:\/\/www.ull.es\/vive-la-universidad\/alquiler-espacios\/wp-json\/wp\/v2\/pages\/14"}],"collection":[{"href":"https:\/\/www.ull.es\/vive-la-universidad\/alquiler-espacios\/wp-json\/wp\/v2\/pages"}],"about":[{"href":"https:\/\/www.ull.es\/vive-la-universidad\/alquiler-espacios\/wp-json\/wp\/v2\/types\/page"}],"author":[{"embeddable":true,"href":"https:\/\/www.ull.es\/vive-la-universidad\/alquiler-espacios\/wp-json\/wp\/v2\/users\/2"}],"replies":[{"embeddable":true,"href":"https:\/\/www.ull.es\/vive-la-universidad\/alquiler-espacios\/wp-json\/wp\/v2\/comments?post=14"}],"version-history":[{"count":326,"href":"https:\/\/www.ull.es\/vive-la-universidad\/alquiler-espacios\/wp-json\/wp\/v2\/pages\/14\/revisions"}],"predecessor-version":[{"id":3779,"href":"https:\/\/www.ull.es\/vive-la-universidad\/alquiler-espacios\/wp-json\/wp\/v2\/pages\/14\/revisions\/3779"}],"wp:attachment":[{"href":"https:\/\/www.ull.es\/vive-la-universidad\/alquiler-espacios\/wp-json\/wp\/v2\/media?parent=14"}],"curies":[{"name":"wp","href":"https:\/\/api.w.org\/{rel}","templated":true}]}}